{"id":4932,"date":"2024-07-01T11:32:09","date_gmt":"2024-07-01T09:32:09","guid":{"rendered":"https:\/\/camping-le-soleil-des-bastides.fr\/camping-gaillac\/"},"modified":"2025-05-30T14:30:04","modified_gmt":"2025-05-30T12:30:04","slug":"camping-gaillac","status":"publish","type":"page","link":"https:\/\/camping-le-soleil-des-bastides.fr\/nl\/camping-gaillac\/","title":{"rendered":"Camping Gaillac"},"content":{"rendered":"<p>[et_pb_section fb_built=&#8221;1&#8243; admin_label=&#8221;Header&#8221; _builder_version=&#8221;4.24.2&#8243; use_background_color_gradient=&#8221;on&#8221; background_color_gradient_type=&#8221;circular&#8221; background_color_gradient_direction_radial=&#8221;top left&#8221; background_color_gradient_stops=&#8221;rgba(51,51,51,0.8) 0%|rgba(51,51,51,0.1) 100%&#8221; background_color_gradient_overlays_image=&#8221;on&#8221; background_color_gradient_start=&#8221;rgba(255,255,255,0.89)&#8221; background_color_gradient_start_position=&#8221;30%&#8221; background_color_gradient_end=&#8221;rgba(255,255,255,0)&#8221; background_color_gradient_end_position=&#8221;80%&#8221; background_image=&#8221;https:\/\/camping-le-soleil-des-bastides.fr\/wp-content\/uploads\/2022\/12\/header-herbergement-camping-soleil-des-bastides-tarn.webp&#8221; custom_margin=&#8221;|||&#8221; custom_padding=&#8221;2vw||2vw||true|false&#8221; locked=&#8221;off&#8221; global_colors_info=&#8221;{}&#8221;][et_pb_row _builder_version=&#8221;4.16&#8243; global_colors_info=&#8221;{}&#8221;][et_pb_column type=&#8221;4_4&#8243; _builder_version=&#8221;4.16&#8243; custom_padding=&#8221;|||&#8221; global_colors_info=&#8221;{}&#8221; custom_padding__hover=&#8221;|||&#8221;][et_pb_text _builder_version=&#8221;4.27.4&#8243; text_font=&#8221;||||||||&#8221; header_font=&#8221;|700|||||||&#8221; header_text_color=&#8221;#83BE40&#8243; header_font_size=&#8221;50px&#8221; header_line_height=&#8221;1.2em&#8221; header_5_font=&#8221;Quicksand|700||on|||||&#8221; header_5_text_color=&#8221;#FFFFFF&#8221; header_5_font_size=&#8221;20px&#8221; header_5_letter_spacing=&#8221;0.5em&#8221; animation_style=&#8221;zoom&#8221; animation_intensity_zoom=&#8221;5%&#8221; hover_enabled=&#8221;0&#8243; header_font_size_tablet=&#8221;35px&#8221; header_font_size_phone=&#8221;25px&#8221; header_font_size_last_edited=&#8221;on|phone&#8221; header_5_font_size_tablet=&#8221;14px&#8221; header_5_font_size_phone=&#8221;12px&#8221; header_5_font_size_last_edited=&#8221;on|desktop&#8221; header_text_shadow_style=&#8221;preset3&#8243; header_text_shadow_color=&#8221;rgba(51,51,51,0.4)&#8221; header_5_text_shadow_style=&#8221;preset3&#8243; global_colors_info=&#8221;{}&#8221; sticky_enabled=&#8221;0&#8243;]<\/p>\n<h1 style=\"text-align: center;\">Uw verblijf op een camping nabij Gaillac<\/h1>\n<p>[\/et_pb_text][\/et_pb_column][\/et_pb_row][\/et_pb_section][et_pb_section fb_built=&#8221;1&#8243; _builder_version=&#8221;4.25.1&#8243; _module_preset=&#8221;default&#8221; custom_padding=&#8221;20px||20px||false|false&#8221; global_colors_info=&#8221;{}&#8221;][et_pb_row _builder_version=&#8221;4.25.1&#8243; _module_preset=&#8221;default&#8221; background_color=&#8221;#83BE40&#8243; custom_padding=&#8221;50px|50px|50px|50px|false|false&#8221; global_colors_info=&#8221;{}&#8221;][et_pb_column type=&#8221;4_4&#8243; _builder_version=&#8221;4.25.1&#8243; _module_preset=&#8221;default&#8221; global_colors_info=&#8221;{}&#8221;][et_pb_text _builder_version=&#8221;4.27.4&#8243; _module_preset=&#8221;default&#8221; text_text_color=&#8221;#FFFFFF&#8221; hover_enabled=&#8221;0&#8243; global_colors_info=&#8221;{}&#8221; sticky_enabled=&#8221;0&#8243;]<\/p>\n<p>Heeft u gekozen voor de Tarn als bestemming voor uw volgende vakantie met familie of vrienden? Goede keuze! Deze regio zal u betoveren met haar prachtige, gevarieerde landschappen, rijke historische en culturele erfgoed en tal van buitenactiviteiten.<\/p>\n<p>Ontdek onze <strong>camping nabij Gaillac<\/strong> (11 km) en niet ver van de stad Albi en bereid u voor op een vakantie die zowel actief als ontspannend is in een <a href=\"https:\/\/camping-le-soleil-des-bastides.fr\/nl\/\">camping in de Tarn<\/a>!<\/p>\n<p>[\/et_pb_text][\/et_pb_column][\/et_pb_row][\/et_pb_section][et_pb_section fb_built=&#8221;1&#8243; _builder_version=&#8221;4.25.1&#8243; _module_preset=&#8221;default&#8221; background_color=&#8221;#FFFFFF&#8221; custom_padding=&#8221;30px||30px||true|false&#8221; locked=&#8221;off&#8221; global_colors_info=&#8221;{}&#8221;][et_pb_row _builder_version=&#8221;4.16&#8243; _module_preset=&#8221;default&#8221; locked=&#8221;off&#8221; global_colors_info=&#8221;{}&#8221;][et_pb_column type=&#8221;4_4&#8243; _builder_version=&#8221;4.16&#8243; _module_preset=&#8221;default&#8221; custom_padding=&#8221;|||&#8221; global_colors_info=&#8221;{}&#8221; custom_padding__hover=&#8221;|||&#8221;][et_pb_text admin_label=&#8221;Look Inside Title&#8221; _builder_version=&#8221;4.27.4&#8243; _module_preset=&#8221;default&#8221; text_font=&#8221;||||&#8221; text_text_color=&#8221;#1a1a1a&#8221; header_font=&#8221;Oswald|on||on|&#8221; header_text_align=&#8221;left&#8221; header_font_size=&#8221;60px&#8221; header_line_height=&#8221;1.3em&#8221; header_2_font=&#8221;|||on|||||&#8221; header_2_font_size=&#8221;30px&#8221; header_2_line_height=&#8221;1.2em&#8221; custom_margin=&#8221;||0px||false|false&#8221; custom_padding=&#8221;||0px||false|false&#8221; animation_style=&#8221;slide&#8221; animation_direction=&#8221;top&#8221; animation_intensity_slide=&#8221;10%&#8221; hover_enabled=&#8221;0&#8243; header_2_font_size_tablet=&#8221;25px&#8221; header_2_font_size_phone=&#8221;18px&#8221; header_2_font_size_last_edited=&#8221;on|desktop&#8221; locked=&#8221;off&#8221; global_colors_info=&#8221;{}&#8221; sticky_enabled=&#8221;0&#8243;]<\/p>\n<h2 style=\"text-align: center;\">Geniet van het comfort van onze accommodaties nabij Gaillac<\/h2>\n<p>[\/et_pb_text][et_pb_divider color=&#8221;#83BE40&#8243; divider_position=&#8221;center&#8221; divider_weight=&#8221;3px&#8221; disabled_on=&#8221;off|off|off&#8221; _builder_version=&#8221;4.25.1&#8243; _module_preset=&#8221;default&#8221; max_width=&#8221;150px&#8221; module_alignment=&#8221;center&#8221; height=&#8221;0px&#8221; custom_margin=&#8221;10px||10px||false|false&#8221; custom_padding=&#8221;0px||0px||false|false&#8221; animation_style=&#8221;slide&#8221; animation_direction=&#8221;top&#8221; animation_delay=&#8221;100ms&#8221; animation_intensity_slide=&#8221;10%&#8221; locked=&#8221;off&#8221; global_colors_info=&#8221;{}&#8221;][\/et_pb_divider][et_pb_text _builder_version=&#8221;4.27.4&#8243; _module_preset=&#8221;default&#8221; custom_padding=&#8221;10px||10px||false|false&#8221; hover_enabled=&#8221;0&#8243; global_colors_info=&#8221;{}&#8221; sticky_enabled=&#8221;0&#8243;]<\/p>\n<p style=\"text-align: center;\">U vindt zeker de perfecte accommodatie voor u in onze <strong>3-sterren camping nabij Gaillac<\/strong>, in het dorp Cahuzac-sur-V\u00e8re. Wij bieden diverse verblijfsmogelijkheden: mobilhome, kampeerplaats, bijzondere accommodatie, lodge, g\u00eete of chalet.<\/p>\n<p>[\/et_pb_text][\/et_pb_column][\/et_pb_row][et_pb_row _builder_version=&#8221;4.16&#8243; _module_preset=&#8221;default&#8221; custom_padding=&#8221;||0px|||&#8221; global_colors_info=&#8221;{}&#8221;][et_pb_column type=&#8221;4_4&#8243; _builder_version=&#8221;4.16&#8243; _module_preset=&#8221;default&#8221; custom_padding=&#8221;|||&#8221; global_colors_info=&#8221;{}&#8221; custom_padding__hover=&#8221;|||&#8221;][dica_divi_carousel show_items_tablet=&#8221;2&#8243; transition_duration=&#8221;1000&#8243; autoplay=&#8221;on&#8221; hoverpause=&#8221;on&#8221; arrow_nav=&#8221;on&#8221; advanced_effect=&#8221;1&#8243; arrow_nav_color=&#8221;#83BE40&#8243; arrow_bg_color=&#8221;RGBA(255,255,255,0)&#8221; dots_color=&#8221;#83BE40&#8243; dots_active_color=&#8221;#83BE40&#8243; overlay_color_field_bgcolor=&#8221;rgba(255,255,255,0.85)&#8221; arrow_position=&#8221;middle-outside&#8221; arrow_alignment=&#8221;flex-end&#8221; innercontent_padding=&#8221;||30px||false|false&#8221; content_container_margin=&#8221;|33px||33px|false|true&#8221; arrow_position_tablet=&#8221;bottom&#8221; arrow_position_phone=&#8221;bottom&#8221; arrow_position_last_edited=&#8221;on|tablet&#8221; arrow_font_size_phone=&#8221;36px&#8221; arrow_font_size_last_edited=&#8221;off|desktop&#8221; _builder_version=&#8221;4.27.4&#8243; _module_preset=&#8221;default&#8221; title_font=&#8221;Roboto|700|||||||&#8221; title_font_size=&#8221;27px&#8221; custom_padding=&#8221;||0px|||&#8221; hover_transition_duration=&#8221;600ms&#8221; hover_enabled=&#8221;0&#8243; global_colors_info=&#8221;{}&#8221; sticky_enabled=&#8221;0&#8243;][dica_divi_carouselitem button_text=&#8221;Bekijk de mobilhomes&#8221; button_url=&#8221;\/nl\/les-hebergements\/location-mobil-home-dans-le-tarn\/&#8221; button_url_new_window=&#8221;1&#8243; image=&#8221;https:\/\/camping-le-soleil-des-bastides.fr\/wp-content\/uploads\/2023\/01\/mobil-home-lodgia-clim-camping-tarn-1.webp&#8221; image_alt=&#8221;autre h\u00e9bergement vacances mobil home&#8221; image_padding=&#8221;0|0|26px|0|false|false&#8221; button_margin=&#8221;||35px||false|false&#8221; _builder_version=&#8221;4.27.4&#8243; _module_preset=&#8221;default&#8221; header_font=&#8221;Syncopate|||on|||||&#8221; header_font_size=&#8221;16px&#8221; subtitle_font=&#8221;Quicksand|300|||||||&#8221; subtitle_font_size=&#8221;15px&#8221; background_color=&#8221;#f9f6f3&#8243; background_enable_color=&#8221;on&#8221; custom_button=&#8221;on&#8221; button_text_size=&#8221;15px&#8221; button_text_color=&#8221;#83BE40&#8243; button_border_width=&#8221;2px&#8221; button_border_color=&#8221;#83BE40&#8243; button_border_radius=&#8221;0px&#8221; button_letter_spacing=&#8221;1px&#8221; button_font=&#8221;|700||on|||||&#8221; button_use_icon=&#8221;on&#8221; button_icon=&#8221;&#x24;||divi||400&#8243; button_icon_color=&#8221;#83BE40&#8243; button_alignment=&#8221;left&#8221; hover_enabled=&#8221;0&#8243; border_color_bottom_item=&#8221;#F07300&#8243; global_colors_info=&#8221;{}&#8221; custom_css_inner_wrapper__hover_enabled=&#8221;off|desktop&#8221; sticky_enabled=&#8221;0&#8243;]<\/p>\n<p style=\"font-size: 16px; font-family: Syncopate; font-weight: 800;\">Mobilhomes<\/p>\n<p>[\/dica_divi_carouselitem][dica_divi_carouselitem button_text=&#8221;Bekijk de lodges&#8221; button_url=&#8221;\/nl\/les-hebergements\/logement-insolite-tarn\/&#8221; button_url_new_window=&#8221;1&#8243; image=&#8221;https:\/\/camping-le-soleil-des-bastides.fr\/wp-content\/uploads\/2022\/12\/woodlodge-sur-pilotis-camping-tarn.webp&#8221; image_alt=&#8221;autre h\u00e9bergement vacances insolite&#8221; image_padding=&#8221;0|0|26px|0|false|false&#8221; button_margin=&#8221;||35px||false|false&#8221; _builder_version=&#8221;4.27.4&#8243; _module_preset=&#8221;default&#8221; header_font=&#8221;Syncopate|||on|||||&#8221; header_font_size=&#8221;16px&#8221; subtitle_font=&#8221;Quicksand|300|||||||&#8221; subtitle_font_size=&#8221;15px&#8221; background_color=&#8221;#f9f6f3&#8243; background_enable_color=&#8221;on&#8221; custom_button=&#8221;on&#8221; button_text_size=&#8221;15px&#8221; button_text_color=&#8221;#83BE40&#8243; button_border_width=&#8221;2px&#8221; button_border_color=&#8221;#83BE40&#8243; button_border_radius=&#8221;0px&#8221; button_letter_spacing=&#8221;1px&#8221; button_font=&#8221;|700||on|||||&#8221; button_use_icon=&#8221;on&#8221; button_icon=&#8221;&#x24;||divi||400&#8243; button_icon_color=&#8221;#83BE40&#8243; button_alignment=&#8221;left&#8221; hover_enabled=&#8221;0&#8243; border_color_bottom_item=&#8221;#F07300&#8243; global_colors_info=&#8221;{}&#8221; custom_css_inner_wrapper__hover_enabled=&#8221;off|desktop&#8221; sticky_enabled=&#8221;0&#8243;]<\/p>\n<p style=\"font-size: 16px; font-family: Syncopate; font-weight: 800;\">Lodges en bijzondere accommodaties<\/p>\n<p>[\/dica_divi_carouselitem][dica_divi_carouselitem button_text=&#8221;Bekijk de chalets&#8221; button_url=&#8221;\/nl\/les-hebergements\/location-chalet-tarn\/&#8221; button_url_new_window=&#8221;1&#8243; image=&#8221;https:\/\/camping-le-soleil-des-bastides.fr\/wp-content\/uploads\/2023\/01\/chalet-tout-confort-camping-tarn-1.webp&#8221; image_alt=&#8221;autre h\u00e9bergement vacances insolite&#8221; image_padding=&#8221;0|0|26px|0|false|false&#8221; button_margin=&#8221;||35px||false|false&#8221; _builder_version=&#8221;4.27.4&#8243; _module_preset=&#8221;default&#8221; header_font=&#8221;Syncopate|||on|||||&#8221; header_font_size=&#8221;16px&#8221; subtitle_font=&#8221;Quicksand|300|||||||&#8221; subtitle_font_size=&#8221;15px&#8221; background_color=&#8221;#f9f6f3&#8243; background_enable_color=&#8221;on&#8221; custom_button=&#8221;on&#8221; button_text_size=&#8221;15px&#8221; button_text_color=&#8221;#83BE40&#8243; button_border_width=&#8221;2px&#8221; button_border_color=&#8221;#83BE40&#8243; button_border_radius=&#8221;0px&#8221; button_letter_spacing=&#8221;1px&#8221; button_font=&#8221;|700||on|||||&#8221; button_use_icon=&#8221;on&#8221; button_icon=&#8221;&#x24;||divi||400&#8243; button_icon_color=&#8221;#83BE40&#8243; button_alignment=&#8221;left&#8221; hover_enabled=&#8221;0&#8243; border_color_bottom_item=&#8221;#F07300&#8243; global_colors_info=&#8221;{}&#8221; custom_css_inner_wrapper__hover_enabled=&#8221;off|desktop&#8221; sticky_enabled=&#8221;0&#8243;]<\/p>\n<p style=\"font-size: 16px; font-family: Syncopate; font-weight: 800;\">Chalets<\/p>\n<p>[\/dica_divi_carouselitem][dica_divi_carouselitem button_text=&#8221;Bekijk de g\u00eete&#8221; button_url=&#8221;\/nl\/les-hebergements\/gite-tout-confort-9-11-personnes\/&#8221; button_url_new_window=&#8221;1&#8243; image=&#8221;https:\/\/camping-le-soleil-des-bastides.fr\/wp-content\/uploads\/2023\/01\/gite-confort-11-personnes-camping-tarn-1.webp&#8221; image_alt=&#8221;autre h\u00e9bergement vacances gite &#8221; image_padding=&#8221;0|0|26px|0|false|false&#8221; button_margin=&#8221;||35px||false|false&#8221; _builder_version=&#8221;4.27.4&#8243; _module_preset=&#8221;default&#8221; header_font=&#8221;Syncopate|||on|||||&#8221; header_font_size=&#8221;16px&#8221; subtitle_font=&#8221;Quicksand|300|||||||&#8221; subtitle_font_size=&#8221;15px&#8221; background_color=&#8221;#f9f6f3&#8243; background_enable_color=&#8221;on&#8221; custom_button=&#8221;on&#8221; button_text_size=&#8221;15px&#8221; button_text_color=&#8221;#83BE40&#8243; button_border_width=&#8221;2px&#8221; button_border_color=&#8221;#83BE40&#8243; button_border_radius=&#8221;0px&#8221; button_letter_spacing=&#8221;1px&#8221; button_font=&#8221;|700||on|||||&#8221; button_use_icon=&#8221;on&#8221; button_icon=&#8221;&#x24;||divi||400&#8243; button_icon_color=&#8221;#83BE40&#8243; button_alignment=&#8221;left&#8221; hover_enabled=&#8221;0&#8243; border_color_bottom_item=&#8221;#F07300&#8243; global_colors_info=&#8221;{}&#8221; custom_css_inner_wrapper__hover_enabled=&#8221;off|desktop&#8221; sticky_enabled=&#8221;0&#8243;]<\/p>\n<p style=\"font-size: 16px; font-family: Syncopate; font-weight: 800;\">Groepsg\u00eete<\/p>\n<p>[\/dica_divi_carouselitem][dica_divi_carouselitem button_text=&#8221;Bekijk de kampeerplaatsen&#8221; button_url=&#8221;\/nl\/emplacement-camping-tarn\/&#8221; button_url_new_window=&#8221;1&#8243; image=&#8221;https:\/\/camping-le-soleil-des-bastides.fr\/wp-content\/uploads\/2023\/01\/emplacement-nu-camping-tarn-2.webp&#8221; image_alt=&#8221;autre h\u00e9bergement vacances emplacement&#8221; image_padding=&#8221;0|0|26px|0|false|false&#8221; button_margin=&#8221;||35px||false|false&#8221; _builder_version=&#8221;4.27.4&#8243; _module_preset=&#8221;default&#8221; header_font=&#8221;Syncopate|||on|||||&#8221; header_font_size=&#8221;16px&#8221; subtitle_font=&#8221;Quicksand|300|||||||&#8221; subtitle_font_size=&#8221;15px&#8221; background_color=&#8221;#f9f6f3&#8243; background_enable_color=&#8221;on&#8221; custom_button=&#8221;on&#8221; button_text_size=&#8221;15px&#8221; button_text_color=&#8221;#83BE40&#8243; button_border_width=&#8221;2px&#8221; button_border_color=&#8221;#83BE40&#8243; button_border_radius=&#8221;0px&#8221; button_letter_spacing=&#8221;1px&#8221; button_font=&#8221;|700||on|||||&#8221; button_use_icon=&#8221;on&#8221; button_icon=&#8221;&#x24;||divi||400&#8243; button_icon_color=&#8221;#83BE40&#8243; button_alignment=&#8221;left&#8221; hover_enabled=&#8221;0&#8243; border_color_bottom_item=&#8221;#F07300&#8243; global_colors_info=&#8221;{}&#8221; custom_css_inner_wrapper__hover_enabled=&#8221;off|desktop&#8221; sticky_enabled=&#8221;0&#8243;]<\/p>\n<p style=\"font-size: 16px; font-family: Syncopate; font-weight: 800;\">Kampeerplaatsen<\/p>\n<p>[\/dica_divi_carouselitem][\/dica_divi_carousel][\/et_pb_column][\/et_pb_row][\/et_pb_section][et_pb_section fb_built=&#8221;1&#8243; _builder_version=&#8221;4.25.1&#8243; _module_preset=&#8221;default&#8221; background_color=&#8221;#F9F6F3&#8243; custom_padding=&#8221;30px||30px||false|false&#8221; global_colors_info=&#8221;{}&#8221;][et_pb_row column_structure=&#8221;1_2,1_2&#8243; _builder_version=&#8221;4.25.1&#8243; _module_preset=&#8221;default&#8221; global_colors_info=&#8221;{}&#8221;][et_pb_column type=&#8221;1_2&#8243; _builder_version=&#8221;4.25.1&#8243; _module_preset=&#8221;default&#8221; global_colors_info=&#8221;{}&#8221;][et_pb_text _builder_version=&#8221;4.27.4&#8243; _module_preset=&#8221;default&#8221; hover_enabled=&#8221;0&#8243; global_colors_info=&#8221;{}&#8221; sticky_enabled=&#8221;0&#8243;]<\/p>\n<h3>Uw te huur mobilhome<\/h3>\n<p>De <a href=\"https:\/\/camping-le-soleil-des-bastides.fr\/nl\/les-hebergements\/location-mobil-home-dans-le-tarn\/\">mobilhome<\/a> is de favoriete huuraccommodatie voor gezinnen met kinderen. Zij waarderen vooral het <strong>comfortabele en ruime karakter<\/strong> en de goed ingedeelde kamers. De mobilhomes van onze camping nabij Gaillac bieden plaats aan <strong>4 tot 6 personen<\/strong>.<\/p>\n<p>Ze beschikken over rustige slaapkamers, een badkamer, een uitgeruste keuken, een woon- en eetgedeelte en een <strong>gezellige houten terras<\/strong> met uitzicht op het beboste park van onze <strong>3-sterren camping nabij Gaillac<\/strong>.<\/p>\n<p>[\/et_pb_text][\/et_pb_column][et_pb_column type=&#8221;1_2&#8243; _builder_version=&#8221;4.25.1&#8243; _module_preset=&#8221;default&#8221; global_colors_info=&#8221;{}&#8221;][et_pb_image src=&#8221;https:\/\/camping-le-soleil-des-bastides.fr\/wp-content\/uploads\/2024\/07\/mobil-home-4-personnes-camping-gaillac.webp&#8221; alt=&#8221;Stacaravan camping Gaillac&#8221; title_text=&#8221;mobil-home-4-personnes-camping-gaillac&#8221; _builder_version=&#8221;4.27.4&#8243; _module_preset=&#8221;default&#8221; hover_enabled=&#8221;0&#8243; global_colors_info=&#8221;{}&#8221; sticky_enabled=&#8221;0&#8243;][\/et_pb_image][\/et_pb_column][\/et_pb_row][\/et_pb_section][et_pb_section fb_built=&#8221;1&#8243; admin_label=&#8221;Section&#8221; _builder_version=&#8221;4.25.1&#8243; _module_preset=&#8221;default&#8221; background_color=&#8221;#FFFFFF&#8221; custom_padding=&#8221;30px||30px||false|false&#8221; locked=&#8221;off&#8221; global_colors_info=&#8221;{}&#8221;][et_pb_row column_structure=&#8221;1_2,1_2&#8243; _builder_version=&#8221;4.25.1&#8243; _module_preset=&#8221;default&#8221; global_colors_info=&#8221;{}&#8221;][et_pb_column type=&#8221;1_2&#8243; _builder_version=&#8221;4.25.1&#8243; _module_preset=&#8221;default&#8221; global_colors_info=&#8221;{}&#8221;][et_pb_image src=&#8221;https:\/\/camping-le-soleil-des-bastides.fr\/wp-content\/uploads\/2024\/07\/emplacement-electricite-camping-gaillac.webp&#8221; alt=&#8221;kampeerplaats Gaillac&#8221; title_text=&#8221;emplacement-electricite-camping-gaillac&#8221; _builder_version=&#8221;4.27.4&#8243; _module_preset=&#8221;default&#8221; hover_enabled=&#8221;0&#8243; global_colors_info=&#8221;{}&#8221; sticky_enabled=&#8221;0&#8243;][\/et_pb_image][\/et_pb_column][et_pb_column type=&#8221;1_2&#8243; _builder_version=&#8221;4.25.1&#8243; _module_preset=&#8221;default&#8221; global_colors_info=&#8221;{}&#8221;][et_pb_text _builder_version=&#8221;4.27.4&#8243; _module_preset=&#8221;default&#8221; hover_enabled=&#8221;0&#8243; global_colors_info=&#8221;{}&#8221; sticky_enabled=&#8221;0&#8243;]<\/p>\n<h3>Uw kampeerplaats aan de poorten van Gaillac<\/h3>\n<p>Natuurliefhebbers zullen zeker kiezen voor een kampeerplaats. Voor een verkwikkende vakantie is er niets beter dan deze <strong>huur omringd door de natuur<\/strong> in een betoverende omgeving.<\/p>\n<p>Er worden <strong>3 soorten kampeerplaatsen<\/strong> aangeboden in onze <strong>camping nabij Gaillac met zwembad<\/strong>: een kale plek, een kale plek met elektriciteit en een premium plek met priv\u00e9 sanitair. Afhankelijk van het gewenste comfort kiest u de perfecte <a href=\"https:\/\/camping-le-soleil-des-bastides.fr\/nl\/emplacement-camping-tarn\/\">kampeerplaats in de Tarn<\/a> voor u!<\/p>\n<p>[\/et_pb_text][\/et_pb_column][\/et_pb_row][\/et_pb_section][et_pb_section fb_built=&#8221;1&#8243; _builder_version=&#8221;4.25.1&#8243; _module_preset=&#8221;default&#8221; background_color=&#8221;#F9F6F3&#8243; custom_padding=&#8221;30px||30px||false|false&#8221; global_colors_info=&#8221;{}&#8221;][et_pb_row column_structure=&#8221;1_2,1_2&#8243; _builder_version=&#8221;4.25.1&#8243; _module_preset=&#8221;default&#8221; global_colors_info=&#8221;{}&#8221;][et_pb_column type=&#8221;1_2&#8243; _builder_version=&#8221;4.25.1&#8243; _module_preset=&#8221;default&#8221; global_colors_info=&#8221;{}&#8221;][et_pb_text _builder_version=&#8221;4.27.4&#8243; _module_preset=&#8221;default&#8221; hover_enabled=&#8221;0&#8243; global_colors_info=&#8221;{}&#8221; sticky_enabled=&#8221;0&#8243;]<\/p>\n<h3>Uw bijzondere 3-sterren accommodatie<\/h3>\n<p>Wilt u eens iets anders dan de klassieke mobilhome huren? Onze <strong>3-sterren camping vlakbij Gaillac<\/strong> biedt verschillende <a href=\"https:\/\/camping-le-soleil-des-bastides.fr\/nl\/les-hebergements\/logement-insolite-tarn\/#insolites\"><strong>bijzondere accommodaties in de Tarn<\/strong><\/a>. Cabatente, Zweedse hut, Finse Kota\u2019s, Coco Sweet en Canada Treck garanderen u een <strong>welverdiende ontsnapping<\/strong> tijdens uw vakantie in de Tarn.<\/p>\n<p>Onze gasten die comfort zoeken, kiezen voor accommodaties met sanitair. Wie helemaal wil ontsnappen aan de dagelijkse routine in een eenvoudig maar charmant verblijf, kiest een kleine bijzondere accommodatie zonder sanitair. Met de lodge bent u verkocht: deze charmante accommodatie heeft een doekdak en een houten constructie.<\/p>\n<h3>Uw huur van een g\u00eete of chalet<\/h3>\n<p>Hout vindt u volop in al onze <a href=\"https:\/\/camping-le-soleil-des-bastides.fr\/nl\/les-hebergements\/location-chalet-tarn\/\">chalets te huur in de Tarn<\/a>, <strong>knusse en comfortabele accommodaties<\/strong> die perfect zijn voor koppels of gezinnen!<\/p>\n<p>De g\u00eete is dan weer de perfecte accommodatie voor uw <strong>grote gezelschappen<\/strong> (tot 11 personen).<\/p>\n<p>[\/et_pb_text][\/et_pb_column][et_pb_column type=&#8221;1_2&#8243; _builder_version=&#8221;4.25.1&#8243; _module_preset=&#8221;default&#8221; global_colors_info=&#8221;{}&#8221;][et_pb_image src=&#8221;https:\/\/camping-le-soleil-des-bastides.fr\/wp-content\/uploads\/2024\/07\/lodge-vip-premium-logement-insolite-gaillac.webp&#8221; alt=&#8221;bijzondere accommodatie camping Gaillac&#8221; title_text=&#8221;lodge-vip-premium-logement-insolite-gaillac&#8221; _builder_version=&#8221;4.27.4&#8243; _module_preset=&#8221;default&#8221; hover_enabled=&#8221;0&#8243; global_colors_info=&#8221;{}&#8221; sticky_enabled=&#8221;0&#8243;][\/et_pb_image][\/et_pb_column][\/et_pb_row][\/et_pb_section][et_pb_section fb_built=&#8221;1&#8243; admin_label=&#8221;Avis&#8221; _builder_version=&#8221;4.25.1&#8243; _module_preset=&#8221;default&#8221; locked=&#8221;off&#8221; global_colors_info=&#8221;{}&#8221;][et_pb_row _builder_version=&#8221;4.16&#8243; _module_preset=&#8221;default&#8221; locked=&#8221;off&#8221; global_colors_info=&#8221;{}&#8221;][et_pb_column type=&#8221;4_4&#8243; _builder_version=&#8221;4.16&#8243; _module_preset=&#8221;default&#8221; custom_padding=&#8221;|||&#8221; global_colors_info=&#8221;{}&#8221; custom_padding__hover=&#8221;|||&#8221;][et_pb_text admin_label=&#8221;Look Inside Title&#8221; _builder_version=&#8221;4.27.4&#8243; _module_preset=&#8221;default&#8221; text_font=&#8221;||||&#8221; text_text_color=&#8221;#1a1a1a&#8221; header_font=&#8221;Oswald|on||on|&#8221; header_text_align=&#8221;left&#8221; header_font_size=&#8221;60px&#8221; header_line_height=&#8221;1.3em&#8221; header_2_font=&#8221;|||on|||||&#8221; header_2_font_size=&#8221;30px&#8221; header_2_line_height=&#8221;1.2em&#8221; custom_margin=&#8221;||0px||false|false&#8221; custom_padding=&#8221;||0px||false|false&#8221; animation_style=&#8221;slide&#8221; animation_direction=&#8221;top&#8221; animation_intensity_slide=&#8221;10%&#8221; hover_enabled=&#8221;0&#8243; header_2_font_size_tablet=&#8221;25px&#8221; header_2_font_size_phone=&#8221;18px&#8221; header_2_font_size_last_edited=&#8221;on|desktop&#8221; locked=&#8221;off&#8221; global_colors_info=&#8221;{}&#8221; sticky_enabled=&#8221;0&#8243;]<\/p>\n<h2 style=\"text-align: center;\">DE MENINGEN VAN ONZE GASTEN<br \/><span style=\"font-weight: 400; text-transform: lowercase;\">over de camping nabij Gaillac<\/span><\/h2>\n<p>[\/et_pb_text][et_pb_divider color=&#8221;#83BE40&#8243; divider_position=&#8221;center&#8221; divider_weight=&#8221;3px&#8221; disabled_on=&#8221;off|off|off&#8221; _builder_version=&#8221;4.19.1&#8243; _module_preset=&#8221;default&#8221; max_width=&#8221;150px&#8221; module_alignment=&#8221;center&#8221; height=&#8221;false&#8221; custom_margin=&#8221;||||false|false&#8221; animation_style=&#8221;slide&#8221; animation_direction=&#8221;top&#8221; animation_delay=&#8221;100ms&#8221; animation_intensity_slide=&#8221;10%&#8221; locked=&#8221;off&#8221; global_colors_info=&#8221;{}&#8221;][\/et_pb_divider][et_pb_code _builder_version=&#8221;4.27.4&#8243; _module_preset=&#8221;default&#8221; global_colors_info=&#8221;{}&#8221;]<div class=\"wp-gr rpi wpac\" style=\"--star-color: #fbc228;--btn-color: #b92a88;\" data-id=\"4738\" data-layout=\"slider\" data-exec=\"false\" data-options='{&quot;text_size&quot;:&quot;&quot;,&quot;trans&quot;:{&quot;read more&quot;:&quot;lees meer&quot;}}'><svg xmlns=\"http:\/\/www.w3.org\/2000\/svg\" style=\"display:none!important\"><symbol id=\"grw-tripadvisor\" viewBox=\"0 0 713.496 713.496\"><g><circle fill=\"#34E0A1\" cx=\"356.749\" cy=\"356.748\" r=\"356.748\"\/><path d=\"M577.095,287.152l43.049-46.836h-95.465c-47.792-32.646-105.51-51.659-167.931-51.659   c-62.342,0-119.899,19.054-167.612,51.659H93.432l43.049,46.836c-26.387,24.075-42.929,58.754-42.929,97.259   c0,72.665,58.914,131.578,131.579,131.578c34.519,0,65.968-13.313,89.446-35.077l42.172,45.919l42.172-45.879   c23.478,21.764,54.887,35.037,89.406,35.037c72.665,0,131.658-58.913,131.658-131.578   C620.024,345.866,603.483,311.188,577.095,287.152z M225.17,473.458c-49.188,0-89.047-39.859-89.047-89.047   s39.86-89.048,89.047-89.048c49.187,0,89.047,39.86,89.047,89.048S274.357,473.458,225.17,473.458z M356.788,381.82   c0-58.595-42.61-108.898-98.853-130.383c30.413-12.716,63.776-19.771,98.813-19.771s68.439,7.055,98.853,19.771   C399.399,272.962,356.788,323.226,356.788,381.82z M488.367,473.458c-49.188,0-89.048-39.859-89.048-89.047   s39.86-89.048,89.048-89.048s89.047,39.86,89.047,89.048S537.554,473.458,488.367,473.458z M488.367,337.694   c-25.79,0-46.677,20.887-46.677,46.677c0,25.789,20.887,46.676,46.677,46.676c25.789,0,46.676-20.887,46.676-46.676   C535.042,358.621,514.156,337.694,488.367,337.694z M271.846,384.411c0,25.789-20.887,46.676-46.676,46.676   s-46.676-20.887-46.676-46.676c0-25.79,20.887-46.677,46.676-46.677C250.959,337.694,271.846,358.621,271.846,384.411z\"\/><\/g><\/symbol><symbol id=\"grw-google\" viewBox=\"0 0 512 512\"><g fill=\"none\" fill-rule=\"evenodd\"><path d=\"M482.56 261.36c0-16.73-1.5-32.83-4.29-48.27H256v91.29h127.01c-5.47 29.5-22.1 54.49-47.09 71.23v59.21h76.27c44.63-41.09 70.37-101.59 70.37-173.46z\" fill=\"#4285f4\"\/><path d=\"M256 492c63.72 0 117.14-21.13 156.19-57.18l-76.27-59.21c-21.13 14.16-48.17 22.53-79.92 22.53-61.47 0-113.49-41.51-132.05-97.3H45.1v61.15c38.83 77.13 118.64 130.01 210.9 130.01z\" fill=\"#34a853\"\/><path d=\"M123.95 300.84c-4.72-14.16-7.4-29.29-7.4-44.84s2.68-30.68 7.4-44.84V150.01H45.1C29.12 181.87 20 217.92 20 256c0 38.08 9.12 74.13 25.1 105.99l78.85-61.15z\" fill=\"#fbbc05\"\/><path d=\"M256 113.86c34.65 0 65.76 11.91 90.22 35.29l67.69-67.69C373.03 43.39 319.61 20 256 20c-92.25 0-172.07 52.89-210.9 130.01l78.85 61.15c18.56-55.78 70.59-97.3 132.05-97.3z\" fill=\"#ea4335\"\/><path d=\"M20 20h472v472H20V20z\"\/><\/g><\/symbol><\/svg><div class=\"grw-row grw-row-m\" data-options='{\"speed\":3,\"autoplay\":true,\"mousestop\":true,\"breakpoints\":\"\"}'><div class=\"rpi-slides-root grw-content\"><div class=\"grw-content-inner\"><button class=\"rpi-ltgt rpi-lt grw-prev\" tabindex=\"0\"><\/button><div class=\"rpi-slides grw-reviews rpi-slides-bite\" data-count=\"10\" data-offset=\"10\"><div class=\"rpi-slide grw-review\"><div class=\"rpi-flx rpi-col12 grw-review-inner grw-backgnd\"><div class=\"rpi-flx rpi-row12-center\"><div class=\"grw-img-wrap\"><img decoding=\"async\" class=\"grw-img\" src=\"https:\/\/lh3.googleusercontent.com\/a-\/ALV-UjWRGrGGXiMNgZzMfVD4Qk5ml3NuTs6o6qAbEXVIT41cTsZAKuEMSg=s56-c-rp-mo-ba2-br100\" loading=\"lazy\" alt=\"Gj profile picture\" width=\"50\" height=\"50\" onerror=\"if(this.src!='https:\/\/camping-le-soleil-des-bastides.fr\/wp-content\/plugins\/widget-google-reviews\/assets\/img\/guest.png')this.src='https:\/\/camping-le-soleil-des-bastides.fr\/wp-content\/plugins\/widget-google-reviews\/assets\/img\/guest.png';\" ><\/div><div class=\"rpi-flx rpi-col6\"><a href=\"https:\/\/www.google.com\/maps\/contrib\/116131297613710999620\/reviews\" class=\"wp-google-name\" target=\"_blank\" rel=\"nofollow noopener\">Gj<\/a><div class=\"wp-google-time\" data-time=\"1747814212\">07:56 21 May 25<\/div><\/div><\/div><span class=\"rpi-stars\" style=\"--rating:5\"><\/span><div class=\"rpi-flx rpi-col4\"><div class=\"wp-google-feedback grw-scroll\" ><span class=\"wp-google-text\">Nous avons pass\u00e9 un excellent s\u00e9jour et tenons \u00e0 vous remercier pour votre<br \/>accueil chaleureux et votre gentillesse.Nous avons appr\u00e9ci\u00e9 un tas de bonnes choses et surtout...le SOURIRE de Anne-Sophie et la TRES BONNE CUISINE de Sylvain.Merci \u00e0 vous deux pour vos,attentions,vos conseils et .. Bravo pour la propret\u00e9 du lieu,pour les \u00e9quipements vraiment complets de chaque h\u00e9bergement,sans oublier la tranquillit\u00e9 et le calme de l'endroit,bref...une adresse \u00e0 retenir et \u00e0 recommander.Nous reviendrons avec plaisir.&#x1f44d;<br \/>Annie et Jean<\/span><\/div><\/div><svg height=\"16\" width=\"16\" role=\"none\"><use href=\"#grw-google\"\/><\/svg><\/div><\/div><div class=\"rpi-slide grw-review\"><div class=\"rpi-flx rpi-col12 grw-review-inner grw-backgnd\"><div class=\"rpi-flx rpi-row12-center\"><div class=\"grw-img-wrap\"><img decoding=\"async\" class=\"grw-img\" src=\"https:\/\/lh3.googleusercontent.com\/a\/ACg8ocJPPc3hgb1Tri0mrcXNrj-vqmrgY0uWuvZG0GAkuTsuF3ZxNA=s56-c-rp-mo-ba3-br100\" loading=\"lazy\" alt=\"Jacques Delperie profile picture\" width=\"50\" height=\"50\" onerror=\"if(this.src!='https:\/\/camping-le-soleil-des-bastides.fr\/wp-content\/plugins\/widget-google-reviews\/assets\/img\/guest.png')this.src='https:\/\/camping-le-soleil-des-bastides.fr\/wp-content\/plugins\/widget-google-reviews\/assets\/img\/guest.png';\" ><\/div><div class=\"rpi-flx rpi-col6\"><a href=\"https:\/\/www.google.com\/maps\/contrib\/103709227746061070400\/reviews\" class=\"wp-google-name\" target=\"_blank\" rel=\"nofollow noopener\">Jacques Delperie<\/a><div class=\"wp-google-time\" data-time=\"1747599653\">20:20 18 May 25<\/div><\/div><\/div><span class=\"rpi-stars\" style=\"--rating:5\"><\/span><div class=\"rpi-flx rpi-col4\"><div class=\"wp-google-feedback grw-scroll\" ><span class=\"wp-google-text\">Bonsoir<br \/>Nous avons s\u00e9journ\u00e9 dans votre camping du 16 au 18 mai 2025.<br \/>Nous avons vraiment appr\u00e9ci\u00e9 la gentillesse des propri\u00e9taires du camping, le restaurant, excellente cuisine, le service de qualit\u00e9 et la serveuse est tr\u00e8s agr\u00e9able et souriante.<br \/>Les emplacements pour les vans camping-car et fourgons tr\u00e8s spacieux,  et \u00e9quip\u00e9 d'une agr\u00e9able tonnelle.<br \/>Nous recommandons tr\u00e8s fortement le camping le soleil des Bastides  \u00e0 cahuzac sur v\u00e8re o\u00f9 il fait bon s\u00e9journer au milieu de la nature.<br \/>Merci et \u00e0 tr\u00e8s vite<br \/>Jacques et Sylvie<\/span><\/div><\/div><svg height=\"16\" width=\"16\" role=\"none\"><use href=\"#grw-google\"\/><\/svg><\/div><\/div><div class=\"rpi-slide grw-review\"><div class=\"rpi-flx rpi-col12 grw-review-inner grw-backgnd\"><div class=\"rpi-flx rpi-row12-center\"><div class=\"grw-img-wrap\"><img decoding=\"async\" class=\"grw-img\" src=\"https:\/\/lh3.googleusercontent.com\/a\/ACg8ocLjvmBPUV6AtXpXZrrOYPruVCvF0n84CX1lF_r9rF5TYtM3S2M=s56-c-rp-mo-ba2-br100\" loading=\"lazy\" alt=\"Fabi Mich profile picture\" width=\"50\" height=\"50\" onerror=\"if(this.src!='https:\/\/camping-le-soleil-des-bastides.fr\/wp-content\/plugins\/widget-google-reviews\/assets\/img\/guest.png')this.src='https:\/\/camping-le-soleil-des-bastides.fr\/wp-content\/plugins\/widget-google-reviews\/assets\/img\/guest.png';\" ><\/div><div class=\"rpi-flx rpi-col6\"><a href=\"https:\/\/www.google.com\/maps\/contrib\/116739844568883948879\/reviews\" class=\"wp-google-name\" target=\"_blank\" rel=\"nofollow noopener\">Fabi Mich<\/a><div class=\"wp-google-time\" data-time=\"1747569067\">11:51 18 May 25<\/div><\/div><\/div><span class=\"rpi-stars\" style=\"--rating:5\"><\/span><div class=\"rpi-flx rpi-col4\"><div class=\"wp-google-feedback grw-scroll\" ><span class=\"wp-google-text\">Tr\u00e8s bien, propre, sympathique les g\u00e9rants tr\u00e8s sympathique, le personnel \u00e9galement je vous le conseille tout \u00e0 c\u00f4t\u00e9, \u00e9picerie, charcuterie, pizzeria le restaurant du camping avec le personnel adorable. Piscine au top top transats tr\u00e8s confortable. Merci pour votre sympathie<\/span><\/div><\/div><svg height=\"16\" width=\"16\" role=\"none\"><use href=\"#grw-google\"\/><\/svg><\/div><\/div><div class=\"rpi-slide grw-review\"><div class=\"rpi-flx rpi-col12 grw-review-inner grw-backgnd\"><div class=\"rpi-flx rpi-row12-center\"><div class=\"grw-img-wrap\"><img decoding=\"async\" class=\"grw-img\" src=\"https:\/\/lh3.googleusercontent.com\/a\/ACg8ocJFSnaVO4HTXyjJNqNU69b24uwYnb9b527beo7vtWCbi0vAcw=s56-c-rp-mo-br100\" loading=\"lazy\" alt=\"Jacques DUBOIS profile picture\" width=\"50\" height=\"50\" onerror=\"if(this.src!='https:\/\/camping-le-soleil-des-bastides.fr\/wp-content\/plugins\/widget-google-reviews\/assets\/img\/guest.png')this.src='https:\/\/camping-le-soleil-des-bastides.fr\/wp-content\/plugins\/widget-google-reviews\/assets\/img\/guest.png';\" ><\/div><div class=\"rpi-flx rpi-col6\"><a href=\"https:\/\/www.google.com\/maps\/contrib\/109009873383698882159\/reviews\" class=\"wp-google-name\" target=\"_blank\" rel=\"nofollow noopener\">Jacques DUBOIS<\/a><div class=\"wp-google-time\" data-time=\"1747553965\">07:39 18 May 25<\/div><\/div><\/div><span class=\"rpi-stars\" style=\"--rating:5\"><\/span><div class=\"rpi-flx rpi-col4\"><div class=\"wp-google-feedback grw-scroll\" ><span class=\"wp-google-text\">Un s\u00e9jour d une semaine avec mon club de randonn\u00e9e m a permis d appr\u00e9cier pleinement ce camping. Accueil chaleureux de Anne Sophie et Sylvain. Terrain \u00e0 la fois nature et entretenu, beaucoup d espace pour chaque emplacement, mobile home neuf et bien pourvu, et en plus, chaque soir, les bons petits plats d\u00e9gust\u00e9s au restaurant du camping.  Sinc\u00e8rement, on ne peut demander mieux.<br \/>Elisabeth<\/span><\/div><\/div><svg height=\"16\" width=\"16\" role=\"none\"><use href=\"#grw-google\"\/><\/svg><\/div><\/div><div class=\"rpi-slide grw-review\"><div class=\"rpi-flx rpi-col12 grw-review-inner grw-backgnd\"><div class=\"rpi-flx rpi-row12-center\"><div class=\"grw-img-wrap\"><img decoding=\"async\" class=\"grw-img\" src=\"https:\/\/lh3.googleusercontent.com\/a\/ACg8ocIe90DRvmA-e03U2lxDJ-daJHDvlleWjt7aEtz-H8uwB-RAYQ=s56-c-rp-mo-br100\" loading=\"lazy\" alt=\"patrick D\u00e9hache profile picture\" width=\"50\" height=\"50\" onerror=\"if(this.src!='https:\/\/camping-le-soleil-des-bastides.fr\/wp-content\/plugins\/widget-google-reviews\/assets\/img\/guest.png')this.src='https:\/\/camping-le-soleil-des-bastides.fr\/wp-content\/plugins\/widget-google-reviews\/assets\/img\/guest.png';\" ><\/div><div class=\"rpi-flx rpi-col6\"><a href=\"https:\/\/www.google.com\/maps\/contrib\/104605954615677719539\/reviews\" class=\"wp-google-name\" target=\"_blank\" rel=\"nofollow noopener\">patrick D\u00e9hache<\/a><div class=\"wp-google-time\" data-time=\"1747549118\">06:18 18 May 25<\/div><\/div><\/div><span class=\"rpi-stars\" style=\"--rating:4\"><\/span><div class=\"rpi-flx rpi-col4\"><div class=\"wp-google-feedback grw-scroll\" ><span class=\"wp-google-text\">Un petit camping ien tenu \u00e0 taille humaine, pas d'animation, pas de spectacle, juste le calme et la gentillesse des propri\u00e9taires.<br \/>Un lieu paisible, tout ce qu'il faut pour se reposer apr\u00e8s des journ\u00e9es de randonn\u00e9e dans cette magnifique r\u00e9gion.<br \/>Merci Anne Sophie et Sylvain<\/span><\/div><\/div><svg height=\"16\" width=\"16\" role=\"none\"><use href=\"#grw-google\"\/><\/svg><\/div><\/div><div class=\"rpi-slide grw-review\"><div class=\"rpi-flx rpi-col12 grw-review-inner grw-backgnd\"><div class=\"rpi-flx rpi-row12-center\"><div class=\"grw-img-wrap\"><img decoding=\"async\" class=\"grw-img\" src=\"https:\/\/lh3.googleusercontent.com\/a\/ACg8ocLEcZ8oBpWpwX9k-WVmSTX3tMC3baM9F4H-pc-C76ZQttaMdQ=s56-c-rp-mo-br100\" loading=\"lazy\" alt=\"Jean Pierre Renaux profile picture\" width=\"50\" height=\"50\" onerror=\"if(this.src!='https:\/\/camping-le-soleil-des-bastides.fr\/wp-content\/plugins\/widget-google-reviews\/assets\/img\/guest.png')this.src='https:\/\/camping-le-soleil-des-bastides.fr\/wp-content\/plugins\/widget-google-reviews\/assets\/img\/guest.png';\" ><\/div><div class=\"rpi-flx rpi-col6\"><a href=\"https:\/\/www.google.com\/maps\/contrib\/107932094668446701156\/reviews\" class=\"wp-google-name\" target=\"_blank\" rel=\"nofollow noopener\">Jean Pierre Renaux<\/a><div class=\"wp-google-time\" data-time=\"1747504077\">17:47 17 May 25<\/div><\/div><\/div><span class=\"rpi-stars\" style=\"--rating:5\"><\/span><div class=\"rpi-flx rpi-col4\"><div class=\"wp-google-feedback grw-scroll\" ><span class=\"wp-google-text\">Camping tr\u00e8s agr\u00e9able et tr\u00e8s accueillant.Nous \u00e9tions 28 randonneurs et nous avons re\u00e7u un accueil chaleureux et les repas \u00e9taient excellents.<\/span><\/div><\/div><svg height=\"16\" width=\"16\" role=\"none\"><use href=\"#grw-google\"\/><\/svg><\/div><\/div><div class=\"rpi-slide grw-review\"><div class=\"rpi-flx rpi-col12 grw-review-inner grw-backgnd\"><div class=\"rpi-flx rpi-row12-center\"><div class=\"grw-img-wrap\"><img decoding=\"async\" class=\"grw-img\" src=\"https:\/\/lh3.googleusercontent.com\/a-\/ALV-UjVcSbzwmASDhD8jbLJOFj4ien3TM0ewTYSJyp6h0VYrvDYaenI=s56-c-rp-mo-br100\" loading=\"lazy\" alt=\"Philippe Moisset profile picture\" width=\"50\" height=\"50\" onerror=\"if(this.src!='https:\/\/camping-le-soleil-des-bastides.fr\/wp-content\/plugins\/widget-google-reviews\/assets\/img\/guest.png')this.src='https:\/\/camping-le-soleil-des-bastides.fr\/wp-content\/plugins\/widget-google-reviews\/assets\/img\/guest.png';\" ><\/div><div class=\"rpi-flx rpi-col6\"><a href=\"https:\/\/www.google.com\/maps\/contrib\/115209377497500877385\/reviews\" class=\"wp-google-name\" target=\"_blank\" rel=\"nofollow noopener\">Philippe Moisset<\/a><div class=\"wp-google-time\" data-time=\"1747502904\">17:28 17 May 25<\/div><\/div><\/div><span class=\"rpi-stars\" style=\"--rating:5\"><\/span><div class=\"rpi-flx rpi-col4\"><div class=\"wp-google-feedback grw-scroll\" ><span class=\"wp-google-text\">Venons de passer une semaine super agr\u00e9able chez Anne-Sophie et Sylvain. Restauration au top, mobil-home tr\u00e8s confortable, bonne literie, accueil hyper sympa, cadre verdoyant et calme. Ne changez rien. Merci \u00e0 Laurine et \u00e0 Sam<\/span><\/div><\/div><svg height=\"16\" width=\"16\" role=\"none\"><use href=\"#grw-google\"\/><\/svg><\/div><\/div><div class=\"rpi-slide grw-review\"><div class=\"rpi-flx rpi-col12 grw-review-inner grw-backgnd\"><div class=\"rpi-flx rpi-row12-center\"><div class=\"grw-img-wrap\"><img decoding=\"async\" class=\"grw-img\" src=\"https:\/\/lh3.googleusercontent.com\/a\/ACg8ocKpcbGEbhPUcXNtr05RoeRUyL-kVCEJTmOvvIB6ctDM5H6ZnQ=s56-c-rp-mo-br100\" loading=\"lazy\" alt=\"yolande lejust profile picture\" width=\"50\" height=\"50\" onerror=\"if(this.src!='https:\/\/camping-le-soleil-des-bastides.fr\/wp-content\/plugins\/widget-google-reviews\/assets\/img\/guest.png')this.src='https:\/\/camping-le-soleil-des-bastides.fr\/wp-content\/plugins\/widget-google-reviews\/assets\/img\/guest.png';\" ><\/div><div class=\"rpi-flx rpi-col6\"><a href=\"https:\/\/www.google.com\/maps\/contrib\/110344031475733184360\/reviews\" class=\"wp-google-name\" target=\"_blank\" rel=\"nofollow noopener\">yolande lejust<\/a><div class=\"wp-google-time\" data-time=\"1747502744\">17:25 17 May 25<\/div><\/div><\/div><span class=\"rpi-stars\" style=\"--rating:5\"><\/span><div class=\"rpi-flx rpi-col4\"><div class=\"wp-google-feedback grw-scroll\" ><span class=\"wp-google-text\">S\u00e9jour en mobil-home dans un espace de verdure bien entretenu avec possibilit\u00e9 de se garer juste devant ledit mobil-home.<br \/>Le jeune couple de  propri\u00e9taire est extr\u00eamement accueillant et tr\u00e8s affable - la restauration y est tr\u00e8s vari\u00e9e et succulente.<br \/><br \/>Je recommande +++<\/span><\/div><\/div><svg height=\"16\" width=\"16\" role=\"none\"><use href=\"#grw-google\"\/><\/svg><\/div><\/div><div class=\"rpi-slide grw-review\"><div class=\"rpi-flx rpi-col12 grw-review-inner grw-backgnd\"><div class=\"rpi-flx rpi-row12-center\"><div class=\"grw-img-wrap\"><img decoding=\"async\" class=\"grw-img\" src=\"https:\/\/lh3.googleusercontent.com\/a\/ACg8ocK9EbEw-eaqWBf3utQOLBZD_CfYHUyhQXkL2BKudfoyd8lidQ=s56-c-rp-mo-br100\" loading=\"lazy\" alt=\"Patrick HERAULT profile picture\" width=\"50\" height=\"50\" onerror=\"if(this.src!='https:\/\/camping-le-soleil-des-bastides.fr\/wp-content\/plugins\/widget-google-reviews\/assets\/img\/guest.png')this.src='https:\/\/camping-le-soleil-des-bastides.fr\/wp-content\/plugins\/widget-google-reviews\/assets\/img\/guest.png';\" ><\/div><div class=\"rpi-flx rpi-col6\"><a href=\"https:\/\/www.google.com\/maps\/contrib\/111478308327451744535\/reviews\" class=\"wp-google-name\" target=\"_blank\" rel=\"nofollow noopener\">Patrick HERAULT<\/a><div class=\"wp-google-time\" data-time=\"1747499037\">16:23 17 May 25<\/div><\/div><\/div><span class=\"rpi-stars\" style=\"--rating:5\"><\/span><div class=\"rpi-flx rpi-col4\"><div class=\"wp-google-feedback grw-scroll\" ><span class=\"wp-google-text\">Tr\u00e8s bon accueil et un camping charmant avec des tr\u00e8s belles installations. Restaurant au top. Merci Anne Sophie et Sylvain<\/span><\/div><\/div><svg height=\"16\" width=\"16\" role=\"none\"><use href=\"#grw-google\"\/><\/svg><\/div><\/div><div class=\"rpi-slide grw-review\"><div class=\"rpi-flx rpi-col12 grw-review-inner grw-backgnd\"><div class=\"rpi-flx rpi-row12-center\"><div class=\"grw-img-wrap\"><img decoding=\"async\" class=\"grw-img\" src=\"https:\/\/lh3.googleusercontent.com\/a\/ACg8ocIiljPWmj6ZOmM8e_3OaxufcdDyQhQu_DgVI4OyyWbgS3L78A=s56-c-rp-mo-br100\" loading=\"lazy\" alt=\"Frederique Carcenac profile picture\" width=\"50\" height=\"50\" onerror=\"if(this.src!='https:\/\/camping-le-soleil-des-bastides.fr\/wp-content\/plugins\/widget-google-reviews\/assets\/img\/guest.png')this.src='https:\/\/camping-le-soleil-des-bastides.fr\/wp-content\/plugins\/widget-google-reviews\/assets\/img\/guest.png';\" ><\/div><div class=\"rpi-flx rpi-col6\"><a href=\"https:\/\/www.google.com\/maps\/contrib\/111935828103886350931\/reviews\" class=\"wp-google-name\" target=\"_blank\" rel=\"nofollow noopener\">Frederique Carcenac<\/a><div class=\"wp-google-time\" data-time=\"1747498983\">16:23 17 May 25<\/div><\/div><\/div><span class=\"rpi-stars\" style=\"--rating:5\"><\/span><div class=\"rpi-flx rpi-col4\"><div class=\"wp-google-feedback grw-scroll\" ><span class=\"wp-google-text\">Nous avons pass\u00e9 un superbe s\u00e9jour. L'accueil d'Anne-Sophie et Sylvain est chaleureux. Les repas sont g\u00e9n\u00e9reux et savoureux. Le camping est tr\u00e8s agr\u00e9able et l'ensemble du personnel est aux petits soins. Vous nous avez donn\u00e9 envie de revenir. Encore merci et nous esp\u00e9rons \u00e0 tr\u00e8s bient\u00f4t.<\/span><\/div><\/div><svg height=\"16\" width=\"16\" role=\"none\"><use href=\"#grw-google\"\/><\/svg><\/div><\/div><\/div><button class=\"rpi-ltgt rpi-gt grw-next\" tabindex=\"0\"><\/button><div class=\"rpi-dots-wrap\"><div class=\"rpi-dots\"><\/div><\/div><\/div><\/div><\/div><script>(function(p){if(!p)return;let w=p.offsetWidth,m=function(a,b){return Math.min(a,b)===a};p.querySelector('.grw-row').classList.replace('grw-row-m','grw-row-'+(m(w,510)?'xs':m(w,750)?'x':m(w,1100)?'s':m(w,1450)?'m':m(w,1800)?'l':'xl'))})(document.currentScript?.parentElement)<\/script><\/div>[\/et_pb_code][\/et_pb_column][\/et_pb_row][\/et_pb_section][et_pb_section fb_built=&#8221;1&#8243; admin_label=&#8221;Section&#8221; _builder_version=&#8221;4.19.1&#8243; _module_preset=&#8221;default&#8221; custom_padding=&#8221;0px||0px||false|false&#8221; locked=&#8221;off&#8221; global_colors_info=&#8221;{}&#8221;][et_pb_row column_structure=&#8221;1_4,1_4,1_4,1_4&#8243; use_custom_gutter=&#8221;on&#8221; gutter_width=&#8221;1&#8243; _builder_version=&#8221;4.19.1&#8243; _module_preset=&#8221;default&#8221; width=&#8221;100%&#8221; max_width=&#8221;100%&#8221; custom_padding=&#8221;0px|0px|0px|0px|false|true&#8221; global_colors_info=&#8221;{}&#8221;][et_pb_column type=&#8221;1_4&#8243; _builder_version=&#8221;4.19.1&#8243; _module_preset=&#8221;default&#8221; global_colors_info=&#8221;{}&#8221;][et_pb_image src=&#8221;https:\/\/camping-le-soleil-des-bastides.fr\/wp-content\/uploads\/2022\/12\/photo-piscine-camping-soleil-des-bastides-tarn3.webp&#8221; title_text=&#8221;photo-piscine-camping-soleil-des-bastides-tarn3&#8243; _builder_version=&#8221;4.19.1&#8243; _module_preset=&#8221;default&#8221; hover_enabled=&#8221;0&#8243; global_colors_info=&#8221;{}&#8221; sticky_enabled=&#8221;0&#8243;][\/et_pb_image][\/et_pb_column][et_pb_column type=&#8221;1_4&#8243; _builder_version=&#8221;4.19.1&#8243; _module_preset=&#8221;default&#8221; global_colors_info=&#8221;{}&#8221;][et_pb_image src=&#8221;https:\/\/camping-le-soleil-des-bastides.fr\/wp-content\/uploads\/2022\/12\/photo-camping-soleil-des-bastides-tarn3.webp&#8221; title_text=&#8221;photo-camping-soleil-des-bastides-tarn3&#8243; _builder_version=&#8221;4.19.1&#8243; _module_preset=&#8221;default&#8221; global_colors_info=&#8221;{}&#8221;][\/et_pb_image][\/et_pb_column][et_pb_column type=&#8221;1_4&#8243; _builder_version=&#8221;4.19.1&#8243; _module_preset=&#8221;default&#8221; global_colors_info=&#8221;{}&#8221;][et_pb_image src=&#8221;https:\/\/camping-le-soleil-des-bastides.fr\/wp-content\/uploads\/2022\/12\/photo-piscine-camping-soleil-des-bastides-tarn1.webp&#8221; title_text=&#8221;photo-piscine-camping-soleil-des-bastides-tarn1&#8243; _builder_version=&#8221;4.19.1&#8243; _module_preset=&#8221;default&#8221; global_colors_info=&#8221;{}&#8221;][\/et_pb_image][\/et_pb_column][et_pb_column type=&#8221;1_4&#8243; _builder_version=&#8221;4.19.1&#8243; _module_preset=&#8221;default&#8221; global_colors_info=&#8221;{}&#8221;][et_pb_image src=&#8221;https:\/\/camping-le-soleil-des-bastides.fr\/wp-content\/uploads\/2022\/12\/photo-piscine-camping-soleil-des-bastides-tarn2.webp&#8221; title_text=&#8221;photo-piscine-camping-soleil-des-bastides-tarn2&#8243; _builder_version=&#8221;4.19.1&#8243; _module_preset=&#8221;default&#8221; global_colors_info=&#8221;{}&#8221;][\/et_pb_image][\/et_pb_column][\/et_pb_row][\/et_pb_section][et_pb_section fb_built=&#8221;1&#8243; _builder_version=&#8221;4.25.1&#8243; background_color=&#8221;#FFFFFF&#8221; custom_padding=&#8221;50px||50px||false|false&#8221; locked=&#8221;off&#8221; global_colors_info=&#8221;{}&#8221;][et_pb_row column_structure=&#8221;1_3,2_3&#8243; use_custom_gutter=&#8221;on&#8221; make_equal=&#8221;on&#8221; _builder_version=&#8221;4.25.1&#8243; custom_padding=&#8221;0px||0px||false|false&#8221; animation_direction=&#8221;right&#8221; global_colors_info=&#8221;{}&#8221;][et_pb_column type=&#8221;1_3&#8243; _builder_version=&#8221;4.19.1&#8243; background_image=&#8221;https:\/\/camping-le-soleil-des-bastides.fr\/wp-content\/uploads\/2022\/11\/camping-albi-tarn-occitanie-piscine.webp&#8221; custom_padding=&#8221;|||&#8221; global_colors_info=&#8221;{}&#8221; custom_padding__hover=&#8221;|||&#8221;][et_pb_text _builder_version=&#8221;4.19.1&#8243; _module_preset=&#8221;default&#8221; height_tablet=&#8221;400px&#8221; height_phone=&#8221;250px&#8221; height_last_edited=&#8221;on|phone&#8221; global_colors_info=&#8221;{}&#8221;][\/et_pb_text][\/et_pb_column][et_pb_column type=&#8221;2_3&#8243; _builder_version=&#8221;4.16&#8243; custom_padding=&#8221;|||&#8221; global_colors_info=&#8221;{}&#8221; custom_padding__hover=&#8221;|||&#8221;][et_pb_text admin_label=&#8221;Discover Beatuty Text&#8221; _builder_version=&#8221;4.27.4&#8243; text_font=&#8221;||||||||&#8221; text_font_size=&#8221;16px&#8221; text_line_height=&#8221;1.9em&#8221; header_3_text_color=&#8221;#B22B88&#8243; custom_padding=&#8221;||||false|false&#8221; animation_direction=&#8221;top&#8221; hover_enabled=&#8221;0&#8243; global_colors_info=&#8221;{}&#8221; sticky_enabled=&#8221;0&#8243;]<\/p>\n<h2>Geniet van een camping met zwembad op 11 km van Gaillac<\/h2>\n<p>De Tarn is een departement dat ver van de kust ligt. In de zomer, na een warme dag waarin u de schoonheden van deze Franse streek hebt ontdekt, zult u vaak <strong>verlangend zijn naar verfrissing<\/strong>. Goed nieuws: onze <strong>camping nabij Gaillac<\/strong> beschikt over een prachtig zwemparadijs!<\/p>\n<p>Ouders zullen het heerlijk vinden om wat baantjes te zwemmen in <strong>het verwarmde water van ons zwembad<\/strong> en daarna te ontspannen op een ligstoel aan het water. Kinderen zullen zich geen moment vervelen met spelletjes en activiteiten in het zwembad met hun nieuwe vakantievriendjes. Het <a href=\"https:\/\/camping-le-soleil-des-bastides.fr\/nl\/la-piscine\/\"><span style=\"text-decoration: underline;\">zwembad van onze camping in de Tarn<\/span><\/a> zal het hele gezin verrukken!<\/p>\n<p>[\/et_pb_text][\/et_pb_column][\/et_pb_row][\/et_pb_section][et_pb_section fb_built=&#8221;1&#8243; _builder_version=&#8221;4.25.1&#8243; _module_preset=&#8221;default&#8221; custom_padding=&#8221;30px||30px||false|false&#8221; global_colors_info=&#8221;{}&#8221;][et_pb_row column_structure=&#8221;1_2,1_2&#8243; _builder_version=&#8221;4.25.1&#8243; _module_preset=&#8221;default&#8221; background_color=&#8221;#83BE40&#8243; custom_padding=&#8221;50px|50px|50px|50px|false|false&#8221; global_colors_info=&#8221;{}&#8221;][et_pb_column type=&#8221;1_2&#8243; _builder_version=&#8221;4.25.1&#8243; _module_preset=&#8221;default&#8221; global_colors_info=&#8221;{}&#8221;][et_pb_text _builder_version=&#8221;4.27.4&#8243; _module_preset=&#8221;default&#8221; text_text_color=&#8221;#FFFFFF&#8221; header_text_color=&#8221;#FFFFFF&#8221; background_layout=&#8221;dark&#8221; hover_enabled=&#8221;0&#8243; global_colors_info=&#8221;{}&#8221; sticky_enabled=&#8221;0&#8243;]<\/p>\n<h2 style=\"text-align: center;\">Ontdek onze kwaliteitsinfrastructuren<\/h2>\n<p>&nbsp;<\/p>\n<p>Onze <strong>camping vlakbij Gaillac<\/strong> biedt u <strong>recreatieve voorzieningen<\/strong> voor alle leeftijden. Om fit te blijven tijdens uw vakantie in de Tarn kunt u gebruikmaken van ons <strong>multisportterrein<\/strong> voor voetbal- of basketbalwedstrijden met familie en vrienden.<\/p>\n<p>Als u van tennis houdt, zult u blij zijn met de mooie <strong>tennisbaan<\/strong> die voor iedereen toegankelijk is. Essenti\u00eble speelfaciliteiten tijdens uw vakantie, zoals tafelvoetbal, jeu de boules-baan en tafeltennistafels, beloven u plezierige momenten gedurende uw hele verblijf!<\/p>\n<p>En om uw kinderen bezig te houden tijdens uw verblijf op de <strong>camping nabij Gaillac<\/strong>, neemt u ze mee naar de aangename <strong>speeltuin<\/strong> op ons terrein.<\/p>\n<p>[\/et_pb_text][\/et_pb_column][et_pb_column type=&#8221;1_2&#8243; _builder_version=&#8221;4.25.1&#8243; _module_preset=&#8221;default&#8221; global_colors_info=&#8221;{}&#8221;][et_pb_text _builder_version=&#8221;4.27.4&#8243; _module_preset=&#8221;default&#8221; background_layout=&#8221;dark&#8221; hover_enabled=&#8221;0&#8243; global_colors_info=&#8221;{}&#8221; sticky_enabled=&#8221;0&#8243;]<\/p>\n<h2 style=\"text-align: center;\">Profiteer van de volledige service van een 3-sterren camping<\/h2>\n<p>&nbsp;<\/p>\n<p>Uw vakantie op een <strong>camping nabij het kleine stadje Gaillac<\/strong> zal aan niets ontbreken in onze 3-sterren camping! Voor uw comfort vindt u er een <strong>wasserette<\/strong> en een verhuurservice voor tafels en strijkijzers, f\u00f6hns en diepvriezers. Voor lunch en diner met familie of vrienden zijn er <strong>gezamenlijke barbecues<\/strong> beschikbaar voor onze gasten.<\/p>\n<p>Heeft u geen zin om te koken tijdens uw vakantie? Reserveer dan een tafel in ons <strong>restaurant<\/strong>. Geniet er van smakelijke gerechten in een gezellige sfeer. En om dit fijne moment te verlengen, bent u welkom in onze bar.<\/p>\n<p>[\/et_pb_text][\/et_pb_column][\/et_pb_row][\/et_pb_section][et_pb_section fb_built=&#8221;1&#8243; _builder_version=&#8221;4.25.1&#8243; _module_preset=&#8221;default&#8221; custom_padding=&#8221;30px||30px||false|false&#8221; global_colors_info=&#8221;{}&#8221;][et_pb_row column_structure=&#8221;1_2,1_2&#8243; _builder_version=&#8221;4.25.1&#8243; _module_preset=&#8221;default&#8221; global_colors_info=&#8221;{}&#8221;][et_pb_column type=&#8221;1_2&#8243; _builder_version=&#8221;4.25.1&#8243; _module_preset=&#8221;default&#8221; global_colors_info=&#8221;{}&#8221;][et_pb_image src=&#8221;https:\/\/camping-le-soleil-des-bastides.fr\/wp-content\/uploads\/2024\/07\/tourisme-gaillac.jpg&#8221; alt=&#8221;toerisme Gaillac&#8221; title_text=&#8221;tourisme-gaillac&#8221; _builder_version=&#8221;4.27.4&#8243; _module_preset=&#8221;default&#8221; hover_enabled=&#8221;0&#8243; global_colors_info=&#8221;{}&#8221; sticky_enabled=&#8221;0&#8243;][\/et_pb_image][et_pb_image src=&#8221;https:\/\/camping-le-soleil-des-bastides.fr\/wp-content\/uploads\/2024\/07\/visite-gaillac.jpg&#8221; alt=&#8221;bezoek Gaillac&#8221; title_text=&#8221;visite-gaillac&#8221; _builder_version=&#8221;4.27.4&#8243; _module_preset=&#8221;default&#8221; hover_enabled=&#8221;0&#8243; global_colors_info=&#8221;{}&#8221; sticky_enabled=&#8221;0&#8243;][\/et_pb_image][\/et_pb_column][et_pb_column type=&#8221;1_2&#8243; _builder_version=&#8221;4.25.1&#8243; _module_preset=&#8221;default&#8221; global_colors_info=&#8221;{}&#8221;][et_pb_text _builder_version=&#8221;4.27.4&#8243; _module_preset=&#8221;default&#8221; custom_margin=&#8221;108px||3px|||&#8221; custom_padding=&#8221;9px|||||&#8221; hover_enabled=&#8221;0&#8243; global_colors_info=&#8221;{}&#8221; sticky_enabled=&#8221;0&#8243;]<\/p>\n<h2>Wat te doen tijdens een verblijf op een camping in de buurt van Gaillac?<\/h2>\n<p>\nTijdens uw verblijf op onze <strong>camping nabij Gaillac met zwembad<\/strong>, ontdekt u een streek vol verrassingen en activiteiten!\n<\/p>\n<p>\nBegin met een bezoek aan de <a href=\"https:\/\/www.la-toscane-occitane.com\/nl\/villes-villages\/gaillac\">stad Gaillac<\/a> zelf. Slenter door de geplaveide straatjes en bewonder de <strong>abdij Saint-Michel<\/strong>, een architectonisch juweel met uitzicht op de Tarn. Mis ook zeker de <strong>lokale markt<\/strong> niet, waar u streekproducten kunt proeven en gepassioneerde ambachtslieden kunt ontmoeten. Breng met de kinderen een bezoek aan het <strong>natuurhistorisch museum<\/strong>.\n<\/p>\n<p>\nEen absolute must is de wijnstreek van Gaillac. Volg de <strong>wijnroute van Gaillac<\/strong> en stop bij enkele wijndomeinen voor onvergetelijke proeverijen. De wijnen van Gaillac staan bekend om hun diversiteit en kwaliteit, en zullen zowel liefhebbers als kenners bekoren.\n<\/p>\n<p>\nNatuurliefhebbers kunnen hun hart ophalen in de <strong>omgeving van Gaillac<\/strong>, met tal van wandelmogelijkheden. Het park van Foucaud, met zijn Franse tuinen en het museum voor Schone Kunsten, is een ideale plek voor een gezinswandeling.\n<\/p>\n<p>\nHoudt u van de charme van Franse dorpjes? Tijdens uw gezinsvakantie op onze <strong>camping vlakbij Gaillac<\/strong> kunt u de Bastides Albigeoises bezoeken: de dorpen Cordes-sur-Ciel, Puycelsi, Castelnau-de-Montmiral, Bruniquel en Penne liggen allemaal in de buurt van de camping. Maak ook zeker een omweg naar het pittoreske dorpje <strong>Saint-Antonin-Noble-Val<\/strong>, gelegen in spectaculaire kloven, op 35 km van de camping. Dit middeleeuwse dorp biedt adembenemende uitzichten en een tijdloze sfeer. Er valt zoveel te zien en te beleven vlak bij onze camping nabij Gaillac!\n<\/p>\n<p>[\/et_pb_text][\/et_pb_column][\/et_pb_row][\/et_pb_section][et_pb_section fb_built=&#8221;1&#8243; _builder_version=&#8221;4.27.4&#8243; _module_preset=&#8221;default&#8221; locked=&#8221;off&#8221; global_colors_info=&#8221;{}&#8221;][et_pb_row _builder_version=&#8221;4.16&#8243; _module_preset=&#8221;default&#8221; locked=&#8221;off&#8221; global_colors_info=&#8221;{}&#8221;][et_pb_column type=&#8221;4_4&#8243; _builder_version=&#8221;4.16&#8243; _module_preset=&#8221;default&#8221; custom_padding=&#8221;|||&#8221; global_colors_info=&#8221;{}&#8221; custom_padding__hover=&#8221;|||&#8221;][et_pb_text admin_label=&#8221;Look Inside Title&#8221; _builder_version=&#8221;4.27.4&#8243; _module_preset=&#8221;default&#8221; text_font=&#8221;||||&#8221; text_text_color=&#8221;#1a1a1a&#8221; header_font=&#8221;Oswald|on||on|&#8221; header_text_align=&#8221;left&#8221; header_font_size=&#8221;60px&#8221; header_line_height=&#8221;1.3em&#8221; header_2_font=&#8221;|||on|||||&#8221; header_2_font_size=&#8221;30px&#8221; header_2_line_height=&#8221;1.2em&#8221; custom_margin=&#8221;||0px||false|false&#8221; custom_padding=&#8221;||0px||false|false&#8221; animation_style=&#8221;slide&#8221; animation_direction=&#8221;top&#8221; animation_intensity_slide=&#8221;10%&#8221; hover_enabled=&#8221;0&#8243; header_2_font_size_tablet=&#8221;25px&#8221; header_2_font_size_phone=&#8221;18px&#8221; header_2_font_size_last_edited=&#8221;on|desktop&#8221; locked=&#8221;off&#8221; global_colors_info=&#8221;{}&#8221; sticky_enabled=&#8221;0&#8243;]<\/p>\n<h2 style=\"text-align: center;\">Ontdek de omgeving<\/h2>\n<p>[\/et_pb_text][et_pb_divider color=&#8221;#83BE40&#8243; divider_position=&#8221;center&#8221; divider_weight=&#8221;3px&#8221; disabled_on=&#8221;off|off|off&#8221; _builder_version=&#8221;4.25.1&#8243; _module_preset=&#8221;default&#8221; max_width=&#8221;150px&#8221; module_alignment=&#8221;center&#8221; height=&#8221;0px&#8221; custom_margin=&#8221;10px||10px||false|false&#8221; custom_padding=&#8221;0px||0px||false|false&#8221; animation_style=&#8221;slide&#8221; animation_direction=&#8221;top&#8221; animation_delay=&#8221;100ms&#8221; animation_intensity_slide=&#8221;10%&#8221; locked=&#8221;off&#8221; global_colors_info=&#8221;{}&#8221;][\/et_pb_divider][\/et_pb_column][\/et_pb_row][et_pb_row _builder_version=&#8221;4.16&#8243; _module_preset=&#8221;default&#8221; custom_padding=&#8221;||0px|||&#8221; global_colors_info=&#8221;{}&#8221;][et_pb_column type=&#8221;4_4&#8243; _builder_version=&#8221;4.16&#8243; _module_preset=&#8221;default&#8221; custom_padding=&#8221;|||&#8221; global_colors_info=&#8221;{}&#8221; custom_padding__hover=&#8221;|||&#8221;][dica_divi_carousel show_items_tablet=&#8221;2&#8243; transition_duration=&#8221;1000&#8243; autoplay=&#8221;on&#8221; hoverpause=&#8221;on&#8221; arrow_nav=&#8221;on&#8221; advanced_effect=&#8221;1&#8243; arrow_nav_color=&#8221;#83BE40&#8243; arrow_bg_color=&#8221;RGBA(255,255,255,0)&#8221; dots_color=&#8221;#83BE40&#8243; dots_active_color=&#8221;#83BE40&#8243; overlay_color_field_bgcolor=&#8221;rgba(255,255,255,0.85)&#8221; arrow_position=&#8221;middle-outside&#8221; arrow_alignment=&#8221;flex-end&#8221; innercontent_padding=&#8221;||30px||false|false&#8221; content_container_margin=&#8221;|33px||33px|false|true&#8221; arrow_position_tablet=&#8221;bottom&#8221; arrow_position_phone=&#8221;bottom&#8221; arrow_position_last_edited=&#8221;on|tablet&#8221; arrow_font_size_phone=&#8221;36px&#8221; arrow_font_size_last_edited=&#8221;off|desktop&#8221; _builder_version=&#8221;4.27.4&#8243; _module_preset=&#8221;default&#8221; title_font=&#8221;Roboto|700|||||||&#8221; title_font_size=&#8221;27px&#8221; custom_padding=&#8221;||0px|||&#8221; hover_transition_duration=&#8221;600ms&#8221; hover_enabled=&#8221;0&#8243; global_colors_info=&#8221;{}&#8221; sticky_enabled=&#8221;0&#8243;][dica_divi_carouselitem button_text=&#8221;Camping nabij Cordes-sur-Ciel&#8221; button_url=&#8221;\/nl\/camping-cordes-sur-ciel\/&#8221; button_url_new_window=&#8221;1&#8243; image=&#8221;https:\/\/camping-le-soleil-des-bastides.fr\/wp-content\/uploads\/2024\/07\/tourisme-cordes-sur-ciel.jpg&#8221; image_alt=&#8221;camping cordes sur ciel&#8221; image_padding=&#8221;0|0|26px|0|false|false&#8221; button_margin=&#8221;||35px||false|false&#8221; _builder_version=&#8221;4.27.4&#8243; _module_preset=&#8221;default&#8221; header_font=&#8221;Syncopate|||on|||||&#8221; header_font_size=&#8221;16px&#8221; subtitle_font=&#8221;Quicksand|300|||||||&#8221; subtitle_font_size=&#8221;15px&#8221; background_color=&#8221;#f9f6f3&#8243; background_enable_color=&#8221;on&#8221; custom_button=&#8221;on&#8221; button_text_size=&#8221;15px&#8221; button_text_color=&#8221;#83BE40&#8243; button_border_width=&#8221;2px&#8221; button_border_color=&#8221;#83BE40&#8243; button_border_radius=&#8221;0px&#8221; button_letter_spacing=&#8221;1px&#8221; button_font=&#8221;|700||on|||||&#8221; button_use_icon=&#8221;on&#8221; button_icon=&#8221;&#x24;||divi||400&#8243; button_icon_color=&#8221;#83BE40&#8243; button_alignment=&#8221;left&#8221; hover_enabled=&#8221;0&#8243; border_color_bottom_item=&#8221;#F07300&#8243; global_colors_info=&#8221;{}&#8221; custom_css_inner_wrapper__hover_enabled=&#8221;off|desktop&#8221; sticky_enabled=&#8221;0&#8243;][\/dica_divi_carouselitem][dica_divi_carouselitem button_text=&#8221;Camping nabij Puycelsi &#8221; button_url=&#8221;\/nl\/camping-puycelsi\/&#8221; button_url_new_window=&#8221;1&#8243; image=&#8221;https:\/\/camping-le-soleil-des-bastides.fr\/wp-content\/uploads\/2024\/07\/tourisme-puycelsi.jpg&#8221; image_alt=&#8221;camping puycelsi &#8221; image_padding=&#8221;0|0|26px|0|false|false&#8221; button_margin=&#8221;||35px||false|false&#8221; _builder_version=&#8221;4.27.4&#8243; _module_preset=&#8221;default&#8221; header_font=&#8221;Syncopate|||on|||||&#8221; header_font_size=&#8221;16px&#8221; subtitle_font=&#8221;Quicksand|300|||||||&#8221; subtitle_font_size=&#8221;15px&#8221; background_color=&#8221;#f9f6f3&#8243; background_enable_color=&#8221;on&#8221; custom_button=&#8221;on&#8221; button_text_size=&#8221;15px&#8221; button_text_color=&#8221;#83BE40&#8243; button_border_width=&#8221;2px&#8221; button_border_color=&#8221;#83BE40&#8243; button_border_radius=&#8221;0px&#8221; button_letter_spacing=&#8221;1px&#8221; button_font=&#8221;|700||on|||||&#8221; button_use_icon=&#8221;on&#8221; button_icon=&#8221;&#x24;||divi||400&#8243; button_icon_color=&#8221;#83BE40&#8243; button_alignment=&#8221;left&#8221; hover_enabled=&#8221;0&#8243; border_color_bottom_item=&#8221;#F07300&#8243; global_colors_info=&#8221;{}&#8221; custom_css_inner_wrapper__hover_enabled=&#8221;off|desktop&#8221; sticky_enabled=&#8221;0&#8243;][\/dica_divi_carouselitem][dica_divi_carouselitem button_text=&#8221;Camping nabij Toulouse&#8221; button_url=&#8221;\/nl\/camping-toulouse\/&#8221; button_url_new_window=&#8221;1&#8243; image=&#8221;https:\/\/camping-le-soleil-des-bastides.fr\/wp-content\/uploads\/2025\/03\/camping-toulouse-3-etoiles.jpg&#8221; image_alt=&#8221;camping toulouse&#8221; image_padding=&#8221;0|0|26px|0|false|false&#8221; button_margin=&#8221;||35px||false|false&#8221; _builder_version=&#8221;4.27.4&#8243; _module_preset=&#8221;default&#8221; header_font=&#8221;Syncopate|||on|||||&#8221; header_font_size=&#8221;16px&#8221; subtitle_font=&#8221;Quicksand|300|||||||&#8221; subtitle_font_size=&#8221;15px&#8221; background_color=&#8221;#f9f6f3&#8243; background_enable_color=&#8221;on&#8221; custom_button=&#8221;on&#8221; button_text_size=&#8221;15px&#8221; button_text_color=&#8221;#83BE40&#8243; button_border_width=&#8221;2px&#8221; button_border_color=&#8221;#83BE40&#8243; button_border_radius=&#8221;0px&#8221; button_letter_spacing=&#8221;1px&#8221; button_font=&#8221;|700||on|||||&#8221; button_use_icon=&#8221;on&#8221; button_icon=&#8221;&#x24;||divi||400&#8243; button_icon_color=&#8221;#83BE40&#8243; button_alignment=&#8221;left&#8221; hover_enabled=&#8221;0&#8243; border_color_bottom_item=&#8221;#F07300&#8243; global_colors_info=&#8221;{}&#8221; custom_css_inner_wrapper__hover_enabled=&#8221;off|desktop&#8221; sticky_enabled=&#8221;0&#8243;][\/dica_divi_carouselitem][dica_divi_carouselitem button_text=&#8221;Camping nabij Graulhet&#8221; button_url=&#8221;\/nl\/camping-graulhet\/&#8221; button_url_new_window=&#8221;1&#8243; image=&#8221;https:\/\/camping-le-soleil-des-bastides.fr\/wp-content\/uploads\/2025\/05\/Graulhet-tourisme.jpg&#8221; image_alt=&#8221;camping graulhet&#8221; image_padding=&#8221;0|0|26px|0|false|false&#8221; button_margin=&#8221;||35px||false|false&#8221; _builder_version=&#8221;4.27.4&#8243; _module_preset=&#8221;default&#8221; header_font=&#8221;Syncopate|||on|||||&#8221; header_font_size=&#8221;16px&#8221; subtitle_font=&#8221;Quicksand|300|||||||&#8221; subtitle_font_size=&#8221;15px&#8221; background_color=&#8221;#f9f6f3&#8243; background_enable_color=&#8221;on&#8221; custom_button=&#8221;on&#8221; button_text_size=&#8221;15px&#8221; button_text_color=&#8221;#83BE40&#8243; button_border_width=&#8221;2px&#8221; button_border_color=&#8221;#83BE40&#8243; button_border_radius=&#8221;0px&#8221; button_letter_spacing=&#8221;1px&#8221; button_font=&#8221;|700||on|||||&#8221; button_use_icon=&#8221;on&#8221; button_icon=&#8221;&#x24;||divi||400&#8243; button_icon_color=&#8221;#83BE40&#8243; button_alignment=&#8221;left&#8221; hover_enabled=&#8221;0&#8243; border_color_bottom_item=&#8221;#F07300&#8243; global_colors_info=&#8221;{}&#8221; custom_css_inner_wrapper__hover_enabled=&#8221;off|desktop&#8221; sticky_enabled=&#8221;0&#8243;][\/dica_divi_carouselitem][\/dica_divi_carousel][\/et_pb_column][\/et_pb_row][\/et_pb_section]<\/p>\n","protected":false},"excerpt":{"rendered":"<p>Uw verblijf op een camping nabij Gaillac Heeft u gekozen voor de Tarn als bestemming voor uw volgende vakantie met familie of vrienden? Goede keuze! Deze regio zal u betoveren met haar prachtige, gevarieerde landschappen, rijke historische en culturele erfgoed en tal van buitenactiviteiten. Ontdek onze camping nabij Gaillac (11 km) en niet ver van [&hellip;]<\/p>\n","protected":false},"author":3,"featured_media":0,"parent":0,"menu_order":0,"comment_status":"closed","ping_status":"closed","template":"","meta":{"_et_pb_use_builder":"on","_et_pb_old_content":"","_et_gb_content_width":"","footnotes":""},"class_list":["post-4932","page","type-page","status-publish","hentry"],"yoast_head":"<!-- This site is optimized with the Yoast SEO plugin v27.3 - https:\/\/yoast.com\/product\/yoast-seo-wordpress\/ -->\n<title>Camping Gaillac: Reserve su mobil home en un camping a 10 km de Gaillac<\/title>\n<meta name=\"description\" content=\"Descubra el camping en Gaillac: estancia acogedora, entorno natural y actividades variadas. Disfrute de unas vacaciones inolvidables en el coraz\u00f3n de la regi\u00f3n vin\u00edcola de Gaillac.\" \/>\n<meta name=\"robots\" content=\"index, follow, max-snippet:-1, max-image-preview:large, max-video-preview:-1\" \/>\n<link rel=\"canonical\" href=\"https:\/\/camping-le-soleil-des-bastides.fr\/nl\/camping-gaillac\/\" \/>\n<meta property=\"og:locale\" content=\"nl_NL\" \/>\n<meta property=\"og:type\" content=\"article\" \/>\n<meta property=\"og:title\" content=\"Camping Gaillac: Reserve su mobil home en un camping a 10 km de Gaillac\" \/>\n<meta property=\"og:description\" content=\"Descubra el camping en Gaillac: estancia acogedora, entorno natural y actividades variadas. Disfrute de unas vacaciones inolvidables en el coraz\u00f3n de la regi\u00f3n vin\u00edcola de Gaillac.\" \/>\n<meta property=\"og:url\" content=\"https:\/\/camping-le-soleil-des-bastides.fr\/nl\/camping-gaillac\/\" \/>\n<meta property=\"og:site_name\" content=\"Camping Le Soleil Des Bastides\" \/>\n<meta property=\"article:publisher\" content=\"https:\/\/www.facebook.com\/LeSoleilDesBastides\/\" \/>\n<meta property=\"article:modified_time\" content=\"2025-05-30T12:30:04+00:00\" \/>\n<meta name=\"twitter:card\" content=\"summary_large_image\" \/>\n<meta name=\"twitter:label1\" content=\"Geschatte leestijd\" \/>\n\t<meta name=\"twitter:data1\" content=\"14 minuten\" \/>\n<script type=\"application\/ld+json\" class=\"yoast-schema-graph\">{\"@context\":\"https:\\\/\\\/schema.org\",\"@graph\":[{\"@type\":\"WebPage\",\"@id\":\"https:\\\/\\\/camping-le-soleil-des-bastides.fr\\\/nl\\\/camping-gaillac\\\/\",\"url\":\"https:\\\/\\\/camping-le-soleil-des-bastides.fr\\\/nl\\\/camping-gaillac\\\/\",\"name\":\"Camping Gaillac: Reserve su mobil home en un camping a 10 km de Gaillac\",\"isPartOf\":{\"@id\":\"https:\\\/\\\/camping-le-soleil-des-bastides.fr\\\/nl\\\/#website\"},\"datePublished\":\"2024-07-01T09:32:09+00:00\",\"dateModified\":\"2025-05-30T12:30:04+00:00\",\"description\":\"Descubra el camping en Gaillac: estancia acogedora, entorno natural y actividades variadas. Disfrute de unas vacaciones inolvidables en el coraz\u00f3n de la regi\u00f3n vin\u00edcola de Gaillac.\",\"breadcrumb\":{\"@id\":\"https:\\\/\\\/camping-le-soleil-des-bastides.fr\\\/nl\\\/camping-gaillac\\\/#breadcrumb\"},\"inLanguage\":\"nl-NL\",\"potentialAction\":[{\"@type\":\"ReadAction\",\"target\":[\"https:\\\/\\\/camping-le-soleil-des-bastides.fr\\\/nl\\\/camping-gaillac\\\/\"]}]},{\"@type\":\"BreadcrumbList\",\"@id\":\"https:\\\/\\\/camping-le-soleil-des-bastides.fr\\\/nl\\\/camping-gaillac\\\/#breadcrumb\",\"itemListElement\":[{\"@type\":\"ListItem\",\"position\":1,\"name\":\"Camping Tarn\",\"item\":\"https:\\\/\\\/camping-le-soleil-des-bastides.fr\\\/nl\\\/\"},{\"@type\":\"ListItem\",\"position\":2,\"name\":\"Camping Gaillac\"}]},{\"@type\":\"WebSite\",\"@id\":\"https:\\\/\\\/camping-le-soleil-des-bastides.fr\\\/nl\\\/#website\",\"url\":\"https:\\\/\\\/camping-le-soleil-des-bastides.fr\\\/nl\\\/\",\"name\":\"Camping Le Soleil Des Bastides\",\"description\":\"Un camping calme, ombrag\u00e9 au coeur des bastides tarnaises\",\"potentialAction\":[{\"@type\":\"SearchAction\",\"target\":{\"@type\":\"EntryPoint\",\"urlTemplate\":\"https:\\\/\\\/camping-le-soleil-des-bastides.fr\\\/nl\\\/?s={search_term_string}\"},\"query-input\":{\"@type\":\"PropertyValueSpecification\",\"valueRequired\":true,\"valueName\":\"search_term_string\"}}],\"inLanguage\":\"nl-NL\"}]}<\/script>\n<!-- \/ Yoast SEO plugin. -->","yoast_head_json":{"title":"Camping Gaillac: Reserve su mobil home en un camping a 10 km de Gaillac","description":"Descubra el camping en Gaillac: estancia acogedora, entorno natural y actividades variadas. Disfrute de unas vacaciones inolvidables en el coraz\u00f3n de la regi\u00f3n vin\u00edcola de Gaillac.","robots":{"index":"index","follow":"follow","max-snippet":"max-snippet:-1","max-image-preview":"max-image-preview:large","max-video-preview":"max-video-preview:-1"},"canonical":"https:\/\/camping-le-soleil-des-bastides.fr\/nl\/camping-gaillac\/","og_locale":"nl_NL","og_type":"article","og_title":"Camping Gaillac: Reserve su mobil home en un camping a 10 km de Gaillac","og_description":"Descubra el camping en Gaillac: estancia acogedora, entorno natural y actividades variadas. Disfrute de unas vacaciones inolvidables en el coraz\u00f3n de la regi\u00f3n vin\u00edcola de Gaillac.","og_url":"https:\/\/camping-le-soleil-des-bastides.fr\/nl\/camping-gaillac\/","og_site_name":"Camping Le Soleil Des Bastides","article_publisher":"https:\/\/www.facebook.com\/LeSoleilDesBastides\/","article_modified_time":"2025-05-30T12:30:04+00:00","twitter_card":"summary_large_image","twitter_misc":{"Geschatte leestijd":"14 minuten"},"schema":{"@context":"https:\/\/schema.org","@graph":[{"@type":"WebPage","@id":"https:\/\/camping-le-soleil-des-bastides.fr\/nl\/camping-gaillac\/","url":"https:\/\/camping-le-soleil-des-bastides.fr\/nl\/camping-gaillac\/","name":"Camping Gaillac: Reserve su mobil home en un camping a 10 km de Gaillac","isPartOf":{"@id":"https:\/\/camping-le-soleil-des-bastides.fr\/nl\/#website"},"datePublished":"2024-07-01T09:32:09+00:00","dateModified":"2025-05-30T12:30:04+00:00","description":"Descubra el camping en Gaillac: estancia acogedora, entorno natural y actividades variadas. Disfrute de unas vacaciones inolvidables en el coraz\u00f3n de la regi\u00f3n vin\u00edcola de Gaillac.","breadcrumb":{"@id":"https:\/\/camping-le-soleil-des-bastides.fr\/nl\/camping-gaillac\/#breadcrumb"},"inLanguage":"nl-NL","potentialAction":[{"@type":"ReadAction","target":["https:\/\/camping-le-soleil-des-bastides.fr\/nl\/camping-gaillac\/"]}]},{"@type":"BreadcrumbList","@id":"https:\/\/camping-le-soleil-des-bastides.fr\/nl\/camping-gaillac\/#breadcrumb","itemListElement":[{"@type":"ListItem","position":1,"name":"Camping Tarn","item":"https:\/\/camping-le-soleil-des-bastides.fr\/nl\/"},{"@type":"ListItem","position":2,"name":"Camping Gaillac"}]},{"@type":"WebSite","@id":"https:\/\/camping-le-soleil-des-bastides.fr\/nl\/#website","url":"https:\/\/camping-le-soleil-des-bastides.fr\/nl\/","name":"Camping Le Soleil Des Bastides","description":"Un camping calme, ombrag\u00e9 au coeur des bastides tarnaises","potentialAction":[{"@type":"SearchAction","target":{"@type":"EntryPoint","urlTemplate":"https:\/\/camping-le-soleil-des-bastides.fr\/nl\/?s={search_term_string}"},"query-input":{"@type":"PropertyValueSpecification","valueRequired":true,"valueName":"search_term_string"}}],"inLanguage":"nl-NL"}]}},"_links":{"self":[{"href":"https:\/\/camping-le-soleil-des-bastides.fr\/nl\/wp-json\/wp\/v2\/pages\/4932","targetHints":{"allow":["GET"]}}],"collection":[{"href":"https:\/\/camping-le-soleil-des-bastides.fr\/nl\/wp-json\/wp\/v2\/pages"}],"about":[{"href":"https:\/\/camping-le-soleil-des-bastides.fr\/nl\/wp-json\/wp\/v2\/types\/page"}],"author":[{"embeddable":true,"href":"https:\/\/camping-le-soleil-des-bastides.fr\/nl\/wp-json\/wp\/v2\/users\/3"}],"replies":[{"embeddable":true,"href":"https:\/\/camping-le-soleil-des-bastides.fr\/nl\/wp-json\/wp\/v2\/comments?post=4932"}],"version-history":[{"count":0,"href":"https:\/\/camping-le-soleil-des-bastides.fr\/nl\/wp-json\/wp\/v2\/pages\/4932\/revisions"}],"wp:attachment":[{"href":"https:\/\/camping-le-soleil-des-bastides.fr\/nl\/wp-json\/wp\/v2\/media?parent=4932"}],"curies":[{"name":"wp","href":"https:\/\/api.w.org\/{rel}","templated":true}]}}