{"id":5674,"date":"2023-01-09T14:55:21","date_gmt":"2023-01-09T13:55:21","guid":{"rendered":"https:\/\/camping-le-soleil-des-bastides.fr\/les-hebergements\/location-mobil-home-dans-le-tarn\/mobil-home-4-pers-option-climatisation\/"},"modified":"2025-06-12T09:26:22","modified_gmt":"2025-06-12T07:26:22","slug":"mobil-home-4-pers-option-climatisation","status":"publish","type":"page","link":"https:\/\/camping-le-soleil-des-bastides.fr\/es\/les-hebergements\/location-mobil-home-dans-le-tarn\/mobil-home-4-pers-option-climatisation\/","title":{"rendered":"Casa m\u00f3vil para 4 pers. con aire acondicionado opcional"},"content":{"rendered":"<p>[et_pb_section fb_built=\u00bb1&#8243; admin_label=\u00bbHeader\u00bb _builder_version=\u00bb4.19.1&#8243; use_background_color_gradient=\u00bbon\u00bb background_color_gradient_type=\u00bbcircular\u00bb background_color_gradient_direction_radial=\u00bbtop left\u00bb background_color_gradient_stops=\u00bbrgba(51,51,51,0.8) 0%|rgba(51,51,51,0.1) 100%\u00bb background_color_gradient_overlays_image=\u00bbon\u00bb background_color_gradient_start=\u00bbrgba(255,255,255,0.89)\u00bb background_color_gradient_start_position=\u00bb30%\u00bb background_color_gradient_end=\u00bbrgba(255,255,255,0)\u00bb background_color_gradient_end_position=\u00bb80%\u00bb background_image=\u00bbhttps:\/\/camping-le-soleil-des-bastides.fr\/wp-content\/uploads\/2023\/01\/header-hebergement-camping-soleil-des-bastides-tarn.webp\u00bb custom_margin=\u00bb|||\u00bb custom_padding=\u00bb2vw||2vw||true|false\u00bb global_colors_info=\u00bb{}\u00bb][et_pb_row _builder_version=\u00bb4.16&#8243; global_colors_info=\u00bb{}\u00bb][et_pb_column type=\u00bb4_4&#8243; _builder_version=\u00bb4.16&#8243; custom_padding=\u00bb|||\u00bb global_colors_info=\u00bb{}\u00bb custom_padding__hover=\u00bb|||\u00bb][et_pb_text _builder_version=\u00bb4.27.4&#8243; text_font=\u00bb||||||||\u00bb header_font=\u00bb|700||on|||||\u00bb header_text_color=\u00bb#FFFFFF\u00bb header_font_size=\u00bb50px\u00bb header_line_height=\u00bb1.2em\u00bb header_5_font=\u00bbQuicksand|700||on|||||\u00bb header_5_text_color=\u00bb#83BE40&#8243; header_5_font_size=\u00bb20px\u00bb header_5_letter_spacing=\u00bb0.5em\u00bb animation_style=\u00bbzoom\u00bb animation_intensity_zoom=\u00bb5%\u00bb hover_enabled=\u00bb0&#8243; header_font_size_tablet=\u00bb35px\u00bb header_font_size_phone=\u00bb25px\u00bb header_font_size_last_edited=\u00bbon|phone\u00bb header_5_font_size_tablet=\u00bb14px\u00bb header_5_font_size_phone=\u00bb12px\u00bb header_5_font_size_last_edited=\u00bbon|desktop\u00bb header_text_shadow_style=\u00bbpreset3&#8243; header_text_shadow_color=\u00bbrgba(51,51,51,0.4)\u00bb header_5_text_shadow_style=\u00bbpreset3&#8243; global_colors_info=\u00bb{}\u00bb sticky_enabled=\u00bb0&#8243;]<\/p>\n<h1>M\u00d3VIL-HOME<\/h1>\n<p style=\"font-size: 20px; font-family: Quicksand; color: #83be40; text-align: left; letter-spacing: 10px;\"><strong>4 PERSONAS &#8211; &#8211; OPCI\u00d3N AIRE ACONDICIONADO<\/strong><\/p>\n<p>[\/et_pb_text][\/et_pb_column][\/et_pb_row][\/et_pb_section][et_pb_section fb_built=\u00bb1&#8243; _builder_version=\u00bb4.19.1&#8243; _module_preset=\u00bbdefault\u00bb background_color=\u00bb#F9F6F3&#8243; global_colors_info=\u00bb{}\u00bb][et_pb_row _builder_version=\u00bb4.19.1&#8243; _module_preset=\u00bbdefault\u00bb custom_padding=\u00bb0px||50px||false|false\u00bb animation_style=\u00bbslide\u00bb animation_direction=\u00bbright\u00bb animation_intensity_slide=\u00bb10%\u00bb global_colors_info=\u00bb{}\u00bb][et_pb_column type=\u00bb4_4&#8243; _builder_version=\u00bb4.19.1&#8243; _module_preset=\u00bbdefault\u00bb global_colors_info=\u00bb{}\u00bb][et_pb_text _builder_version=\u00bb4.27.4&#8243; text_font=\u00bb||||||||\u00bb ul_font=\u00bb||||||||\u00bb ul_line_height=\u00bb2em\u00bb header_font=\u00bb||||||||\u00bb header_3_font=\u00bb|700|||||||\u00bb header_3_font_size=\u00bb20px\u00bb header_3_line_height=\u00bb1.4em\u00bb header_4_text_color=\u00bb#B22B88&#8243; header_4_font_size=\u00bb16px\u00bb header_6_line_height=\u00bb1.8em\u00bb custom_margin=\u00bb||20px||false|false\u00bb custom_padding=\u00bb||0px||false|false\u00bb hover_enabled=\u00bb0&#8243; header_3_font_size_tablet=\u00bb35px\u00bb header_3_font_size_phone=\u00bb25px\u00bb header_3_font_size_last_edited=\u00bboff|desktop\u00bb locked=\u00bboff\u00bb global_colors_info=\u00bb{}\u00bb sticky_enabled=\u00bb0&#8243;]<\/p>\n<h2 style=\"text-align: center;\">M\u00d3VIL-HOME PARA 4 PERSONAS<\/h2>\n<h2 style=\"font-weight: 400; font-size: 16px; font-family: Syncopate; color: #b22b88; text-align: center;\">Mobil-home para 4 personas con aire acondicionado opcional<\/h2>\n<p style=\"text-align: center;\">Nuestra <strong>casa m\u00f3vil para 4 personas<\/strong> es como un peque\u00f1o hogar situado en un <a href=\"\/es\/\">camping en el coraz\u00f3n del Tarn<\/a>. Este <strong>alojamiento moderno y totalmente equipado<\/strong> garantiza una estancia c\u00f3moda en un <strong>entorno tranquilo<\/strong>. Ideal para vacaciones en pareja, en familia o con amigos en nuestro <a href=\"\/es\/les-hebergements\/location-mobil-home-dans-le-tarn\/\">mobil-home del Tarn<\/a>.<\/p>\n<p>[\/et_pb_text][\/et_pb_column][\/et_pb_row][et_pb_row _builder_version=\u00bb4.19.1&#8243; width=\u00bb100%\u00bb max_width=\u00bb100%\u00bb custom_padding=\u00bb0px||0px||true|false\u00bb global_colors_info=\u00bb{}\u00bb][et_pb_column type=\u00bb4_4&#8243; _builder_version=\u00bb4.16&#8243; global_colors_info=\u00bb{}\u00bb][dica_divi_carousel show_items_desktop=\u00bb3.25&#8243; centermode=\u00bbon\u00bb loop=\u00bbon\u00bb autoplay=\u00bbon\u00bb hoverpause=\u00bbon\u00bb autoplay_speed=\u00bb2000&#8243; arrow_nav=\u00bbon\u00bb item_spacing=\u00bb10&#8243; item_spacing_last_edited=\u00bboff|desktop\u00bb advanced_effect=\u00bb1&#8243; arrow_nav_color=\u00bb#ffffff\u00bb arrow_bg_color=\u00bb#83BE40&#8243; dots_active_color=\u00bb#B22B88&#8243; overlay_color_field_bgcolor=\u00bbrgba(255,255,255,0.85)\u00bb arrow_font_size=\u00bb40px\u00bb content_container_margin=\u00bb-86px||||false|false\u00bb content_container_padding=\u00bb||26px|46px|false|false\u00bb _builder_version=\u00bb4.19.1&#8243; title_font=\u00bbNunito||||||||\u00bb title_text_color=\u00bb#ffffff\u00bb title_font_size=\u00bb30px\u00bb subtitle_font=\u00bbNunito||||||||\u00bb subtitle_text_color=\u00bb#ffffff\u00bb global_colors_info=\u00bb{}\u00bb][dica_divi_carouselitem button_url_new_window=\u00bb1&#8243; image=\u00bbhttps:\/\/camping-le-soleil-des-bastides.fr\/wp-content\/uploads\/2023\/01\/mobil-home-clim-4-pers-camping-tarn-1.webp\u00bb image_padding=\u00bb||||false|true\u00bb content_padding=\u00bb||||false|true\u00bb button_padding=\u00bb||||false|true\u00bb custom_margin=\u00bb||||false|true\u00bb custom_padding=\u00bb||||false|true\u00bb _builder_version=\u00bb4.19.1&#8243; global_colors_info=\u00bb{}\u00bb][\/dica_divi_carouselitem][dica_divi_carouselitem button_url_new_window=\u00bb1&#8243; image=\u00bbhttps:\/\/camping-le-soleil-des-bastides.fr\/wp-content\/uploads\/2023\/01\/mobil-home-clim-4-pers-camping-tarn-2.webp\u00bb image_padding=\u00bb||||false|true\u00bb content_padding=\u00bb||||false|true\u00bb button_padding=\u00bb||||false|true\u00bb custom_margin=\u00bb||||false|true\u00bb custom_padding=\u00bb||||false|true\u00bb _builder_version=\u00bb4.19.1&#8243; global_colors_info=\u00bb{}\u00bb][\/dica_divi_carouselitem][dica_divi_carouselitem button_url_new_window=\u00bb1&#8243; image=\u00bbhttps:\/\/camping-le-soleil-des-bastides.fr\/wp-content\/uploads\/2023\/01\/mobil-home-clim-4-pers-camping-tarn-3.webp\u00bb image_padding=\u00bb||||false|true\u00bb content_padding=\u00bb||||false|true\u00bb button_padding=\u00bb||||false|true\u00bb custom_margin=\u00bb||||false|true\u00bb custom_padding=\u00bb||||false|true\u00bb _builder_version=\u00bb4.19.1&#8243; global_colors_info=\u00bb{}\u00bb][\/dica_divi_carouselitem][dica_divi_carouselitem button_url_new_window=\u00bb1&#8243; image=\u00bbhttps:\/\/camping-le-soleil-des-bastides.fr\/wp-content\/uploads\/2023\/01\/mobil-home-clim-4-pers-camping-tarn-4.webp\u00bb image_padding=\u00bb||||false|true\u00bb content_padding=\u00bb||||false|true\u00bb button_padding=\u00bb||||false|true\u00bb custom_margin=\u00bb||||false|true\u00bb custom_padding=\u00bb||||false|true\u00bb _builder_version=\u00bb4.19.1&#8243; global_colors_info=\u00bb{}\u00bb][\/dica_divi_carouselitem][dica_divi_carouselitem button_url_new_window=\u00bb1&#8243; image=\u00bbhttps:\/\/camping-le-soleil-des-bastides.fr\/wp-content\/uploads\/2023\/01\/mobil-home-clim-4-pers-camping-tarn-5.webp\u00bb image_padding=\u00bb||||false|true\u00bb content_padding=\u00bb||||false|true\u00bb button_padding=\u00bb||||false|true\u00bb custom_margin=\u00bb||||false|true\u00bb custom_padding=\u00bb||||false|true\u00bb _builder_version=\u00bb4.19.1&#8243; global_colors_info=\u00bb{}\u00bb][\/dica_divi_carouselitem][dica_divi_carouselitem button_url_new_window=\u00bb1&#8243; image=\u00bbhttps:\/\/camping-le-soleil-des-bastides.fr\/wp-content\/uploads\/2023\/01\/mobil-home-clim-4-pers-camping-tarn-6.webp\u00bb image_padding=\u00bb||||false|true\u00bb content_padding=\u00bb||||false|true\u00bb button_padding=\u00bb||||false|true\u00bb custom_margin=\u00bb||||false|true\u00bb custom_padding=\u00bb||||false|true\u00bb _builder_version=\u00bb4.19.1&#8243; global_colors_info=\u00bb{}\u00bb][\/dica_divi_carouselitem][\/dica_divi_carousel][\/et_pb_column][\/et_pb_row][et_pb_row column_structure=\u00bb2_5,3_5&#8243; _builder_version=\u00bb4.19.1&#8243; _module_preset=\u00bbdefault\u00bb global_colors_info=\u00bb{}\u00bb][et_pb_column type=\u00bb2_5&#8243; _builder_version=\u00bb4.19.1&#8243; _module_preset=\u00bbdefault\u00bb global_colors_info=\u00bb{}\u00bb][et_pb_blurb title=\u00bb4 personas \u00bb use_icon=\u00bbon\u00bb font_icon=\u00bb&#xf007;||fa||900&#8243; icon_color=\u00bb#B22B88&#8243; image_icon_background_color=\u00bbRGBA(255,255,255,0)\u00bb icon_placement=\u00bbleft\u00bb image_icon_width=\u00bb25px\u00bb content_max_width=\u00bb100%\u00bb admin_label=\u00bbPersonne\u00bb _builder_version=\u00bb4.27.4&#8243; _module_preset=\u00bbdefault\u00bb header_font=\u00bbQuicksand|||on|||||\u00bb header_font_size=\u00bb15px\u00bb header_letter_spacing=\u00bb1px\u00bb image_icon_custom_padding=\u00bb||||true|true\u00bb custom_margin=\u00bb||0px||false|false\u00bb custom_padding=\u00bb15px||15px||true|false\u00bb hover_enabled=\u00bb0&#8243; custom_css_blurb_title=\u00bbmargin-top : 5px;\u00bb border_width_bottom=\u00bb1px\u00bb border_color_bottom=\u00bbrgba(0,0,0,0.1)\u00bb global_colors_info=\u00bb{}\u00bb sticky_enabled=\u00bb0&#8243;][\/et_pb_blurb][et_pb_blurb title=\u00bb  25 m\u00b2 y 10 m\u00b2 de terraza cubierta\u00bb use_icon=\u00bbon\u00bb font_icon=\u00bb&#xf015;||fa||900&#8243; icon_color=\u00bb#B22B88&#8243; image_icon_background_color=\u00bbRGBA(255,255,255,0)\u00bb icon_placement=\u00bbleft\u00bb image_icon_width=\u00bb25px\u00bb content_max_width=\u00bb100%\u00bb admin_label=\u00bbSuperficie\u00bb _builder_version=\u00bb4.27.4&#8243; _module_preset=\u00bbdefault\u00bb header_font=\u00bbQuicksand|||on|||||\u00bb header_font_size=\u00bb15px\u00bb header_letter_spacing=\u00bb1px\u00bb image_icon_custom_padding=\u00bb|0px||0px|true|true\u00bb custom_margin=\u00bb||0px||false|false\u00bb custom_padding=\u00bb15px||15px||true|false\u00bb hover_enabled=\u00bb0&#8243; custom_css_blurb_title=\u00bbmargin-top : 5px;\u00bb border_width_bottom=\u00bb1px\u00bb border_color_bottom=\u00bbrgba(0,0,0,0.1)\u00bb global_colors_info=\u00bb{}\u00bb sticky_enabled=\u00bb0&#8243;][\/et_pb_blurb][et_pb_blurb title=\u00bbDormitorios  \u00bb use_icon=\u00bbon\u00bb font_icon=\u00bb&#xf236;||fa||900&#8243; icon_color=\u00bb#B22B88&#8243; image_icon_background_color=\u00bbRGBA(255,255,255,0)\u00bb icon_placement=\u00bbleft\u00bb image_icon_width=\u00bb25px\u00bb content_max_width=\u00bb100%\u00bb admin_label=\u00bbCoin Chambre\u00bb _builder_version=\u00bb4.27.4&#8243; _module_preset=\u00bbdefault\u00bb header_font=\u00bbQuicksand|||on|||||\u00bb header_font_size=\u00bb15px\u00bb header_letter_spacing=\u00bb1px\u00bb image_icon_custom_padding=\u00bb|0px||0px|true|true\u00bb custom_margin=\u00bb||0px||false|false\u00bb custom_padding=\u00bb15px||0px||false|false\u00bb hover_enabled=\u00bb0&#8243; custom_css_blurb_title=\u00bbmargin-top : 5px;\u00bb border_width_bottom=\u00bb1px\u00bb border_color_bottom=\u00bbrgba(0,0,0,0.1)\u00bb global_colors_info=\u00bb{}\u00bb sticky_enabled=\u00bb0&#8243;]<\/p>\n<ul>\n<li>1 dormitorio con cama doble<\/li>\n<li>1 dormitorio con dos camas individuales<\/li>\n<li>Se proporcionan edredones y almohadas<\/li>\n<\/ul>\n<p>[\/et_pb_blurb][et_pb_blurb title=\u00bbSanitarios  \u00bb use_icon=\u00bbon\u00bb font_icon=\u00bb&#xf2cc;||fa||900&#8243; icon_color=\u00bb#B22B88&#8243; image_icon_background_color=\u00bbRGBA(255,255,255,0)\u00bb icon_placement=\u00bbleft\u00bb image_icon_width=\u00bb25px\u00bb content_max_width=\u00bb100%\u00bb admin_label=\u00bbCoin Sanitaires\u00bb _builder_version=\u00bb4.27.4&#8243; _module_preset=\u00bbdefault\u00bb header_font=\u00bbQuicksand|||on|||||\u00bb header_font_size=\u00bb15px\u00bb header_letter_spacing=\u00bb1px\u00bb image_icon_custom_padding=\u00bb|0px||0px|true|true\u00bb custom_margin=\u00bb||0px||false|false\u00bb custom_padding=\u00bb15px||15px||true|false\u00bb hover_enabled=\u00bb0&#8243; custom_css_blurb_title=\u00bbmargin-top : 5px;\u00bb border_width_bottom=\u00bb1px\u00bb border_color_bottom=\u00bbrgba(0,0,0,0.1)\u00bb global_colors_info=\u00bb{}\u00bb sticky_enabled=\u00bb0&#8243;]<\/p>\n<p>Ba\u00f1o y WC separado<\/p>\n<p>[\/et_pb_blurb][et_pb_blurb title=\u00bbCocina  \u00bb use_icon=\u00bbon\u00bb font_icon=\u00bb&#xf2e7;||fa||900&#8243; icon_color=\u00bb#B22B88&#8243; image_icon_background_color=\u00bbRGBA(255,255,255,0)\u00bb icon_placement=\u00bbleft\u00bb image_icon_width=\u00bb25px\u00bb content_max_width=\u00bb100%\u00bb admin_label=\u00bbCoin Cuisine\u00bb _builder_version=\u00bb4.27.4&#8243; _module_preset=\u00bbdefault\u00bb header_font=\u00bbQuicksand|||on|||||\u00bb header_font_size=\u00bb15px\u00bb header_letter_spacing=\u00bb1px\u00bb image_icon_custom_padding=\u00bb|0px||0px|true|true\u00bb custom_margin=\u00bb||0px||false|false\u00bb custom_padding=\u00bb15px||15px||true|false\u00bb hover_enabled=\u00bb0&#8243; custom_css_blurb_title=\u00bbmargin-top : 5px;\u00bb border_width_bottom=\u00bb1px\u00bb border_color_bottom=\u00bbrgba(0,0,0,0.1)\u00bb global_colors_info=\u00bb{}\u00bb sticky_enabled=\u00bb0&#8243;]<\/p>\n<p>Equipada: vajilla, cocina de gas, nevera, peque\u00f1o congelador, microondas, cafetera.<\/p>\n<p>[\/et_pb_blurb][et_pb_blurb title=\u00bbOpci\u00f3n  \u00bb use_icon=\u00bbon\u00bb font_icon=\u00bb&#xf058;||fa||900&#8243; icon_color=\u00bb#B22B88&#8243; image_icon_background_color=\u00bbRGBA(255,255,255,0)\u00bb icon_placement=\u00bbleft\u00bb image_icon_width=\u00bb25px\u00bb content_max_width=\u00bb100%\u00bb admin_label=\u00bbOption\u00bb _builder_version=\u00bb4.27.4&#8243; _module_preset=\u00bbdefault\u00bb header_font=\u00bbQuicksand|||on|||||\u00bb header_font_size=\u00bb15px\u00bb header_letter_spacing=\u00bb1px\u00bb image_icon_custom_padding=\u00bb|0px||0px|true|true\u00bb custom_margin=\u00bb||0px||false|false\u00bb custom_padding=\u00bb15px||15px||true|false\u00bb hover_enabled=\u00bb0&#8243; custom_css_blurb_title=\u00bbmargin-top : 5px;\u00bb border_width_bottom=\u00bb1px\u00bb border_color_bottom=\u00bbrgba(0,0,0,0.1)\u00bb locked=\u00bboff\u00bb global_colors_info=\u00bb{}\u00bb sticky_enabled=\u00bb0&#8243;]<\/p>\n<p>Aire acondicionado (7,00 \u20ac\/d\u00eda)<\/p>\n<p>[\/et_pb_blurb][et_pb_blurb title=\u00bbDescripci\u00f3n  \u00bb use_icon=\u00bbon\u00bb font_icon=\u00bb&#xf022;||fa||900&#8243; icon_color=\u00bb#B22B88&#8243; image_icon_background_color=\u00bbRGBA(255,255,255,0)\u00bb icon_placement=\u00bbleft\u00bb image_icon_width=\u00bb25px\u00bb content_max_width=\u00bb100%\u00bb disabled_on=\u00bboff|off|off\u00bb admin_label=\u00bbDescriptif\u00bb _builder_version=\u00bb4.27.4&#8243; _module_preset=\u00bbdefault\u00bb header_font=\u00bbQuicksand|||on|||||\u00bb header_font_size=\u00bb15px\u00bb header_letter_spacing=\u00bb1px\u00bb background_enable_color=\u00bboff\u00bb image_icon_custom_padding=\u00bb||||true|true\u00bb custom_margin=\u00bb||0px||false|false\u00bb custom_padding=\u00bb15px||0px||false|false\u00bb hover_enabled=\u00bb0&#8243; custom_css_blurb_title=\u00bbmargin-top : 5px;\u00bb border_width_bottom=\u00bb1px\u00bb border_color_bottom=\u00bbrgba(0,0,0,0.1)\u00bb global_colors_info=\u00bb{}\u00bb sticky_enabled=\u00bb0&#8243;]<\/p>\n<ul>\n<li>Una casa m\u00f3vil moderna y funcional<\/li>\n<li>Terraza cubierta semisombreada, original y agradable<\/li>\n<li>Mobiliario de jard\u00edn y tumbonas<\/li>\n<\/ul>\n<p>[\/et_pb_blurb][et_pb_blurb title=\u00bbInformaci\u00f3n adicional  \u00bb use_icon=\u00bbon\u00bb font_icon=\u00bb&#xf05a;||fa||900&#8243; icon_color=\u00bb#B22B88&#8243; image_icon_background_color=\u00bbRGBA(255,255,255,0)\u00bb icon_placement=\u00bbleft\u00bb image_icon_width=\u00bb25px\u00bb content_max_width=\u00bb100%\u00bb admin_label=\u00bbInformation suppl\u00e9mentaire\u00bb _builder_version=\u00bb4.27.4&#8243; _module_preset=\u00bbdefault\u00bb header_font=\u00bbQuicksand|||on|||||\u00bb header_font_size=\u00bb15px\u00bb header_letter_spacing=\u00bb1px\u00bb background_enable_color=\u00bboff\u00bb image_icon_custom_padding=\u00bb||||true|true\u00bb custom_margin=\u00bb||0px||false|false\u00bb custom_padding=\u00bb15px||15px||true|false\u00bb hover_enabled=\u00bb0&#8243; custom_css_blurb_title=\u00bbmargin-top : 5px;\u00bb border_color_bottom=\u00bbrgba(0,0,0,0.1)\u00bb global_colors_info=\u00bb{}\u00bb sticky_enabled=\u00bb0&#8243;]<\/p>\n<p>Se aceptan mascotas<\/p>\n<p>[\/et_pb_blurb][\/et_pb_column][et_pb_column type=\u00bb3_5&#8243; _builder_version=\u00bb4.19.1&#8243; _module_preset=\u00bbdefault\u00bb global_colors_info=\u00bb{}\u00bb][et_pb_code module_class=\u00bbwidget_calendrier\u00bb _builder_version=\u00bb4.19.1&#8243; _module_preset=\u00bbdefault\u00bb custom_margin=\u00bb8%||||false|false\u00bb global_colors_info=\u00bb{}\u00bb]<ctv-product-search data-product-id='' ><\/ctv-product-search>[\/et_pb_code][et_pb_code module_class=\u00bbwidget_calendrier\u00bb _builder_version=\u00bb4.27.4&#8243; _module_preset=\u00bbdefault\u00bb custom_margin=\u00bb8%||||false|false\u00bb global_colors_info=\u00bb{}\u00bb]<ctv-reviews-list data-product-id=\"73261\" ><\/ctv-reviews-list>[\/et_pb_code][\/et_pb_column][\/et_pb_row][\/et_pb_section]<\/p>\n","protected":false},"excerpt":{"rendered":"<p>M\u00d3VIL-HOME 4 PERSONAS &#8211; &#8211; OPCI\u00d3N AIRE ACONDICIONADO M\u00d3VIL-HOME PARA 4 PERSONAS Mobil-home para 4 personas con aire acondicionado opcional Nuestra casa m\u00f3vil para 4 personas es como un peque\u00f1o hogar situado en un camping en el coraz\u00f3n del Tarn. Este alojamiento moderno y totalmente equipado garantiza una estancia c\u00f3moda en un entorno tranquilo. Ideal [&hellip;]<\/p>\n","protected":false},"author":1,"featured_media":0,"parent":5499,"menu_order":0,"comment_status":"closed","ping_status":"closed","template":"","meta":{"_et_pb_use_builder":"on","_et_pb_old_content":"","_et_gb_content_width":"","footnotes":""},"class_list":["post-5674","page","type-page","status-publish","hentry"],"yoast_head":"<!-- This site is optimized with the Yoast SEO plugin v27.3 - https:\/\/yoast.com\/product\/yoast-seo-wordpress\/ -->\n<title>Casa m\u00f3vil para 4 pers. con aire acondicionado opcional - Camping Le Soleil Des Bastides<\/title>\n<meta name=\"robots\" content=\"index, follow, max-snippet:-1, max-image-preview:large, max-video-preview:-1\" \/>\n<link rel=\"canonical\" href=\"https:\/\/camping-le-soleil-des-bastides.fr\/es\/les-hebergements\/location-mobil-home-dans-le-tarn\/mobil-home-4-pers-option-climatisation\/\" \/>\n<meta property=\"og:locale\" content=\"es_ES\" \/>\n<meta property=\"og:type\" content=\"article\" \/>\n<meta property=\"og:title\" content=\"Casa m\u00f3vil para 4 pers. con aire acondicionado opcional - Camping Le Soleil Des Bastides\" \/>\n<meta property=\"og:description\" content=\"M\u00d3VIL-HOME 4 PERSONAS - - OPCI\u00d3N AIRE ACONDICIONADO M\u00d3VIL-HOME PARA 4 PERSONAS Mobil-home para 4 personas con aire acondicionado opcional Nuestra casa m\u00f3vil para 4 personas es como un peque\u00f1o hogar situado en un camping en el coraz\u00f3n del Tarn. Este alojamiento moderno y totalmente equipado garantiza una estancia c\u00f3moda en un entorno tranquilo. Ideal [&hellip;]\" \/>\n<meta property=\"og:url\" content=\"https:\/\/camping-le-soleil-des-bastides.fr\/es\/les-hebergements\/location-mobil-home-dans-le-tarn\/mobil-home-4-pers-option-climatisation\/\" \/>\n<meta property=\"og:site_name\" content=\"Camping Le Soleil Des Bastides\" \/>\n<meta property=\"article:publisher\" content=\"https:\/\/www.facebook.com\/LeSoleilDesBastides\/\" \/>\n<meta property=\"article:modified_time\" content=\"2025-06-12T07:26:22+00:00\" \/>\n<meta name=\"twitter:card\" content=\"summary_large_image\" \/>\n<meta name=\"twitter:label1\" content=\"Tiempo de lectura\" \/>\n\t<meta name=\"twitter:data1\" content=\"2 minutos\" \/>\n<script type=\"application\/ld+json\" class=\"yoast-schema-graph\">{\"@context\":\"https:\\\/\\\/schema.org\",\"@graph\":[{\"@type\":\"WebPage\",\"@id\":\"https:\\\/\\\/camping-le-soleil-des-bastides.fr\\\/es\\\/les-hebergements\\\/location-mobil-home-dans-le-tarn\\\/mobil-home-4-pers-option-climatisation\\\/\",\"url\":\"https:\\\/\\\/camping-le-soleil-des-bastides.fr\\\/es\\\/les-hebergements\\\/location-mobil-home-dans-le-tarn\\\/mobil-home-4-pers-option-climatisation\\\/\",\"name\":\"Casa m\u00f3vil para 4 pers. con aire acondicionado opcional - Camping Le Soleil Des Bastides\",\"isPartOf\":{\"@id\":\"https:\\\/\\\/camping-le-soleil-des-bastides.fr\\\/es\\\/#website\"},\"datePublished\":\"2023-01-09T13:55:21+00:00\",\"dateModified\":\"2025-06-12T07:26:22+00:00\",\"breadcrumb\":{\"@id\":\"https:\\\/\\\/camping-le-soleil-des-bastides.fr\\\/es\\\/les-hebergements\\\/location-mobil-home-dans-le-tarn\\\/mobil-home-4-pers-option-climatisation\\\/#breadcrumb\"},\"inLanguage\":\"es\",\"potentialAction\":[{\"@type\":\"ReadAction\",\"target\":[\"https:\\\/\\\/camping-le-soleil-des-bastides.fr\\\/es\\\/les-hebergements\\\/location-mobil-home-dans-le-tarn\\\/mobil-home-4-pers-option-climatisation\\\/\"]}]},{\"@type\":\"BreadcrumbList\",\"@id\":\"https:\\\/\\\/camping-le-soleil-des-bastides.fr\\\/es\\\/les-hebergements\\\/location-mobil-home-dans-le-tarn\\\/mobil-home-4-pers-option-climatisation\\\/#breadcrumb\",\"itemListElement\":[{\"@type\":\"ListItem\",\"position\":1,\"name\":\"Camping Tarn\",\"item\":\"https:\\\/\\\/camping-le-soleil-des-bastides.fr\\\/es\\\/\"},{\"@type\":\"ListItem\",\"position\":2,\"name\":\"Alquiler de vacaciones Tarn\",\"item\":\"https:\\\/\\\/camping-le-soleil-des-bastides.fr\\\/es\\\/les-hebergements\\\/\"},{\"@type\":\"ListItem\",\"position\":3,\"name\":\"Mobil home en location Tarn\",\"item\":\"https:\\\/\\\/camping-le-soleil-des-bastides.fr\\\/es\\\/les-hebergements\\\/location-mobil-home-dans-le-tarn\\\/\"},{\"@type\":\"ListItem\",\"position\":4,\"name\":\"Casa m\u00f3vil para 4 pers. con aire acondicionado opcional\"}]},{\"@type\":\"WebSite\",\"@id\":\"https:\\\/\\\/camping-le-soleil-des-bastides.fr\\\/es\\\/#website\",\"url\":\"https:\\\/\\\/camping-le-soleil-des-bastides.fr\\\/es\\\/\",\"name\":\"Camping Le Soleil Des Bastides\",\"description\":\"Un camping calme, ombrag\u00e9 au coeur des bastides tarnaises\",\"potentialAction\":[{\"@type\":\"SearchAction\",\"target\":{\"@type\":\"EntryPoint\",\"urlTemplate\":\"https:\\\/\\\/camping-le-soleil-des-bastides.fr\\\/es\\\/?s={search_term_string}\"},\"query-input\":{\"@type\":\"PropertyValueSpecification\",\"valueRequired\":true,\"valueName\":\"search_term_string\"}}],\"inLanguage\":\"es\"}]}<\/script>\n<!-- \/ Yoast SEO plugin. -->","yoast_head_json":{"title":"Casa m\u00f3vil para 4 pers. con aire acondicionado opcional - Camping Le Soleil Des Bastides","robots":{"index":"index","follow":"follow","max-snippet":"max-snippet:-1","max-image-preview":"max-image-preview:large","max-video-preview":"max-video-preview:-1"},"canonical":"https:\/\/camping-le-soleil-des-bastides.fr\/es\/les-hebergements\/location-mobil-home-dans-le-tarn\/mobil-home-4-pers-option-climatisation\/","og_locale":"es_ES","og_type":"article","og_title":"Casa m\u00f3vil para 4 pers. con aire acondicionado opcional - Camping Le Soleil Des Bastides","og_description":"M\u00d3VIL-HOME 4 PERSONAS - - OPCI\u00d3N AIRE ACONDICIONADO M\u00d3VIL-HOME PARA 4 PERSONAS Mobil-home para 4 personas con aire acondicionado opcional Nuestra casa m\u00f3vil para 4 personas es como un peque\u00f1o hogar situado en un camping en el coraz\u00f3n del Tarn. Este alojamiento moderno y totalmente equipado garantiza una estancia c\u00f3moda en un entorno tranquilo. Ideal [&hellip;]","og_url":"https:\/\/camping-le-soleil-des-bastides.fr\/es\/les-hebergements\/location-mobil-home-dans-le-tarn\/mobil-home-4-pers-option-climatisation\/","og_site_name":"Camping Le Soleil Des Bastides","article_publisher":"https:\/\/www.facebook.com\/LeSoleilDesBastides\/","article_modified_time":"2025-06-12T07:26:22+00:00","twitter_card":"summary_large_image","twitter_misc":{"Tiempo de lectura":"2 minutos"},"schema":{"@context":"https:\/\/schema.org","@graph":[{"@type":"WebPage","@id":"https:\/\/camping-le-soleil-des-bastides.fr\/es\/les-hebergements\/location-mobil-home-dans-le-tarn\/mobil-home-4-pers-option-climatisation\/","url":"https:\/\/camping-le-soleil-des-bastides.fr\/es\/les-hebergements\/location-mobil-home-dans-le-tarn\/mobil-home-4-pers-option-climatisation\/","name":"Casa m\u00f3vil para 4 pers. con aire acondicionado opcional - Camping Le Soleil Des Bastides","isPartOf":{"@id":"https:\/\/camping-le-soleil-des-bastides.fr\/es\/#website"},"datePublished":"2023-01-09T13:55:21+00:00","dateModified":"2025-06-12T07:26:22+00:00","breadcrumb":{"@id":"https:\/\/camping-le-soleil-des-bastides.fr\/es\/les-hebergements\/location-mobil-home-dans-le-tarn\/mobil-home-4-pers-option-climatisation\/#breadcrumb"},"inLanguage":"es","potentialAction":[{"@type":"ReadAction","target":["https:\/\/camping-le-soleil-des-bastides.fr\/es\/les-hebergements\/location-mobil-home-dans-le-tarn\/mobil-home-4-pers-option-climatisation\/"]}]},{"@type":"BreadcrumbList","@id":"https:\/\/camping-le-soleil-des-bastides.fr\/es\/les-hebergements\/location-mobil-home-dans-le-tarn\/mobil-home-4-pers-option-climatisation\/#breadcrumb","itemListElement":[{"@type":"ListItem","position":1,"name":"Camping Tarn","item":"https:\/\/camping-le-soleil-des-bastides.fr\/es\/"},{"@type":"ListItem","position":2,"name":"Alquiler de vacaciones Tarn","item":"https:\/\/camping-le-soleil-des-bastides.fr\/es\/les-hebergements\/"},{"@type":"ListItem","position":3,"name":"Mobil home en location Tarn","item":"https:\/\/camping-le-soleil-des-bastides.fr\/es\/les-hebergements\/location-mobil-home-dans-le-tarn\/"},{"@type":"ListItem","position":4,"name":"Casa m\u00f3vil para 4 pers. con aire acondicionado opcional"}]},{"@type":"WebSite","@id":"https:\/\/camping-le-soleil-des-bastides.fr\/es\/#website","url":"https:\/\/camping-le-soleil-des-bastides.fr\/es\/","name":"Camping Le Soleil Des Bastides","description":"Un camping calme, ombrag\u00e9 au coeur des bastides tarnaises","potentialAction":[{"@type":"SearchAction","target":{"@type":"EntryPoint","urlTemplate":"https:\/\/camping-le-soleil-des-bastides.fr\/es\/?s={search_term_string}"},"query-input":{"@type":"PropertyValueSpecification","valueRequired":true,"valueName":"search_term_string"}}],"inLanguage":"es"}]}},"_links":{"self":[{"href":"https:\/\/camping-le-soleil-des-bastides.fr\/es\/wp-json\/wp\/v2\/pages\/5674","targetHints":{"allow":["GET"]}}],"collection":[{"href":"https:\/\/camping-le-soleil-des-bastides.fr\/es\/wp-json\/wp\/v2\/pages"}],"about":[{"href":"https:\/\/camping-le-soleil-des-bastides.fr\/es\/wp-json\/wp\/v2\/types\/page"}],"author":[{"embeddable":true,"href":"https:\/\/camping-le-soleil-des-bastides.fr\/es\/wp-json\/wp\/v2\/users\/1"}],"replies":[{"embeddable":true,"href":"https:\/\/camping-le-soleil-des-bastides.fr\/es\/wp-json\/wp\/v2\/comments?post=5674"}],"version-history":[{"count":0,"href":"https:\/\/camping-le-soleil-des-bastides.fr\/es\/wp-json\/wp\/v2\/pages\/5674\/revisions"}],"up":[{"embeddable":true,"href":"https:\/\/camping-le-soleil-des-bastides.fr\/es\/wp-json\/wp\/v2\/pages\/5499"}],"wp:attachment":[{"href":"https:\/\/camping-le-soleil-des-bastides.fr\/es\/wp-json\/wp\/v2\/media?parent=5674"}],"curies":[{"name":"wp","href":"https:\/\/api.w.org\/{rel}","templated":true}]}}