{"id":6181,"date":"2023-01-19T14:16:12","date_gmt":"2023-01-19T13:16:12","guid":{"rendered":"https:\/\/camping-le-soleil-des-bastides.fr\/notre-region\/saint-antonin-noble-val\/"},"modified":"2025-06-17T14:59:52","modified_gmt":"2025-06-17T12:59:52","slug":"saint-antonin-noble-val","status":"publish","type":"page","link":"https:\/\/camping-le-soleil-des-bastides.fr\/de\/notre-region\/saint-antonin-noble-val\/","title":{"rendered":"Saint Antonin Noble Val"},"content":{"rendered":"<p>[et_pb_section fb_built=&#8220;1&#8243; admin_label=&#8220;Header&#8220; _builder_version=&#8220;4.19.1&#8243; use_background_color_gradient=&#8220;on&#8220; background_color_gradient_type=&#8220;circular&#8220; background_color_gradient_direction_radial=&#8220;top left&#8220; background_color_gradient_stops=&#8220;rgba(51,51,51,0.8) 0%|rgba(51,51,51,0.1) 100%&#8220; background_color_gradient_overlays_image=&#8220;on&#8220; background_color_gradient_start=&#8220;rgba(255,255,255,0.89)&#8220; background_color_gradient_start_position=&#8220;30%&#8220; background_color_gradient_end=&#8220;rgba(255,255,255,0)&#8220; background_color_gradient_end_position=&#8220;80%&#8220; background_image=&#8220;https:\/\/camping-le-soleil-des-bastides.fr\/wp-content\/uploads\/2023\/01\/saint-antonin-de-noble-val.webp&#8220; custom_margin=&#8220;|||&#8220; custom_padding=&#8220;2vw||2vw||true|false&#8220; global_colors_info=&#8220;{}&#8220;][et_pb_row _builder_version=&#8220;4.16&#8243; global_colors_info=&#8220;{}&#8220;][et_pb_column type=&#8220;4_4&#8243; _builder_version=&#8220;4.16&#8243; custom_padding=&#8220;|||&#8220; global_colors_info=&#8220;{}&#8220; custom_padding__hover=&#8220;|||&#8220;][et_pb_text _builder_version=&#8220;4.27.4&#8243; text_font=&#8220;||||||||&#8220; header_font=&#8220;|700|||||||&#8220; header_text_color=&#8220;#83BE40&#8243; header_font_size=&#8220;50px&#8220; header_line_height=&#8220;1.2em&#8220; header_5_font=&#8220;Quicksand|700||on|||||&#8220; header_5_text_color=&#8220;#FFFFFF&#8220; header_5_font_size=&#8220;20px&#8220; header_5_letter_spacing=&#8220;0.5em&#8220; custom_margin=&#8220;||0px||false|false&#8220; custom_padding=&#8220;||0px||false|false&#8220; hover_enabled=&#8220;0&#8243; header_font_size_tablet=&#8220;35px&#8220; header_font_size_phone=&#8220;25px&#8220; header_font_size_last_edited=&#8220;on|phone&#8220; header_5_font_size_tablet=&#8220;14px&#8220; header_5_font_size_phone=&#8220;12px&#8220; header_5_font_size_last_edited=&#8220;on|desktop&#8220; header_text_shadow_style=&#8220;preset3&#8243; header_text_shadow_color=&#8220;rgba(51,51,51,0.4)&#8220; header_5_text_shadow_style=&#8220;preset3&#8243; global_colors_info=&#8220;{}&#8220; sticky_enabled=&#8220;0&#8243;]<\/p>\n<h1>SAINT-ANTONIN-NOBLE-VAL BESUCHEN<\/h1>\n<h5>VOM CAMPINGPLATZ AUS<\/h5>\n<p>[\/et_pb_text][et_pb_text admin_label=&#8220;Discover Beatuty Text&#8220; _builder_version=&#8220;4.27.4&#8243; text_font=&#8220;||||||||&#8220; text_text_color=&#8220;#FFFFFF&#8220; text_font_size=&#8220;16px&#8220; text_line_height=&#8220;1.9em&#8220; header_3_text_color=&#8220;#B22B88&#8243; header_4_font=&#8220;|||on|||||&#8220; header_4_text_color=&#8220;#B22B88&#8243; text_orientation=&#8220;right&#8220; custom_margin=&#8220;0px||0px||true|false&#8220; custom_padding=&#8220;0px||0px||false|false&#8220; animation_direction=&#8220;top&#8220; hover_enabled=&#8220;0&#8243; global_colors_info=&#8220;{}&#8220; link_text_color__hover_enabled=&#8220;on|hover&#8220; link_text_color__hover=&#8220;#83BE40&#8243; sticky_enabled=&#8220;0&#8243;]<br \/>\n<em style=\"font-size: 13px;\">Foto \u00a9Frecks<\/em><br \/>\n[\/et_pb_text][\/et_pb_column][\/et_pb_row][\/et_pb_section][et_pb_section fb_built=&#8220;1&#8243; _builder_version=&#8220;4.19.1&#8243; background_color=&#8220;#E8E2D8&#8243; custom_padding=&#8220;50px||50px||false|false&#8220; animation_direction=&#8220;right&#8220; global_colors_info=&#8220;{}&#8220;][et_pb_row use_custom_gutter=&#8220;on&#8220; make_equal=&#8220;on&#8220; _builder_version=&#8220;4.19.1&#8243; custom_padding=&#8220;0px||0px||false|false&#8220; animation_style=&#8220;slide&#8220; animation_direction=&#8220;left&#8220; animation_intensity_slide=&#8220;10%&#8220; global_colors_info=&#8220;{}&#8220;][et_pb_column type=&#8220;4_4&#8243; _builder_version=&#8220;4.16&#8243; custom_padding=&#8220;|||&#8220; global_colors_info=&#8220;{}&#8220; custom_padding__hover=&#8220;|||&#8220;][et_pb_text _builder_version=&#8220;4.27.4&#8243; text_font=&#8220;Quicksand|||on|||||&#8220; text_font_size=&#8220;16px&#8220; text_line_height=&#8220;2em&#8220; header_font=&#8220;||||||||&#8220; header_text_color=&#8220;#83BE40&#8243; header_2_font=&#8220;|700||on|||||&#8220; header_2_text_color=&#8220;#000000&#8243; header_2_font_size=&#8220;30px&#8220; header_6_font=&#8220;Raleway|700||on|||||&#8220; header_6_font_size=&#8220;16px&#8220; header_6_letter_spacing=&#8220;5px&#8220; header_6_line_height=&#8220;1.8em&#8220; text_orientation=&#8220;center&#8220; max_width_last_edited=&#8220;off|desktop&#8220; module_alignment=&#8220;center&#8220; custom_margin=&#8220;||0px||false|false&#8220; custom_padding=&#8220;||0px||false|false&#8220; hover_enabled=&#8220;0&#8243; header_2_font_size_tablet=&#8220;25px&#8220; header_2_font_size_phone=&#8220;18px&#8220; header_2_font_size_last_edited=&#8220;on|phone&#8220; global_colors_info=&#8220;{}&#8220; sticky_enabled=&#8220;0&#8243;]<\/p>\n<h2 style=\"text-align: center;\">SAINT-ANTONIN-NOBLE-VAL,<br \/>\n<span style=\"font-weight: 400; font-size: 20px;\">IM HERZEN DER CAUSSES UND DER SCHLUCHTEN DES AVEYRON, VOM CAMPINGPLATZ IN OKZITANIEN AUS<\/span><\/h2>\n<p>[\/et_pb_text][et_pb_divider color=&#8220;#B22B88&#8243; divider_position=&#8220;center&#8220; divider_weight=&#8220;3px&#8220; _builder_version=&#8220;4.19.1&#8243; _module_preset=&#8220;default&#8220; width=&#8220;150px&#8220; width_tablet=&#8220;100px&#8220; width_phone=&#8220;50px&#8220; width_last_edited=&#8220;on|phone&#8220; module_alignment=&#8220;center&#8220; custom_margin=&#8220;||20px||false|false&#8220; custom_padding=&#8220;||0px||false|false&#8220; global_colors_info=&#8220;{}&#8220;][\/et_pb_divider][et_pb_text admin_label=&#8220;Discover Beatuty Text&#8220; _builder_version=&#8220;4.27.4&#8243; text_font=&#8220;||||||||&#8220; text_font_size=&#8220;16px&#8220; text_line_height=&#8220;1.9em&#8220; header_3_text_color=&#8220;#B22B88&#8243; header_4_font=&#8220;|||on|||||&#8220; header_4_text_color=&#8220;#B22B88&#8243; custom_margin=&#8220;||20px||false|false&#8220; custom_padding=&#8220;||0px||false|false&#8220; animation_direction=&#8220;top&#8220; hover_enabled=&#8220;0&#8243; global_colors_info=&#8220;{}&#8220; link_text_color__hover_enabled=&#8220;on|hover&#8220; link_text_color__hover=&#8220;#83BE40&#8243; sticky_enabled=&#8220;0&#8243;]<\/p>\n<p style=\"text-align: center;\">Saint-Antonin-Noble-Val liegt im D\u00e9partement Tarn-et-Garonne, nur 30 Minuten von unserem <a href=\"\/de\/\">Campingplatz im Tarn (81)<\/a>, Le Soleil des Bastides in Cahuzac-sur-V\u00e8re, und 50 Minuten von Albi entfernt. An der Grenze zu Quercy, Albigeois und Rouergue z\u00e4hlt Saint-Antonin zu den \u00e4ltesten St\u00e4dten der Region. Die Markthallen, engen Gassen und historischen H\u00e4user mit romanischer und gotischer Architektur laden zum Schlendern und Entdecken ein.<\/p>\n<p>[\/et_pb_text][\/et_pb_column][\/et_pb_row][\/et_pb_section][et_pb_section fb_built=&#8220;1&#8243; _builder_version=&#8220;4.19.1&#8243; background_color=&#8220;rgba(232,226,216,0.3)&#8220; custom_padding=&#8220;50px||50px||false|false&#8220; animation_direction=&#8220;right&#8220; global_colors_info=&#8220;{}&#8220;][et_pb_row column_structure=&#8220;1_2,1_2&#8243; use_custom_gutter=&#8220;on&#8220; make_equal=&#8220;on&#8220; _builder_version=&#8220;4.19.1&#8243; custom_margin=&#8220;||||false|false&#8220; custom_padding=&#8220;0px||0px||false|false&#8220; animation_style=&#8220;slide&#8220; animation_direction=&#8220;right&#8220; animation_intensity_slide=&#8220;10%&#8220; global_colors_info=&#8220;{}&#8220;][et_pb_column type=&#8220;1_2&#8243; _builder_version=&#8220;4.19.1&#8243; background_color=&#8220;#FFFFFF&#8220; custom_padding=&#8220;30px|30px|30px|30px|true|true&#8220; global_colors_info=&#8220;{}&#8220; custom_padding__hover=&#8220;|||&#8220;][et_pb_text _builder_version=&#8220;4.27.4&#8243; text_font=&#8220;Quicksand|||on|||||&#8220; text_font_size=&#8220;16px&#8220; text_line_height=&#8220;2em&#8220; header_font=&#8220;||||||||&#8220; header_text_color=&#8220;#83BE40&#8243; header_2_font=&#8220;|700||on|||||&#8220; header_2_text_color=&#8220;#000000&#8243; header_2_font_size=&#8220;30px&#8220; header_2_line_height=&#8220;1.2em&#8220; header_6_font=&#8220;Raleway|700||on|||||&#8220; header_6_font_size=&#8220;16px&#8220; header_6_letter_spacing=&#8220;5px&#8220; header_6_line_height=&#8220;1.8em&#8220; text_orientation=&#8220;center&#8220; max_width_last_edited=&#8220;off|desktop&#8220; module_alignment=&#8220;center&#8220; custom_margin=&#8220;||0px||false|false&#8220; custom_padding=&#8220;||0px||false|false&#8220; hover_enabled=&#8220;0&#8243; header_2_font_size_tablet=&#8220;25px&#8220; header_2_font_size_phone=&#8220;18px&#8220; header_2_font_size_last_edited=&#8220;on|phone&#8220; global_colors_info=&#8220;{}&#8220; sticky_enabled=&#8220;0&#8243;]<\/p>\n<h2 style=\"text-align: left;\">IM FOKUS<\/h2>\n<p>[\/et_pb_text][et_pb_divider color=&#8220;#B22B88&#8243; divider_position=&#8220;center&#8220; divider_weight=&#8220;3px&#8220; _builder_version=&#8220;4.19.1&#8243; _module_preset=&#8220;default&#8220; width=&#8220;150px&#8220; width_tablet=&#8220;100px&#8220; width_phone=&#8220;50px&#8220; width_last_edited=&#8220;on|phone&#8220; module_alignment=&#8220;left&#8220; custom_margin=&#8220;||20px||false|false&#8220; custom_padding=&#8220;||0px||false|false&#8220; global_colors_info=&#8220;{}&#8220;][\/et_pb_divider][et_pb_text admin_label=&#8220;Discover Beatuty Text&#8220; _builder_version=&#8220;4.27.4&#8243; text_font=&#8220;||||||||&#8220; text_font_size=&#8220;16px&#8220; text_line_height=&#8220;1.9em&#8220; header_3_text_color=&#8220;#B22B88&#8243; header_4_font=&#8220;|||on|||||&#8220; header_4_text_color=&#8220;#B22B88&#8243; custom_margin=&#8220;||20px||false|false&#8220; custom_padding=&#8220;||0px||false|false&#8220; animation_direction=&#8220;top&#8220; hover_enabled=&#8220;0&#8243; global_colors_info=&#8220;{}&#8220; link_text_color__hover_enabled=&#8220;on|hover&#8220; link_text_color__hover=&#8220;#83BE40&#8243; sticky_enabled=&#8220;0&#8243;]<\/p>\n<ul>\n<li>Im <strong>Stadtzentrum<\/strong> befinden sich denkmalgesch\u00fctzte H\u00e4user, die Kirche Saint Antonin und das Kloster der Genov\u00e9fains (ehemals \u201eHaus der Kanoniker\u201c, heute das Rathaus). Das Stadtmuseum ist im ehemaligen Vizegrafenpalast aus dem Jahr 1125 untergebracht.<\/li>\n<li>In der N\u00e4he, 3,5 km von Saint-Antonin-Noble-Val, liegt die <strong>Grotte du Bosc<\/strong> mit einem Mineralien- und Fossilienmuseum. Auch die pr\u00e4historische Fundst\u00e4tte Fontal\u00e8s ist einen Besuch wert.<\/li>\n<\/ul>\n<p>[\/et_pb_text][\/et_pb_column][et_pb_column type=&#8220;1_2&#8243; _builder_version=&#8220;4.19.1&#8243; background_color=&#8220;#FFFFFF&#8220; custom_padding=&#8220;30px|30px|30px|30px|true|true&#8220; global_colors_info=&#8220;{}&#8220; custom_padding__hover=&#8220;|||&#8220;][et_pb_text _builder_version=&#8220;4.27.4&#8243; text_font=&#8220;Quicksand|||on|||||&#8220; text_font_size=&#8220;16px&#8220; text_line_height=&#8220;2em&#8220; header_font=&#8220;||||||||&#8220; header_text_color=&#8220;#83BE40&#8243; header_2_font=&#8220;|700||on|||||&#8220; header_2_text_color=&#8220;#000000&#8243; header_2_font_size=&#8220;30px&#8220; header_2_line_height=&#8220;1.2em&#8220; header_6_font=&#8220;Raleway|700||on|||||&#8220; header_6_font_size=&#8220;16px&#8220; header_6_letter_spacing=&#8220;5px&#8220; header_6_line_height=&#8220;1.8em&#8220; text_orientation=&#8220;center&#8220; max_width_last_edited=&#8220;off|desktop&#8220; module_alignment=&#8220;center&#8220; custom_margin=&#8220;||0px||false|false&#8220; custom_padding=&#8220;||0px||false|false&#8220; hover_enabled=&#8220;0&#8243; header_2_font_size_tablet=&#8220;25px&#8220; header_2_font_size_phone=&#8220;18px&#8220; header_2_font_size_last_edited=&#8220;on|phone&#8220; global_colors_info=&#8220;{}&#8220; sticky_enabled=&#8220;0&#8243;]<\/p>\n<h2 style=\"text-align: left;\">UNSERE EMPFEHLUNG<br \/>\n<span style=\"font-weight: 400;\">F\u00dcR SIE<\/span><\/h2>\n<p>[\/et_pb_text][et_pb_divider color=&#8220;#B22B88&#8243; divider_position=&#8220;center&#8220; divider_weight=&#8220;3px&#8220; _builder_version=&#8220;4.19.1&#8243; _module_preset=&#8220;default&#8220; width=&#8220;150px&#8220; width_tablet=&#8220;100px&#8220; width_phone=&#8220;50px&#8220; width_last_edited=&#8220;on|phone&#8220; module_alignment=&#8220;left&#8220; custom_margin=&#8220;||20px||false|false&#8220; custom_padding=&#8220;||0px||false|false&#8220; global_colors_info=&#8220;{}&#8220;][\/et_pb_divider][et_pb_text admin_label=&#8220;Discover Beatuty Text&#8220; _builder_version=&#8220;4.27.4&#8243; text_font=&#8220;||||||||&#8220; text_font_size=&#8220;16px&#8220; text_line_height=&#8220;1.9em&#8220; header_3_text_color=&#8220;#B22B88&#8243; header_4_font=&#8220;|||on|||||&#8220; header_4_text_color=&#8220;#B22B88&#8243; custom_margin=&#8220;||20px||false|false&#8220; custom_padding=&#8220;||0px||false|false&#8220; animation_direction=&#8220;top&#8220; hover_enabled=&#8220;0&#8243; global_colors_info=&#8220;{}&#8220; link_text_color__hover_enabled=&#8220;on|hover&#8220; link_text_color__hover=&#8220;#83BE40&#8243; sticky_enabled=&#8220;0&#8243;]<\/p>\n<p><strong>DAS SCHLOSS VON CAS<\/strong><br \/>Begeben Sie sich auf eine Zeitreise! Vom Zeitalter der Gallier \u00fcber die Tempelritter \u2013 im Ch\u00e2teau de Cas, Mitglied im Club der Sehensw\u00fcrdigkeiten von Tarn-et-Garonne, wird Geschichte lebendig. Erbaut im 9. Jahrhundert und Sitz einer Tempelritter-Kommende im 13. Jahrhundert, wurde es w\u00e4hrend der Franz\u00f6sischen Revolution und sp\u00e4ter im Zweiten Weltkrieg schwer besch\u00e4digt. Dank der Familie de Lastic Saint Jal wurde das Schloss aus seinen Ruinen wiederaufgebaut. Umgeben von einem franz\u00f6sischen Garten bietet es seinen Besuchern ein eindrucksvolles historisches Erlebnis.<\/p>\n<p>Ein wunderbarer Ausflug w\u00e4hrend Ihres Aufenthalts bei uns!<\/p>\n<p>[\/et_pb_text][\/et_pb_column][\/et_pb_row][\/et_pb_section]<\/p>\n","protected":false},"excerpt":{"rendered":"<p>SAINT-ANTONIN-NOBLE-VAL BESUCHEN VOM CAMPINGPLATZ AUS Foto \u00a9Frecks SAINT-ANTONIN-NOBLE-VAL, IM HERZEN DER CAUSSES UND DER SCHLUCHTEN DES AVEYRON, VOM CAMPINGPLATZ IN OKZITANIEN AUS Saint-Antonin-Noble-Val liegt im D\u00e9partement Tarn-et-Garonne, nur 30 Minuten von unserem Campingplatz im Tarn (81), Le Soleil des Bastides in Cahuzac-sur-V\u00e8re, und 50 Minuten von Albi entfernt. An der Grenze zu Quercy, Albigeois und [&hellip;]<\/p>\n","protected":false},"author":1,"featured_media":0,"parent":5953,"menu_order":0,"comment_status":"closed","ping_status":"closed","template":"","meta":{"_et_pb_use_builder":"on","_et_pb_old_content":"","_et_gb_content_width":"","footnotes":""},"class_list":["post-6181","page","type-page","status-publish","hentry"],"yoast_head":"<!-- This site is optimized with the Yoast SEO plugin v27.3 - https:\/\/yoast.com\/product\/yoast-seo-wordpress\/ -->\n<title>Besuch in Saint-Antonin-Noble-Val im Tarn: Was gibt es in Saint-Antonin-Noble-Val zu sehen und zu unternehmen?<\/title>\n<meta name=\"description\" content=\"Entdecken Sie unsere Region: Besuchen Sie Saint-Antonin-Noble-Val, ein wundersch\u00f6ner Ort in der N\u00e4he des Campingplatzes Tarn Le Soleil des Bastides.\" \/>\n<meta name=\"robots\" content=\"index, follow, max-snippet:-1, max-image-preview:large, max-video-preview:-1\" \/>\n<link rel=\"canonical\" href=\"https:\/\/camping-le-soleil-des-bastides.fr\/de\/notre-region\/saint-antonin-noble-val\/\" \/>\n<meta property=\"og:locale\" content=\"de_DE\" \/>\n<meta property=\"og:type\" content=\"article\" \/>\n<meta property=\"og:title\" content=\"Besuch in Saint-Antonin-Noble-Val im Tarn: Was gibt es in Saint-Antonin-Noble-Val zu sehen und zu unternehmen?\" \/>\n<meta property=\"og:description\" content=\"Entdecken Sie unsere Region: Besuchen Sie Saint-Antonin-Noble-Val, ein wundersch\u00f6ner Ort in der N\u00e4he des Campingplatzes Tarn Le Soleil des Bastides.\" \/>\n<meta property=\"og:url\" content=\"https:\/\/camping-le-soleil-des-bastides.fr\/de\/notre-region\/saint-antonin-noble-val\/\" \/>\n<meta property=\"og:site_name\" content=\"Camping Le Soleil Des Bastides\" \/>\n<meta property=\"article:publisher\" content=\"https:\/\/www.facebook.com\/LeSoleilDesBastides\/\" \/>\n<meta property=\"article:modified_time\" content=\"2025-06-17T12:59:52+00:00\" \/>\n<meta name=\"twitter:card\" content=\"summary_large_image\" \/>\n<meta name=\"twitter:label1\" content=\"Gesch\u00e4tzte Lesezeit\" \/>\n\t<meta name=\"twitter:data1\" content=\"2\u00a0Minuten\" \/>\n<script type=\"application\/ld+json\" class=\"yoast-schema-graph\">{\"@context\":\"https:\\\/\\\/schema.org\",\"@graph\":[{\"@type\":\"WebPage\",\"@id\":\"https:\\\/\\\/camping-le-soleil-des-bastides.fr\\\/de\\\/notre-region\\\/saint-antonin-noble-val\\\/\",\"url\":\"https:\\\/\\\/camping-le-soleil-des-bastides.fr\\\/de\\\/notre-region\\\/saint-antonin-noble-val\\\/\",\"name\":\"Besuch in Saint-Antonin-Noble-Val im Tarn: Was gibt es in Saint-Antonin-Noble-Val zu sehen und zu unternehmen?\",\"isPartOf\":{\"@id\":\"https:\\\/\\\/camping-le-soleil-des-bastides.fr\\\/de\\\/#website\"},\"datePublished\":\"2023-01-19T13:16:12+00:00\",\"dateModified\":\"2025-06-17T12:59:52+00:00\",\"description\":\"Entdecken Sie unsere Region: Besuchen Sie Saint-Antonin-Noble-Val, ein wundersch\u00f6ner Ort in der N\u00e4he des Campingplatzes Tarn Le Soleil des Bastides.\",\"breadcrumb\":{\"@id\":\"https:\\\/\\\/camping-le-soleil-des-bastides.fr\\\/de\\\/notre-region\\\/saint-antonin-noble-val\\\/#breadcrumb\"},\"inLanguage\":\"de\",\"potentialAction\":[{\"@type\":\"ReadAction\",\"target\":[\"https:\\\/\\\/camping-le-soleil-des-bastides.fr\\\/de\\\/notre-region\\\/saint-antonin-noble-val\\\/\"]}]},{\"@type\":\"BreadcrumbList\",\"@id\":\"https:\\\/\\\/camping-le-soleil-des-bastides.fr\\\/de\\\/notre-region\\\/saint-antonin-noble-val\\\/#breadcrumb\",\"itemListElement\":[{\"@type\":\"ListItem\",\"position\":1,\"name\":\"Camping Tarn\",\"item\":\"https:\\\/\\\/camping-le-soleil-des-bastides.fr\\\/de\\\/\"},{\"@type\":\"ListItem\",\"position\":2,\"name\":\"Der Tarn\",\"item\":\"https:\\\/\\\/camping-le-soleil-des-bastides.fr\\\/de\\\/notre-region\\\/\"},{\"@type\":\"ListItem\",\"position\":3,\"name\":\"Saint-Antonin-Noble-Val besuchen\"}]},{\"@type\":\"WebSite\",\"@id\":\"https:\\\/\\\/camping-le-soleil-des-bastides.fr\\\/de\\\/#website\",\"url\":\"https:\\\/\\\/camping-le-soleil-des-bastides.fr\\\/de\\\/\",\"name\":\"Camping Le Soleil Des Bastides\",\"description\":\"Un camping calme, ombrag\u00e9 au coeur des bastides tarnaises\",\"potentialAction\":[{\"@type\":\"SearchAction\",\"target\":{\"@type\":\"EntryPoint\",\"urlTemplate\":\"https:\\\/\\\/camping-le-soleil-des-bastides.fr\\\/de\\\/?s={search_term_string}\"},\"query-input\":{\"@type\":\"PropertyValueSpecification\",\"valueRequired\":true,\"valueName\":\"search_term_string\"}}],\"inLanguage\":\"de\"}]}<\/script>\n<!-- \/ Yoast SEO plugin. -->","yoast_head_json":{"title":"Besuch in Saint-Antonin-Noble-Val im Tarn: Was gibt es in Saint-Antonin-Noble-Val zu sehen und zu unternehmen?","description":"Entdecken Sie unsere Region: Besuchen Sie Saint-Antonin-Noble-Val, ein wundersch\u00f6ner Ort in der N\u00e4he des Campingplatzes Tarn Le Soleil des Bastides.","robots":{"index":"index","follow":"follow","max-snippet":"max-snippet:-1","max-image-preview":"max-image-preview:large","max-video-preview":"max-video-preview:-1"},"canonical":"https:\/\/camping-le-soleil-des-bastides.fr\/de\/notre-region\/saint-antonin-noble-val\/","og_locale":"de_DE","og_type":"article","og_title":"Besuch in Saint-Antonin-Noble-Val im Tarn: Was gibt es in Saint-Antonin-Noble-Val zu sehen und zu unternehmen?","og_description":"Entdecken Sie unsere Region: Besuchen Sie Saint-Antonin-Noble-Val, ein wundersch\u00f6ner Ort in der N\u00e4he des Campingplatzes Tarn Le Soleil des Bastides.","og_url":"https:\/\/camping-le-soleil-des-bastides.fr\/de\/notre-region\/saint-antonin-noble-val\/","og_site_name":"Camping Le Soleil Des Bastides","article_publisher":"https:\/\/www.facebook.com\/LeSoleilDesBastides\/","article_modified_time":"2025-06-17T12:59:52+00:00","twitter_card":"summary_large_image","twitter_misc":{"Gesch\u00e4tzte Lesezeit":"2\u00a0Minuten"},"schema":{"@context":"https:\/\/schema.org","@graph":[{"@type":"WebPage","@id":"https:\/\/camping-le-soleil-des-bastides.fr\/de\/notre-region\/saint-antonin-noble-val\/","url":"https:\/\/camping-le-soleil-des-bastides.fr\/de\/notre-region\/saint-antonin-noble-val\/","name":"Besuch in Saint-Antonin-Noble-Val im Tarn: Was gibt es in Saint-Antonin-Noble-Val zu sehen und zu unternehmen?","isPartOf":{"@id":"https:\/\/camping-le-soleil-des-bastides.fr\/de\/#website"},"datePublished":"2023-01-19T13:16:12+00:00","dateModified":"2025-06-17T12:59:52+00:00","description":"Entdecken Sie unsere Region: Besuchen Sie Saint-Antonin-Noble-Val, ein wundersch\u00f6ner Ort in der N\u00e4he des Campingplatzes Tarn Le Soleil des Bastides.","breadcrumb":{"@id":"https:\/\/camping-le-soleil-des-bastides.fr\/de\/notre-region\/saint-antonin-noble-val\/#breadcrumb"},"inLanguage":"de","potentialAction":[{"@type":"ReadAction","target":["https:\/\/camping-le-soleil-des-bastides.fr\/de\/notre-region\/saint-antonin-noble-val\/"]}]},{"@type":"BreadcrumbList","@id":"https:\/\/camping-le-soleil-des-bastides.fr\/de\/notre-region\/saint-antonin-noble-val\/#breadcrumb","itemListElement":[{"@type":"ListItem","position":1,"name":"Camping Tarn","item":"https:\/\/camping-le-soleil-des-bastides.fr\/de\/"},{"@type":"ListItem","position":2,"name":"Der Tarn","item":"https:\/\/camping-le-soleil-des-bastides.fr\/de\/notre-region\/"},{"@type":"ListItem","position":3,"name":"Saint-Antonin-Noble-Val besuchen"}]},{"@type":"WebSite","@id":"https:\/\/camping-le-soleil-des-bastides.fr\/de\/#website","url":"https:\/\/camping-le-soleil-des-bastides.fr\/de\/","name":"Camping Le Soleil Des Bastides","description":"Un camping calme, ombrag\u00e9 au coeur des bastides tarnaises","potentialAction":[{"@type":"SearchAction","target":{"@type":"EntryPoint","urlTemplate":"https:\/\/camping-le-soleil-des-bastides.fr\/de\/?s={search_term_string}"},"query-input":{"@type":"PropertyValueSpecification","valueRequired":true,"valueName":"search_term_string"}}],"inLanguage":"de"}]}},"_links":{"self":[{"href":"https:\/\/camping-le-soleil-des-bastides.fr\/de\/wp-json\/wp\/v2\/pages\/6181","targetHints":{"allow":["GET"]}}],"collection":[{"href":"https:\/\/camping-le-soleil-des-bastides.fr\/de\/wp-json\/wp\/v2\/pages"}],"about":[{"href":"https:\/\/camping-le-soleil-des-bastides.fr\/de\/wp-json\/wp\/v2\/types\/page"}],"author":[{"embeddable":true,"href":"https:\/\/camping-le-soleil-des-bastides.fr\/de\/wp-json\/wp\/v2\/users\/1"}],"replies":[{"embeddable":true,"href":"https:\/\/camping-le-soleil-des-bastides.fr\/de\/wp-json\/wp\/v2\/comments?post=6181"}],"version-history":[{"count":0,"href":"https:\/\/camping-le-soleil-des-bastides.fr\/de\/wp-json\/wp\/v2\/pages\/6181\/revisions"}],"up":[{"embeddable":true,"href":"https:\/\/camping-le-soleil-des-bastides.fr\/de\/wp-json\/wp\/v2\/pages\/5953"}],"wp:attachment":[{"href":"https:\/\/camping-le-soleil-des-bastides.fr\/de\/wp-json\/wp\/v2\/media?parent=6181"}],"curies":[{"name":"wp","href":"https:\/\/api.w.org\/{rel}","templated":true}]}}