{"id":6114,"date":"2023-01-19T11:49:28","date_gmt":"2023-01-19T10:49:28","guid":{"rendered":"https:\/\/camping-le-soleil-des-bastides.fr\/notre-region\/le-sidobre\/"},"modified":"2025-06-17T10:36:40","modified_gmt":"2025-06-17T08:36:40","slug":"le-sidobre","status":"publish","type":"page","link":"https:\/\/camping-le-soleil-des-bastides.fr\/de\/notre-region\/le-sidobre\/","title":{"rendered":"Der Sidobre"},"content":{"rendered":"<p>[et_pb_section fb_built=&#8220;1&#8243; admin_label=&#8220;Header&#8220; _builder_version=&#8220;4.19.1&#8243; use_background_color_gradient=&#8220;on&#8220; background_color_gradient_type=&#8220;circular&#8220; background_color_gradient_direction_radial=&#8220;top left&#8220; background_color_gradient_stops=&#8220;rgba(51,51,51,0.8) 0%|rgba(51,51,51,0.1) 100%&#8220; background_color_gradient_overlays_image=&#8220;on&#8220; background_color_gradient_start=&#8220;rgba(255,255,255,0.89)&#8220; background_color_gradient_start_position=&#8220;30%&#8220; background_color_gradient_end=&#8220;rgba(255,255,255,0)&#8220; background_color_gradient_end_position=&#8220;80%&#8220; background_image=&#8220;https:\/\/camping-le-soleil-des-bastides.fr\/wp-content\/uploads\/2023\/01\/Rocher-tremblant-sept-faux-.webp&#8220; custom_margin=&#8220;|||&#8220; custom_padding=&#8220;2vw||2vw||true|false&#8220; global_colors_info=&#8220;{}&#8220;][et_pb_row _builder_version=&#8220;4.16&#8243; global_colors_info=&#8220;{}&#8220;][et_pb_column type=&#8220;4_4&#8243; _builder_version=&#8220;4.16&#8243; custom_padding=&#8220;|||&#8220; global_colors_info=&#8220;{}&#8220; custom_padding__hover=&#8220;|||&#8220;][et_pb_text _builder_version=&#8220;4.27.4&#8243; text_font=&#8220;||||||||&#8220; header_font=&#8220;|700|||||||&#8220; header_text_color=&#8220;#83BE40&#8243; header_font_size=&#8220;50px&#8220; header_line_height=&#8220;1.2em&#8220; header_5_font=&#8220;Quicksand|700||on|||||&#8220; header_5_text_color=&#8220;#FFFFFF&#8220; header_5_font_size=&#8220;20px&#8220; header_5_letter_spacing=&#8220;0.5em&#8220; custom_margin=&#8220;||0px||false|false&#8220; custom_padding=&#8220;||0px||false|false&#8220; header_font_size_tablet=&#8220;35px&#8220; header_font_size_phone=&#8220;25px&#8220; header_font_size_last_edited=&#8220;on|phone&#8220; header_5_font_size_tablet=&#8220;14px&#8220; header_5_font_size_phone=&#8220;12px&#8220; header_5_font_size_last_edited=&#8220;on|desktop&#8220; header_text_shadow_style=&#8220;preset3&#8243; header_text_shadow_color=&#8220;rgba(51,51,51,0.4)&#8220; header_5_text_shadow_style=&#8220;preset3&#8243; global_colors_info=&#8220;{}&#8220;]<\/p>\n<h1>DEN SIDOBRE BESUCHEN<\/h1>\n<h5>VOM CAMPINGPLATZ AUS<\/h5>\n<p>[\/et_pb_text][et_pb_text admin_label=&#8220;Discover Beatuty Text&#8220; _builder_version=&#8220;4.27.4&#8243; text_font=&#8220;||||||||&#8220; text_text_color=&#8220;#FFFFFF&#8220; text_font_size=&#8220;16px&#8220; text_line_height=&#8220;1.9em&#8220; header_3_text_color=&#8220;#B22B88&#8243; header_4_font=&#8220;|||on|||||&#8220; header_4_text_color=&#8220;#B22B88&#8243; text_orientation=&#8220;right&#8220; custom_margin=&#8220;0px||0px||true|false&#8220; custom_padding=&#8220;0px||0px||false|false&#8220; animation_direction=&#8220;top&#8220; global_colors_info=&#8220;{}&#8220; link_text_color__hover_enabled=&#8220;on|hover&#8220; link_text_color__hover=&#8220;#83BE40&#8243;]<em style=\"font-size: 13px;\">Foto \u00a9Fran\u00e7ois Collard<\/em>[\/et_pb_text][\/et_pb_column][\/et_pb_row][\/et_pb_section][et_pb_section fb_built=&#8220;1&#8243; _builder_version=&#8220;4.19.1&#8243; background_color=&#8220;#E8E2D8&#8243; custom_padding=&#8220;50px||50px||false|false&#8220; animation_direction=&#8220;right&#8220; global_colors_info=&#8220;{}&#8220;][et_pb_row use_custom_gutter=&#8220;on&#8220; make_equal=&#8220;on&#8220; _builder_version=&#8220;4.19.1&#8243; custom_padding=&#8220;0px||0px||false|false&#8220; animation_style=&#8220;slide&#8220; animation_direction=&#8220;left&#8220; animation_intensity_slide=&#8220;10%&#8220; global_colors_info=&#8220;{}&#8220;][et_pb_column type=&#8220;4_4&#8243; _builder_version=&#8220;4.16&#8243; custom_padding=&#8220;|||&#8220; global_colors_info=&#8220;{}&#8220; custom_padding__hover=&#8220;|||&#8220;][et_pb_text _builder_version=&#8220;4.27.4&#8243; text_font=&#8220;Quicksand|||on|||||&#8220; text_font_size=&#8220;16px&#8220; text_line_height=&#8220;2em&#8220; header_font=&#8220;||||||||&#8220; header_text_color=&#8220;#83BE40&#8243; header_2_font=&#8220;|700||on|||||&#8220; header_2_text_color=&#8220;#000000&#8243; header_2_font_size=&#8220;30px&#8220; header_6_font=&#8220;Raleway|700||on|||||&#8220; header_6_font_size=&#8220;16px&#8220; header_6_letter_spacing=&#8220;5px&#8220; header_6_line_height=&#8220;1.8em&#8220; text_orientation=&#8220;center&#8220; max_width_last_edited=&#8220;off|desktop&#8220; module_alignment=&#8220;center&#8220; custom_margin=&#8220;||0px||false|false&#8220; custom_padding=&#8220;||0px||false|false&#8220; header_2_font_size_tablet=&#8220;25px&#8220; header_2_font_size_phone=&#8220;18px&#8220; header_2_font_size_last_edited=&#8220;on|phone&#8220; global_colors_info=&#8220;{}&#8220;]<\/p>\n<h2 style=\"text-align: center;\">DER SIDOBRE, ZWISCHEN GRANIT UND GESCHICHTE,<br \/><span style=\"font-weight: 400; font-size: 20px;\">SPAZIERGANG DIREKT VOM CAMPINGPLATZ AUS<\/span><\/h2>\n<p>[\/et_pb_text][et_pb_divider color=&#8220;#B22B88&#8243; divider_position=&#8220;center&#8220; divider_weight=&#8220;3px&#8220; _builder_version=&#8220;4.19.1&#8243; _module_preset=&#8220;default&#8220; width=&#8220;150px&#8220; width_tablet=&#8220;100px&#8220; width_phone=&#8220;50px&#8220; width_last_edited=&#8220;on|phone&#8220; module_alignment=&#8220;center&#8220; custom_margin=&#8220;||20px||false|false&#8220; custom_padding=&#8220;||0px||false|false&#8220; global_colors_info=&#8220;{}&#8220;][\/et_pb_divider][et_pb_text admin_label=&#8220;Discover Beatuty Text&#8220; _builder_version=&#8220;4.27.4&#8243; text_font=&#8220;||||||||&#8220; text_font_size=&#8220;16px&#8220; text_line_height=&#8220;1.9em&#8220; header_3_text_color=&#8220;#B22B88&#8243; header_4_font=&#8220;|||on|||||&#8220; header_4_text_color=&#8220;#B22B88&#8243; custom_margin=&#8220;||20px||false|false&#8220; custom_padding=&#8220;||0px||false|false&#8220; animation_direction=&#8220;top&#8220; global_colors_info=&#8220;{}&#8220; link_text_color__hover_enabled=&#8220;on|hover&#8220; link_text_color__hover=&#8220;#83BE40&#8243;]<\/p>\n<p style=\"text-align: center;\">Der Sidobre ist eine Gebirgsregion im D\u00e9partement Tarn. Er liegt im S\u00fcden des Zentralmassivs \u00f6stlich von Castres. Bekannt ist die Region f\u00fcr ihre Granitvorkommen. Auf kleinen Stra\u00dfen und Wanderwegen lassen sich <strong>au\u00dfergew\u00f6hnliche Granitformationen<\/strong> entdecken. Aber auch die D\u00f6rfer der Region sind reich an Geschichte und Legenden.<\/p>\n<p>[\/et_pb_text][\/et_pb_column][\/et_pb_row][\/et_pb_section][et_pb_section fb_built=&#8220;1&#8243; _builder_version=&#8220;4.19.1&#8243; background_color=&#8220;rgba(232,226,216,0.3)&#8220; custom_padding=&#8220;50px||50px||false|false&#8220; animation_direction=&#8220;right&#8220; global_colors_info=&#8220;{}&#8220;][et_pb_row column_structure=&#8220;3_5,2_5&#8243; use_custom_gutter=&#8220;on&#8220; make_equal=&#8220;on&#8220; _builder_version=&#8220;4.19.1&#8243; custom_margin=&#8220;||||true|false&#8220; custom_padding=&#8220;0px||0px||false|false&#8220; animation_style=&#8220;slide&#8220; animation_direction=&#8220;right&#8220; animation_intensity_slide=&#8220;10%&#8220; global_colors_info=&#8220;{}&#8220;][et_pb_column type=&#8220;3_5&#8243; _builder_version=&#8220;4.16&#8243; custom_padding=&#8220;|||&#8220; global_colors_info=&#8220;{}&#8220; custom_padding__hover=&#8220;|||&#8220;][et_pb_text _builder_version=&#8220;4.27.4&#8243; text_font=&#8220;Quicksand|||on|||||&#8220; text_font_size=&#8220;16px&#8220; text_line_height=&#8220;2em&#8220; header_font=&#8220;||||||||&#8220; header_text_color=&#8220;#83BE40&#8243; header_2_font=&#8220;|700||on|||||&#8220; header_2_text_color=&#8220;#000000&#8243; header_2_font_size=&#8220;30px&#8220; header_2_line_height=&#8220;1.2em&#8220; header_6_font=&#8220;Raleway|700||on|||||&#8220; header_6_font_size=&#8220;16px&#8220; header_6_letter_spacing=&#8220;5px&#8220; header_6_line_height=&#8220;1.8em&#8220; text_orientation=&#8220;center&#8220; max_width_last_edited=&#8220;off|desktop&#8220; module_alignment=&#8220;center&#8220; custom_margin=&#8220;||0px||false|false&#8220; custom_padding=&#8220;||0px||false|false&#8220; header_2_font_size_tablet=&#8220;25px&#8220; header_2_font_size_phone=&#8220;18px&#8220; header_2_font_size_last_edited=&#8220;on|phone&#8220; global_colors_info=&#8220;{}&#8220;]<\/p>\n<h2 style=\"text-align: left;\">DER SIDOBRE<br \/><span style=\"font-weight: 400;\">UND MALERISCHE D\u00d6RFER<\/span><\/h2>\n<p>[\/et_pb_text][et_pb_divider color=&#8220;#B22B88&#8243; divider_position=&#8220;center&#8220; divider_weight=&#8220;3px&#8220; _builder_version=&#8220;4.19.1&#8243; _module_preset=&#8220;default&#8220; width=&#8220;150px&#8220; width_tablet=&#8220;100px&#8220; width_phone=&#8220;50px&#8220; width_last_edited=&#8220;on|phone&#8220; module_alignment=&#8220;left&#8220; custom_margin=&#8220;||20px||false|false&#8220; custom_padding=&#8220;||0px||false|false&#8220; global_colors_info=&#8220;{}&#8220;][\/et_pb_divider][et_pb_text admin_label=&#8220;Discover Beatuty Text&#8220; _builder_version=&#8220;4.27.4&#8243; text_font=&#8220;||||||||&#8220; text_font_size=&#8220;16px&#8220; text_line_height=&#8220;1.9em&#8220; header_3_text_color=&#8220;#B22B88&#8243; header_4_font=&#8220;|||on|||||&#8220; header_4_text_color=&#8220;#B22B88&#8243; custom_margin=&#8220;||20px||false|false&#8220; custom_padding=&#8220;||0px||false|false&#8220; animation_direction=&#8220;top&#8220; global_colors_info=&#8220;{}&#8220; link_text_color__hover_enabled=&#8220;on|hover&#8220; link_text_color__hover=&#8220;#83BE40&#8243;]<\/p>\n<p><strong>Brassac<\/strong>, 1 Stunde 20 Minuten von Cahuzac-sur-V\u00e8re und 1 Stunde von Albi entfernt, ist bekannt f\u00fcr seine zweibogige Br\u00fccke, die als historisches Denkmal eingestuft ist, sowie f\u00fcr seine Burgen: Brassac-de-Castelnau und Brassac-de-Belfort\u00e8s. Im Korbmachermuseum (Maison de la Vannerie) sind \u00fcber 300 Korbwaren ausgestellt. Ab Brassac starten verschiedene Wanderwege, darunter der Weg \u201el\u2019enfant sauvage\u201c. Mit dem Auto k\u00f6nnen Sie die &#8222;Megalithwege&#8220; befahren, auf denen die Menhire der Region vorgestellt werden.<\/p>\n<p>In <strong>Burlats<\/strong>, einem Dorf 1 Stunde 10 Minuten von Cahuzac-sur-V\u00e8re und 50 Minuten von Albi entfernt, k\u00f6nnen Sie den Pavillon Ad\u00e9la\u00efde besuchen, ein Bauwerk der romanischen Architektur. Ideal f\u00fcr Familien ist auch der Besuch des Bauernhofs von Miss\u00e8gle mit Alpakas, L\u00e4mmern und einer besuchbaren Produktionswerkstatt.<\/p>\n<p>In <strong>Vabre<\/strong>, einem Dorf 1 Stunde 15 Minuten von Cahuzac-sur-V\u00e8re und 57 Minuten von Albi entfernt, k\u00f6nnen Sie das Rathaus und den 1802 erbauten Tempel besichtigen.<\/p>\n<p><em style=\"font-size: 13px;\">Foto \u00a9RIVIERE Christian<\/em><\/p>\n<p>[\/et_pb_text][\/et_pb_column][et_pb_column type=&#8220;2_5&#8243; _builder_version=&#8220;4.19.1&#8243; background_image=&#8220;https:\/\/camping-le-soleil-des-bastides.fr\/wp-content\/uploads\/2023\/01\/Burlats-.webp&#8220; custom_padding=&#8220;|||&#8220; global_colors_info=&#8220;{}&#8220; custom_padding__hover=&#8220;|||&#8220;][et_pb_text _builder_version=&#8220;4.19.1&#8243; _module_preset=&#8220;default&#8220; height_tablet=&#8220;400px&#8220; height_phone=&#8220;250px&#8220; height_last_edited=&#8220;on|phone&#8220; global_colors_info=&#8220;{}&#8220;][\/et_pb_text][\/et_pb_column][\/et_pb_row][et_pb_row _builder_version=&#8220;4.19.1&#8243; _module_preset=&#8220;default&#8220; background_color=&#8220;#83BE40&#8243; custom_margin=&#8220;50px||50px||true|false&#8220; custom_padding=&#8220;40px|50px|40px|50px|true|true&#8220; animation_style=&#8220;slide&#8220; animation_direction=&#8220;bottom&#8220; animation_intensity_slide=&#8220;10%&#8220; global_colors_info=&#8220;{}&#8220;][et_pb_column type=&#8220;4_4&#8243; _builder_version=&#8220;4.19.1&#8243; _module_preset=&#8220;default&#8220; global_colors_info=&#8220;{}&#8220;][et_pb_text _builder_version=&#8220;4.27.4&#8243; text_font=&#8220;Quicksand|||on|||||&#8220; text_text_color=&#8220;#FFFFFF&#8220; text_font_size=&#8220;16px&#8220; text_line_height=&#8220;2em&#8220; header_font=&#8220;||||||||&#8220; header_text_color=&#8220;#FFFFFF&#8220; header_2_font=&#8220;|700||on|||||&#8220; header_2_text_color=&#8220;#FFFFFF&#8220; header_2_font_size=&#8220;25px&#8220; header_2_line_height=&#8220;1.2em&#8220; header_6_font=&#8220;Raleway|700||on|||||&#8220; header_6_font_size=&#8220;16px&#8220; header_6_letter_spacing=&#8220;5px&#8220; header_6_line_height=&#8220;1.8em&#8220; text_orientation=&#8220;center&#8220; max_width_last_edited=&#8220;off|desktop&#8220; module_alignment=&#8220;center&#8220; custom_margin=&#8220;||0px||false|false&#8220; custom_padding=&#8220;||0px||false|false&#8220; header_2_font_size_tablet=&#8220;25px&#8220; header_2_font_size_phone=&#8220;18px&#8220; header_2_font_size_last_edited=&#8220;on|phone&#8220; global_colors_info=&#8220;{}&#8220;]<\/p>\n<h2>Entdecken Sie den Sidobre<br \/><span style=\"font-weight: 400; font-size: 18px;\">nur 1 Stunde vom Campingplatz Le Soleil des Bastides entfernt.<\/span><\/h2>\n<p>[\/et_pb_text][\/et_pb_column][\/et_pb_row][et_pb_row column_structure=&#8220;2_5,3_5&#8243; use_custom_gutter=&#8220;on&#8220; make_equal=&#8220;on&#8220; _builder_version=&#8220;4.19.1&#8243; custom_margin=&#8220;||||true|false&#8220; custom_padding=&#8220;0px||0px||false|false&#8220; animation_style=&#8220;slide&#8220; animation_direction=&#8220;right&#8220; animation_intensity_slide=&#8220;10%&#8220; global_colors_info=&#8220;{}&#8220;][et_pb_column type=&#8220;2_5&#8243; _builder_version=&#8220;4.19.1&#8243; background_image=&#8220;https:\/\/camping-le-soleil-des-bastides.fr\/wp-content\/uploads\/2023\/01\/Le-Peyro-Clabado-.webp&#8220; custom_padding=&#8220;|||&#8220; global_colors_info=&#8220;{}&#8220; custom_padding__hover=&#8220;|||&#8220;][et_pb_text _builder_version=&#8220;4.19.1&#8243; _module_preset=&#8220;default&#8220; height_tablet=&#8220;400px&#8220; height_phone=&#8220;250px&#8220; height_last_edited=&#8220;on|phone&#8220; global_colors_info=&#8220;{}&#8220;][\/et_pb_text][\/et_pb_column][et_pb_column type=&#8220;3_5&#8243; _builder_version=&#8220;4.16&#8243; custom_padding=&#8220;|||&#8220; global_colors_info=&#8220;{}&#8220; custom_padding__hover=&#8220;|||&#8220;][et_pb_text _builder_version=&#8220;4.27.4&#8243; text_font=&#8220;Quicksand|||on|||||&#8220; text_font_size=&#8220;16px&#8220; text_line_height=&#8220;2em&#8220; header_font=&#8220;||||||||&#8220; header_text_color=&#8220;#83BE40&#8243; header_2_font=&#8220;|700||on|||||&#8220; header_2_text_color=&#8220;#000000&#8243; header_2_font_size=&#8220;30px&#8220; header_2_line_height=&#8220;1.2em&#8220; header_6_font=&#8220;Raleway|700||on|||||&#8220; header_6_font_size=&#8220;16px&#8220; header_6_letter_spacing=&#8220;5px&#8220; header_6_line_height=&#8220;1.8em&#8220; text_orientation=&#8220;center&#8220; max_width_last_edited=&#8220;off|desktop&#8220; module_alignment=&#8220;center&#8220; custom_margin=&#8220;||0px||false|false&#8220; custom_padding=&#8220;||0px||false|false&#8220; header_2_font_size_tablet=&#8220;25px&#8220; header_2_font_size_phone=&#8220;18px&#8220; header_2_font_size_last_edited=&#8220;on|phone&#8220; global_colors_info=&#8220;{}&#8220;]<\/p>\n<h2 style=\"text-align: left;\">IM FOKUS<br \/><span style=\"font-weight: 400;\">STEINSUCHER UND ABENTEURER<\/span><\/h2>\n<p>[\/et_pb_text][et_pb_divider color=&#8220;#B22B88&#8243; divider_position=&#8220;center&#8220; divider_weight=&#8220;3px&#8220; _builder_version=&#8220;4.19.1&#8243; _module_preset=&#8220;default&#8220; width=&#8220;150px&#8220; width_tablet=&#8220;100px&#8220; width_phone=&#8220;50px&#8220; width_last_edited=&#8220;on|phone&#8220; module_alignment=&#8220;left&#8220; custom_margin=&#8220;||20px||false|false&#8220; custom_padding=&#8220;||0px||false|false&#8220; global_colors_info=&#8220;{}&#8220;][\/et_pb_divider][et_pb_text admin_label=&#8220;Discover Beatuty Text&#8220; _builder_version=&#8220;4.27.4&#8243; text_font=&#8220;||||||||&#8220; text_font_size=&#8220;16px&#8220; text_line_height=&#8220;1.9em&#8220; header_3_text_color=&#8220;#B22B88&#8243; header_4_font=&#8220;|||on|||||&#8220; header_4_text_color=&#8220;#B22B88&#8243; custom_margin=&#8220;||20px||false|false&#8220; custom_padding=&#8220;||0px||false|false&#8220; animation_direction=&#8220;top&#8220; hover_enabled=&#8220;0&#8243; global_colors_info=&#8220;{}&#8220; link_text_color__hover_enabled=&#8220;on|hover&#8220; link_text_color__hover=&#8220;#83BE40&#8243; sticky_enabled=&#8220;0&#8243;]<\/p>\n<p>Ein Tipp f\u00fcr Abenteurer \u2013 ein Entdeckungstag in der N\u00e4he unseres <a href=\"\/de\/\">Campingplatzes im Tarn<\/a>.<\/p>\n<ul>\n<li>F\u00fcr echte <strong>Granitliebhaber<\/strong> bietet das Fremdenverkehrsamt des Sidobre das \u201eCarnet de Sidobre\u201c an, ein Entdeckungsheft, mit dem Sie selbst zum Steinsucher werden.<\/li>\n<li><strong>Saint-Pierre-de-Trivisy<\/strong> ist ein Dorf 45 Minuten von Albi und 1 Stunde von Cahuzac-sur-V\u00e8re entfernt. Besichtigen Sie die Kirche Notre-Dame-de-Tornadous und bewundern Sie die \u00fcber 200 Jahre alte Zeder direkt daneben.<\/li>\n<li>F\u00fcr Sportliche gibt es den <strong>Aventure Parc<\/strong>, einen Hochseilgarten in den B\u00e4umen.<\/li>\n<\/ul>\n<p><em style=\"font-size: 13px;\">Foto \u00a9Villard Marc<\/em><\/p>\n<p>[\/et_pb_text][\/et_pb_column][\/et_pb_row][et_pb_row column_structure=&#8220;1_2,1_2&#8243; use_custom_gutter=&#8220;on&#8220; make_equal=&#8220;on&#8220; _builder_version=&#8220;4.19.1&#8243; custom_margin=&#8220;50px||||false|false&#8220; custom_padding=&#8220;0px||0px||false|false&#8220; animation_style=&#8220;slide&#8220; animation_direction=&#8220;right&#8220; animation_intensity_slide=&#8220;10%&#8220; global_colors_info=&#8220;{}&#8220;][et_pb_column type=&#8220;1_2&#8243; _builder_version=&#8220;4.16&#8243; custom_padding=&#8220;|||&#8220; global_colors_info=&#8220;{}&#8220; custom_padding__hover=&#8220;|||&#8220;][et_pb_text _builder_version=&#8220;4.27.4&#8243; text_font=&#8220;Quicksand|||on|||||&#8220; text_font_size=&#8220;16px&#8220; text_line_height=&#8220;2em&#8220; header_font=&#8220;||||||||&#8220; header_text_color=&#8220;#83BE40&#8243; header_2_font=&#8220;|700||on|||||&#8220; header_2_text_color=&#8220;#000000&#8243; header_2_font_size=&#8220;30px&#8220; header_2_line_height=&#8220;1.2em&#8220; header_6_font=&#8220;Raleway|700||on|||||&#8220; header_6_font_size=&#8220;16px&#8220; header_6_letter_spacing=&#8220;5px&#8220; header_6_line_height=&#8220;1.8em&#8220; text_orientation=&#8220;center&#8220; max_width_last_edited=&#8220;off|desktop&#8220; module_alignment=&#8220;center&#8220; custom_margin=&#8220;||0px||false|false&#8220; custom_padding=&#8220;||0px||false|false&#8220; header_2_font_size_tablet=&#8220;25px&#8220; header_2_font_size_phone=&#8220;18px&#8220; header_2_font_size_last_edited=&#8220;on|phone&#8220; global_colors_info=&#8220;{}&#8220;]<\/p>\n<h2 style=\"text-align: left;\">UNSERE<br \/><span style=\"font-weight: 400;\">EMPFEHLUNGEN F\u00dcR SIE<\/span><\/h2>\n<p>[\/et_pb_text][et_pb_divider color=&#8220;#B22B88&#8243; divider_position=&#8220;center&#8220; divider_weight=&#8220;3px&#8220; _builder_version=&#8220;4.19.1&#8243; _module_preset=&#8220;default&#8220; width=&#8220;150px&#8220; width_tablet=&#8220;100px&#8220; width_phone=&#8220;50px&#8220; width_last_edited=&#8220;on|phone&#8220; module_alignment=&#8220;left&#8220; custom_margin=&#8220;||20px||false|false&#8220; custom_padding=&#8220;||0px||false|false&#8220; global_colors_info=&#8220;{}&#8220;][\/et_pb_divider][et_pb_text admin_label=&#8220;Discover Beatuty Text&#8220; _builder_version=&#8220;4.27.4&#8243; text_font=&#8220;||||||||&#8220; text_font_size=&#8220;16px&#8220; text_line_height=&#8220;1.9em&#8220; header_3_text_color=&#8220;#B22B88&#8243; header_4_font=&#8220;|||on|||||&#8220; header_4_text_color=&#8220;#B22B88&#8243; custom_margin=&#8220;||20px||false|false&#8220; custom_padding=&#8220;||0px||false|false&#8220; animation_direction=&#8220;top&#8220; global_colors_info=&#8220;{}&#8220; link_text_color__hover_enabled=&#8220;on|hover&#8220; link_text_color__hover=&#8220;#83BE40&#8243;]<\/p>\n<p>Weitere Aktivit\u00e4ten bei Ihrem Besuch im Sidobre:<\/p>\n<ul>\n<li>Zur Entspannung empfehlen wir den <strong>Garten von Clauzel<\/strong> aus dem 19. Jahrhundert.<\/li>\n<li>Tierfreunde sollten den <strong>Zoo der 3 T\u00e4ler<\/strong> in Montredon-Labessonni\u00e9 besuchen, einem Dorf 55 Minuten vom Campingplatz Le Soleil des Bastides und Cahuzac-sur-V\u00e8re und 40 Minuten von Albi entfernt. Der Zoo umfasst 58 Hektar mit \u00fcber 1200 Tieren. Die Besichtigung zu Fu\u00df dauert etwa 4 Stunden, es sind aber auch Fahrten mit Pferdekutsche oder Golfwagen m\u00f6glich.<\/li>\n<\/ul>\n<p>[\/et_pb_text][\/et_pb_column][et_pb_column type=&#8220;1_2&#8243; _builder_version=&#8220;4.19.1&#8243; background_image=&#8220;https:\/\/camping-le-soleil-des-bastides.fr\/wp-content\/uploads\/2023\/01\/Tigre-blanc-au-zoo-des-3-vallees-.webp&#8220; custom_padding=&#8220;|||&#8220; global_colors_info=&#8220;{}&#8220; custom_padding__hover=&#8220;|||&#8220;][et_pb_text _builder_version=&#8220;4.19.1&#8243; _module_preset=&#8220;default&#8220; height_tablet=&#8220;400px&#8220; height_phone=&#8220;250px&#8220; height_last_edited=&#8220;on|phone&#8220; global_colors_info=&#8220;{}&#8220;][\/et_pb_text][\/et_pb_column][\/et_pb_row][\/et_pb_section]<\/p>\n","protected":false},"excerpt":{"rendered":"<p>DEN SIDOBRE BESUCHEN VOM CAMPINGPLATZ AUSFoto \u00a9Fran\u00e7ois CollardDER SIDOBRE, ZWISCHEN GRANIT UND GESCHICHTE,SPAZIERGANG DIREKT VOM CAMPINGPLATZ AUSDer Sidobre ist eine Gebirgsregion im D\u00e9partement Tarn. Er liegt im S\u00fcden des Zentralmassivs \u00f6stlich von Castres. Bekannt ist die Region f\u00fcr ihre Granitvorkommen. Auf kleinen Stra\u00dfen und Wanderwegen lassen sich au\u00dfergew\u00f6hnliche Granitformationen entdecken. Aber auch die D\u00f6rfer der [&hellip;]<\/p>\n","protected":false},"author":1,"featured_media":0,"parent":5953,"menu_order":0,"comment_status":"closed","ping_status":"closed","template":"","meta":{"_et_pb_use_builder":"on","_et_pb_old_content":"","_et_gb_content_width":"","footnotes":""},"class_list":["post-6114","page","type-page","status-publish","hentry"],"yoast_head":"<!-- This site is optimized with the Yoast SEO plugin v27.3 - https:\/\/yoast.com\/product\/yoast-seo-wordpress\/ -->\n<title>Der Sidobre: Felsen und typische D\u00f6rfer, ideal f\u00fcr die Erkundung des Massivs.<\/title>\n<meta name=\"description\" content=\"Entdecken Sie unsere Region: Besuchen Sie den Sidobre, ein wundersch\u00f6ner Ort in der N\u00e4he des Campingplatzes Tarn Le Soleil des Bastides.\" \/>\n<meta name=\"robots\" content=\"index, follow, max-snippet:-1, max-image-preview:large, max-video-preview:-1\" \/>\n<link rel=\"canonical\" href=\"https:\/\/camping-le-soleil-des-bastides.fr\/de\/notre-region\/le-sidobre\/\" \/>\n<meta property=\"og:locale\" content=\"de_DE\" \/>\n<meta property=\"og:type\" content=\"article\" \/>\n<meta property=\"og:title\" content=\"Der Sidobre: Felsen und typische D\u00f6rfer, ideal f\u00fcr die Erkundung des Massivs.\" \/>\n<meta property=\"og:description\" content=\"Entdecken Sie unsere Region: Besuchen Sie den Sidobre, ein wundersch\u00f6ner Ort in der N\u00e4he des Campingplatzes Tarn Le Soleil des Bastides.\" \/>\n<meta property=\"og:url\" content=\"https:\/\/camping-le-soleil-des-bastides.fr\/de\/notre-region\/le-sidobre\/\" \/>\n<meta property=\"og:site_name\" content=\"Camping Le Soleil Des Bastides\" \/>\n<meta property=\"article:publisher\" content=\"https:\/\/www.facebook.com\/LeSoleilDesBastides\/\" \/>\n<meta property=\"article:modified_time\" content=\"2025-06-17T08:36:40+00:00\" \/>\n<meta name=\"twitter:card\" content=\"summary_large_image\" \/>\n<meta name=\"twitter:label1\" content=\"Gesch\u00e4tzte Lesezeit\" \/>\n\t<meta name=\"twitter:data1\" content=\"3\u00a0Minuten\" \/>\n<script type=\"application\/ld+json\" class=\"yoast-schema-graph\">{\"@context\":\"https:\\\/\\\/schema.org\",\"@graph\":[{\"@type\":\"WebPage\",\"@id\":\"https:\\\/\\\/camping-le-soleil-des-bastides.fr\\\/de\\\/notre-region\\\/le-sidobre\\\/\",\"url\":\"https:\\\/\\\/camping-le-soleil-des-bastides.fr\\\/de\\\/notre-region\\\/le-sidobre\\\/\",\"name\":\"Der Sidobre: Felsen und typische D\u00f6rfer, ideal f\u00fcr die Erkundung des Massivs.\",\"isPartOf\":{\"@id\":\"https:\\\/\\\/camping-le-soleil-des-bastides.fr\\\/de\\\/#website\"},\"datePublished\":\"2023-01-19T10:49:28+00:00\",\"dateModified\":\"2025-06-17T08:36:40+00:00\",\"description\":\"Entdecken Sie unsere Region: Besuchen Sie den Sidobre, ein wundersch\u00f6ner Ort in der N\u00e4he des Campingplatzes Tarn Le Soleil des Bastides.\",\"breadcrumb\":{\"@id\":\"https:\\\/\\\/camping-le-soleil-des-bastides.fr\\\/de\\\/notre-region\\\/le-sidobre\\\/#breadcrumb\"},\"inLanguage\":\"de\",\"potentialAction\":[{\"@type\":\"ReadAction\",\"target\":[\"https:\\\/\\\/camping-le-soleil-des-bastides.fr\\\/de\\\/notre-region\\\/le-sidobre\\\/\"]}]},{\"@type\":\"BreadcrumbList\",\"@id\":\"https:\\\/\\\/camping-le-soleil-des-bastides.fr\\\/de\\\/notre-region\\\/le-sidobre\\\/#breadcrumb\",\"itemListElement\":[{\"@type\":\"ListItem\",\"position\":1,\"name\":\"Camping Tarn\",\"item\":\"https:\\\/\\\/camping-le-soleil-des-bastides.fr\\\/de\\\/\"},{\"@type\":\"ListItem\",\"position\":2,\"name\":\"Der Tarn\",\"item\":\"https:\\\/\\\/camping-le-soleil-des-bastides.fr\\\/de\\\/notre-region\\\/\"},{\"@type\":\"ListItem\",\"position\":3,\"name\":\"Den Sidobre besuchen\"}]},{\"@type\":\"WebSite\",\"@id\":\"https:\\\/\\\/camping-le-soleil-des-bastides.fr\\\/de\\\/#website\",\"url\":\"https:\\\/\\\/camping-le-soleil-des-bastides.fr\\\/de\\\/\",\"name\":\"Camping Le Soleil Des Bastides\",\"description\":\"Un camping calme, ombrag\u00e9 au coeur des bastides tarnaises\",\"potentialAction\":[{\"@type\":\"SearchAction\",\"target\":{\"@type\":\"EntryPoint\",\"urlTemplate\":\"https:\\\/\\\/camping-le-soleil-des-bastides.fr\\\/de\\\/?s={search_term_string}\"},\"query-input\":{\"@type\":\"PropertyValueSpecification\",\"valueRequired\":true,\"valueName\":\"search_term_string\"}}],\"inLanguage\":\"de\"}]}<\/script>\n<!-- \/ Yoast SEO plugin. -->","yoast_head_json":{"title":"Der Sidobre: Felsen und typische D\u00f6rfer, ideal f\u00fcr die Erkundung des Massivs.","description":"Entdecken Sie unsere Region: Besuchen Sie den Sidobre, ein wundersch\u00f6ner Ort in der N\u00e4he des Campingplatzes Tarn Le Soleil des Bastides.","robots":{"index":"index","follow":"follow","max-snippet":"max-snippet:-1","max-image-preview":"max-image-preview:large","max-video-preview":"max-video-preview:-1"},"canonical":"https:\/\/camping-le-soleil-des-bastides.fr\/de\/notre-region\/le-sidobre\/","og_locale":"de_DE","og_type":"article","og_title":"Der Sidobre: Felsen und typische D\u00f6rfer, ideal f\u00fcr die Erkundung des Massivs.","og_description":"Entdecken Sie unsere Region: Besuchen Sie den Sidobre, ein wundersch\u00f6ner Ort in der N\u00e4he des Campingplatzes Tarn Le Soleil des Bastides.","og_url":"https:\/\/camping-le-soleil-des-bastides.fr\/de\/notre-region\/le-sidobre\/","og_site_name":"Camping Le Soleil Des Bastides","article_publisher":"https:\/\/www.facebook.com\/LeSoleilDesBastides\/","article_modified_time":"2025-06-17T08:36:40+00:00","twitter_card":"summary_large_image","twitter_misc":{"Gesch\u00e4tzte Lesezeit":"3\u00a0Minuten"},"schema":{"@context":"https:\/\/schema.org","@graph":[{"@type":"WebPage","@id":"https:\/\/camping-le-soleil-des-bastides.fr\/de\/notre-region\/le-sidobre\/","url":"https:\/\/camping-le-soleil-des-bastides.fr\/de\/notre-region\/le-sidobre\/","name":"Der Sidobre: Felsen und typische D\u00f6rfer, ideal f\u00fcr die Erkundung des Massivs.","isPartOf":{"@id":"https:\/\/camping-le-soleil-des-bastides.fr\/de\/#website"},"datePublished":"2023-01-19T10:49:28+00:00","dateModified":"2025-06-17T08:36:40+00:00","description":"Entdecken Sie unsere Region: Besuchen Sie den Sidobre, ein wundersch\u00f6ner Ort in der N\u00e4he des Campingplatzes Tarn Le Soleil des Bastides.","breadcrumb":{"@id":"https:\/\/camping-le-soleil-des-bastides.fr\/de\/notre-region\/le-sidobre\/#breadcrumb"},"inLanguage":"de","potentialAction":[{"@type":"ReadAction","target":["https:\/\/camping-le-soleil-des-bastides.fr\/de\/notre-region\/le-sidobre\/"]}]},{"@type":"BreadcrumbList","@id":"https:\/\/camping-le-soleil-des-bastides.fr\/de\/notre-region\/le-sidobre\/#breadcrumb","itemListElement":[{"@type":"ListItem","position":1,"name":"Camping Tarn","item":"https:\/\/camping-le-soleil-des-bastides.fr\/de\/"},{"@type":"ListItem","position":2,"name":"Der Tarn","item":"https:\/\/camping-le-soleil-des-bastides.fr\/de\/notre-region\/"},{"@type":"ListItem","position":3,"name":"Den Sidobre besuchen"}]},{"@type":"WebSite","@id":"https:\/\/camping-le-soleil-des-bastides.fr\/de\/#website","url":"https:\/\/camping-le-soleil-des-bastides.fr\/de\/","name":"Camping Le Soleil Des Bastides","description":"Un camping calme, ombrag\u00e9 au coeur des bastides tarnaises","potentialAction":[{"@type":"SearchAction","target":{"@type":"EntryPoint","urlTemplate":"https:\/\/camping-le-soleil-des-bastides.fr\/de\/?s={search_term_string}"},"query-input":{"@type":"PropertyValueSpecification","valueRequired":true,"valueName":"search_term_string"}}],"inLanguage":"de"}]}},"_links":{"self":[{"href":"https:\/\/camping-le-soleil-des-bastides.fr\/de\/wp-json\/wp\/v2\/pages\/6114","targetHints":{"allow":["GET"]}}],"collection":[{"href":"https:\/\/camping-le-soleil-des-bastides.fr\/de\/wp-json\/wp\/v2\/pages"}],"about":[{"href":"https:\/\/camping-le-soleil-des-bastides.fr\/de\/wp-json\/wp\/v2\/types\/page"}],"author":[{"embeddable":true,"href":"https:\/\/camping-le-soleil-des-bastides.fr\/de\/wp-json\/wp\/v2\/users\/1"}],"replies":[{"embeddable":true,"href":"https:\/\/camping-le-soleil-des-bastides.fr\/de\/wp-json\/wp\/v2\/comments?post=6114"}],"version-history":[{"count":0,"href":"https:\/\/camping-le-soleil-des-bastides.fr\/de\/wp-json\/wp\/v2\/pages\/6114\/revisions"}],"up":[{"embeddable":true,"href":"https:\/\/camping-le-soleil-des-bastides.fr\/de\/wp-json\/wp\/v2\/pages\/5953"}],"wp:attachment":[{"href":"https:\/\/camping-le-soleil-des-bastides.fr\/de\/wp-json\/wp\/v2\/media?parent=6114"}],"curies":[{"name":"wp","href":"https:\/\/api.w.org\/{rel}","templated":true}]}}