{"id":5953,"date":"2023-01-19T14:50:12","date_gmt":"2023-01-19T13:50:12","guid":{"rendered":"https:\/\/camping-le-soleil-des-bastides.fr\/notre-region\/"},"modified":"2025-06-16T09:18:01","modified_gmt":"2025-06-16T07:18:01","slug":"notre-region","status":"publish","type":"page","link":"https:\/\/camping-le-soleil-des-bastides.fr\/de\/notre-region\/","title":{"rendered":"Unsere Region"},"content":{"rendered":"<p>[et_pb_section fb_built=&#8220;1&#8243; admin_label=&#8220;Header&#8220; _builder_version=&#8220;4.19.1&#8243; use_background_color_gradient=&#8220;on&#8220; background_color_gradient_type=&#8220;circular&#8220; background_color_gradient_direction_radial=&#8220;top left&#8220; background_color_gradient_stops=&#8220;rgba(51,51,51,0.8) 0%|rgba(51,51,51,0.1) 100%&#8220; background_color_gradient_overlays_image=&#8220;on&#8220; background_color_gradient_start=&#8220;rgba(255,255,255,0.89)&#8220; background_color_gradient_start_position=&#8220;30%&#8220; background_color_gradient_end=&#8220;rgba(255,255,255,0)&#8220; background_color_gradient_end_position=&#8220;80%&#8220; background_image=&#8220;https:\/\/camping-le-soleil-des-bastides.fr\/wp-content\/uploads\/2023\/01\/Tarn.webp&#8220; custom_margin=&#8220;|||&#8220; custom_padding=&#8220;2vw||2vw||true|false&#8220; global_colors_info=&#8220;{}&#8220;][et_pb_row _builder_version=&#8220;4.16&#8243; global_colors_info=&#8220;{}&#8220;][et_pb_column type=&#8220;4_4&#8243; _builder_version=&#8220;4.16&#8243; custom_padding=&#8220;|||&#8220; global_colors_info=&#8220;{}&#8220; custom_padding__hover=&#8220;|||&#8220;][et_pb_text _builder_version=&#8220;4.27.4&#8243; text_font=&#8220;||||||||&#8220; header_font=&#8220;|700|||||||&#8220; header_text_color=&#8220;#83BE40&#8243; header_font_size=&#8220;50px&#8220; header_line_height=&#8220;1.2em&#8220; header_5_font=&#8220;Quicksand|700||on|||||&#8220; header_5_text_color=&#8220;#FFFFFF&#8220; header_5_font_size=&#8220;20px&#8220; header_5_letter_spacing=&#8220;0.5em&#8220; custom_margin=&#8220;||0px||false|false&#8220; custom_padding=&#8220;||0px||false|false&#8220; hover_enabled=&#8220;0&#8243; header_font_size_tablet=&#8220;35px&#8220; header_font_size_phone=&#8220;25px&#8220; header_font_size_last_edited=&#8220;on|phone&#8220; header_5_font_size_tablet=&#8220;14px&#8220; header_5_font_size_phone=&#8220;12px&#8220; header_5_font_size_last_edited=&#8220;on|desktop&#8220; header_text_shadow_style=&#8220;preset3&#8243; header_text_shadow_color=&#8220;rgba(51,51,51,0.4)&#8220; header_5_text_shadow_style=&#8220;preset3&#8243; global_colors_info=&#8220;{}&#8220; sticky_enabled=&#8220;0&#8243;]<\/p>\n<h1>DER TARN<\/h1>\n<p>[\/et_pb_text][et_pb_text _builder_version=&#8220;4.27.4&#8243; text_font=&#8220;||||||||&#8220; text_text_color=&#8220;#FFFFFF&#8220; text_font_size=&#8220;26px&#8220; header_font=&#8220;|700|||||||&#8220; header_text_color=&#8220;#83BE40&#8243; header_font_size=&#8220;50px&#8220; header_line_height=&#8220;1.2em&#8220; header_5_font=&#8220;Quicksand|700||on|||||&#8220; header_5_text_color=&#8220;#FFFFFF&#8220; header_5_font_size=&#8220;20px&#8220; header_5_letter_spacing=&#8220;0.5em&#8220; custom_margin=&#8220;||0px||false|false&#8220; custom_padding=&#8220;||0px||false|false&#8220; hover_enabled=&#8220;0&#8243; header_font_size_tablet=&#8220;35px&#8220; header_font_size_phone=&#8220;25px&#8220; header_font_size_last_edited=&#8220;on|phone&#8220; header_5_font_size_tablet=&#8220;14px&#8220; header_5_font_size_phone=&#8220;12px&#8220; header_5_font_size_last_edited=&#8220;on|desktop&#8220; header_text_shadow_style=&#8220;preset3&#8243; header_text_shadow_color=&#8220;rgba(51,51,51,0.4)&#8220; header_5_text_shadow_style=&#8220;preset3&#8243; global_colors_info=&#8220;{}&#8220; sticky_enabled=&#8220;0&#8243;]<\/p>\n<p>ZU ENTDECKEN W\u00c4HREND IHRES URLAUBS IN OKZITANIEN<\/p>\n<p>[\/et_pb_text][et_pb_text admin_label=&#8220;Discover Beatuty Text&#8220; _builder_version=&#8220;4.27.4&#8243; text_font=&#8220;||||||||&#8220; text_text_color=&#8220;#FFFFFF&#8220; text_font_size=&#8220;16px&#8220; text_line_height=&#8220;1.9em&#8220; header_3_text_color=&#8220;#B22B88&#8243; header_4_font=&#8220;|||on|||||&#8220; header_4_text_color=&#8220;#B22B88&#8243; text_orientation=&#8220;right&#8220; custom_margin=&#8220;0px||0px||true|false&#8220; custom_padding=&#8220;0px||0px||false|false&#8220; animation_direction=&#8220;top&#8220; hover_enabled=&#8220;0&#8243; global_colors_info=&#8220;{}&#8220; link_text_color__hover_enabled=&#8220;on|hover&#8220; link_text_color__hover=&#8220;#83BE40&#8243; sticky_enabled=&#8220;0&#8243;]<em style=\"font-size: 13px;\">Foto \u00a9Myrabella<\/em>[\/et_pb_text][\/et_pb_column][\/et_pb_row][\/et_pb_section][et_pb_section fb_built=&#8220;1&#8243; _builder_version=&#8220;4.19.1&#8243; background_color=&#8220;#E8E2D8&#8243; custom_padding=&#8220;50px||30px||false|false&#8220; animation_direction=&#8220;right&#8220; global_colors_info=&#8220;{}&#8220;][et_pb_row use_custom_gutter=&#8220;on&#8220; make_equal=&#8220;on&#8220; _builder_version=&#8220;4.19.1&#8243; min_height=&#8220;156px&#8220; custom_padding=&#8220;0px||0px||false|false&#8220; animation_style=&#8220;slide&#8220; animation_direction=&#8220;left&#8220; animation_intensity_slide=&#8220;10%&#8220; global_colors_info=&#8220;{}&#8220;][et_pb_column type=&#8220;4_4&#8243; _builder_version=&#8220;4.16&#8243; custom_padding=&#8220;|||&#8220; global_colors_info=&#8220;{}&#8220; custom_padding__hover=&#8220;|||&#8220;][et_pb_text admin_label=&#8220;Discover Beatuty Text&#8220; _builder_version=&#8220;4.27.4&#8243; text_font=&#8220;||||||||&#8220; text_font_size=&#8220;16px&#8220; text_line_height=&#8220;1.9em&#8220; header_3_text_color=&#8220;#B22B88&#8243; header_4_font=&#8220;|||on|||||&#8220; header_4_text_color=&#8220;#B22B88&#8243; custom_margin=&#8220;||20px||false|false&#8220; custom_padding=&#8220;||0px||false|false&#8220; animation_direction=&#8220;top&#8220; hover_enabled=&#8220;0&#8243; global_colors_info=&#8220;{}&#8220; link_text_color__hover_enabled=&#8220;on|hover&#8220; link_text_color__hover=&#8220;#83BE40&#8243; sticky_enabled=&#8220;0&#8243;]<\/p>\n<p>Im Herzen der neuen <strong>Region Okzitanien<\/strong> gelegen, besticht der Tarn durch seine Vielfalt und authentische Regionalit\u00e4t. Ein Aufenthalt auf unserem <a href=\"\/de\/\">Campingplatz im Tarn<\/a>, Le Soleil des Bastides, bringt Sie ins Zentrum des D\u00e9partements 81 \u2013 einer au\u00dfergew\u00f6hnlichen Region. Entdecken Sie visuelle, geschichtliche und kulinarische Sch\u00e4tze wie den rosa Knoblauch aus Lautrec, die Weine aus Gaillac oder die Wurstwaren aus der Montagne Noire. <strong>Urlaub im Tarn<\/strong> bedeutet, die Lebensfreude und Gastfreundschaft der Einheimischen zu erleben, durch h\u00fcgelige Landschaften zu fahren, Bastiden zu erkunden oder an Fl\u00fcssen und Seen zu entspannen \u2013 zur Freude der Kinder!<\/p>\n<p>Entdecken Sie den Tarn von unserem Campingplatz aus.<\/p>\n<p>[\/et_pb_text][\/et_pb_column][\/et_pb_row][\/et_pb_section][et_pb_section fb_built=&#8220;1&#8243; _builder_version=&#8220;4.25.1&#8243; _module_preset=&#8220;default&#8220; global_colors_info=&#8220;{}&#8220;][et_pb_row column_structure=&#8220;1_2,1_2&#8243; _builder_version=&#8220;4.27.4&#8243; _module_preset=&#8220;default&#8220; background_enable_image=&#8220;off&#8220; background_size=&#8220;initial&#8220; background_position=&#8220;center_right&#8220; global_colors_info=&#8220;{}&#8220;][et_pb_column type=&#8220;1_2&#8243; _builder_version=&#8220;4.25.1&#8243; _module_preset=&#8220;default&#8220; global_colors_info=&#8220;{}&#8220;][et_pb_text _builder_version=&#8220;4.27.4&#8243; _module_preset=&#8220;default&#8220; text_font=&#8220;||||||||&#8220; text_font_size=&#8220;16px&#8220; text_line_height=&#8220;1.9em&#8220; header_3_text_color=&#8220;#B22B88&#8243; header_4_font=&#8220;|||on|||||&#8220; header_4_text_color=&#8220;#B22B88&#8243; custom_margin=&#8220;||20px||false|false&#8220; custom_padding=&#8220;||0px||false|false&#8220; hover_enabled=&#8220;0&#8243; global_colors_info=&#8220;{}&#8220; link_text_color__hover=&#8220;#83BE40&#8243; link_text_color__hover_enabled=&#8220;on|hover&#8220; sticky_enabled=&#8220;0&#8243;]<\/p>\n<h2>Geschichte der Region Tarn<\/h2>\n<p><strong>Der Tarn<\/strong>, im S\u00fcdwesten Frankreichs in der Region Okzitanien gelegen, ist ein <strong>D\u00e9partement reich an Geschichte und Kulturerbe<\/strong>. Seinen Namen verdankt er <strong>dem Fluss Tarn<\/strong>, der ihn durchquert.<\/p>\n<p>Spuren menschlicher Besiedlung reichen <strong>bis in die Vorgeschichte<\/strong> zur\u00fcck, mit Funden aus der Jungsteinzeit. In der Antike geh\u00f6rte der Tarn zur r\u00f6mischen Provinz Gallia Narbonensis. Im Mittelalter war die Region Schauplatz der Religionskriege, insbesondere des <strong>katharischen Aufstands<\/strong>.<\/p>\n<p><strong>Der Tarn<\/strong> ist auch bekannt f\u00fcr seine <strong>Bastiden<\/strong>, befestigte St\u00e4dte aus dem 13. und 14. Jahrhundert. \u00dcber die Jahrhunderte entwickelte sich das D\u00e9partement durch <strong>die Textilindustrie<\/strong>, vor allem durch die Produktion von F\u00e4rberwaid.<\/p>\n<h2>Geologie und Landschaften im Tarn<\/h2>\n<p><strong>Der Tarn<\/strong> bietet eine <strong>einzigartige geologische Vielfalt<\/strong>, von den Bergen des Zentralmassivs bis hin zu fruchtbaren Ebenen. Die Region ist gepr\u00e4gt von sanften H\u00fcgeln, dichten W\u00e4ldern und gewundenen Fl\u00fcssen. Die <strong>Kalksteinplateaus des Causse de Quercy<\/strong> und die Montagne Noire verleihen der Region zus\u00e4tzlichen Reiz. Die Landschaften des Tarn werden auch durch die Felsformationen der <strong>Gorges du Tarn<\/strong> gepr\u00e4gt, die durch Flusserosion entstanden sind und spektakul\u00e4re Ausblicke bieten.<\/p>\n<p>[\/et_pb_text][\/et_pb_column][et_pb_column type=&#8220;1_2&#8243; _builder_version=&#8220;4.27.4&#8243; _module_preset=&#8220;default&#8220; background_enable_image=&#8220;off&#8220; global_colors_info=&#8220;{}&#8220;][et_pb_image src=&#8220;https:\/\/camping-le-soleil-des-bastides.fr\/wp-content\/uploads\/2023\/01\/Gorges-du-Tarn1.webp&#8220; alt=&#8220;Tarnschlucht&#8220; title_text=&#8220;Gorges du Tarn1&#8243; _builder_version=&#8220;4.27.4&#8243; _module_preset=&#8220;default&#8220; background_color=&#8220;RGBA(255,255,255,0)&#8220; hover_enabled=&#8220;0&#8243; global_colors_info=&#8220;{}&#8220; sticky_enabled=&#8220;0&#8243;][\/et_pb_image][\/et_pb_column][\/et_pb_row][\/et_pb_section][et_pb_section fb_built=&#8220;1&#8243; _builder_version=&#8220;4.25.1&#8243; _module_preset=&#8220;default&#8220; global_colors_info=&#8220;{}&#8220;][et_pb_row column_structure=&#8220;1_2,1_2&#8243; _builder_version=&#8220;4.25.1&#8243; _module_preset=&#8220;default&#8220; background_enable_image=&#8220;off&#8220; background_size=&#8220;initial&#8220; background_position=&#8220;center_right&#8220; module_alignment=&#8220;center&#8220; global_colors_info=&#8220;{}&#8220;][et_pb_column type=&#8220;1_2&#8243; _builder_version=&#8220;4.25.1&#8243; _module_preset=&#8220;default&#8220; background_enable_image=&#8220;off&#8220; global_colors_info=&#8220;{}&#8220;][et_pb_image src=&#8220;https:\/\/camping-le-soleil-des-bastides.fr\/wp-content\/uploads\/2023\/11\/Albi_-_balade_au_bord_du_Tarn-CASSIAU_Gregory-blog.jpg&#8220; title_text=&#8220;Albi_-_balade_au_bord_du_Tarn-CASSIAU_Gregory-blog&#8220; _builder_version=&#8220;4.25.1&#8243; _module_preset=&#8220;default&#8220; width=&#8220;100%&#8220; hover_enabled=&#8220;0&#8243; global_colors_info=&#8220;{}&#8220; sticky_enabled=&#8220;0&#8243;][\/et_pb_image][\/et_pb_column][et_pb_column type=&#8220;1_2&#8243; _builder_version=&#8220;4.25.1&#8243; _module_preset=&#8220;default&#8220; global_colors_info=&#8220;{}&#8220;][et_pb_text _builder_version=&#8220;4.27.4&#8243; _module_preset=&#8220;default&#8220; text_font=&#8220;||||||||&#8220; text_font_size=&#8220;16px&#8220; text_line_height=&#8220;1.9em&#8220; header_3_text_color=&#8220;#B22B88&#8243; header_4_font=&#8220;|||on|||||&#8220; header_4_text_color=&#8220;#B22B88&#8243; custom_margin=&#8220;||20px||false|false&#8220; custom_padding=&#8220;||0px||false|false&#8220; hover_enabled=&#8220;0&#8243; global_colors_info=&#8220;{}&#8220; link_text_color__hover=&#8220;#83BE40&#8243; link_text_color__hover_enabled=&#8220;on|hover&#8220; sticky_enabled=&#8220;0&#8243;]<\/p>\n<h2>Die wichtigsten St\u00e4dte im Tarn<\/h2>\n<p>\n<strong>Der Tourismus im Tarn<\/strong> konzentriert sich auf die St\u00e4dte Albi, Castres und Gaillac.\n<\/p>\n<p>\n<strong>Albi<\/strong>, die Hauptstadt des Tarn, beeindruckt mit der Kathedrale Sainte-C\u00e9cile und der Bischofsstadt \u2013 beide UNESCO-Weltkulturerbe \u2013 sowie dem Toulouse-Lautrec-Museum. <strong>Castres<\/strong> ist bekannt f\u00fcr seine H\u00e4user am Agout und das Goya-Museum mit der gr\u00f6\u00dften Sammlung spanischer Kunst au\u00dferhalb des Louvre. <strong>Gaillac<\/strong> ist ber\u00fchmt f\u00fcr seine Weine und besitzt viele historische Monumente und lebhafte, authentische M\u00e4rkte.\n<\/p>\n<p>[\/et_pb_text][\/et_pb_column][\/et_pb_row][\/et_pb_section][et_pb_section fb_built=&#8220;1&#8243; _builder_version=&#8220;4.19.1&#8243; background_color=&#8220;rgba(232,226,216,0.3)&#8220; custom_padding=&#8220;50px||50px||false|false&#8220; animation_direction=&#8220;right&#8220; global_colors_info=&#8220;{}&#8220;][et_pb_row column_structure=&#8220;1_4,1_4,1_4,1_4&#8243; use_custom_gutter=&#8220;on&#8220; gutter_width=&#8220;2&#8243; make_equal=&#8220;on&#8220; _builder_version=&#8220;4.25.1&#8243; _module_preset=&#8220;default&#8220; custom_padding=&#8220;0px||||false|false&#8220; global_colors_info=&#8220;{}&#8220;][et_pb_column type=&#8220;1_4&#8243; _builder_version=&#8220;4.25.1&#8243; _module_preset=&#8220;default&#8220; use_background_color_gradient=&#8220;on&#8220; background_color_gradient_stops=&#8220;rgba(0,0,0,0.3) 0%|rgba(0,0,0,0.3) 100%&#8220; background_color_gradient_overlays_image=&#8220;on&#8220; background_image=&#8220;https:\/\/camping-le-soleil-des-bastides.fr\/wp-content\/uploads\/2023\/01\/cahuzac-sur-vere1.webp&#8220; custom_padding=&#8220;100px|30px|100px|30px|true|true&#8220; link_option_url_new_window=&#8220;on&#8220; global_colors_info=&#8220;{}&#8220;][et_pb_text _builder_version=&#8220;4.27.4&#8243; _module_preset=&#8220;default&#8220; header_text_color=&#8220;#FFFFFF&#8220; header_2_text_color=&#8220;#FFFFFF&#8220; header_2_font_size=&#8220;16px&#8220; custom_padding=&#8220;||||true|false&#8220; link_option_url=&#8220;https:\/\/camping-le-soleil-des-bastides.fr\/notre-region\/&#8220; hover_enabled=&#8220;0&#8243; global_colors_info=&#8220;{}&#8220; sticky_enabled=&#8220;0&#8243;]<br \/>\n<a style=\"font-family: Syncopate; font-size: 16px; color:#FFFFFF; font-weight: 700; line-height: 1.5em;\" href=\"https:\/\/camping-le-soleil-des-bastides.fr\/de\/notre-region\/cahuzac-sur-vere\/\">Das Dorf Cahuzac-sur-V\u00e8re<\/a>[\/et_pb_text][\/et_pb_column][et_pb_column type=&#8220;1_4&#8243; _builder_version=&#8220;4.25.1&#8243; _module_preset=&#8220;default&#8220; use_background_color_gradient=&#8220;on&#8220; background_color_gradient_stops=&#8220;rgba(0,0,0,0.3) 0%|rgba(0,0,0,0.3) 100%&#8220; background_color_gradient_overlays_image=&#8220;on&#8220; background_image=&#8220;https:\/\/camping-le-soleil-des-bastides.fr\/wp-content\/uploads\/2022\/12\/albi-cite-episcopale.webp&#8220; custom_padding=&#8220;100px|30px|100px|30px|true|true&#8220; link_option_url_new_window=&#8220;on&#8220; global_colors_info=&#8220;{}&#8220;][et_pb_text _builder_version=&#8220;4.27.4&#8243; _module_preset=&#8220;default&#8220; header_text_color=&#8220;#FFFFFF&#8220; header_2_text_color=&#8220;#FFFFFF&#8220; header_2_font_size=&#8220;16px&#8220; custom_padding=&#8220;||||true|false&#8220; hover_enabled=&#8220;0&#8243; global_colors_info=&#8220;{}&#8220; sticky_enabled=&#8220;0&#8243;]<br \/>\n<a style=\"font-family: Syncopate; font-size: 16px; color:#FFFFFF; font-weight: 700; line-height: 1.5em;\" href=\"https:\/\/camping-le-soleil-des-bastides.fr\/de\/notre-region\/albi\/\">Albi<\/a>[\/et_pb_text][\/et_pb_column][et_pb_column type=&#8220;1_4&#8243; _builder_version=&#8220;4.25.1&#8243; _module_preset=&#8220;default&#8220; use_background_color_gradient=&#8220;on&#8220; background_color_gradient_stops=&#8220;rgba(0,0,0,0.3) 0%|rgba(0,0,0,0.3) 100%&#8220; background_color_gradient_overlays_image=&#8220;on&#8220; background_image=&#8220;https:\/\/camping-le-soleil-des-bastides.fr\/wp-content\/uploads\/2023\/01\/cordes-sur-ciel.webp&#8220; custom_padding=&#8220;100px|30px|100px|30px|true|true&#8220; link_option_url_new_window=&#8220;on&#8220; global_colors_info=&#8220;{}&#8220;][et_pb_text _builder_version=&#8220;4.27.4&#8243; _module_preset=&#8220;default&#8220; header_text_color=&#8220;#FFFFFF&#8220; header_2_text_color=&#8220;#FFFFFF&#8220; header_2_font_size=&#8220;16px&#8220; custom_padding=&#8220;||||true|false&#8220; hover_enabled=&#8220;0&#8243; global_colors_info=&#8220;{}&#8220; sticky_enabled=&#8220;0&#8243;]<br \/>\n<a style=\"font-family: Syncopate; font-size: 16px; color:#FFFFFF; font-weight: 700; line-height: 1.5em;\" href=\"https:\/\/camping-le-soleil-des-bastides.fr\/de\/notre-region\/cordes\/\">Cordes-sur-Ciel<\/a><br \/>\n[\/et_pb_text][\/et_pb_column][et_pb_column type=&#8220;1_4&#8243; _builder_version=&#8220;4.25.1&#8243; _module_preset=&#8220;default&#8220; use_background_color_gradient=&#8220;on&#8220; background_color_gradient_stops=&#8220;rgba(0,0,0,0.3) 0%|rgba(0,0,0,0.3) 100%&#8220; background_color_gradient_overlays_image=&#8220;on&#8220; background_image=&#8220;https:\/\/camping-le-soleil-des-bastides.fr\/wp-content\/uploads\/2023\/01\/gaillac.webp&#8220; custom_padding=&#8220;100px|30px|100px|30px|true|true&#8220; link_option_url_new_window=&#8220;on&#8220; global_colors_info=&#8220;{}&#8220;][et_pb_text _builder_version=&#8220;4.27.4&#8243; _module_preset=&#8220;default&#8220; header_text_color=&#8220;#FFFFFF&#8220; header_2_text_color=&#8220;#FFFFFF&#8220; header_2_font_size=&#8220;16px&#8220; custom_padding=&#8220;||||true|false&#8220; hover_enabled=&#8220;0&#8243; global_colors_info=&#8220;{}&#8220; sticky_enabled=&#8220;0&#8243;]<br \/>\n<a style=\"font-family: Syncopate; font-size: 16px; color:#FFFFFF; font-weight: 700; line-height: 1.5em;\" href=\"https:\/\/camping-le-soleil-des-bastides.fr\/de\/notre-region\/le-gaillacois\/\">Gaillac und Umgebung<\/a><br \/>\n[\/et_pb_text][\/et_pb_column][\/et_pb_row][et_pb_row column_structure=&#8220;1_4,1_4,1_4,1_4&#8243; use_custom_gutter=&#8220;on&#8220; gutter_width=&#8220;2&#8243; make_equal=&#8220;on&#8220; _builder_version=&#8220;4.25.1&#8243; _module_preset=&#8220;default&#8220; custom_padding=&#8220;0px||||false|false&#8220; global_colors_info=&#8220;{}&#8220;][et_pb_column type=&#8220;1_4&#8243; _builder_version=&#8220;4.25.1&#8243; _module_preset=&#8220;default&#8220; use_background_color_gradient=&#8220;on&#8220; background_color_gradient_stops=&#8220;rgba(0,0,0,0.3) 0%|rgba(0,0,0,0.3) 100%&#8220; background_color_gradient_overlays_image=&#8220;on&#8220; background_image=&#8220;https:\/\/camping-le-soleil-des-bastides.fr\/wp-content\/uploads\/2023\/01\/carcasonne1.webp&#8220; custom_padding=&#8220;100px|30px|100px|30px|true|true&#8220; link_option_url_new_window=&#8220;on&#8220; global_colors_info=&#8220;{}&#8220;][et_pb_text _builder_version=&#8220;4.27.4&#8243; _module_preset=&#8220;default&#8220; header_text_color=&#8220;#FFFFFF&#8220; header_2_text_color=&#8220;#FFFFFF&#8220; header_2_font_size=&#8220;16px&#8220; custom_padding=&#8220;||||true|false&#8220; link_option_url=&#8220;https:\/\/camping-le-soleil-des-bastides.fr\/notre-region\/&#8220; hover_enabled=&#8220;0&#8243; global_colors_info=&#8220;{}&#8220; sticky_enabled=&#8220;0&#8243;]<br \/>\n<a style=\"font-family: Syncopate; font-size: 16px; color:#FFFFFF; font-weight: 700; line-height: 1.5em;\" href=\"https:\/\/camping-le-soleil-des-bastides.fr\/de\/notre-region\/carcassonne\/\">Carcassonne<\/a>[\/et_pb_text][\/et_pb_column][et_pb_column type=&#8220;1_4&#8243; _builder_version=&#8220;4.25.1&#8243; _module_preset=&#8220;default&#8220; use_background_color_gradient=&#8220;on&#8220; background_color_gradient_stops=&#8220;rgba(0,0,0,0.3) 0%|rgba(0,0,0,0.3) 100%&#8220; background_color_gradient_overlays_image=&#8220;on&#8220; background_image=&#8220;https:\/\/camping-le-soleil-des-bastides.fr\/wp-content\/uploads\/2023\/01\/saint-antonin-de-noble-val.webp&#8220; custom_padding=&#8220;100px|30px|100px|30px|true|true&#8220; link_option_url_new_window=&#8220;on&#8220; global_colors_info=&#8220;{}&#8220;][et_pb_text _builder_version=&#8220;4.27.4&#8243; _module_preset=&#8220;default&#8220; header_text_color=&#8220;#FFFFFF&#8220; header_2_text_color=&#8220;#FFFFFF&#8220; header_2_font_size=&#8220;16px&#8220; custom_padding=&#8220;||||true|false&#8220; hover_enabled=&#8220;0&#8243; global_colors_info=&#8220;{}&#8220; sticky_enabled=&#8220;0&#8243;]<br \/>\n<a style=\"font-family: Syncopate; font-size: 16px; color:#FFFFFF; font-weight: 700; line-height: 1.5em;\" href=\"https:\/\/camping-le-soleil-des-bastides.fr\/de\/notre-region\/saint-antonin-noble-val\/\">Saint-Antonin-Noble-Val<\/a>[\/et_pb_text][\/et_pb_column][et_pb_column type=&#8220;1_4&#8243; _builder_version=&#8220;4.25.1&#8243; _module_preset=&#8220;default&#8220; use_background_color_gradient=&#8220;on&#8220; background_color_gradient_stops=&#8220;rgba(0,0,0,0.3) 0%|rgba(0,0,0,0.3) 100%&#8220; background_color_gradient_overlays_image=&#8220;on&#8220; background_image=&#8220;https:\/\/camping-le-soleil-des-bastides.fr\/wp-content\/uploads\/2023\/01\/Son-et-lumiere-ambialet.webp&#8220; custom_padding=&#8220;100px|30px|100px|30px|true|true&#8220; link_option_url_new_window=&#8220;on&#8220; global_colors_info=&#8220;{}&#8220;][et_pb_text _builder_version=&#8220;4.27.4&#8243; _module_preset=&#8220;default&#8220; header_text_color=&#8220;#FFFFFF&#8220; header_2_text_color=&#8220;#FFFFFF&#8220; header_2_font_size=&#8220;16px&#8220; custom_padding=&#8220;||||true|false&#8220; hover_enabled=&#8220;0&#8243; global_colors_info=&#8220;{}&#8220; sticky_enabled=&#8220;0&#8243;]<br \/>\n<a style=\"font-family: Syncopate; font-size: 16px; color:#FFFFFF; font-weight: 700; line-height: 1.5em;\" href=\"https:\/\/camping-le-soleil-des-bastides.fr\/de\/notre-region\/ambialet\/\">Ambialet<\/a>[\/et_pb_text][\/et_pb_column][et_pb_column type=&#8220;1_4&#8243; _builder_version=&#8220;4.25.1&#8243; _module_preset=&#8220;default&#8220; use_background_color_gradient=&#8220;on&#8220; background_color_gradient_stops=&#8220;rgba(0,0,0,0.3) 0%|rgba(0,0,0,0.3) 100%&#8220; background_color_gradient_overlays_image=&#8220;on&#8220; background_image=&#8220;https:\/\/camping-le-soleil-des-bastides.fr\/wp-content\/uploads\/2023\/01\/Castelnau-de-Montmiral.webp&#8220; custom_padding=&#8220;100px|30px|100px|30px|true|true&#8220; link_option_url_new_window=&#8220;on&#8220; global_colors_info=&#8220;{}&#8220;][et_pb_text _builder_version=&#8220;4.27.4&#8243; _module_preset=&#8220;default&#8220; header_text_color=&#8220;#FFFFFF&#8220; header_2_text_color=&#8220;#FFFFFF&#8220; header_2_font_size=&#8220;16px&#8220; custom_padding=&#8220;||||true|false&#8220; hover_enabled=&#8220;0&#8243; global_colors_info=&#8220;{}&#8220; sticky_enabled=&#8220;0&#8243;]<br \/>\n<a style=\"font-family: Syncopate; font-size: 16px; color:#FFFFFF; font-weight: 700; line-height: 1.5em;\" href=\"https:\/\/camping-le-soleil-des-bastides.fr\/de\/notre-region\/castelnau-de-montmiral\/\">Castelnau-de-Montmiral<\/a><br \/>\n[\/et_pb_text][\/et_pb_column][\/et_pb_row][et_pb_row column_structure=&#8220;1_4,1_4,1_4,1_4&#8243; use_custom_gutter=&#8220;on&#8220; gutter_width=&#8220;2&#8243; make_equal=&#8220;on&#8220; _builder_version=&#8220;4.25.1&#8243; _module_preset=&#8220;default&#8220; custom_padding=&#8220;0px||||false|false&#8220; global_colors_info=&#8220;{}&#8220;][et_pb_column type=&#8220;1_4&#8243; _builder_version=&#8220;4.25.1&#8243; _module_preset=&#8220;default&#8220; use_background_color_gradient=&#8220;on&#8220; background_color_gradient_stops=&#8220;rgba(0,0,0,0.3) 0%|rgba(0,0,0,0.3) 100%&#8220; background_color_gradient_overlays_image=&#8220;on&#8220; background_image=&#8220;https:\/\/camping-le-soleil-des-bastides.fr\/wp-content\/uploads\/2023\/01\/visiter-albi-camping-soleil-des-bastides-tarn.webp&#8220; custom_padding=&#8220;100px|30px|100px|30px|true|true&#8220; link_option_url_new_window=&#8220;on&#8220; global_colors_info=&#8220;{}&#8220;][et_pb_text _builder_version=&#8220;4.27.4&#8243; _module_preset=&#8220;default&#8220; header_text_color=&#8220;#FFFFFF&#8220; header_2_text_color=&#8220;#FFFFFF&#8220; header_2_font_size=&#8220;16px&#8220; custom_padding=&#8220;||||true|false&#8220; link_option_url=&#8220;https:\/\/camping-le-soleil-des-bastides.fr\/notre-region\/&#8220; hover_enabled=&#8220;0&#8243; global_colors_info=&#8220;{}&#8220; sticky_enabled=&#8220;0&#8243;]<br \/>\n<a style=\"font-family: Syncopate; font-size: 16px; color:#FFFFFF; font-weight: 700; line-height: 1.5em;\" href=\"https:\/\/camping-le-soleil-des-bastides.fr\/de\/notre-region\/les-bastides\/\">Die Bastiden<\/a>[\/et_pb_text][\/et_pb_column][et_pb_column type=&#8220;1_4&#8243; _builder_version=&#8220;4.25.1&#8243; _module_preset=&#8220;default&#8220; use_background_color_gradient=&#8220;on&#8220; background_color_gradient_stops=&#8220;rgba(0,0,0,0.3) 0%|rgba(0,0,0,0.3) 100%&#8220; background_color_gradient_overlays_image=&#8220;on&#8220; background_image=&#8220;https:\/\/camping-le-soleil-des-bastides.fr\/wp-content\/uploads\/2023\/01\/Gorges-du-Tarn1.webp&#8220; custom_padding=&#8220;100px|30px|100px|30px|true|true&#8220; link_option_url_new_window=&#8220;on&#8220; global_colors_info=&#8220;{}&#8220;][et_pb_text _builder_version=&#8220;4.27.4&#8243; _module_preset=&#8220;default&#8220; header_text_color=&#8220;#FFFFFF&#8220; header_2_text_color=&#8220;#FFFFFF&#8220; header_2_font_size=&#8220;16px&#8220; custom_padding=&#8220;||||true|false&#8220; hover_enabled=&#8220;0&#8243; global_colors_info=&#8220;{}&#8220; sticky_enabled=&#8220;0&#8243;]<br \/>\n<a style=\"font-family: Syncopate; font-size: 16px; color:#FFFFFF; font-weight: 700; line-height: 1.5em;\" href=\"https:\/\/camping-le-soleil-des-bastides.fr\/de\/notre-region\/les-gorges-du-tarn\/\">Die Tarn-Schluchten<\/a>[\/et_pb_text][\/et_pb_column][et_pb_column type=&#8220;1_4&#8243; _builder_version=&#8220;4.25.1&#8243; _module_preset=&#8220;default&#8220; use_background_color_gradient=&#8220;on&#8220; background_color_gradient_stops=&#8220;rgba(0,0,0,0.3) 0%|rgba(0,0,0,0.3) 100%&#8220; background_color_gradient_overlays_image=&#8220;on&#8220; background_image=&#8220;https:\/\/camping-le-soleil-des-bastides.fr\/wp-content\/uploads\/2023\/11\/Balade_en_voiture_dans_les_vignobles-CASSIAU_Gregory.jpg&#8220; custom_padding=&#8220;100px|30px|100px|30px|true|true&#8220; link_option_url_new_window=&#8220;on&#8220; global_colors_info=&#8220;{}&#8220;][et_pb_text _builder_version=&#8220;4.27.4&#8243; _module_preset=&#8220;default&#8220; header_text_color=&#8220;#FFFFFF&#8220; header_2_text_color=&#8220;#FFFFFF&#8220; header_2_font_size=&#8220;16px&#8220; custom_padding=&#8220;||||true|false&#8220; hover_enabled=&#8220;0&#8243; global_colors_info=&#8220;{}&#8220; sticky_enabled=&#8220;0&#8243;]<br \/>\n<a style=\"font-family: Syncopate; font-size: 16px; color:#FFFFFF; font-weight: 700; line-height: 1.5em;\" href=\"https:\/\/camping-le-soleil-des-bastides.fr\/de\/notre-region\/le-sidobre\/\">Das Sidobre-Massiv<\/a>[\/et_pb_text][\/et_pb_column][et_pb_column type=&#8220;1_4&#8243; _builder_version=&#8220;4.25.1&#8243; _module_preset=&#8220;default&#8220; use_background_color_gradient=&#8220;on&#8220; background_color_gradient_stops=&#8220;rgba(0,0,0,0.3) 0%|rgba(0,0,0,0.3) 100%&#8220; background_color_gradient_overlays_image=&#8220;on&#8220; background_image=&#8220;https:\/\/camping-le-soleil-des-bastides.fr\/wp-content\/uploads\/2023\/01\/toulouse.webp&#8220; custom_padding=&#8220;100px|30px|100px|30px|true|true&#8220; link_option_url_new_window=&#8220;on&#8220; global_colors_info=&#8220;{}&#8220;][et_pb_text _builder_version=&#8220;4.27.4&#8243; _module_preset=&#8220;default&#8220; header_text_color=&#8220;#FFFFFF&#8220; header_2_text_color=&#8220;#FFFFFF&#8220; header_2_font_size=&#8220;16px&#8220; custom_padding=&#8220;||||true|false&#8220; hover_enabled=&#8220;0&#8243; global_colors_info=&#8220;{}&#8220; sticky_enabled=&#8220;0&#8243;]<br \/>\n<a style=\"font-family: Syncopate; font-size: 16px; color:#FFFFFF; font-weight: 700; line-height: 1.5em;\" href=\"https:\/\/camping-le-soleil-des-bastides.fr\/de\/notre-region\/toulouse\/\">Toulouse<\/a><\/p>\n<p>[\/et_pb_text][\/et_pb_column][\/et_pb_row][\/et_pb_section][et_pb_section fb_built=&#8220;1&#8243; _builder_version=&#8220;4.25.1&#8243; _module_preset=&#8220;default&#8220; custom_padding=&#8220;30px||30px||false|false&#8220; global_colors_info=&#8220;{}&#8220;][et_pb_row column_structure=&#8220;1_2,1_2&#8243; _builder_version=&#8220;4.25.1&#8243; _module_preset=&#8220;default&#8220; global_colors_info=&#8220;{}&#8220;][et_pb_column type=&#8220;1_2&#8243; _builder_version=&#8220;4.25.1&#8243; _module_preset=&#8220;default&#8220; global_colors_info=&#8220;{}&#8220;][et_pb_text _builder_version=&#8220;4.27.4&#8243; _module_preset=&#8220;default&#8220; text_font=&#8220;||||||||&#8220; text_font_size=&#8220;16px&#8220; text_line_height=&#8220;1.9em&#8220; header_3_text_color=&#8220;#B22B88&#8243; header_4_font=&#8220;|||on|||||&#8220; header_4_text_color=&#8220;#B22B88&#8243; custom_margin=&#8220;||20px||false|false&#8220; custom_padding=&#8220;||0px||false|false&#8220; hover_enabled=&#8220;0&#8243; global_colors_info=&#8220;{}&#8220; link_text_color__hover=&#8220;#83BE40&#8243; link_text_color__hover_enabled=&#8220;on|hover&#8220; sticky_enabled=&#8220;0&#8243;]<\/p>\n<h2>Die sch\u00f6nsten Naturst\u00e4tten im Tarn<\/h2>\n<p><strong>Der Tarn<\/strong> steckt voller Naturwunder von einzigartiger Sch\u00f6nheit.<\/p>\n<p><strong>Die Schluchten des Aveyron<\/strong>, gelegen im Tarn mit ihren steilen Klippen und kristallklarem Wasser, sind ideal f\u00fcr Kanu- und Wanderfreunde. <strong>Das Schwarze Gebirge<\/strong> mit seinen dichten W\u00e4ldern und stillen Seen ist perfekt f\u00fcr Ausfl\u00fcge in die Natur. <strong>Der Sidobre<\/strong>, ein in Europa einzigartiges Granitmassiv, \u00fcberrascht mit bizarren Felsformationen und au\u00dfergew\u00f6hnlichen Landschaften.<\/p>\n<p>Diese drei Naturst\u00e4tten sind absolute Highlights des <strong>Tourismus im Tarn<\/strong>.<\/p>\n<p>[\/et_pb_text][\/et_pb_column][et_pb_column type=&#8220;1_2&#8243; _builder_version=&#8220;4.25.1&#8243; _module_preset=&#8220;default&#8220; global_colors_info=&#8220;{}&#8220;][et_pb_image src=&#8220;https:\/\/camping-le-soleil-des-bastides.fr\/wp-content\/uploads\/2024\/07\/sites-naturels-tarn.jpg&#8220; alt=&#8220; Naturst\u00e4tten im Tarn&#8220; title_text=&#8220;sites-naturels-tarn&#8220; _builder_version=&#8220;4.27.4&#8243; _module_preset=&#8220;default&#8220; hover_enabled=&#8220;0&#8243; global_colors_info=&#8220;{}&#8220; sticky_enabled=&#8220;0&#8243;][\/et_pb_image][\/et_pb_column][\/et_pb_row][\/et_pb_section][et_pb_section fb_built=&#8220;1&#8243; _builder_version=&#8220;4.25.1&#8243; _module_preset=&#8220;default&#8220; background_color=&#8220;#F9F6F3&#8243; custom_padding=&#8220;30px||30px||false|false&#8220; global_colors_info=&#8220;{}&#8220;][et_pb_row column_structure=&#8220;1_2,1_2&#8243; _builder_version=&#8220;4.25.1&#8243; _module_preset=&#8220;default&#8220; global_colors_info=&#8220;{}&#8220;][et_pb_column type=&#8220;1_2&#8243; _builder_version=&#8220;4.25.1&#8243; _module_preset=&#8220;default&#8220; global_colors_info=&#8220;{}&#8220;][et_pb_image src=&#8220;https:\/\/camping-le-soleil-des-bastides.fr\/wp-content\/uploads\/2024\/07\/activites-plein-air-tarn.jpg&#8220; alt=&#8220;Outdoor-Aktivit\u00e4ten im Tarn&#8220; title_text=&#8220;activites-plein-air-tarn&#8220; _builder_version=&#8220;4.27.4&#8243; _module_preset=&#8220;default&#8220; hover_enabled=&#8220;0&#8243; global_colors_info=&#8220;{}&#8220; sticky_enabled=&#8220;0&#8243;][\/et_pb_image][\/et_pb_column][et_pb_column type=&#8220;1_2&#8243; _builder_version=&#8220;4.25.1&#8243; _module_preset=&#8220;default&#8220; global_colors_info=&#8220;{}&#8220;][et_pb_text _builder_version=&#8220;4.27.4&#8243; _module_preset=&#8220;default&#8220; text_font=&#8220;||||||||&#8220; text_font_size=&#8220;16px&#8220; text_line_height=&#8220;1.9em&#8220; header_3_text_color=&#8220;#B22B88&#8243; header_4_font=&#8220;|||on|||||&#8220; header_4_text_color=&#8220;#B22B88&#8243; custom_margin=&#8220;||20px||false|false&#8220; custom_padding=&#8220;||0px||false|false&#8220; hover_enabled=&#8220;0&#8243; global_colors_info=&#8220;{}&#8220; link_text_color__hover=&#8220;#83BE40&#8243; link_text_color__hover_enabled=&#8220;on|hover&#8220; sticky_enabled=&#8220;0&#8243;]<\/p>\n<h2>Outdoor-Aktivit\u00e4ten im Tarn<\/h2>\n<p><strong>Der Tarn<\/strong> ist ein wahres Paradies f\u00fcr Liebhaber von Outdoor-Aktivit\u00e4ten.<\/p>\n<p><strong>Wandern<\/strong> geh\u00f6rt zu den beliebtesten Aktivit\u00e4ten \u2013 es gibt markierte Wege durch abwechslungsreiche Landschaften. <strong>Kanu- und Kajakfahren<\/strong> auf den Fl\u00fcssen Tarn und Aveyron bieten sowohl Entspannung als auch Abenteuer.<\/p>\n<p>Auch <strong>Radfahrer<\/strong> kommen auf den vielen Radwegen dieser Ecke Okzitaniens auf ihre Kosten. Dar\u00fcber hinaus bietet der Tarn Golfpl\u00e4tze, Reitst\u00e4lle und Klettergebiete f\u00fcr Sportbegeisterte.<\/p>\n<p>[\/et_pb_text][\/et_pb_column][\/et_pb_row][\/et_pb_section][et_pb_section fb_built=&#8220;1&#8243; _builder_version=&#8220;4.25.1&#8243; _module_preset=&#8220;default&#8220; custom_padding=&#8220;30px||30px||false|false&#8220; global_colors_info=&#8220;{}&#8220;][et_pb_row column_structure=&#8220;1_2,1_2&#8243; _builder_version=&#8220;4.25.1&#8243; _module_preset=&#8220;default&#8220; global_colors_info=&#8220;{}&#8220;][et_pb_column type=&#8220;1_2&#8243; _builder_version=&#8220;4.25.1&#8243; _module_preset=&#8220;default&#8220; global_colors_info=&#8220;{}&#8220;][et_pb_text _builder_version=&#8220;4.27.4&#8243; _module_preset=&#8220;default&#8220; text_font=&#8220;||||||||&#8220; text_font_size=&#8220;16px&#8220; text_line_height=&#8220;1.9em&#8220; header_3_text_color=&#8220;#B22B88&#8243; header_4_font=&#8220;|||on|||||&#8220; header_4_text_color=&#8220;#B22B88&#8243; custom_margin=&#8220;||20px||false|false&#8220; custom_padding=&#8220;||0px||false|false&#8220; hover_enabled=&#8220;0&#8243; global_colors_info=&#8220;{}&#8220; link_text_color__hover=&#8220;#83BE40&#8243; link_text_color__hover_enabled=&#8220;on|hover&#8220; sticky_enabled=&#8220;0&#8243;]<\/p>\n<h2>Kulinarische Spezialit\u00e4ten des Tarn<\/h2>\n<p>Die K\u00fcche des Tarn ist wie die Region selbst: <strong>authentisch und gro\u00dfz\u00fcgig<\/strong>.<\/p>\n<p>Zu den lokalen Spezialit\u00e4ten geh\u00f6ren <strong>der Cassoulet aus Castelnaudary, die Tripous aus Naucelle und der Aligot<\/strong>, ein Kartoffelp\u00fcree mit frischem Tomme-K\u00e4se vermengt.<\/p>\n<p><strong>Die Weine aus Gaillac<\/strong>, einem der \u00e4ltesten Weinbaugebiete Frankreichs, laden zum Probieren ein \u2013 ob Rot-, Wei\u00df- oder Ros\u00e9weine. Ebenfalls empfehlenswert: <strong>Foie Gras, der Schinken aus Lacaune und Ziegenk\u00e4se<\/strong>, die Feinschmecker begeistern werden.<\/p>\n<p>[\/et_pb_text][\/et_pb_column][et_pb_column type=&#8220;1_2&#8243; _builder_version=&#8220;4.25.1&#8243; _module_preset=&#8220;default&#8220; global_colors_info=&#8220;{}&#8220;][et_pb_image src=&#8220;https:\/\/camping-le-soleil-des-bastides.fr\/wp-content\/uploads\/2024\/07\/specialites-culinaires-tarn.jpg&#8220; alt=&#8220;kulinarische Spezialit\u00e4ten aus dem Tarn&#8220; title_text=&#8220;specialites-culinaires-tarn&#8220; _builder_version=&#8220;4.27.4&#8243; _module_preset=&#8220;default&#8220; hover_enabled=&#8220;0&#8243; global_colors_info=&#8220;{}&#8220; sticky_enabled=&#8220;0&#8243;][\/et_pb_image][\/et_pb_column][\/et_pb_row][\/et_pb_section][et_pb_section fb_built=&#8220;1&#8243; _builder_version=&#8220;4.25.1&#8243; _module_preset=&#8220;default&#8220; background_color=&#8220;#F9F6F3&#8243; custom_padding=&#8220;30px||30px||false|false&#8220; global_colors_info=&#8220;{}&#8220;][et_pb_row column_structure=&#8220;1_2,1_2&#8243; _builder_version=&#8220;4.25.1&#8243; _module_preset=&#8220;default&#8220; global_colors_info=&#8220;{}&#8220;][et_pb_column type=&#8220;1_2&#8243; _builder_version=&#8220;4.25.1&#8243; _module_preset=&#8220;default&#8220; global_colors_info=&#8220;{}&#8220;][et_pb_image src=&#8220;https:\/\/camping-le-soleil-des-bastides.fr\/wp-content\/uploads\/2024\/07\/festival-tarn.jpg&#8220; alt=&#8220;Festivals im Tarn&#8220; title_text=&#8220;festival-tarn&#8220; _builder_version=&#8220;4.27.4&#8243; _module_preset=&#8220;default&#8220; hover_enabled=&#8220;0&#8243; global_colors_info=&#8220;{}&#8220; sticky_enabled=&#8220;0&#8243;][\/et_pb_image][\/et_pb_column][et_pb_column type=&#8220;1_2&#8243; _builder_version=&#8220;4.25.1&#8243; _module_preset=&#8220;default&#8220; global_colors_info=&#8220;{}&#8220;][et_pb_text _builder_version=&#8220;4.27.4&#8243; _module_preset=&#8220;default&#8220; text_font=&#8220;||||||||&#8220; text_font_size=&#8220;16px&#8220; text_line_height=&#8220;1.9em&#8220; header_3_text_color=&#8220;#B22B88&#8243; header_4_font=&#8220;|||on|||||&#8220; header_4_text_color=&#8220;#B22B88&#8243; custom_margin=&#8220;||20px||false|false&#8220; custom_padding=&#8220;||0px||false|false&#8220; hover_enabled=&#8220;0&#8243; global_colors_info=&#8220;{}&#8220; link_text_color__hover=&#8220;#83BE40&#8243; link_text_color__hover_enabled=&#8220;on|hover&#8220; sticky_enabled=&#8220;0&#8243;]<\/p>\n<h2>Festivals und kulturelle Veranstaltungen im Tarn<\/h2>\n<p>Das <strong>D\u00e9partement Tarn<\/strong> lebt das ganze Jahr \u00fcber von zahlreichen Festivals und kulturellen Veranstaltungen.<\/p>\n<p><strong>Das Festival Pause Guitare in Albi<\/strong> ist ein bedeutendes Musikevent, das jeden Sommer internationale K\u00fcnstler und Tausende von Besuchern anzieht. <strong>Der Karneval von Lavaur<\/strong> mit seinen farbenfrohen Umz\u00fcgen und aufwendig geschm\u00fcckten Wagen ist ein weiteres Highlight des <strong>Tourismus im Tarn<\/strong>. Ein weiterer H\u00f6hepunkt: <strong>das Laternenfestival in Gaillac<\/strong>, inspiriert von chinesischer Tradition, das mit seinen leuchtenden Skulpturen die Wintern\u00e4chte erhellt.<\/p>\n<p>[\/et_pb_text][\/et_pb_column][\/et_pb_row][\/et_pb_section][et_pb_section fb_built=&#8220;1&#8243; _builder_version=&#8220;4.25.1&#8243; _module_preset=&#8220;default&#8220; custom_padding=&#8220;20px||20px||false|false&#8220; global_colors_info=&#8220;{}&#8220;][et_pb_row _builder_version=&#8220;4.25.1&#8243; _module_preset=&#8220;default&#8220; global_colors_info=&#8220;{}&#8220;][et_pb_column type=&#8220;4_4&#8243; _builder_version=&#8220;4.25.1&#8243; _module_preset=&#8220;default&#8220; global_colors_info=&#8220;{}&#8220;][et_pb_text _builder_version=&#8220;4.27.4&#8243; _module_preset=&#8220;default&#8220; hover_enabled=&#8220;0&#8243; global_colors_info=&#8220;{}&#8220; sticky_enabled=&#8220;0&#8243;]<\/p>\n<h2 style=\"text-align: center;\">Was tun an einem Wochenende im Tarn?<\/h2>\n<p style=\"text-align: center;\">Sie m\u00f6chten <strong>den Tarn<\/strong> an einem Wochenende entdecken? Hier ist ein Vorschlag f\u00fcr ein Programm, damit Sie die sch\u00f6nsten Seiten dieses franz\u00f6sischen D\u00e9partements erleben k\u00f6nnen.<\/p>\n<p>[\/et_pb_text][\/et_pb_column][\/et_pb_row][\/et_pb_section][et_pb_section fb_built=&#8220;1&#8243; _builder_version=&#8220;4.25.1&#8243; _module_preset=&#8220;default&#8220; custom_padding=&#8220;30px||30px||false|false&#8220; global_colors_info=&#8220;{}&#8220;][et_pb_row column_structure=&#8220;1_2,1_2&#8243; _builder_version=&#8220;4.25.1&#8243; _module_preset=&#8220;default&#8220; global_colors_info=&#8220;{}&#8220;][et_pb_column type=&#8220;1_2&#8243; _builder_version=&#8220;4.25.1&#8243; _module_preset=&#8220;default&#8220; global_colors_info=&#8220;{}&#8220;][et_pb_text _builder_version=&#8220;4.27.4&#8243; _module_preset=&#8220;default&#8220; text_font=&#8220;||||||||&#8220; text_font_size=&#8220;16px&#8220; text_line_height=&#8220;1.9em&#8220; header_3_text_color=&#8220;#B22B88&#8243; header_4_font=&#8220;|||on|||||&#8220; header_4_text_color=&#8220;#B22B88&#8243; custom_margin=&#8220;||20px||false|false&#8220; custom_padding=&#8220;||0px||false|false&#8220; hover_enabled=&#8220;0&#8243; global_colors_info=&#8220;{}&#8220; link_text_color__hover=&#8220;#83BE40&#8243; link_text_color__hover_enabled=&#8220;on|hover&#8220; sticky_enabled=&#8220;0&#8243;]<\/p>\n<h3>Tag 1<\/h3>\n<p><strong>Albi<\/strong> ist ein Muss f\u00fcr den <strong>Tourismus im Tarn<\/strong> und geh\u00f6rt unbedingt in Ihr Wochenendprogramm in dieser Ecke Okzitaniens. Besichtigen Sie zun\u00e4chst die Kathedrale Sainte-C\u00e9cile, die gr\u00f6\u00dfte Ziegelkathedrale der Welt, mit ihrem reich verzierten Innenraum. Danach geht es ins Toulouse-Lautrec-Museum im ehemaligen Bischofspalast, wo Werke des aus Albi stammenden Malers ausgestellt sind. Und nat\u00fcrlich sollten Sie durch die Altstadt von Albi schlendern, die zum UNESCO-Weltkulturerbe geh\u00f6rt.<\/p>\n<p>Am Nachmittag k\u00f6nnen Sie eine <strong>Kanu- oder Kajaktour auf dem Tarn<\/strong> unternehmen \u2013 nur wenige Kilometer von Albi entfernt und eine herrliche Gelegenheit, die Natur der Region vom Wasser aus zu entdecken.<\/p>\n<p>Am Abend fahren Sie weiter nach Gaillac zu einer <strong>Weinbergbesichtigung<\/strong> und Weinverkostung mit regionalen Tropfen.<\/p>\n<p>[\/et_pb_text][\/et_pb_column][et_pb_column type=&#8220;1_2&#8243; _builder_version=&#8220;4.25.1&#8243; _module_preset=&#8220;default&#8220; global_colors_info=&#8220;{}&#8220;][et_pb_image src=&#8220;https:\/\/camping-le-soleil-des-bastides.fr\/wp-content\/uploads\/2024\/07\/tourisme-tarn.jpg&#8220; alt=&#8220;Tourismus im Tarn&#8220; title_text=&#8220;tourisme-tarn&#8220; _builder_version=&#8220;4.27.4&#8243; _module_preset=&#8220;default&#8220; hover_enabled=&#8220;0&#8243; global_colors_info=&#8220;{}&#8220; sticky_enabled=&#8220;0&#8243;][\/et_pb_image][\/et_pb_column][\/et_pb_row][\/et_pb_section][et_pb_section fb_built=&#8220;1&#8243; _builder_version=&#8220;4.25.1&#8243; _module_preset=&#8220;default&#8220; background_color=&#8220;#FFFFFF&#8220; custom_padding=&#8220;30px||30px||false|false&#8220; global_colors_info=&#8220;{}&#8220;][et_pb_row column_structure=&#8220;1_2,1_2&#8243; _builder_version=&#8220;4.25.1&#8243; _module_preset=&#8220;default&#8220; global_colors_info=&#8220;{}&#8220;][et_pb_column type=&#8220;1_2&#8243; _builder_version=&#8220;4.25.1&#8243; _module_preset=&#8220;default&#8220; global_colors_info=&#8220;{}&#8220;][et_pb_image src=&#8220;https:\/\/camping-le-soleil-des-bastides.fr\/wp-content\/uploads\/2024\/07\/visiter-castres.jpg&#8220; alt=&#8220;Castres besuchen&#8220; title_text=&#8220;visiter-castres&#8220; _builder_version=&#8220;4.27.4&#8243; _module_preset=&#8220;default&#8220; hover_enabled=&#8220;0&#8243; global_colors_info=&#8220;{}&#8220; sticky_enabled=&#8220;0&#8243;][\/et_pb_image][\/et_pb_column][et_pb_column type=&#8220;1_2&#8243; _builder_version=&#8220;4.25.1&#8243; _module_preset=&#8220;default&#8220; global_colors_info=&#8220;{}&#8220;][et_pb_text _builder_version=&#8220;4.27.4&#8243; _module_preset=&#8220;default&#8220; text_font=&#8220;||||||||&#8220; text_font_size=&#8220;16px&#8220; text_line_height=&#8220;1.9em&#8220; header_3_text_color=&#8220;#B22B88&#8243; header_4_font=&#8220;|||on|||||&#8220; header_4_text_color=&#8220;#B22B88&#8243; custom_margin=&#8220;||20px||false|false&#8220; custom_padding=&#8220;||0px||false|false&#8220; hover_enabled=&#8220;0&#8243; global_colors_info=&#8220;{}&#8220; link_text_color__hover=&#8220;#83BE40&#8243; link_text_color__hover_enabled=&#8220;on|hover&#8220; sticky_enabled=&#8220;0&#8243;]<\/p>\n<h3>Tag 2<\/h3>\n<p>\nDer zweite Tag Ihres <strong>Tarn-Aufenthalts<\/strong> beginnt in <strong>Castres<\/strong>. Besuchen Sie das Goya-Museum mit seiner bemerkenswerten Sammlung hispanischer Kunst. Danach spazieren Sie entlang der farbenfrohen H\u00e4user am Ufer des Agout und bewundern Sie deren einzigartige Architektur.\n<\/p>\n<p>\nAm Nachmittag geht es weiter zum <strong>Sidobre<\/strong>, einem einzigartigen Granitmassiv, das Sie bei einer <strong>Wanderung<\/strong> und mit seinen au\u00dfergew\u00f6hnlichen Felsformationen begeistern wird.\n<\/p>\n<p>\nAm Abend kehren Sie nach Castres zur\u00fcck und genie\u00dfen <strong>kulinarische Spezialit\u00e4ten<\/strong> der Region in einem der lokalen Restaurants.\n<\/p>\n<p>[\/et_pb_text][\/et_pb_column][\/et_pb_row][\/et_pb_section][et_pb_section fb_built=&#8220;1&#8243; _builder_version=&#8220;4.25.1&#8243; _module_preset=&#8220;default&#8220; custom_padding=&#8220;30px||30px||false|false&#8220; global_colors_info=&#8220;{}&#8220;][et_pb_row column_structure=&#8220;1_2,1_2&#8243; _builder_version=&#8220;4.25.1&#8243; _module_preset=&#8220;default&#8220; global_colors_info=&#8220;{}&#8220;][et_pb_column type=&#8220;1_2&#8243; _builder_version=&#8220;4.25.1&#8243; _module_preset=&#8220;default&#8220; global_colors_info=&#8220;{}&#8220;][et_pb_text _builder_version=&#8220;4.27.4&#8243; _module_preset=&#8220;default&#8220; text_font=&#8220;||||||||&#8220; text_font_size=&#8220;16px&#8220; text_line_height=&#8220;1.9em&#8220; header_3_text_color=&#8220;#B22B88&#8243; header_4_font=&#8220;|||on|||||&#8220; header_4_text_color=&#8220;#B22B88&#8243; custom_margin=&#8220;||20px||false|false&#8220; custom_padding=&#8220;||0px||false|false&#8220; hover_enabled=&#8220;0&#8243; global_colors_info=&#8220;{}&#8220; link_text_color__hover=&#8220;#83BE40&#8243; link_text_color__hover_enabled=&#8220;on|hover&#8220; sticky_enabled=&#8220;0&#8243;]<\/p>\n<h3>Tag 3<\/h3>\n<p>Sie bleiben drei Tage im <strong>Tarn<\/strong>? Dann besuchen Sie <strong>Cordes-sur-Ciel<\/strong>, eines der sch\u00f6nsten D\u00f6rfer Frankreichs. Erkunden Sie die mittelalterlichen Gassen und die Werkst\u00e4tten der Kunsthandwerker. Nehmen Sie an einem T\u00f6pfer- oder Glasbl\u00e4serkurs teil und tauchen Sie in das lokale Handwerk dieser Gegend von Okzitanien ein.<\/p>\n<p>Am Nachmittag geht es weiter in den <strong>Wald von Gr\u00e9signe<\/strong>, ideal f\u00fcr einen Spaziergang oder eine Fahrradtour. Danach k\u00f6nnen Sie auf einem lokalen Bauernhof <strong>regionale Produkte<\/strong> wie Ziegenk\u00e4se oder traditionelles Geb\u00e4ck probieren.<\/p>\n<p><strong>Der Tarn<\/strong> begeistert mit seiner Geschichte, seiner landschaftlichen Vielfalt, seinen charmanten St\u00e4dten und kulinarischen Gen\u00fcssen \u2013 eine <strong>unverzichtbare Destination<\/strong> f\u00fcr Naturliebhaber und Entdecker. Ob geschichtsbegeistert, sportlich aktiv oder einfach nur Genie\u00dfer \u2013 <strong>der Tarn<\/strong> wird Sie in seinen Bann ziehen!<\/p>\n<p>[\/et_pb_text][\/et_pb_column][et_pb_column type=&#8220;1_2&#8243; _builder_version=&#8220;4.25.1&#8243; _module_preset=&#8220;default&#8220; global_colors_info=&#8220;{}&#8220;][et_pb_image src=&#8220;https:\/\/camping-le-soleil-des-bastides.fr\/wp-content\/uploads\/2024\/07\/tourisme-cordess-sur-ciel.jpg&#8220; alt=&#8220;Tourismus in Cordes-sur-Ciel&#8220; title_text=&#8220;tourisme-cordess-sur-ciel&#8220; _builder_version=&#8220;4.27.4&#8243; _module_preset=&#8220;default&#8220; hover_enabled=&#8220;0&#8243; global_colors_info=&#8220;{}&#8220; sticky_enabled=&#8220;0&#8243;][\/et_pb_image][\/et_pb_column][\/et_pb_row][et_pb_row column_structure=&#8220;1_3,1_3,1_3&#8243; use_custom_gutter=&#8220;on&#8220; gutter_width=&#8220;2&#8243; _builder_version=&#8220;4.19.1&#8243; _module_preset=&#8220;default&#8220; custom_margin=&#8220;0px||||false|false&#8220; custom_padding=&#8220;0px||||false|false&#8220; global_colors_info=&#8220;{}&#8220;][et_pb_column type=&#8220;1_3&#8243; _builder_version=&#8220;4.19.1&#8243; _module_preset=&#8220;default&#8220; global_colors_info=&#8220;{}&#8220;][et_pb_image src=&#8220;https:\/\/camping-le-soleil-des-bastides.fr\/wp-content\/uploads\/2023\/01\/logo-tarn.webp&#8220; title_text=&#8220;logo-tarn&#8220; url=&#8220;http:\/\/www.tourisme-tarn.com\/fr\/accueil&#8220; url_new_window=&#8220;on&#8220; _builder_version=&#8220;4.19.1&#8243; _module_preset=&#8220;default&#8220; global_colors_info=&#8220;{}&#8220;][\/et_pb_image][\/et_pb_column][et_pb_column type=&#8220;1_3&#8243; _builder_version=&#8220;4.19.1&#8243; _module_preset=&#8220;default&#8220; global_colors_info=&#8220;{}&#8220;][et_pb_image src=&#8220;https:\/\/camping-le-soleil-des-bastides.fr\/wp-content\/uploads\/2023\/01\/bastides-vignoble-gaillac.webp&#8220; title_text=&#8220;bastides-vignoble-gaillac&#8220; url=&#8220;https:\/\/www.la-toscane-occitane.com\/&#8220; url_new_window=&#8220;on&#8220; _builder_version=&#8220;4.19.1&#8243; _module_preset=&#8220;default&#8220; global_colors_info=&#8220;{}&#8220;][\/et_pb_image][\/et_pb_column][et_pb_column type=&#8220;1_3&#8243; _builder_version=&#8220;4.19.1&#8243; _module_preset=&#8220;default&#8220; global_colors_info=&#8220;{}&#8220;][et_pb_image src=&#8220;https:\/\/camping-le-soleil-des-bastides.fr\/wp-content\/uploads\/2023\/01\/region.webp&#8220; title_text=&#8220;region&#8220; url=&#8220;http:\/\/www.regionlrmp.fr\/&#8220; url_new_window=&#8220;on&#8220; _builder_version=&#8220;4.19.1&#8243; _module_preset=&#8220;default&#8220; global_colors_info=&#8220;{}&#8220;][\/et_pb_image][\/et_pb_column][\/et_pb_row][\/et_pb_section]<\/p>\n","protected":false},"excerpt":{"rendered":"<p>DER TARN ZU ENTDECKEN W\u00c4HREND IHRES URLAUBS IN OKZITANIEN Foto \u00a9MyrabellaIm Herzen der neuen Region Okzitanien gelegen, besticht der Tarn durch seine Vielfalt und authentische Regionalit\u00e4t. Ein Aufenthalt auf unserem Campingplatz im Tarn, Le Soleil des Bastides, bringt Sie ins Zentrum des D\u00e9partements 81 \u2013 einer au\u00dfergew\u00f6hnlichen Region. Entdecken Sie visuelle, geschichtliche und kulinarische Sch\u00e4tze [&hellip;]<\/p>\n","protected":false},"author":1,"featured_media":0,"parent":0,"menu_order":0,"comment_status":"closed","ping_status":"closed","template":"","meta":{"_et_pb_use_builder":"on","_et_pb_old_content":"","_et_gb_content_width":"","footnotes":""},"class_list":["post-5953","page","type-page","status-publish","hentry"],"yoast_head":"<!-- This site is optimized with the Yoast SEO plugin v27.3 - https:\/\/yoast.com\/product\/yoast-seo-wordpress\/ -->\n<title>Planen Sie Ihren Besuch im Tarn: Tourismus Tarn (81)<\/title>\n<meta name=\"description\" content=\"Entdecken Sie den Tourismus im Tarn: beeindruckende Landschaften, reiches Kulturerbe und vielf\u00e4ltige Aktivit\u00e4ten.Ein ideales Reiseziel f\u00fcr Kultur- und Naturliebhaber.\" \/>\n<meta name=\"robots\" content=\"index, follow, max-snippet:-1, max-image-preview:large, max-video-preview:-1\" \/>\n<link rel=\"canonical\" href=\"https:\/\/camping-le-soleil-des-bastides.fr\/de\/notre-region\/\" \/>\n<meta property=\"og:locale\" content=\"de_DE\" \/>\n<meta property=\"og:type\" content=\"article\" \/>\n<meta property=\"og:title\" content=\"Planen Sie Ihren Besuch im Tarn: Tourismus Tarn (81)\" \/>\n<meta property=\"og:description\" content=\"Entdecken Sie den Tourismus im Tarn: beeindruckende Landschaften, reiches Kulturerbe und vielf\u00e4ltige Aktivit\u00e4ten.Ein ideales Reiseziel f\u00fcr Kultur- und Naturliebhaber.\" \/>\n<meta property=\"og:url\" content=\"https:\/\/camping-le-soleil-des-bastides.fr\/de\/notre-region\/\" \/>\n<meta property=\"og:site_name\" content=\"Camping Le Soleil Des Bastides\" \/>\n<meta property=\"article:publisher\" content=\"https:\/\/www.facebook.com\/LeSoleilDesBastides\/\" \/>\n<meta property=\"article:modified_time\" content=\"2025-06-16T07:18:01+00:00\" \/>\n<meta name=\"twitter:card\" content=\"summary_large_image\" \/>\n<meta name=\"twitter:label1\" content=\"Gesch\u00e4tzte Lesezeit\" \/>\n\t<meta name=\"twitter:data1\" content=\"8\u00a0Minuten\" \/>\n<script type=\"application\/ld+json\" class=\"yoast-schema-graph\">{\"@context\":\"https:\\\/\\\/schema.org\",\"@graph\":[{\"@type\":\"WebPage\",\"@id\":\"https:\\\/\\\/camping-le-soleil-des-bastides.fr\\\/de\\\/notre-region\\\/\",\"url\":\"https:\\\/\\\/camping-le-soleil-des-bastides.fr\\\/de\\\/notre-region\\\/\",\"name\":\"Planen Sie Ihren Besuch im Tarn: Tourismus Tarn (81)\",\"isPartOf\":{\"@id\":\"https:\\\/\\\/camping-le-soleil-des-bastides.fr\\\/de\\\/#website\"},\"datePublished\":\"2023-01-19T13:50:12+00:00\",\"dateModified\":\"2025-06-16T07:18:01+00:00\",\"description\":\"Entdecken Sie den Tourismus im Tarn: beeindruckende Landschaften, reiches Kulturerbe und vielf\u00e4ltige Aktivit\u00e4ten.Ein ideales Reiseziel f\u00fcr Kultur- und Naturliebhaber.\",\"breadcrumb\":{\"@id\":\"https:\\\/\\\/camping-le-soleil-des-bastides.fr\\\/de\\\/notre-region\\\/#breadcrumb\"},\"inLanguage\":\"de\",\"potentialAction\":[{\"@type\":\"ReadAction\",\"target\":[\"https:\\\/\\\/camping-le-soleil-des-bastides.fr\\\/de\\\/notre-region\\\/\"]}]},{\"@type\":\"BreadcrumbList\",\"@id\":\"https:\\\/\\\/camping-le-soleil-des-bastides.fr\\\/de\\\/notre-region\\\/#breadcrumb\",\"itemListElement\":[{\"@type\":\"ListItem\",\"position\":1,\"name\":\"Camping Tarn\",\"item\":\"https:\\\/\\\/camping-le-soleil-des-bastides.fr\\\/de\\\/\"},{\"@type\":\"ListItem\",\"position\":2,\"name\":\"Der Tarn\"}]},{\"@type\":\"WebSite\",\"@id\":\"https:\\\/\\\/camping-le-soleil-des-bastides.fr\\\/de\\\/#website\",\"url\":\"https:\\\/\\\/camping-le-soleil-des-bastides.fr\\\/de\\\/\",\"name\":\"Camping Le Soleil Des Bastides\",\"description\":\"Un camping calme, ombrag\u00e9 au coeur des bastides tarnaises\",\"potentialAction\":[{\"@type\":\"SearchAction\",\"target\":{\"@type\":\"EntryPoint\",\"urlTemplate\":\"https:\\\/\\\/camping-le-soleil-des-bastides.fr\\\/de\\\/?s={search_term_string}\"},\"query-input\":{\"@type\":\"PropertyValueSpecification\",\"valueRequired\":true,\"valueName\":\"search_term_string\"}}],\"inLanguage\":\"de\"}]}<\/script>\n<!-- \/ Yoast SEO plugin. -->","yoast_head_json":{"title":"Planen Sie Ihren Besuch im Tarn: Tourismus Tarn (81)","description":"Entdecken Sie den Tourismus im Tarn: beeindruckende Landschaften, reiches Kulturerbe und vielf\u00e4ltige Aktivit\u00e4ten.Ein ideales Reiseziel f\u00fcr Kultur- und Naturliebhaber.","robots":{"index":"index","follow":"follow","max-snippet":"max-snippet:-1","max-image-preview":"max-image-preview:large","max-video-preview":"max-video-preview:-1"},"canonical":"https:\/\/camping-le-soleil-des-bastides.fr\/de\/notre-region\/","og_locale":"de_DE","og_type":"article","og_title":"Planen Sie Ihren Besuch im Tarn: Tourismus Tarn (81)","og_description":"Entdecken Sie den Tourismus im Tarn: beeindruckende Landschaften, reiches Kulturerbe und vielf\u00e4ltige Aktivit\u00e4ten.Ein ideales Reiseziel f\u00fcr Kultur- und Naturliebhaber.","og_url":"https:\/\/camping-le-soleil-des-bastides.fr\/de\/notre-region\/","og_site_name":"Camping Le Soleil Des Bastides","article_publisher":"https:\/\/www.facebook.com\/LeSoleilDesBastides\/","article_modified_time":"2025-06-16T07:18:01+00:00","twitter_card":"summary_large_image","twitter_misc":{"Gesch\u00e4tzte Lesezeit":"8\u00a0Minuten"},"schema":{"@context":"https:\/\/schema.org","@graph":[{"@type":"WebPage","@id":"https:\/\/camping-le-soleil-des-bastides.fr\/de\/notre-region\/","url":"https:\/\/camping-le-soleil-des-bastides.fr\/de\/notre-region\/","name":"Planen Sie Ihren Besuch im Tarn: Tourismus Tarn (81)","isPartOf":{"@id":"https:\/\/camping-le-soleil-des-bastides.fr\/de\/#website"},"datePublished":"2023-01-19T13:50:12+00:00","dateModified":"2025-06-16T07:18:01+00:00","description":"Entdecken Sie den Tourismus im Tarn: beeindruckende Landschaften, reiches Kulturerbe und vielf\u00e4ltige Aktivit\u00e4ten.Ein ideales Reiseziel f\u00fcr Kultur- und Naturliebhaber.","breadcrumb":{"@id":"https:\/\/camping-le-soleil-des-bastides.fr\/de\/notre-region\/#breadcrumb"},"inLanguage":"de","potentialAction":[{"@type":"ReadAction","target":["https:\/\/camping-le-soleil-des-bastides.fr\/de\/notre-region\/"]}]},{"@type":"BreadcrumbList","@id":"https:\/\/camping-le-soleil-des-bastides.fr\/de\/notre-region\/#breadcrumb","itemListElement":[{"@type":"ListItem","position":1,"name":"Camping Tarn","item":"https:\/\/camping-le-soleil-des-bastides.fr\/de\/"},{"@type":"ListItem","position":2,"name":"Der Tarn"}]},{"@type":"WebSite","@id":"https:\/\/camping-le-soleil-des-bastides.fr\/de\/#website","url":"https:\/\/camping-le-soleil-des-bastides.fr\/de\/","name":"Camping Le Soleil Des Bastides","description":"Un camping calme, ombrag\u00e9 au coeur des bastides tarnaises","potentialAction":[{"@type":"SearchAction","target":{"@type":"EntryPoint","urlTemplate":"https:\/\/camping-le-soleil-des-bastides.fr\/de\/?s={search_term_string}"},"query-input":{"@type":"PropertyValueSpecification","valueRequired":true,"valueName":"search_term_string"}}],"inLanguage":"de"}]}},"_links":{"self":[{"href":"https:\/\/camping-le-soleil-des-bastides.fr\/de\/wp-json\/wp\/v2\/pages\/5953","targetHints":{"allow":["GET"]}}],"collection":[{"href":"https:\/\/camping-le-soleil-des-bastides.fr\/de\/wp-json\/wp\/v2\/pages"}],"about":[{"href":"https:\/\/camping-le-soleil-des-bastides.fr\/de\/wp-json\/wp\/v2\/types\/page"}],"author":[{"embeddable":true,"href":"https:\/\/camping-le-soleil-des-bastides.fr\/de\/wp-json\/wp\/v2\/users\/1"}],"replies":[{"embeddable":true,"href":"https:\/\/camping-le-soleil-des-bastides.fr\/de\/wp-json\/wp\/v2\/comments?post=5953"}],"version-history":[{"count":0,"href":"https:\/\/camping-le-soleil-des-bastides.fr\/de\/wp-json\/wp\/v2\/pages\/5953\/revisions"}],"wp:attachment":[{"href":"https:\/\/camping-le-soleil-des-bastides.fr\/de\/wp-json\/wp\/v2\/media?parent=5953"}],"curies":[{"name":"wp","href":"https:\/\/api.w.org\/{rel}","templated":true}]}}