{"id":5572,"date":"2023-01-11T15:27:19","date_gmt":"2023-01-11T14:27:19","guid":{"rendered":"https:\/\/camping-le-soleil-des-bastides.fr\/les-hebergements\/location-mobil-home-dans-le-tarn\/mobil-home-4-6-personnes\/"},"modified":"2025-06-11T10:31:06","modified_gmt":"2025-06-11T08:31:06","slug":"mobil-home-4-6-personnes","status":"publish","type":"page","link":"https:\/\/camping-le-soleil-des-bastides.fr\/de\/les-hebergements\/location-mobil-home-dans-le-tarn\/mobil-home-4-6-personnes\/","title":{"rendered":"Mobilheim f\u00fcr 4\/6 Personen"},"content":{"rendered":"<p>[et_pb_section fb_built=&#8220;1&#8243; admin_label=&#8220;Header&#8220; _builder_version=&#8220;4.19.1&#8243; use_background_color_gradient=&#8220;on&#8220; background_color_gradient_type=&#8220;circular&#8220; background_color_gradient_direction_radial=&#8220;top left&#8220; background_color_gradient_stops=&#8220;rgba(51,51,51,0.8) 0%|rgba(51,51,51,0.1) 100%&#8220; background_color_gradient_overlays_image=&#8220;on&#8220; background_color_gradient_start=&#8220;rgba(255,255,255,0.89)&#8220; background_color_gradient_start_position=&#8220;30%&#8220; background_color_gradient_end=&#8220;rgba(255,255,255,0)&#8220; background_color_gradient_end_position=&#8220;80%&#8220; background_image=&#8220;https:\/\/camping-le-soleil-des-bastides.fr\/wp-content\/uploads\/2023\/01\/header-hebergement-camping-soleil-des-bastides-tarn.webp&#8220; custom_margin=&#8220;|||&#8220; custom_padding=&#8220;2vw||2vw||true|false&#8220; global_colors_info=&#8220;{}&#8220;][et_pb_row _builder_version=&#8220;4.16&#8243; global_colors_info=&#8220;{}&#8220;][et_pb_column type=&#8220;4_4&#8243; _builder_version=&#8220;4.16&#8243; custom_padding=&#8220;|||&#8220; global_colors_info=&#8220;{}&#8220; custom_padding__hover=&#8220;|||&#8220;][et_pb_text _builder_version=&#8220;4.27.4&#8243; text_font=&#8220;||||||||&#8220; header_font=&#8220;|700||on|||||&#8220; header_text_color=&#8220;#FFFFFF&#8220; header_font_size=&#8220;50px&#8220; header_line_height=&#8220;1.2em&#8220; header_5_font=&#8220;Quicksand|700||on|||||&#8220; header_5_text_color=&#8220;#83BE40&#8243; header_5_font_size=&#8220;20px&#8220; header_5_letter_spacing=&#8220;0.5em&#8220; animation_style=&#8220;zoom&#8220; animation_intensity_zoom=&#8220;5%&#8220; hover_enabled=&#8220;0&#8243; header_font_size_tablet=&#8220;35px&#8220; header_font_size_phone=&#8220;25px&#8220; header_font_size_last_edited=&#8220;on|phone&#8220; header_5_font_size_tablet=&#8220;14px&#8220; header_5_font_size_phone=&#8220;12px&#8220; header_5_font_size_last_edited=&#8220;on|desktop&#8220; header_text_shadow_style=&#8220;preset3&#8243; header_text_shadow_color=&#8220;rgba(51,51,51,0.4)&#8220; header_5_text_shadow_style=&#8220;preset3&#8243; global_colors_info=&#8220;{}&#8220; sticky_enabled=&#8220;0&#8243;]<\/p>\n<h1>MOBILHEIM<\/h1>\n<p style=\"font-size: 20px; font-family: Quicksand; color: #83be40; text-align: left; letter-spacing: 10px;\"><strong>4\/6 PERSONEN<\/strong><\/p>\n<p>[\/et_pb_text][\/et_pb_column][\/et_pb_row][\/et_pb_section][et_pb_section fb_built=&#8220;1&#8243; _builder_version=&#8220;4.19.1&#8243; _module_preset=&#8220;default&#8220; background_color=&#8220;#F9F6F3&#8243; global_colors_info=&#8220;{}&#8220;][et_pb_row _builder_version=&#8220;4.19.1&#8243; _module_preset=&#8220;default&#8220; custom_padding=&#8220;0px||50px||false|false&#8220; animation_style=&#8220;slide&#8220; animation_direction=&#8220;right&#8220; animation_intensity_slide=&#8220;10%&#8220; global_colors_info=&#8220;{}&#8220;][et_pb_column type=&#8220;4_4&#8243; _builder_version=&#8220;4.19.1&#8243; _module_preset=&#8220;default&#8220; global_colors_info=&#8220;{}&#8220;][et_pb_text _builder_version=&#8220;4.27.4&#8243; text_font=&#8220;||||||||&#8220; ul_font=&#8220;||||||||&#8220; ul_line_height=&#8220;2em&#8220; header_font=&#8220;||||||||&#8220; header_3_font=&#8220;|700|||||||&#8220; header_3_font_size=&#8220;20px&#8220; header_3_line_height=&#8220;1.4em&#8220; header_4_text_color=&#8220;#B22B88&#8243; header_4_font_size=&#8220;16px&#8220; header_6_line_height=&#8220;1.8em&#8220; custom_margin=&#8220;||20px||false|false&#8220; custom_padding=&#8220;||0px||false|false&#8220; hover_enabled=&#8220;0&#8243; header_3_font_size_tablet=&#8220;35px&#8220; header_3_font_size_phone=&#8220;25px&#8220; header_3_font_size_last_edited=&#8220;off|desktop&#8220; locked=&#8220;off&#8220; global_colors_info=&#8220;{}&#8220; sticky_enabled=&#8220;0&#8243;]<\/p>\n<h2 style=\"text-align: center;\">MOBILHEIM 4\/6 PERSONEN<\/h2>\n<h2 style=\"font-weight: 400; font-size: 16px; font-family: Syncopate; color: #b22b88; text-align: center;\">Familien-Mobilheim f\u00fcr Ihren Aufenthalt<\/h2>\n<p style=\"text-align: center;\">Unser <strong>Mobilheim f\u00fcr 4\/6 Personen<\/strong> ist wie ein kleines Zuhause und l\u00e4sst Sie sich im <a href=\"\/de\/\">familienfreundlichen Campingplatz im Tarn<\/a> ganz wie zu Hause f\u00fchlen. Diese <strong>moderne und voll ausgestattete Unterkunft<\/strong> garantiert Ihnen einen komfortablen Aufenthalt in <strong>schattiger<\/strong> Umgebung. Dieses <a href=\"\/de\/les-hebergements\/location-mobil-home-dans-le-tarn\/\">Mietmobilheim im Tarn<\/a> ist ideal f\u00fcr einen Urlaub mit Familie oder Freunden!<\/p>\n<dl><\/dl>\n<p>[\/et_pb_text][\/et_pb_column][\/et_pb_row][et_pb_row _builder_version=&#8220;4.19.1&#8243; width=&#8220;100%&#8220; max_width=&#8220;100%&#8220; custom_padding=&#8220;0px||0px||true|false&#8220; global_colors_info=&#8220;{}&#8220;][et_pb_column type=&#8220;4_4&#8243; _builder_version=&#8220;4.16&#8243; global_colors_info=&#8220;{}&#8220;][dica_divi_carousel show_items_desktop=&#8220;3.25&#8243; centermode=&#8220;on&#8220; loop=&#8220;on&#8220; autoplay=&#8220;on&#8220; hoverpause=&#8220;on&#8220; autoplay_speed=&#8220;2000&#8243; arrow_nav=&#8220;on&#8220; item_spacing=&#8220;10&#8243; item_spacing_last_edited=&#8220;off|desktop&#8220; advanced_effect=&#8220;1&#8243; arrow_nav_color=&#8220;#ffffff&#8220; arrow_bg_color=&#8220;#83BE40&#8243; dots_active_color=&#8220;#B22B88&#8243; overlay_color_field_bgcolor=&#8220;rgba(255,255,255,0.85)&#8220; arrow_font_size=&#8220;40px&#8220; content_container_margin=&#8220;-86px||||false|false&#8220; content_container_padding=&#8220;||26px|46px|false|false&#8220; _builder_version=&#8220;4.23&#8243; title_font=&#8220;Nunito||||||||&#8220; title_text_color=&#8220;#ffffff&#8220; title_font_size=&#8220;30px&#8220; subtitle_font=&#8220;Nunito||||||||&#8220; subtitle_text_color=&#8220;#ffffff&#8220; global_colors_info=&#8220;{}&#8220;][dica_divi_carouselitem button_url_new_window=&#8220;1&#8243; image=&#8220;https:\/\/camping-le-soleil-des-bastides.fr\/wp-content\/uploads\/2023\/01\/mobil-home-6-pers-camping-tarn-1.webp&#8220; image_padding=&#8220;||||false|true&#8220; content_padding=&#8220;||||false|true&#8220; button_padding=&#8220;||||false|true&#8220; custom_margin=&#8220;||||false|true&#8220; custom_padding=&#8220;||||false|true&#8220; _builder_version=&#8220;4.19.1&#8243; global_colors_info=&#8220;{}&#8220;][\/dica_divi_carouselitem][dica_divi_carouselitem button_url_new_window=&#8220;1&#8243; image=&#8220;https:\/\/camping-le-soleil-des-bastides.fr\/wp-content\/uploads\/2023\/11\/059.jpg&#8220; image_padding=&#8220;||||false|true&#8220; content_padding=&#8220;||||false|true&#8220; button_padding=&#8220;||||false|true&#8220; custom_margin=&#8220;||||false|true&#8220; custom_padding=&#8220;||||false|true&#8220; _builder_version=&#8220;4.23&#8243; global_colors_info=&#8220;{}&#8220;][\/dica_divi_carouselitem][dica_divi_carouselitem button_url_new_window=&#8220;1&#8243; image=&#8220;https:\/\/camping-le-soleil-des-bastides.fr\/wp-content\/uploads\/2023\/01\/mobil-home-6-pers-camping-tarn-2.webp&#8220; image_padding=&#8220;||||false|true&#8220; content_padding=&#8220;||||false|true&#8220; button_padding=&#8220;||||false|true&#8220; custom_margin=&#8220;||||false|true&#8220; custom_padding=&#8220;||||false|true&#8220; _builder_version=&#8220;4.19.1&#8243; global_colors_info=&#8220;{}&#8220;][\/dica_divi_carouselitem][dica_divi_carouselitem button_url_new_window=&#8220;1&#8243; image=&#8220;https:\/\/camping-le-soleil-des-bastides.fr\/wp-content\/uploads\/2023\/01\/mobil-home-6-pers-camping-tarn-3.webp&#8220; image_padding=&#8220;||||false|true&#8220; content_padding=&#8220;||||false|true&#8220; button_padding=&#8220;||||false|true&#8220; custom_margin=&#8220;||||false|true&#8220; custom_padding=&#8220;||||false|true&#8220; _builder_version=&#8220;4.19.1&#8243; global_colors_info=&#8220;{}&#8220;][\/dica_divi_carouselitem][dica_divi_carouselitem button_url_new_window=&#8220;1&#8243; image=&#8220;https:\/\/camping-le-soleil-des-bastides.fr\/wp-content\/uploads\/2023\/11\/060.jpg&#8220; image_padding=&#8220;||||false|true&#8220; content_padding=&#8220;||||false|true&#8220; button_padding=&#8220;||||false|true&#8220; custom_margin=&#8220;||||false|true&#8220; custom_padding=&#8220;||||false|true&#8220; _builder_version=&#8220;4.23&#8243; global_colors_info=&#8220;{}&#8220;][\/dica_divi_carouselitem][\/dica_divi_carousel][\/et_pb_column][\/et_pb_row][et_pb_row column_structure=&#8220;2_5,3_5&#8243; _builder_version=&#8220;4.19.1&#8243; _module_preset=&#8220;default&#8220; global_colors_info=&#8220;{}&#8220;][et_pb_column type=&#8220;2_5&#8243; _builder_version=&#8220;4.19.1&#8243; _module_preset=&#8220;default&#8220; global_colors_info=&#8220;{}&#8220;][et_pb_blurb title=&#8220;4 bis 6 Personen &#8220; use_icon=&#8220;on&#8220; font_icon=&#8220;&#xf007;||fa||900&#8243; icon_color=&#8220;#B22B88&#8243; image_icon_background_color=&#8220;RGBA(255,255,255,0)&#8220; icon_placement=&#8220;left&#8220; image_icon_width=&#8220;25px&#8220; content_max_width=&#8220;100%&#8220; admin_label=&#8220;Personne&#8220; _builder_version=&#8220;4.27.4&#8243; _module_preset=&#8220;default&#8220; header_font=&#8220;Quicksand|||on|||||&#8220; header_font_size=&#8220;15px&#8220; header_letter_spacing=&#8220;1px&#8220; image_icon_custom_padding=&#8220;||||true|true&#8220; custom_margin=&#8220;||0px||false|false&#8220; custom_padding=&#8220;15px||15px||true|false&#8220; hover_enabled=&#8220;0&#8243; custom_css_blurb_title=&#8220;margin-top : 5px;&#8220; border_width_bottom=&#8220;1px&#8220; border_color_bottom=&#8220;rgba(0,0,0,0.1)&#8220; global_colors_info=&#8220;{}&#8220; sticky_enabled=&#8220;0&#8243;][\/et_pb_blurb][et_pb_blurb title=&#8220;27 m\u00b2 und 12 m\u00b2 \u00fcberdachte Terrasse&#8220; use_icon=&#8220;on&#8220; font_icon=&#8220;&#xf015;||fa||900&#8243; icon_color=&#8220;#B22B88&#8243; image_icon_background_color=&#8220;RGBA(255,255,255,0)&#8220; icon_placement=&#8220;left&#8220; image_icon_width=&#8220;25px&#8220; content_max_width=&#8220;100%&#8220; admin_label=&#8220;Superficie&#8220; _builder_version=&#8220;4.27.4&#8243; _module_preset=&#8220;default&#8220; header_font=&#8220;Quicksand|||on|||||&#8220; header_font_size=&#8220;15px&#8220; header_letter_spacing=&#8220;1px&#8220; image_icon_custom_padding=&#8220;|0px||0px|true|true&#8220; custom_margin=&#8220;||0px||false|false&#8220; custom_padding=&#8220;15px||15px||true|false&#8220; hover_enabled=&#8220;0&#8243; custom_css_blurb_title=&#8220;margin-top : 5px;&#8220; border_width_bottom=&#8220;1px&#8220; border_color_bottom=&#8220;rgba(0,0,0,0.1)&#8220; global_colors_info=&#8220;{}&#8220; sticky_enabled=&#8220;0&#8243;][\/et_pb_blurb][et_pb_blurb title=&#8220;Schlafzimmer&#8220; use_icon=&#8220;on&#8220; font_icon=&#8220;&#xf236;||fa||900&#8243; icon_color=&#8220;#B22B88&#8243; image_icon_background_color=&#8220;RGBA(255,255,255,0)&#8220; icon_placement=&#8220;left&#8220; image_icon_width=&#8220;25px&#8220; content_max_width=&#8220;100%&#8220; admin_label=&#8220;Coin Chambre&#8220; _builder_version=&#8220;4.27.4&#8243; _module_preset=&#8220;default&#8220; header_font=&#8220;Quicksand|||on|||||&#8220; header_font_size=&#8220;15px&#8220; header_letter_spacing=&#8220;1px&#8220; image_icon_custom_padding=&#8220;|0px||0px|true|true&#8220; custom_margin=&#8220;||0px||false|false&#8220; custom_padding=&#8220;15px||0px||false|false&#8220; hover_enabled=&#8220;0&#8243; custom_css_blurb_title=&#8220;margin-top : 5px;&#8220; border_width_bottom=&#8220;1px&#8220; border_color_bottom=&#8220;rgba(0,0,0,0.1)&#8220; global_colors_info=&#8220;{}&#8220; sticky_enabled=&#8220;0&#8243;]<\/p>\n<ul>\n<li>1 Schlafzimmer mit Doppelbett<\/li>\n<li>1 Schlafzimmer mit 2 Einzelbetten<\/li>\n<li>1 Schlafsofa f\u00fcr 2 Personen<\/li>\n<li>Decken und Kissen inklusive<\/li>\n<\/ul>\n<p>[\/et_pb_blurb][et_pb_blurb title=&#8220;Sanit\u00e4rbereich&#8220; use_icon=&#8220;on&#8220; font_icon=&#8220;&#xf2cc;||fa||900&#8243; icon_color=&#8220;#B22B88&#8243; image_icon_background_color=&#8220;RGBA(255,255,255,0)&#8220; icon_placement=&#8220;left&#8220; image_icon_width=&#8220;25px&#8220; content_max_width=&#8220;100%&#8220; admin_label=&#8220;Coin Sanitaires&#8220; _builder_version=&#8220;4.27.4&#8243; _module_preset=&#8220;default&#8220; header_font=&#8220;Quicksand|||on|||||&#8220; header_font_size=&#8220;15px&#8220; header_letter_spacing=&#8220;1px&#8220; image_icon_custom_padding=&#8220;|0px||0px|true|true&#8220; custom_margin=&#8220;||0px||false|false&#8220; custom_padding=&#8220;15px||15px||true|false&#8220; hover_enabled=&#8220;0&#8243; custom_css_blurb_title=&#8220;margin-top : 5px;&#8220; border_width_bottom=&#8220;1px&#8220; border_color_bottom=&#8220;rgba(0,0,0,0.1)&#8220; global_colors_info=&#8220;{}&#8220; sticky_enabled=&#8220;0&#8243;]<\/p>\n<p>Badezimmer und separates WC<\/p>\n<p>[\/et_pb_blurb][et_pb_blurb title=&#8220;K\u00fcche&#8220; use_icon=&#8220;on&#8220; font_icon=&#8220;&#xf2e7;||fa||900&#8243; icon_color=&#8220;#B22B88&#8243; image_icon_background_color=&#8220;RGBA(255,255,255,0)&#8220; icon_placement=&#8220;left&#8220; image_icon_width=&#8220;25px&#8220; content_max_width=&#8220;100%&#8220; admin_label=&#8220;Coin Cuisine&#8220; _builder_version=&#8220;4.27.4&#8243; _module_preset=&#8220;default&#8220; header_font=&#8220;Quicksand|||on|||||&#8220; header_font_size=&#8220;15px&#8220; header_letter_spacing=&#8220;1px&#8220; image_icon_custom_padding=&#8220;|0px||0px|true|true&#8220; custom_margin=&#8220;||0px||false|false&#8220; custom_padding=&#8220;15px||15px||true|false&#8220; hover_enabled=&#8220;0&#8243; custom_css_blurb_title=&#8220;margin-top : 5px;&#8220; border_width_bottom=&#8220;1px&#8220; border_color_bottom=&#8220;rgba(0,0,0,0.1)&#8220; global_colors_info=&#8220;{}&#8220; sticky_enabled=&#8220;0&#8243;]Voll ausgestattet: Geschirr, Gasherd, K\u00fchlschrank, kleines Gefrierfach, Mikrowelle, Kaffeemaschine. Extra: Vorratsschrank mit gro\u00dfen Regalen.<br \/>\n[\/et_pb_blurb][et_pb_blurb title=&#8220;Beschreibung&#8220; use_icon=&#8220;on&#8220; font_icon=&#8220;&#xf022;||fa||900&#8243; icon_color=&#8220;#B22B88&#8243; image_icon_background_color=&#8220;RGBA(255,255,255,0)&#8220; icon_placement=&#8220;left&#8220; image_icon_width=&#8220;25px&#8220; content_max_width=&#8220;100%&#8220; disabled_on=&#8220;off|off|off&#8220; admin_label=&#8220;Descriptif&#8220; _builder_version=&#8220;4.27.4&#8243; _module_preset=&#8220;default&#8220; header_font=&#8220;Quicksand|||on|||||&#8220; header_font_size=&#8220;15px&#8220; header_letter_spacing=&#8220;1px&#8220; background_enable_color=&#8220;off&#8220; image_icon_custom_padding=&#8220;||||true|true&#8220; custom_margin=&#8220;||0px||false|false&#8220; custom_padding=&#8220;15px||0px||false|false&#8220; hover_enabled=&#8220;0&#8243; custom_css_blurb_title=&#8220;margin-top : 5px;&#8220; border_width_bottom=&#8220;1px&#8220; border_color_bottom=&#8220;rgba(0,0,0,0.1)&#8220; global_colors_info=&#8220;{}&#8220; sticky_enabled=&#8220;0&#8243;]<\/p>\n<ul>\n<li>Ger\u00e4umiger Wohnbereich<\/li>\n<li>Gartenm\u00f6bel und Liegest\u00fchle auf der \u00fcberdachten Terrasse<\/li>\n<\/ul>\n<p>[\/et_pb_blurb][et_pb_blurb title=&#8220;Zus\u00e4tzliche Information&#8220; use_icon=&#8220;on&#8220; font_icon=&#8220;&#xf05a;||fa||900&#8243; icon_color=&#8220;#B22B88&#8243; image_icon_background_color=&#8220;RGBA(255,255,255,0)&#8220; icon_placement=&#8220;left&#8220; image_icon_width=&#8220;25px&#8220; content_max_width=&#8220;100%&#8220; admin_label=&#8220;Information suppl\u00e9mentaire&#8220; _builder_version=&#8220;4.27.4&#8243; _module_preset=&#8220;default&#8220; header_font=&#8220;Quicksand|||on|||||&#8220; header_font_size=&#8220;15px&#8220; header_letter_spacing=&#8220;1px&#8220; background_enable_color=&#8220;off&#8220; image_icon_custom_padding=&#8220;||||true|true&#8220; custom_margin=&#8220;||0px||false|false&#8220; custom_padding=&#8220;15px||15px||true|false&#8220; hover_enabled=&#8220;0&#8243; custom_css_blurb_title=&#8220;margin-top : 5px;&#8220; border_color_bottom=&#8220;rgba(0,0,0,0.1)&#8220; global_colors_info=&#8220;{}&#8220; sticky_enabled=&#8220;0&#8243;]<\/p>\n<p>Haustiere erlaubt<\/p>\n<p>[\/et_pb_blurb][\/et_pb_column][et_pb_column type=&#8220;3_5&#8243; _builder_version=&#8220;4.19.1&#8243; _module_preset=&#8220;default&#8220; global_colors_info=&#8220;{}&#8220;][et_pb_code module_class=&#8220;widget_calendrier&#8220; _builder_version=&#8220;4.19.1&#8243; _module_preset=&#8220;default&#8220; custom_margin=&#8220;8%||||false|false&#8220; global_colors_info=&#8220;{}&#8220;]<ctv-product-search data-product-id='73262' ><\/ctv-product-search>[\/et_pb_code][et_pb_code module_class=&#8220;widget_calendrier&#8220; _builder_version=&#8220;4.27.4&#8243; _module_preset=&#8220;default&#8220; custom_margin=&#8220;8%||||false|false&#8220; global_colors_info=&#8220;{}&#8220;]<ctv-reviews-list data-product-id=\"73262\" ><\/ctv-reviews-list>[\/et_pb_code][\/et_pb_column][\/et_pb_row][\/et_pb_section]<\/p>\n","protected":false},"excerpt":{"rendered":"<p>MOBILHEIM 4\/6 PERSONENMOBILHEIM 4\/6 PERSONEN Familien-Mobilheim f\u00fcr Ihren Aufenthalt Unser Mobilheim f\u00fcr 4\/6 Personen ist wie ein kleines Zuhause und l\u00e4sst Sie sich im familienfreundlichen Campingplatz im Tarn ganz wie zu Hause f\u00fchlen. Diese moderne und voll ausgestattete Unterkunft garantiert Ihnen einen komfortablen Aufenthalt in schattiger Umgebung. Dieses Mietmobilheim im Tarn ist ideal f\u00fcr einen [&hellip;]<\/p>\n","protected":false},"author":1,"featured_media":0,"parent":5498,"menu_order":0,"comment_status":"closed","ping_status":"closed","template":"","meta":{"_et_pb_use_builder":"on","_et_pb_old_content":"","_et_gb_content_width":"","footnotes":""},"class_list":["post-5572","page","type-page","status-publish","hentry"],"yoast_head":"<!-- This site is optimized with the Yoast SEO plugin v27.3 - https:\/\/yoast.com\/product\/yoast-seo-wordpress\/ -->\n<title>Mobilheim f\u00fcr 4 bis 6 Personen \u2013 27 m\u00b2 \u2013 Ab 39 \u20ac<\/title>\n<meta name=\"description\" content=\"Ein klassisches und funktionales Mobilheim f\u00fcr 4 bis 6 Personen auf unserem Campingplatz im Herzen des Tarn: Le Soleil Des Bastides \u2013 Albi (81).\" \/>\n<meta name=\"robots\" content=\"index, follow, max-snippet:-1, max-image-preview:large, max-video-preview:-1\" \/>\n<link rel=\"canonical\" href=\"https:\/\/camping-le-soleil-des-bastides.fr\/de\/les-hebergements\/location-mobil-home-dans-le-tarn\/mobil-home-4-6-personnes\/\" \/>\n<meta property=\"og:locale\" content=\"de_DE\" \/>\n<meta property=\"og:type\" content=\"article\" \/>\n<meta property=\"og:title\" content=\"Mobilheim f\u00fcr 4 bis 6 Personen \u2013 27 m\u00b2 \u2013 Ab 39 \u20ac\" \/>\n<meta property=\"og:description\" content=\"Ein klassisches und funktionales Mobilheim f\u00fcr 4 bis 6 Personen auf unserem Campingplatz im Herzen des Tarn: Le Soleil Des Bastides \u2013 Albi (81).\" \/>\n<meta property=\"og:url\" content=\"https:\/\/camping-le-soleil-des-bastides.fr\/de\/les-hebergements\/location-mobil-home-dans-le-tarn\/mobil-home-4-6-personnes\/\" \/>\n<meta property=\"og:site_name\" content=\"Camping Le Soleil Des Bastides\" \/>\n<meta property=\"article:publisher\" content=\"https:\/\/www.facebook.com\/LeSoleilDesBastides\/\" \/>\n<meta property=\"article:modified_time\" content=\"2025-06-11T08:31:06+00:00\" \/>\n<meta name=\"twitter:card\" content=\"summary_large_image\" \/>\n<meta name=\"twitter:label1\" content=\"Gesch\u00e4tzte Lesezeit\" \/>\n\t<meta name=\"twitter:data1\" content=\"2\u00a0Minuten\" \/>\n<script type=\"application\/ld+json\" class=\"yoast-schema-graph\">{\"@context\":\"https:\\\/\\\/schema.org\",\"@graph\":[{\"@type\":\"WebPage\",\"@id\":\"https:\\\/\\\/camping-le-soleil-des-bastides.fr\\\/de\\\/les-hebergements\\\/location-mobil-home-dans-le-tarn\\\/mobil-home-4-6-personnes\\\/\",\"url\":\"https:\\\/\\\/camping-le-soleil-des-bastides.fr\\\/de\\\/les-hebergements\\\/location-mobil-home-dans-le-tarn\\\/mobil-home-4-6-personnes\\\/\",\"name\":\"Mobilheim f\u00fcr 4 bis 6 Personen \u2013 27 m\u00b2 \u2013 Ab 39 \u20ac\",\"isPartOf\":{\"@id\":\"https:\\\/\\\/camping-le-soleil-des-bastides.fr\\\/de\\\/#website\"},\"datePublished\":\"2023-01-11T14:27:19+00:00\",\"dateModified\":\"2025-06-11T08:31:06+00:00\",\"description\":\"Ein klassisches und funktionales Mobilheim f\u00fcr 4 bis 6 Personen auf unserem Campingplatz im Herzen des Tarn: Le Soleil Des Bastides \u2013 Albi (81).\",\"breadcrumb\":{\"@id\":\"https:\\\/\\\/camping-le-soleil-des-bastides.fr\\\/de\\\/les-hebergements\\\/location-mobil-home-dans-le-tarn\\\/mobil-home-4-6-personnes\\\/#breadcrumb\"},\"inLanguage\":\"de\",\"potentialAction\":[{\"@type\":\"ReadAction\",\"target\":[\"https:\\\/\\\/camping-le-soleil-des-bastides.fr\\\/de\\\/les-hebergements\\\/location-mobil-home-dans-le-tarn\\\/mobil-home-4-6-personnes\\\/\"]}]},{\"@type\":\"BreadcrumbList\",\"@id\":\"https:\\\/\\\/camping-le-soleil-des-bastides.fr\\\/de\\\/les-hebergements\\\/location-mobil-home-dans-le-tarn\\\/mobil-home-4-6-personnes\\\/#breadcrumb\",\"itemListElement\":[{\"@type\":\"ListItem\",\"position\":1,\"name\":\"Camping Tarn\",\"item\":\"https:\\\/\\\/camping-le-soleil-des-bastides.fr\\\/de\\\/\"},{\"@type\":\"ListItem\",\"position\":2,\"name\":\"Ferienvermietung Tarn\",\"item\":\"https:\\\/\\\/camping-le-soleil-des-bastides.fr\\\/de\\\/les-hebergements\\\/\"},{\"@type\":\"ListItem\",\"position\":3,\"name\":\"Mobil home en location Tarn\",\"item\":\"https:\\\/\\\/camping-le-soleil-des-bastides.fr\\\/de\\\/les-hebergements\\\/location-mobil-home-dans-le-tarn\\\/\"},{\"@type\":\"ListItem\",\"position\":4,\"name\":\"Mobilheim f\u00fcr 4\\\/6 Personen\"}]},{\"@type\":\"WebSite\",\"@id\":\"https:\\\/\\\/camping-le-soleil-des-bastides.fr\\\/de\\\/#website\",\"url\":\"https:\\\/\\\/camping-le-soleil-des-bastides.fr\\\/de\\\/\",\"name\":\"Camping Le Soleil Des Bastides\",\"description\":\"Un camping calme, ombrag\u00e9 au coeur des bastides tarnaises\",\"potentialAction\":[{\"@type\":\"SearchAction\",\"target\":{\"@type\":\"EntryPoint\",\"urlTemplate\":\"https:\\\/\\\/camping-le-soleil-des-bastides.fr\\\/de\\\/?s={search_term_string}\"},\"query-input\":{\"@type\":\"PropertyValueSpecification\",\"valueRequired\":true,\"valueName\":\"search_term_string\"}}],\"inLanguage\":\"de\"}]}<\/script>\n<!-- \/ Yoast SEO plugin. -->","yoast_head_json":{"title":"Mobilheim f\u00fcr 4 bis 6 Personen \u2013 27 m\u00b2 \u2013 Ab 39 \u20ac","description":"Ein klassisches und funktionales Mobilheim f\u00fcr 4 bis 6 Personen auf unserem Campingplatz im Herzen des Tarn: Le Soleil Des Bastides \u2013 Albi (81).","robots":{"index":"index","follow":"follow","max-snippet":"max-snippet:-1","max-image-preview":"max-image-preview:large","max-video-preview":"max-video-preview:-1"},"canonical":"https:\/\/camping-le-soleil-des-bastides.fr\/de\/les-hebergements\/location-mobil-home-dans-le-tarn\/mobil-home-4-6-personnes\/","og_locale":"de_DE","og_type":"article","og_title":"Mobilheim f\u00fcr 4 bis 6 Personen \u2013 27 m\u00b2 \u2013 Ab 39 \u20ac","og_description":"Ein klassisches und funktionales Mobilheim f\u00fcr 4 bis 6 Personen auf unserem Campingplatz im Herzen des Tarn: Le Soleil Des Bastides \u2013 Albi (81).","og_url":"https:\/\/camping-le-soleil-des-bastides.fr\/de\/les-hebergements\/location-mobil-home-dans-le-tarn\/mobil-home-4-6-personnes\/","og_site_name":"Camping Le Soleil Des Bastides","article_publisher":"https:\/\/www.facebook.com\/LeSoleilDesBastides\/","article_modified_time":"2025-06-11T08:31:06+00:00","twitter_card":"summary_large_image","twitter_misc":{"Gesch\u00e4tzte Lesezeit":"2\u00a0Minuten"},"schema":{"@context":"https:\/\/schema.org","@graph":[{"@type":"WebPage","@id":"https:\/\/camping-le-soleil-des-bastides.fr\/de\/les-hebergements\/location-mobil-home-dans-le-tarn\/mobil-home-4-6-personnes\/","url":"https:\/\/camping-le-soleil-des-bastides.fr\/de\/les-hebergements\/location-mobil-home-dans-le-tarn\/mobil-home-4-6-personnes\/","name":"Mobilheim f\u00fcr 4 bis 6 Personen \u2013 27 m\u00b2 \u2013 Ab 39 \u20ac","isPartOf":{"@id":"https:\/\/camping-le-soleil-des-bastides.fr\/de\/#website"},"datePublished":"2023-01-11T14:27:19+00:00","dateModified":"2025-06-11T08:31:06+00:00","description":"Ein klassisches und funktionales Mobilheim f\u00fcr 4 bis 6 Personen auf unserem Campingplatz im Herzen des Tarn: Le Soleil Des Bastides \u2013 Albi (81).","breadcrumb":{"@id":"https:\/\/camping-le-soleil-des-bastides.fr\/de\/les-hebergements\/location-mobil-home-dans-le-tarn\/mobil-home-4-6-personnes\/#breadcrumb"},"inLanguage":"de","potentialAction":[{"@type":"ReadAction","target":["https:\/\/camping-le-soleil-des-bastides.fr\/de\/les-hebergements\/location-mobil-home-dans-le-tarn\/mobil-home-4-6-personnes\/"]}]},{"@type":"BreadcrumbList","@id":"https:\/\/camping-le-soleil-des-bastides.fr\/de\/les-hebergements\/location-mobil-home-dans-le-tarn\/mobil-home-4-6-personnes\/#breadcrumb","itemListElement":[{"@type":"ListItem","position":1,"name":"Camping Tarn","item":"https:\/\/camping-le-soleil-des-bastides.fr\/de\/"},{"@type":"ListItem","position":2,"name":"Ferienvermietung Tarn","item":"https:\/\/camping-le-soleil-des-bastides.fr\/de\/les-hebergements\/"},{"@type":"ListItem","position":3,"name":"Mobil home en location Tarn","item":"https:\/\/camping-le-soleil-des-bastides.fr\/de\/les-hebergements\/location-mobil-home-dans-le-tarn\/"},{"@type":"ListItem","position":4,"name":"Mobilheim f\u00fcr 4\/6 Personen"}]},{"@type":"WebSite","@id":"https:\/\/camping-le-soleil-des-bastides.fr\/de\/#website","url":"https:\/\/camping-le-soleil-des-bastides.fr\/de\/","name":"Camping Le Soleil Des Bastides","description":"Un camping calme, ombrag\u00e9 au coeur des bastides tarnaises","potentialAction":[{"@type":"SearchAction","target":{"@type":"EntryPoint","urlTemplate":"https:\/\/camping-le-soleil-des-bastides.fr\/de\/?s={search_term_string}"},"query-input":{"@type":"PropertyValueSpecification","valueRequired":true,"valueName":"search_term_string"}}],"inLanguage":"de"}]}},"_links":{"self":[{"href":"https:\/\/camping-le-soleil-des-bastides.fr\/de\/wp-json\/wp\/v2\/pages\/5572","targetHints":{"allow":["GET"]}}],"collection":[{"href":"https:\/\/camping-le-soleil-des-bastides.fr\/de\/wp-json\/wp\/v2\/pages"}],"about":[{"href":"https:\/\/camping-le-soleil-des-bastides.fr\/de\/wp-json\/wp\/v2\/types\/page"}],"author":[{"embeddable":true,"href":"https:\/\/camping-le-soleil-des-bastides.fr\/de\/wp-json\/wp\/v2\/users\/1"}],"replies":[{"embeddable":true,"href":"https:\/\/camping-le-soleil-des-bastides.fr\/de\/wp-json\/wp\/v2\/comments?post=5572"}],"version-history":[{"count":0,"href":"https:\/\/camping-le-soleil-des-bastides.fr\/de\/wp-json\/wp\/v2\/pages\/5572\/revisions"}],"up":[{"embeddable":true,"href":"https:\/\/camping-le-soleil-des-bastides.fr\/de\/wp-json\/wp\/v2\/pages\/5498"}],"wp:attachment":[{"href":"https:\/\/camping-le-soleil-des-bastides.fr\/de\/wp-json\/wp\/v2\/media?parent=5572"}],"curies":[{"name":"wp","href":"https:\/\/api.w.org\/{rel}","templated":true}]}}