{"id":5498,"date":"2024-04-17T15:38:02","date_gmt":"2024-04-17T13:38:02","guid":{"rendered":"https:\/\/camping-le-soleil-des-bastides.fr\/les-hebergements\/location-mobil-home-dans-le-tarn\/"},"modified":"2025-06-10T14:32:41","modified_gmt":"2025-06-10T12:32:41","slug":"location-mobil-home-dans-le-tarn","status":"publish","type":"page","link":"https:\/\/camping-le-soleil-des-bastides.fr\/de\/les-hebergements\/location-mobil-home-dans-le-tarn\/","title":{"rendered":"Mobilheimvermietung im Tarn"},"content":{"rendered":"<p>[et_pb_section fb_built=&#8220;1&#8243; admin_label=&#8220;Header&#8220; _builder_version=&#8220;4.24.2&#8243; use_background_color_gradient=&#8220;on&#8220; background_color_gradient_type=&#8220;circular&#8220; background_color_gradient_direction_radial=&#8220;top left&#8220; background_color_gradient_stops=&#8220;rgba(51,51,51,0.8) 0%|rgba(51,51,51,0.1) 100%&#8220; background_color_gradient_overlays_image=&#8220;on&#8220; background_color_gradient_start=&#8220;rgba(255,255,255,0.89)&#8220; background_color_gradient_start_position=&#8220;30%&#8220; background_color_gradient_end=&#8220;rgba(255,255,255,0)&#8220; background_color_gradient_end_position=&#8220;80%&#8220; background_image=&#8220;https:\/\/camping-le-soleil-des-bastides.fr\/wp-content\/uploads\/2022\/12\/header-herbergement-camping-soleil-des-bastides-tarn.webp&#8220; custom_margin=&#8220;|||&#8220; custom_padding=&#8220;2vw||2vw||true|false&#8220; locked=&#8220;off&#8220; global_colors_info=&#8220;{}&#8220;][et_pb_row _builder_version=&#8220;4.16&#8243; global_colors_info=&#8220;{}&#8220;][et_pb_column type=&#8220;4_4&#8243; _builder_version=&#8220;4.16&#8243; custom_padding=&#8220;|||&#8220; global_colors_info=&#8220;{}&#8220; custom_padding__hover=&#8220;|||&#8220;][et_pb_text _builder_version=&#8220;4.27.4&#8243; text_font=&#8220;||||||||&#8220; header_font=&#8220;|700|||||||&#8220; header_text_color=&#8220;#83BE40&#8243; header_font_size=&#8220;50px&#8220; header_line_height=&#8220;1.2em&#8220; header_5_font=&#8220;Quicksand|700||on|||||&#8220; header_5_text_color=&#8220;#FFFFFF&#8220; header_5_font_size=&#8220;20px&#8220; header_5_letter_spacing=&#8220;0.5em&#8220; animation_style=&#8220;zoom&#8220; animation_intensity_zoom=&#8220;5%&#8220; header_font_size_tablet=&#8220;35px&#8220; header_font_size_phone=&#8220;25px&#8220; header_font_size_last_edited=&#8220;on|phone&#8220; header_5_font_size_tablet=&#8220;14px&#8220; header_5_font_size_phone=&#8220;12px&#8220; header_5_font_size_last_edited=&#8220;on|desktop&#8220; header_text_shadow_style=&#8220;preset3&#8243; header_text_shadow_color=&#8220;rgba(51,51,51,0.4)&#8220; header_5_text_shadow_style=&#8220;preset3&#8243; global_colors_info=&#8220;{}&#8220;]<\/p>\n<h1>Vermietung von Mobilheimen im Tarn<\/h1>\n<p>[\/et_pb_text][\/et_pb_column][\/et_pb_row][\/et_pb_section][et_pb_section fb_built=&#8220;1&#8243; admin_label=&#8220;About&#8220; _builder_version=&#8220;4.24.2&#8243; background_color=&#8220;#F9F6F3&#8243; custom_padding=&#8220;50px||0px||false|false&#8220; locked=&#8220;off&#8220; global_colors_info=&#8220;{}&#8220;][et_pb_row custom_padding_last_edited=&#8220;on|phone&#8220; _builder_version=&#8220;4.19.1&#8243; background_color=&#8220;#83BE40&#8243; custom_padding=&#8220;50px|50px|50px|50px|true|true&#8220; custom_padding_tablet=&#8220;30px|30px|30px|30px|true|true&#8220; custom_padding_phone=&#8220;30px|30px|30px|30px|true|true&#8220; global_colors_info=&#8220;{}&#8220;][et_pb_column type=&#8220;4_4&#8243; _builder_version=&#8220;4.16&#8243; custom_padding=&#8220;|||&#8220; global_colors_info=&#8220;{}&#8220; custom_padding__hover=&#8220;|||&#8220;][et_pb_text _builder_version=&#8220;4.27.4&#8243; text_font=&#8220;Quicksand||||||||&#8220; text_font_size=&#8220;16px&#8220; text_line_height=&#8220;2em&#8220; header_font=&#8220;||||||||&#8220; header_text_color=&#8220;#83BE40&#8243; header_2_font=&#8220;|700|||||||&#8220; header_2_text_color=&#8220;#FFFFFF&#8220; header_2_font_size=&#8220;30px&#8220; header_2_line_height=&#8220;1.2em&#8220; header_6_font=&#8220;Raleway|700||on|||||&#8220; header_6_font_size=&#8220;16px&#8220; header_6_letter_spacing=&#8220;5px&#8220; header_6_line_height=&#8220;1.8em&#8220; text_orientation=&#8220;center&#8220; max_width_last_edited=&#8220;off|desktop&#8220; module_alignment=&#8220;center&#8220; custom_margin=&#8220;||0px||false|false&#8220; custom_padding=&#8220;||0px||false|false&#8220; header_2_font_size_tablet=&#8220;25px&#8220; header_2_font_size_phone=&#8220;18px&#8220; header_2_font_size_last_edited=&#8220;on|phone&#8220; global_colors_info=&#8220;{}&#8220;]<\/p>\n<h2>Entdecken Sie unsere Mobilheime<br \/>\n<span style=\"font-weight: 400; text-transform: lowercase;\"> f\u00fcr Ihren Aufenthalt im Tarn<\/span><\/h2>\n<p>[\/et_pb_text][et_pb_divider color=&#8220;#B22B88&#8243; divider_position=&#8220;center&#8220; divider_weight=&#8220;3px&#8220; _builder_version=&#8220;4.19.1&#8243; _module_preset=&#8220;default&#8220; width=&#8220;150px&#8220; width_tablet=&#8220;100px&#8220; width_phone=&#8220;50px&#8220; width_last_edited=&#8220;on|phone&#8220; module_alignment=&#8220;center&#8220; custom_margin=&#8220;||20px||false|false&#8220; custom_padding=&#8220;||0px||false|false&#8220; global_colors_info=&#8220;{}&#8220;][\/et_pb_divider][et_pb_text _builder_version=&#8220;4.27.4&#8243; text_font=&#8220;Quicksand||||||||&#8220; text_text_color=&#8220;#FFFFFF&#8220; header_font=&#8220;||||||||&#8220; header_text_color=&#8220;#83BE40&#8243; header_2_font=&#8220;|700|||||||&#8220; header_2_font_size=&#8220;30px&#8220; header_2_line_height=&#8220;1.2em&#8220; header_6_font=&#8220;Raleway|700||on|||||&#8220; header_6_font_size=&#8220;16px&#8220; header_6_letter_spacing=&#8220;5px&#8220; header_6_line_height=&#8220;1.8em&#8220; text_orientation=&#8220;center&#8220; max_width_last_edited=&#8220;off|desktop&#8220; module_alignment=&#8220;center&#8220; header_2_font_size_tablet=&#8220;35px&#8220; header_2_font_size_phone=&#8220;25px&#8220; header_2_font_size_last_edited=&#8220;off|desktop&#8220; global_colors_info=&#8220;{}&#8220;]<\/p>\n<p>F\u00fcr Ihren n\u00e4chsten <strong>Urlaub im Tarn<\/strong> w\u00e4hlen Sie den Komfort unserer hochwertigen Mobilheime auf <a href=\"\/de\/\">unserem familienfreundlichen Campingplatz im Tarn<\/a>, dem <strong>Camping Le Soleil des Bastides<\/strong>, um Ihren Aufenthalt in vollen Z\u00fcgen zu genie\u00dfen.<\/p>\n<p>Voll ausgestattet in Ihrem <strong>Mobilheim im Tarn<\/strong> k\u00f6nnen Sie die sch\u00f6nsten Seiten dieser Region entdecken (Albi, Cordes-sur-Ciel, die Bastiden). Entdecken Sie jetzt unsere verschiedenen Mobilheim-Angebote!<\/p>\n<p>[\/et_pb_text][\/et_pb_column][\/et_pb_row][et_pb_row _builder_version=&#8220;4.24.2&#8243; _module_preset=&#8220;default&#8220; custom_padding=&#8220;64px||0px|||&#8220; global_colors_info=&#8220;{}&#8220;][et_pb_column type=&#8220;4_4&#8243; _builder_version=&#8220;4.24.2&#8243; _module_preset=&#8220;default&#8220; global_colors_info=&#8220;{}&#8220;][et_pb_text _builder_version=&#8220;4.27.4&#8243; _module_preset=&#8220;default&#8220; global_colors_info=&#8220;{}&#8220;]<\/p>\n<h2 style=\"text-align: center;\">Unsere komfortablen Mobilheime im Tarn<\/h2>\n<p>[\/et_pb_text][\/et_pb_column][\/et_pb_row][\/et_pb_section][et_pb_section fb_built=&#8220;1&#8243; specialty=&#8220;on&#8220; padding_bottom_1=&#8220;0px&#8220; padding_bottom_2=&#8220;0px&#8220; padding_top_bottom_link_1=&#8220;false&#8220; padding_top_bottom_link_2=&#8220;false&#8220; padding_left_right_link_1=&#8220;false&#8220; padding_left_right_link_2=&#8220;false&#8220; custom_css_main_1=&#8220;width: 35%!important;&#8220; custom_css_main_2=&#8220;width: 55%!important;&#8220; admin_label=&#8220;Mobil home Premium&#8220; module_class=&#8220;largeur-hebergement&#8220; _builder_version=&#8220;4.19.1&#8243; background_color=&#8220;#F9F6F3&#8243; custom_margin=&#8220;0px||0px||false|false&#8220; custom_padding=&#8220;0px||50px||false|false&#8220; animation_style=&#8220;slide&#8220; animation_direction=&#8220;left&#8220; animation_intensity_slide=&#8220;10%&#8220; border_width_bottom=&#8220;1px&#8220; border_color_bottom=&#8220;rgba(0,0,0,0.1)&#8220; locked=&#8220;off&#8220; global_colors_info=&#8220;{}&#8220;][et_pb_column type=&#8220;1_2&#8243; specialty_columns=&#8220;2&#8243; _builder_version=&#8220;4.16&#8243; custom_padding=&#8220;|||&#8220; global_colors_info=&#8220;{}&#8220; custom_padding__hover=&#8220;|||&#8220;][et_pb_row_inner _builder_version=&#8220;4.19.1&#8243; custom_margin=&#8220;||0px||false|false&#8220; custom_padding=&#8220;||0px||false|false&#8220; global_colors_info=&#8220;{}&#8220;][et_pb_column_inner saved_specialty_column_type=&#8220;1_2&#8243; _builder_version=&#8220;4.16&#8243; custom_padding=&#8220;|||&#8220; global_colors_info=&#8220;{}&#8220; custom_padding__hover=&#8220;|||&#8220;][et_pb_image src=&#8220;https:\/\/camping-le-soleil-des-bastides.fr\/wp-content\/uploads\/2023\/01\/mobil-home-premium-camping-tarn-1.webp&#8220; alt=&#8220;Au\u00dfenansicht eines Ferienchalets im Tarn&#8220; title_text=&#8220;mobil-home-premium-camping-tarn-1&#8243; _builder_version=&#8220;4.27.4&#8243; _module_preset=&#8220;default&#8220; global_colors_info=&#8220;{}&#8220;][\/et_pb_image][\/et_pb_column_inner][\/et_pb_row_inner][\/et_pb_column][et_pb_column type=&#8220;1_2&#8243; _builder_version=&#8220;4.16&#8243; custom_padding=&#8220;|||&#8220; global_colors_info=&#8220;{}&#8220; custom_padding__hover=&#8220;|||&#8220;][et_pb_text _builder_version=&#8220;4.27.4&#8243; text_font=&#8220;||||||||&#8220; ul_font=&#8220;||||||||&#8220; ul_line_height=&#8220;2em&#8220; header_font=&#8220;||||||||&#8220; header_3_font=&#8220;|700|||||||&#8220; header_3_font_size=&#8220;20px&#8220; header_3_line_height=&#8220;1.4em&#8220; header_4_text_color=&#8220;#B22B88&#8243; header_4_font_size=&#8220;16px&#8220; header_6_line_height=&#8220;1.8em&#8220; custom_margin=&#8220;||20px||false|false&#8220; custom_padding=&#8220;||0px||false|false&#8220; header_3_font_size_tablet=&#8220;35px&#8220; header_3_font_size_phone=&#8220;25px&#8220; header_3_font_size_last_edited=&#8220;off|desktop&#8220; locked=&#8220;off&#8220; global_colors_info=&#8220;{}&#8220;]<\/p>\n<h3>Premium-Mobilheim f\u00fcr 4 Personen (26 m\u00b2)<\/h3>\n<p>Unser <strong>26 m\u00b2 gro\u00dfes Mobilheim<\/strong> f\u00fchlt sich an wie ein kleines gem\u00fctliches Haus mit \u00fcberdachter Terrasse. Hier f\u00fchlen Sie sich vom ersten Moment an wie zu Hause.<\/p>\n<p>Diese komplett ausgestattete Unterkunft bietet dank durchdachter Raumaufteilung und der \u00fcberdachten Terrasse, die den Wohnraum erweitert, einen <strong>sehr angenehmen Aufenthalt<\/strong>. Genie\u00dfen Sie einen <strong>teilweise \u00fcberdachten Au\u00dfenbereich<\/strong> von 10 bis 12 m\u00b2 \u2013 ideal f\u00fcr Mahlzeiten oder entspannte Momente im Gr\u00fcnen. Ein Favorit bei Gro\u00df und Klein!<\/p>\n<p>[\/et_pb_text][et_pb_blurb title=&#8220;2 bis 4 Personen  &#8220; use_icon=&#8220;on&#8220; font_icon=&#8220;&#xf007;||fa||900&#8243; icon_color=&#8220;#B22B88&#8243; image_icon_background_color=&#8220;RGBA(255,255,255,0)&#8220; icon_placement=&#8220;left&#8220; image_icon_width=&#8220;25px&#8220; content_max_width=&#8220;100%&#8220; _builder_version=&#8220;4.27.4&#8243; _module_preset=&#8220;default&#8220; header_font=&#8220;Quicksand|||on|||||&#8220; header_font_size=&#8220;15px&#8220; header_letter_spacing=&#8220;1px&#8220; image_icon_custom_padding=&#8220;||||true|true&#8220; custom_margin=&#8220;||0px||false|false&#8220; custom_padding=&#8220;15px||15px||true|false&#8220; custom_css_blurb_title=&#8220;margin-top : 5px;&#8220; border_width_bottom=&#8220;1px&#8220; border_color_bottom=&#8220;rgba(0,0,0,0.1)&#8220; global_colors_info=&#8220;{}&#8220;][\/et_pb_blurb][et_pb_blurb use_icon=&#8220;on&#8220; font_icon=&#8220;&#xf015;||fa||900&#8243; icon_color=&#8220;#B22B88&#8243; image_icon_background_color=&#8220;RGBA(255,255,255,0)&#8220; icon_placement=&#8220;left&#8220; image_icon_width=&#8220;25px&#8220; content_max_width=&#8220;100%&#8220; _builder_version=&#8220;4.27.4&#8243; _module_preset=&#8220;default&#8220; header_font=&#8220;Quicksand|||on|||||&#8220; header_font_size=&#8220;15px&#8220; header_letter_spacing=&#8220;1px&#8220; image_icon_custom_padding=&#8220;|0px||0px|true|true&#8220; custom_margin=&#8220;||0px||false|false&#8220; custom_padding=&#8220;15px||15px||true|false&#8220; custom_css_blurb_title=&#8220;margin-top : 5px;&#8220; border_width_bottom=&#8220;1px&#8220; border_color_bottom=&#8220;rgba(0,0,0,0.1)&#8220; global_colors_info=&#8220;{}&#8220;]<\/p>\n<p>26 M\u00b2 MIT \u00dcBERDACHTER TERRASSE<\/p>\n<p>[\/et_pb_blurb][et_pb_blurb use_icon=&#8220;on&#8220; font_icon=&#8220;&#xf3d1;||fa||900&#8243; icon_color=&#8220;#B22B88&#8243; image_icon_background_color=&#8220;RGBA(255,255,255,0)&#8220; icon_placement=&#8220;left&#8220; image_icon_width=&#8220;25px&#8220; content_max_width=&#8220;100%&#8220; _builder_version=&#8220;4.27.4&#8243; _module_preset=&#8220;default&#8220; header_font=&#8220;Quicksand|||on|||||&#8220; header_font_size=&#8220;15px&#8220; header_letter_spacing=&#8220;1px&#8220; image_icon_custom_padding=&#8220;|0px||0px|true|true&#8220; custom_margin=&#8220;||0px||false|false&#8220; custom_padding=&#8220;15px||15px||true|false&#8220; custom_css_blurb_title=&#8220;margin-top : 5px;&#8220; border_width_bottom=&#8220;1px&#8220; border_color_bottom=&#8220;rgba(0,0,0,0.1)&#8220; global_colors_info=&#8220;{}&#8220;]<\/p>\n<p>37 \u20ac BIS 154 \u20ac<\/p>\n<p>[\/et_pb_blurb][et_pb_button button_url=&#8220;\/les-hebergements\/location-mobil-home-dans-le-tarn\/mobil-home-premium\/&#8220; button_text=&#8220;Unterkunft ansehen&#8220; _builder_version=&#8220;4.27.4&#8243; custom_button=&#8220;on&#8220; button_text_size=&#8220;15px&#8220; button_text_color=&#8220;#83BE40&#8243; button_bg_color=&#8220;RGBA(255,255,255,0)&#8220; button_border_width=&#8220;2px&#8220; button_border_color=&#8220;#83BE40&#8243; button_border_radius=&#8220;0px&#8220; button_letter_spacing=&#8220;1px&#8220; button_font=&#8220;Quicksand|700||on|||||&#8220; button_icon=&#8220;&#x24;||divi||400&#8243; custom_margin=&#8220;30px||||false|false&#8220; custom_padding=&#8220;|25px||25px|true|true&#8220; button_border_radius_hover=&#8220;0px&#8220; locked=&#8220;off&#8220; global_colors_info=&#8220;{}&#8220; button_text_size__hover_enabled=&#8220;off&#8220; button_one_text_size__hover_enabled=&#8220;off&#8220; button_two_text_size__hover_enabled=&#8220;off&#8220; button_text_color__hover_enabled=&#8220;off&#8220; button_one_text_color__hover_enabled=&#8220;off&#8220; button_two_text_color__hover_enabled=&#8220;off&#8220; button_border_width__hover_enabled=&#8220;off&#8220; button_one_border_width__hover_enabled=&#8220;off&#8220; button_two_border_width__hover_enabled=&#8220;off&#8220; button_border_color__hover_enabled=&#8220;off&#8220; button_one_border_color__hover_enabled=&#8220;off&#8220; button_two_border_color__hover_enabled=&#8220;off&#8220; button_border_radius__hover_enabled=&#8220;off|desktop&#8220; button_border_radius__hover=&#8220;0px&#8220; button_one_border_radius__hover_enabled=&#8220;off&#8220; button_two_border_radius__hover_enabled=&#8220;off&#8220; button_letter_spacing__hover_enabled=&#8220;off&#8220; button_one_letter_spacing__hover_enabled=&#8220;off&#8220; button_two_letter_spacing__hover_enabled=&#8220;off&#8220; button_bg_color__hover_enabled=&#8220;on|desktop&#8220; button_one_bg_color__hover_enabled=&#8220;off&#8220; button_two_bg_color__hover_enabled=&#8220;off&#8220; button_bg_color__hover=&#8220;RGBA(255,255,255,0)&#8220; button_bg_enable_color__hover=&#8220;on&#8220;][\/et_pb_button][\/et_pb_column][\/et_pb_section][et_pb_section fb_built=&#8220;1&#8243; specialty=&#8220;on&#8220; custom_css_main_1=&#8220;width: 55%!important;&#8220; custom_css_main_2=&#8220;width: 35%!important;&#8220; admin_label=&#8220;4 pers avec sans clim&#8220; module_class=&#8220;largeur-hebergement&#8220; _builder_version=&#8220;4.19.1&#8243; _module_preset=&#8220;default&#8220; background_color=&#8220;#F9F6F3&#8243; custom_margin=&#8220;0px||0px||false|false&#8220; custom_padding=&#8220;50px||50px||false|false&#8220; animation_style=&#8220;slide&#8220; animation_direction=&#8220;right&#8220; animation_intensity_slide=&#8220;10%&#8220; border_width_bottom=&#8220;1px&#8220; border_color_bottom=&#8220;rgba(0,0,0,0.1)&#8220; locked=&#8220;off&#8220; global_colors_info=&#8220;{}&#8220;][et_pb_column type=&#8220;1_2&#8243; _builder_version=&#8220;4.16&#8243; custom_padding=&#8220;|||&#8220; global_colors_info=&#8220;{}&#8220; custom_padding__hover=&#8220;|||&#8220;][et_pb_text _builder_version=&#8220;4.27.4&#8243; text_font=&#8220;||||||||&#8220; ul_font=&#8220;||||||||&#8220; ul_line_height=&#8220;2em&#8220; header_font=&#8220;||||||||&#8220; header_3_font=&#8220;|700|||||||&#8220; header_3_font_size=&#8220;20px&#8220; header_3_line_height=&#8220;1.4em&#8220; header_4_text_color=&#8220;#B22B88&#8243; header_4_font_size=&#8220;16px&#8220; header_6_line_height=&#8220;1.8em&#8220; custom_margin=&#8220;||20px||false|false&#8220; custom_padding=&#8220;||0px||false|false&#8220; header_3_font_size_tablet=&#8220;35px&#8220; header_3_font_size_phone=&#8220;25px&#8220; header_3_font_size_last_edited=&#8220;off|desktop&#8220; locked=&#8220;off&#8220; global_colors_info=&#8220;{}&#8220;]<\/p>\n<h3>Mobilheim f\u00fcr 4 Personen mit oder ohne Klimaanlage (25 m\u00b2)<\/h3>\n<p>Das beliebteste Mobilheim bei Familien! Diese <a href=\"\/de\/les-hebergements\/\">25 m\u00b2 gro\u00dfe Unterkunft<\/a> ist komplett ausgestattet und bietet <strong>alles, was Sie f\u00fcr einen entspannten Urlaub in der N\u00e4he von Albi<\/strong> ben\u00f6tigen.<\/p>\n<p>Innen finden Sie: <strong>2 Schlafzimmer<\/strong> (1 Doppelzimmer und 1 Kinderzimmer), ein Badezimmer mit separatem WC, eine voll ausgestattete K\u00fcche und einen Essbereich f\u00fcr gemeinsame Mahlzeiten. Und nat\u00fcrlich eine Terrasse, um das Leben im Freien zu genie\u00dfen!<\/p>\n<p>Hinweis: <strong>Klimaanlage<\/strong> ist bei einigen Modellen gegen Aufpreis verf\u00fcgbar.<\/p>\n<p>[\/et_pb_text][et_pb_blurb title=&#8220;4 PERSONEN  &#8220; use_icon=&#8220;on&#8220; font_icon=&#8220;&#xf007;||fa||900&#8243; icon_color=&#8220;#B22B88&#8243; image_icon_background_color=&#8220;RGBA(255,255,255,0)&#8220; icon_placement=&#8220;left&#8220; image_icon_width=&#8220;25px&#8220; content_max_width=&#8220;100%&#8220; _builder_version=&#8220;4.27.4&#8243; _module_preset=&#8220;default&#8220; header_font=&#8220;Quicksand|||on|||||&#8220; header_font_size=&#8220;15px&#8220; header_letter_spacing=&#8220;1px&#8220; image_icon_custom_padding=&#8220;||||true|true&#8220; custom_margin=&#8220;||0px||false|false&#8220; custom_padding=&#8220;15px||15px||true|false&#8220; custom_css_blurb_title=&#8220;margin-top : 5px;&#8220; border_width_bottom=&#8220;1px&#8220; border_color_bottom=&#8220;rgba(0,0,0,0.1)&#8220; global_colors_info=&#8220;{}&#8220;][\/et_pb_blurb][et_pb_blurb title=&#8220;25 M\u00b2 UND 10 M\u00b2 \u00dcBERDACHTE TERRASSE  &#8220; use_icon=&#8220;on&#8220; font_icon=&#8220;&#xf015;||fa||900&#8243; icon_color=&#8220;#B22B88&#8243; image_icon_background_color=&#8220;RGBA(255,255,255,0)&#8220; icon_placement=&#8220;left&#8220; image_icon_width=&#8220;25px&#8220; content_max_width=&#8220;100%&#8220; _builder_version=&#8220;4.27.4&#8243; _module_preset=&#8220;default&#8220; header_font=&#8220;Quicksand|||on|||||&#8220; header_font_size=&#8220;15px&#8220; header_letter_spacing=&#8220;1px&#8220; image_icon_custom_padding=&#8220;|0px||0px|true|true&#8220; custom_margin=&#8220;||0px||false|false&#8220; custom_padding=&#8220;15px||15px||true|false&#8220; custom_css_blurb_title=&#8220;margin-top : 5px;&#8220; border_width_bottom=&#8220;1px&#8220; border_color_bottom=&#8220;rgba(0,0,0,0.1)&#8220; global_colors_info=&#8220;{}&#8220;][\/et_pb_blurb][et_pb_blurb use_icon=&#8220;on&#8220; font_icon=&#8220;&#xf3d1;||fa||900&#8243; icon_color=&#8220;#B22B88&#8243; image_icon_background_color=&#8220;RGBA(255,255,255,0)&#8220; icon_placement=&#8220;left&#8220; image_icon_width=&#8220;25px&#8220; content_max_width=&#8220;100%&#8220; _builder_version=&#8220;4.27.4&#8243; _module_preset=&#8220;default&#8220; header_font=&#8220;Quicksand|||on|||||&#8220; header_font_size=&#8220;15px&#8220; header_letter_spacing=&#8220;1px&#8220; image_icon_custom_padding=&#8220;|0px||0px|true|true&#8220; custom_margin=&#8220;||0px||false|false&#8220; custom_padding=&#8220;15px||15px||true|false&#8220; custom_css_blurb_title=&#8220;margin-top : 5px;&#8220; border_width_bottom=&#8220;1px&#8220; border_color_bottom=&#8220;rgba(0,0,0,0.1)&#8220; global_colors_info=&#8220;{}&#8220;]<\/p>\n<p>35 \u20ac BIS 145 \u20ac<\/p>\n<p>  [\/et_pb_blurb][et_pb_button button_url=&#8220;\/les-hebergements\/location-mobil-home-dans-le-tarn\/mobil-home-4-pers\/&#8220; button_text=&#8220;Unterkunft ansehen  &#8220; _builder_version=&#8220;4.27.4&#8243; custom_button=&#8220;on&#8220; button_text_size=&#8220;15px&#8220; button_text_color=&#8220;#83BE40&#8243; button_bg_color=&#8220;RGBA(255,255,255,0)&#8220; button_border_width=&#8220;2px&#8220; button_border_color=&#8220;#83BE40&#8243; button_border_radius=&#8220;0px&#8220; button_letter_spacing=&#8220;1px&#8220; button_font=&#8220;Quicksand|700||on|||||&#8220; button_icon=&#8220;&#x24;||divi||400&#8243; custom_margin=&#8220;30px||||false|false&#8220; custom_padding=&#8220;|25px||25px|true|true&#8220; button_border_radius_hover=&#8220;0px&#8220; locked=&#8220;off&#8220; global_colors_info=&#8220;{}&#8220; button_text_size__hover_enabled=&#8220;off&#8220; button_one_text_size__hover_enabled=&#8220;off&#8220; button_two_text_size__hover_enabled=&#8220;off&#8220; button_text_color__hover_enabled=&#8220;off&#8220; button_one_text_color__hover_enabled=&#8220;off&#8220; button_two_text_color__hover_enabled=&#8220;off&#8220; button_border_width__hover_enabled=&#8220;off&#8220; button_one_border_width__hover_enabled=&#8220;off&#8220; button_two_border_width__hover_enabled=&#8220;off&#8220; button_border_color__hover_enabled=&#8220;off&#8220; button_one_border_color__hover_enabled=&#8220;off&#8220; button_two_border_color__hover_enabled=&#8220;off&#8220; button_border_radius__hover_enabled=&#8220;off|desktop&#8220; button_border_radius__hover=&#8220;0px&#8220; button_one_border_radius__hover_enabled=&#8220;off&#8220; button_two_border_radius__hover_enabled=&#8220;off&#8220; button_letter_spacing__hover_enabled=&#8220;off&#8220; button_one_letter_spacing__hover_enabled=&#8220;off&#8220; button_two_letter_spacing__hover_enabled=&#8220;off&#8220; button_bg_color__hover_enabled=&#8220;on|desktop&#8220; button_one_bg_color__hover_enabled=&#8220;off&#8220; button_two_bg_color__hover_enabled=&#8220;off&#8220; button_bg_color__hover=&#8220;RGBA(255,255,255,0)&#8220; button_bg_enable_color__hover=&#8220;on&#8220;][\/et_pb_button][et_pb_button button_url=&#8220;\/les-hebergements\/location-mobil-home-dans-le-tarn\/mobil-home-4-pers-option-climatisation\/&#8220; button_text=&#8220; Modell mit Klimaanlage ansehen&#8220; _builder_version=&#8220;4.27.4&#8243; custom_button=&#8220;on&#8220; button_text_size=&#8220;15px&#8220; button_text_color=&#8220;#83BE40&#8243; button_bg_color=&#8220;RGBA(255,255,255,0)&#8220; button_border_width=&#8220;2px&#8220; button_border_color=&#8220;#83BE40&#8243; button_border_radius=&#8220;0px&#8220; button_letter_spacing=&#8220;1px&#8220; button_font=&#8220;Quicksand|700||on|||||&#8220; button_icon=&#8220;&#x24;||divi||400&#8243; custom_margin=&#8220;0px||||false|false&#8220; custom_padding=&#8220;|25px||25px|true|true&#8220; button_border_radius_hover=&#8220;0px&#8220; locked=&#8220;off&#8220; global_colors_info=&#8220;{}&#8220; button_text_size__hover_enabled=&#8220;off&#8220; button_one_text_size__hover_enabled=&#8220;off&#8220; button_two_text_size__hover_enabled=&#8220;off&#8220; button_text_color__hover_enabled=&#8220;off&#8220; button_one_text_color__hover_enabled=&#8220;off&#8220; button_two_text_color__hover_enabled=&#8220;off&#8220; button_border_width__hover_enabled=&#8220;off&#8220; button_one_border_width__hover_enabled=&#8220;off&#8220; button_two_border_width__hover_enabled=&#8220;off&#8220; button_border_color__hover_enabled=&#8220;off&#8220; button_one_border_color__hover_enabled=&#8220;off&#8220; button_two_border_color__hover_enabled=&#8220;off&#8220; button_border_radius__hover_enabled=&#8220;off|desktop&#8220; button_border_radius__hover=&#8220;0px&#8220; button_one_border_radius__hover_enabled=&#8220;off&#8220; button_two_border_radius__hover_enabled=&#8220;off&#8220; button_letter_spacing__hover_enabled=&#8220;off&#8220; button_one_letter_spacing__hover_enabled=&#8220;off&#8220; button_two_letter_spacing__hover_enabled=&#8220;off&#8220; button_bg_color__hover_enabled=&#8220;on|desktop&#8220; button_one_bg_color__hover_enabled=&#8220;off&#8220; button_two_bg_color__hover_enabled=&#8220;off&#8220; button_bg_color__hover=&#8220;RGBA(255,255,255,0)&#8220; button_bg_enable_color__hover=&#8220;on&#8220;][\/et_pb_button][\/et_pb_column][et_pb_column type=&#8220;1_2&#8243; specialty_columns=&#8220;2&#8243; _builder_version=&#8220;4.16&#8243; custom_padding=&#8220;|||&#8220; global_colors_info=&#8220;{}&#8220; custom_padding__hover=&#8220;|||&#8220;][et_pb_row_inner _builder_version=&#8220;4.19.1&#8243; custom_margin=&#8220;||0px||false|false&#8220; custom_padding=&#8220;||0px||false|false&#8220; global_colors_info=&#8220;{}&#8220;][et_pb_column_inner saved_specialty_column_type=&#8220;1_2&#8243; _builder_version=&#8220;4.16&#8243; custom_padding=&#8220;|||&#8220; global_colors_info=&#8220;{}&#8220; custom_padding__hover=&#8220;|||&#8220;][et_pb_image src=&#8220;https:\/\/camping-le-soleil-des-bastides.fr\/wp-content\/uploads\/2023\/01\/mobil-home-clim-4-pers-camping-tarn-1.webp&#8220; alt=&#8220;Ger\u00e4umiges Ferienchalet f\u00fcr gro\u00dfe Gruppen im Tarn&#8220; title_text=&#8220;mobil-home-clim-4-pers-camping-tarn-1&#8243; _builder_version=&#8220;4.27.4&#8243; _module_preset=&#8220;default&#8220; global_colors_info=&#8220;{}&#8220;][\/et_pb_image][\/et_pb_column_inner][\/et_pb_row_inner][et_pb_row_inner column_structure=&#8220;1_2,1_2&#8243; use_custom_gutter=&#8220;on&#8220; gutter_width=&#8220;2&#8243; make_equal=&#8220;on&#8220; _builder_version=&#8220;4.19.1&#8243; _module_preset=&#8220;default&#8220; custom_padding=&#8220;20px||||false|false&#8220; global_colors_info=&#8220;{}&#8220;][et_pb_column_inner type=&#8220;1_2&#8243; saved_specialty_column_type=&#8220;1_2&#8243; _builder_version=&#8220;4.19.1&#8243; _module_preset=&#8220;default&#8220; global_colors_info=&#8220;{}&#8220;][et_pb_image src=&#8220;https:\/\/camping-le-soleil-des-bastides.fr\/wp-content\/uploads\/2023\/01\/mobil-home-clim-4-pers-camping-tarn-2.webp&#8220; alt=&#8220; Rustikales Holzinterieur im Wohnzimmer des Ferienchalets im Tarn&#8220; title_text=&#8220;mobil-home-clim-4-pers-camping-tarn-2&#8243; _builder_version=&#8220;4.27.4&#8243; _module_preset=&#8220;default&#8220; global_colors_info=&#8220;{}&#8220;][\/et_pb_image][\/et_pb_column_inner][et_pb_column_inner type=&#8220;1_2&#8243; saved_specialty_column_type=&#8220;1_2&#8243; _builder_version=&#8220;4.19.1&#8243; _module_preset=&#8220;default&#8220; global_colors_info=&#8220;{}&#8220;][et_pb_image src=&#8220;https:\/\/camping-le-soleil-des-bastides.fr\/wp-content\/uploads\/2023\/01\/mobil-home-clim-4-pers-camping-tarn-6.webp&#8220; alt=&#8220;H\u00f6lzerne Terrasse des Ferienchalets im Tarn&#8220; title_text=&#8220;mobil-home-clim-4-pers-camping-tarn-6&#8243; _builder_version=&#8220;4.27.4&#8243; _module_preset=&#8220;default&#8220; global_colors_info=&#8220;{}&#8220;][\/et_pb_image][\/et_pb_column_inner][\/et_pb_row_inner][\/et_pb_column][\/et_pb_section][et_pb_section fb_built=&#8220;1&#8243; specialty=&#8220;on&#8220; padding_bottom_1=&#8220;0px&#8220; padding_bottom_2=&#8220;0px&#8220; padding_top_bottom_link_1=&#8220;false&#8220; padding_top_bottom_link_2=&#8220;false&#8220; padding_left_right_link_1=&#8220;false&#8220; padding_left_right_link_2=&#8220;false&#8220; custom_css_main_1=&#8220;width: 35%!important;&#8220; custom_css_main_2=&#8220;width: 55%!important;&#8220; admin_label=&#8220;4 6 pers &#8220; module_class=&#8220;largeur-hebergement&#8220; _builder_version=&#8220;4.19.1&#8243; background_color=&#8220;#F9F6F3&#8243; custom_margin=&#8220;0px||0px||false|false&#8220; custom_padding=&#8220;0px||50px||false|false&#8220; animation_style=&#8220;slide&#8220; animation_direction=&#8220;left&#8220; animation_intensity_slide=&#8220;10%&#8220; border_width_bottom=&#8220;1px&#8220; border_color_bottom=&#8220;rgba(0,0,0,0.1)&#8220; locked=&#8220;off&#8220; global_colors_info=&#8220;{}&#8220;][et_pb_column type=&#8220;1_2&#8243; specialty_columns=&#8220;2&#8243; _builder_version=&#8220;4.16&#8243; custom_padding=&#8220;|||&#8220; global_colors_info=&#8220;{}&#8220; custom_padding__hover=&#8220;|||&#8220;][et_pb_row_inner _builder_version=&#8220;4.19.1&#8243; custom_margin=&#8220;||0px||false|false&#8220; custom_padding=&#8220;||0px||false|false&#8220; global_colors_info=&#8220;{}&#8220;][et_pb_column_inner saved_specialty_column_type=&#8220;1_2&#8243; _builder_version=&#8220;4.16&#8243; custom_padding=&#8220;|||&#8220; global_colors_info=&#8220;{}&#8220; custom_padding__hover=&#8220;|||&#8220;][et_pb_image src=&#8220;https:\/\/camping-le-soleil-des-bastides.fr\/wp-content\/uploads\/2023\/01\/mobil-home-6-pers-camping-tarn-1.webp&#8220; alt=&#8220;Au\u00dfenansicht eines Ferienchalets im Tarn&#8220; title_text=&#8220;mobil-home-6-pers-camping-tarn-1&#8243; _builder_version=&#8220;4.27.4&#8243; _module_preset=&#8220;default&#8220; global_colors_info=&#8220;{}&#8220;][\/et_pb_image][\/et_pb_column_inner][\/et_pb_row_inner][et_pb_row_inner column_structure=&#8220;1_2,1_2&#8243; use_custom_gutter=&#8220;on&#8220; gutter_width=&#8220;2&#8243; make_equal=&#8220;on&#8220; _builder_version=&#8220;4.19.1&#8243; _module_preset=&#8220;default&#8220; custom_padding=&#8220;20px||||false|false&#8220; global_colors_info=&#8220;{}&#8220;][et_pb_column_inner type=&#8220;1_2&#8243; saved_specialty_column_type=&#8220;1_2&#8243; _builder_version=&#8220;4.19.1&#8243; _module_preset=&#8220;default&#8220; global_colors_info=&#8220;{}&#8220;][et_pb_image src=&#8220;https:\/\/camping-le-soleil-des-bastides.fr\/wp-content\/uploads\/2023\/11\/059.jpg&#8220; alt=&#8220;Rustikales Holzinterieur im Wohnzimmer des Ferienchalets im Tarn&#8220; title_text=&#8220;camping- nature- familial&#8220; _builder_version=&#8220;4.27.4&#8243; _module_preset=&#8220;default&#8220; global_colors_info=&#8220;{}&#8220;][\/et_pb_image][\/et_pb_column_inner][et_pb_column_inner type=&#8220;1_2&#8243; saved_specialty_column_type=&#8220;1_2&#8243; _builder_version=&#8220;4.19.1&#8243; _module_preset=&#8220;default&#8220; global_colors_info=&#8220;{}&#8220;][et_pb_image src=&#8220;https:\/\/camping-le-soleil-des-bastides.fr\/wp-content\/uploads\/2023\/01\/mobil-home-6-pers-camping-tarn-2.webp&#8220; alt=&#8220;H\u00f6lzerne Terrasse des Ferienchalets im Tarn&#8220; title_text=&#8220;mobil-home-6-pers-camping-tarn-2&#8243; _builder_version=&#8220;4.27.4&#8243; _module_preset=&#8220;default&#8220; global_colors_info=&#8220;{}&#8220;][\/et_pb_image][\/et_pb_column_inner][\/et_pb_row_inner][\/et_pb_column][et_pb_column type=&#8220;1_2&#8243; _builder_version=&#8220;4.16&#8243; custom_padding=&#8220;|||&#8220; global_colors_info=&#8220;{}&#8220; custom_padding__hover=&#8220;|||&#8220;][et_pb_text _builder_version=&#8220;4.27.4&#8243; text_font=&#8220;||||||||&#8220; ul_font=&#8220;||||||||&#8220; ul_line_height=&#8220;2em&#8220; header_font=&#8220;||||||||&#8220; header_3_font=&#8220;|700|||||||&#8220; header_3_font_size=&#8220;20px&#8220; header_3_line_height=&#8220;1.4em&#8220; header_4_text_color=&#8220;#B22B88&#8243; header_4_font_size=&#8220;16px&#8220; header_6_line_height=&#8220;1.8em&#8220; custom_margin=&#8220;||20px||false|false&#8220; custom_padding=&#8220;||0px||false|false&#8220; header_3_font_size_tablet=&#8220;35px&#8220; header_3_font_size_phone=&#8220;25px&#8220; header_3_font_size_last_edited=&#8220;off|desktop&#8220; locked=&#8220;off&#8220; global_colors_info=&#8220;{}&#8220;]<\/p>\n<h3>Mobilheim f\u00fcr 4\/6 Personen (27 m\u00b2)<\/h3>\n<p>Reisen Sie mit 4 Erwachsenen und 2 Kindern? Dieses Mobilheim ist ideal f\u00fcr Ihren Urlaub im Tarn! Das <strong>Mobilheim im Tarn<\/strong> bietet mit seinen <strong>27 m\u00b2<\/strong> mehr Platz als die 4-Personen-Variante.<\/p>\n<p>Der Unterschied? Es verf\u00fcgt \u00fcber <strong>2 Schlafzimmer<\/strong> (eins mit Doppelbett, eins mit zwei Einzelbetten) sowie ein Schlafsofa im Wohnzimmer (f\u00fcr 2 zus\u00e4tzliche Schlafpl\u00e4tze).<\/p>\n<p>Freuen Sie sich auf eine moderne und gem\u00fctliche Inneneinrichtung \u2013 perfekt f\u00fcr erholsame N\u00e4chte mit Familie oder Freunden!<\/p>\n<p><strong>Maximal 4 Erwachsene in dieser Unterkunft erlaubt.<\/strong><\/p>\n<p>[\/et_pb_text][et_pb_blurb title=&#8220;4 BIS 6 PERSONEN  &#8220; use_icon=&#8220;on&#8220; font_icon=&#8220;&#xf007;||fa||900&#8243; icon_color=&#8220;#B22B88&#8243; image_icon_background_color=&#8220;RGBA(255,255,255,0)&#8220; icon_placement=&#8220;left&#8220; image_icon_width=&#8220;25px&#8220; content_max_width=&#8220;100%&#8220; _builder_version=&#8220;4.27.4&#8243; _module_preset=&#8220;default&#8220; header_font=&#8220;Quicksand|||on|||||&#8220; header_font_size=&#8220;15px&#8220; header_letter_spacing=&#8220;1px&#8220; image_icon_custom_padding=&#8220;||||true|true&#8220; custom_margin=&#8220;||0px||false|false&#8220; custom_padding=&#8220;15px||15px||true|false&#8220; custom_css_blurb_title=&#8220;margin-top : 5px;&#8220; border_width_bottom=&#8220;1px&#8220; border_color_bottom=&#8220;rgba(0,0,0,0.1)&#8220; global_colors_info=&#8220;{}&#8220;][\/et_pb_blurb][et_pb_blurb use_icon=&#8220;on&#8220; font_icon=&#8220;&#xf015;||fa||900&#8243; icon_color=&#8220;#B22B88&#8243; image_icon_background_color=&#8220;RGBA(255,255,255,0)&#8220; icon_placement=&#8220;left&#8220; image_icon_width=&#8220;25px&#8220; content_max_width=&#8220;100%&#8220; _builder_version=&#8220;4.27.4&#8243; _module_preset=&#8220;default&#8220; header_font=&#8220;Quicksand|||on|||||&#8220; header_font_size=&#8220;15px&#8220; header_letter_spacing=&#8220;1px&#8220; image_icon_custom_padding=&#8220;|0px||0px|true|true&#8220; custom_margin=&#8220;||0px||false|false&#8220; custom_padding=&#8220;15px||15px||true|false&#8220; custom_css_blurb_title=&#8220;margin-top : 5px;&#8220; border_width_bottom=&#8220;1px&#8220; border_color_bottom=&#8220;rgba(0,0,0,0.1)&#8220; global_colors_info=&#8220;{}&#8220;]<\/p>\n<h4 class=\"et_pb_module_header\"><span>27 M\u00b2 MIT 12 M\u00b2 \u00dcBERDACHTER TERRASSE<\/span><\/h4>\n<p>  [\/et_pb_blurb][et_pb_blurb use_icon=&#8220;on&#8220; font_icon=&#8220;&#xf3d1;||fa||900&#8243; icon_color=&#8220;#B22B88&#8243; image_icon_background_color=&#8220;RGBA(255,255,255,0)&#8220; icon_placement=&#8220;left&#8220; image_icon_width=&#8220;25px&#8220; content_max_width=&#8220;100%&#8220; _builder_version=&#8220;4.27.4&#8243; _module_preset=&#8220;default&#8220; header_font=&#8220;Quicksand|||on|||||&#8220; header_font_size=&#8220;15px&#8220; header_letter_spacing=&#8220;1px&#8220; image_icon_custom_padding=&#8220;|0px||0px|true|true&#8220; custom_margin=&#8220;||0px||false|false&#8220; custom_padding=&#8220;15px||15px||true|false&#8220; custom_css_blurb_title=&#8220;margin-top : 5px;&#8220; border_width_bottom=&#8220;1px&#8220; border_color_bottom=&#8220;rgba(0,0,0,0.1)&#8220; global_colors_info=&#8220;{}&#8220;]<\/p>\n<p>38 \u20ac BIS 156 \u20ac<\/p>\n<p>  [\/et_pb_blurb][et_pb_button button_url=&#8220;\/les-hebergements\/location-mobil-home-dans-le-tarn\/mobil-home-4-6-personnes\/&#8220; button_text=&#8220;Unterkunft ansehen&#8220; _builder_version=&#8220;4.27.4&#8243; custom_button=&#8220;on&#8220; button_text_size=&#8220;15px&#8220; button_text_color=&#8220;#83BE40&#8243; button_bg_color=&#8220;RGBA(255,255,255,0)&#8220; button_border_width=&#8220;2px&#8220; button_border_color=&#8220;#83BE40&#8243; button_border_radius=&#8220;0px&#8220; button_letter_spacing=&#8220;1px&#8220; button_font=&#8220;Quicksand|700||on|||||&#8220; button_icon=&#8220;&#x24;||divi||400&#8243; custom_margin=&#8220;30px||||false|false&#8220; custom_padding=&#8220;|25px||25px|true|true&#8220; button_border_radius_hover=&#8220;0px&#8220; locked=&#8220;off&#8220; global_colors_info=&#8220;{}&#8220; button_text_size__hover_enabled=&#8220;off&#8220; button_one_text_size__hover_enabled=&#8220;off&#8220; button_two_text_size__hover_enabled=&#8220;off&#8220; button_text_color__hover_enabled=&#8220;off&#8220; button_one_text_color__hover_enabled=&#8220;off&#8220; button_two_text_color__hover_enabled=&#8220;off&#8220; button_border_width__hover_enabled=&#8220;off&#8220; button_one_border_width__hover_enabled=&#8220;off&#8220; button_two_border_width__hover_enabled=&#8220;off&#8220; button_border_color__hover_enabled=&#8220;off&#8220; button_one_border_color__hover_enabled=&#8220;off&#8220; button_two_border_color__hover_enabled=&#8220;off&#8220; button_border_radius__hover_enabled=&#8220;off|desktop&#8220; button_border_radius__hover=&#8220;0px&#8220; button_one_border_radius__hover_enabled=&#8220;off&#8220; button_two_border_radius__hover_enabled=&#8220;off&#8220; button_letter_spacing__hover_enabled=&#8220;off&#8220; button_one_letter_spacing__hover_enabled=&#8220;off&#8220; button_two_letter_spacing__hover_enabled=&#8220;off&#8220; button_bg_color__hover_enabled=&#8220;on|desktop&#8220; button_one_bg_color__hover_enabled=&#8220;off&#8220; button_two_bg_color__hover_enabled=&#8220;off&#8220; button_bg_color__hover=&#8220;RGBA(255,255,255,0)&#8220; button_bg_enable_color__hover=&#8220;on&#8220;][\/et_pb_button][\/et_pb_column][\/et_pb_section][et_pb_section fb_built=&#8220;1&#8243; specialty=&#8220;on&#8220; custom_css_main_1=&#8220;width: 55%!important;&#8220; custom_css_main_2=&#8220;width: 35%!important;&#8220; admin_label=&#8220;Lodgia&#8220; module_class=&#8220;largeur-hebergement&#8220; _builder_version=&#8220;4.19.1&#8243; _module_preset=&#8220;default&#8220; background_color=&#8220;#F9F6F3&#8243; custom_margin=&#8220;0px||0px||false|false&#8220; custom_padding=&#8220;50px||50px||false|false&#8220; animation_style=&#8220;slide&#8220; animation_direction=&#8220;right&#8220; animation_intensity_slide=&#8220;10%&#8220; border_width_bottom=&#8220;1px&#8220; border_color_bottom=&#8220;rgba(0,0,0,0.1)&#8220; locked=&#8220;off&#8220; global_colors_info=&#8220;{}&#8220;][et_pb_column type=&#8220;1_2&#8243; _builder_version=&#8220;4.16&#8243; custom_padding=&#8220;|||&#8220; global_colors_info=&#8220;{}&#8220; custom_padding__hover=&#8220;|||&#8220;][et_pb_text _builder_version=&#8220;4.27.4&#8243; text_font=&#8220;||||||||&#8220; ul_font=&#8220;||||||||&#8220; ul_line_height=&#8220;2em&#8220; header_font=&#8220;||||||||&#8220; header_3_font=&#8220;|700|||||||&#8220; header_3_font_size=&#8220;20px&#8220; header_3_line_height=&#8220;1.4em&#8220; header_4_text_color=&#8220;#B22B88&#8243; header_4_font_size=&#8220;16px&#8220; header_6_line_height=&#8220;1.8em&#8220; custom_margin=&#8220;||20px||false|false&#8220; custom_padding=&#8220;||0px||false|false&#8220; header_3_font_size_tablet=&#8220;35px&#8220; header_3_font_size_phone=&#8220;25px&#8220; header_3_font_size_last_edited=&#8220;off|desktop&#8220; locked=&#8220;off&#8220; global_colors_info=&#8220;{}&#8220;]<\/p>\n<h3>Lodgia-Mobilheim f\u00fcr 4\/6 Personen mit oder ohne Klimaanlage (27 m\u00b2)<\/h3>\n<p>Dieses <strong>27 m\u00b2 gro\u00dfe Mobilheim<\/strong> bietet h\u00f6chsten Komfort und ist ideal f\u00fcr einen gelungenen Familienurlaub in der N\u00e4he von Albi ausgestattet.<\/p>\n<p>Innen erwarten Sie 2 Schlafzimmer (1 Doppelbett, 1 mit zwei Einzelbetten), ein Bad mit separatem WC, eine <strong>voll ausgestattete K\u00fcche<\/strong> sowie ein Wohnzimmer mit Schlafsofa. Au\u00dferdem eine <strong>10 m\u00b2 gro\u00dfe \u00fcberdachte Terrasse<\/strong> f\u00fcr entspannte Momente im Freien.<\/p>\n<p><strong>Klimaanlage<\/strong> ist bei bestimmten Modellen optional verf\u00fcgbar.<\/p>\n<p>[\/et_pb_text][et_pb_blurb title=&#8220;4 BIS 6 PERSONEN  &#8220; use_icon=&#8220;on&#8220; font_icon=&#8220;&#xf007;||fa||900&#8243; icon_color=&#8220;#B22B88&#8243; image_icon_background_color=&#8220;RGBA(255,255,255,0)&#8220; icon_placement=&#8220;left&#8220; image_icon_width=&#8220;25px&#8220; content_max_width=&#8220;100%&#8220; _builder_version=&#8220;4.27.4&#8243; _module_preset=&#8220;default&#8220; header_font=&#8220;Quicksand|||on|||||&#8220; header_font_size=&#8220;15px&#8220; header_letter_spacing=&#8220;1px&#8220; image_icon_custom_padding=&#8220;||||true|true&#8220; custom_margin=&#8220;||0px||false|false&#8220; custom_padding=&#8220;15px||15px||true|false&#8220; custom_css_blurb_title=&#8220;margin-top : 5px;&#8220; border_width_bottom=&#8220;1px&#8220; border_color_bottom=&#8220;rgba(0,0,0,0.1)&#8220; global_colors_info=&#8220;{}&#8220;][\/et_pb_blurb][et_pb_blurb title=&#8220;27 M\u00b2 MIT 10 M\u00b2 \u00dcBERDACHTER TERRASSE  &#8220; use_icon=&#8220;on&#8220; font_icon=&#8220;&#xf015;||fa||900&#8243; icon_color=&#8220;#B22B88&#8243; image_icon_background_color=&#8220;RGBA(255,255,255,0)&#8220; icon_placement=&#8220;left&#8220; image_icon_width=&#8220;25px&#8220; content_max_width=&#8220;100%&#8220; _builder_version=&#8220;4.27.4&#8243; _module_preset=&#8220;default&#8220; header_font=&#8220;Quicksand|||on|||||&#8220; header_font_size=&#8220;15px&#8220; header_letter_spacing=&#8220;1px&#8220; image_icon_custom_padding=&#8220;|0px||0px|true|true&#8220; custom_margin=&#8220;||0px||false|false&#8220; custom_padding=&#8220;15px||15px||true|false&#8220; custom_css_blurb_title=&#8220;margin-top : 5px;&#8220; border_width_bottom=&#8220;1px&#8220; border_color_bottom=&#8220;rgba(0,0,0,0.1)&#8220; global_colors_info=&#8220;{}&#8220;][\/et_pb_blurb][et_pb_blurb use_icon=&#8220;on&#8220; font_icon=&#8220;&#xf3d1;||fa||900&#8243; icon_color=&#8220;#B22B88&#8243; image_icon_background_color=&#8220;RGBA(255,255,255,0)&#8220; icon_placement=&#8220;left&#8220; image_icon_width=&#8220;25px&#8220; content_max_width=&#8220;100%&#8220; _builder_version=&#8220;4.27.4&#8243; _module_preset=&#8220;default&#8220; header_font=&#8220;Quicksand|||on|||||&#8220; header_font_size=&#8220;15px&#8220; header_letter_spacing=&#8220;1px&#8220; image_icon_custom_padding=&#8220;|0px||0px|true|true&#8220; custom_margin=&#8220;||0px||false|false&#8220; custom_padding=&#8220;15px||15px||true|false&#8220; custom_css_blurb_title=&#8220;margin-top : 5px;&#8220; border_width_bottom=&#8220;1px&#8220; border_color_bottom=&#8220;rgba(0,0,0,0.1)&#8220; global_colors_info=&#8220;{}&#8220;]<\/p>\n<p>38 \u20ac BIS 160 \u20ac<\/p>\n<p>  [\/et_pb_blurb][et_pb_button button_url=&#8220;\/les-hebergements\/location-mobil-home-dans-le-tarn\/mobil-home-lodgia-4-6-pers-option-climatisation\/&#8220; button_text=&#8220;Modell mit Klimaanlage ansehen&#8220; _builder_version=&#8220;4.27.4&#8243; custom_button=&#8220;on&#8220; button_text_size=&#8220;15px&#8220; button_text_color=&#8220;#83BE40&#8243; button_bg_color=&#8220;RGBA(255,255,255,0)&#8220; button_border_width=&#8220;2px&#8220; button_border_color=&#8220;#83BE40&#8243; button_border_radius=&#8220;0px&#8220; button_letter_spacing=&#8220;1px&#8220; button_font=&#8220;Quicksand|700||on|||||&#8220; button_icon=&#8220;&#x24;||divi||400&#8243; custom_margin=&#8220;30px||||false|false&#8220; custom_padding=&#8220;|25px||25px|true|true&#8220; button_border_radius_hover=&#8220;0px&#8220; locked=&#8220;off&#8220; global_colors_info=&#8220;{}&#8220; button_text_size__hover_enabled=&#8220;off&#8220; button_one_text_size__hover_enabled=&#8220;off&#8220; button_two_text_size__hover_enabled=&#8220;off&#8220; button_text_color__hover_enabled=&#8220;off&#8220; button_one_text_color__hover_enabled=&#8220;off&#8220; button_two_text_color__hover_enabled=&#8220;off&#8220; button_border_width__hover_enabled=&#8220;off&#8220; button_one_border_width__hover_enabled=&#8220;off&#8220; button_two_border_width__hover_enabled=&#8220;off&#8220; button_border_color__hover_enabled=&#8220;off&#8220; button_one_border_color__hover_enabled=&#8220;off&#8220; button_two_border_color__hover_enabled=&#8220;off&#8220; button_border_radius__hover_enabled=&#8220;off|desktop&#8220; button_border_radius__hover=&#8220;0px&#8220; button_one_border_radius__hover_enabled=&#8220;off&#8220; button_two_border_radius__hover_enabled=&#8220;off&#8220; button_letter_spacing__hover_enabled=&#8220;off&#8220; button_one_letter_spacing__hover_enabled=&#8220;off&#8220; button_two_letter_spacing__hover_enabled=&#8220;off&#8220; button_bg_color__hover_enabled=&#8220;on|desktop&#8220; button_one_bg_color__hover_enabled=&#8220;off&#8220; button_two_bg_color__hover_enabled=&#8220;off&#8220; button_bg_color__hover=&#8220;RGBA(255,255,255,0)&#8220; button_bg_enable_color__hover=&#8220;on&#8220;][\/et_pb_button][\/et_pb_column][et_pb_column type=&#8220;1_2&#8243; specialty_columns=&#8220;2&#8243; _builder_version=&#8220;4.16&#8243; custom_padding=&#8220;|||&#8220; global_colors_info=&#8220;{}&#8220; custom_padding__hover=&#8220;|||&#8220;][et_pb_row_inner _builder_version=&#8220;4.19.1&#8243; custom_margin=&#8220;||0px||false|false&#8220; custom_padding=&#8220;||0px||false|false&#8220; global_colors_info=&#8220;{}&#8220;][et_pb_column_inner saved_specialty_column_type=&#8220;1_2&#8243; _builder_version=&#8220;4.16&#8243; custom_padding=&#8220;|||&#8220; global_colors_info=&#8220;{}&#8220; custom_padding__hover=&#8220;|||&#8220;][et_pb_image src=&#8220;https:\/\/camping-le-soleil-des-bastides.fr\/wp-content\/uploads\/2022\/12\/mobil-home-lodgia-camping-tarn-2-1.webp&#8220; alt=&#8220;Ger\u00e4umiges Ferienchalet f\u00fcr gro\u00dfe Gruppen im Tarn&#8220; title_text=&#8220;mobil-home-lodgia-camping-tarn-2&#8243; _builder_version=&#8220;4.27.4&#8243; _module_preset=&#8220;default&#8220; global_colors_info=&#8220;{}&#8220;][\/et_pb_image][\/et_pb_column_inner][\/et_pb_row_inner][et_pb_row_inner column_structure=&#8220;1_2,1_2&#8243; use_custom_gutter=&#8220;on&#8220; gutter_width=&#8220;2&#8243; make_equal=&#8220;on&#8220; _builder_version=&#8220;4.19.1&#8243; _module_preset=&#8220;default&#8220; custom_padding=&#8220;20px||||false|false&#8220; global_colors_info=&#8220;{}&#8220;][et_pb_column_inner type=&#8220;1_2&#8243; saved_specialty_column_type=&#8220;1_2&#8243; _builder_version=&#8220;4.19.1&#8243; _module_preset=&#8220;default&#8220; global_colors_info=&#8220;{}&#8220;][et_pb_image src=&#8220;https:\/\/camping-le-soleil-des-bastides.fr\/wp-content\/uploads\/2023\/01\/mobil-home-lodgia-clim-camping-tarn-2.webp&#8220; alt=&#8220;Rustikales Holzinterieur im Wohnzimmer des Ferienchalets im Tarn&#8220; title_text=&#8220;mobil-home-lodgia-clim-camping-tarn-2&#8243; _builder_version=&#8220;4.27.4&#8243; _module_preset=&#8220;default&#8220; global_colors_info=&#8220;{}&#8220;][\/et_pb_image][\/et_pb_column_inner][et_pb_column_inner type=&#8220;1_2&#8243; saved_specialty_column_type=&#8220;1_2&#8243; _builder_version=&#8220;4.19.1&#8243; _module_preset=&#8220;default&#8220; global_colors_info=&#8220;{}&#8220;][et_pb_image src=&#8220;https:\/\/camping-le-soleil-des-bastides.fr\/wp-content\/uploads\/2023\/01\/mobil-home-lodgia-clim-camping-tarn-1.webp&#8220; alt=&#8220;H\u00f6lzerne Terrasse des Ferienchalets im Tarn&#8220; title_text=&#8220;mobil-home-lodgia-clim-camping-tarn-1&#8243; _builder_version=&#8220;4.27.4&#8243; _module_preset=&#8220;default&#8220; global_colors_info=&#8220;{}&#8220;][\/et_pb_image][\/et_pb_column_inner][\/et_pb_row_inner][\/et_pb_column][\/et_pb_section][et_pb_section fb_built=&#8220;1&#8243; specialty=&#8220;on&#8220; padding_bottom_1=&#8220;0px&#8220; padding_bottom_2=&#8220;0px&#8220; padding_top_bottom_link_1=&#8220;false&#8220; padding_top_bottom_link_2=&#8220;false&#8220; padding_left_right_link_1=&#8220;false&#8220; padding_left_right_link_2=&#8220;false&#8220; custom_css_main_1=&#8220;width: 35%!important;&#8220; custom_css_main_2=&#8220;width: 55%!important;&#8220; admin_label=&#8220;PMR&#8220; module_class=&#8220;largeur-hebergement&#8220; _builder_version=&#8220;4.19.1&#8243; background_color=&#8220;#F9F6F3&#8243; custom_margin=&#8220;0px||0px||false|false&#8220; custom_padding=&#8220;0px||50px||false|false&#8220; animation_style=&#8220;slide&#8220; animation_direction=&#8220;left&#8220; animation_intensity_slide=&#8220;10%&#8220; border_width_bottom=&#8220;1px&#8220; border_color_bottom=&#8220;rgba(0,0,0,0.1)&#8220; locked=&#8220;off&#8220; global_colors_info=&#8220;{}&#8220;][et_pb_column type=&#8220;1_2&#8243; specialty_columns=&#8220;2&#8243; _builder_version=&#8220;4.16&#8243; custom_padding=&#8220;|||&#8220; global_colors_info=&#8220;{}&#8220; custom_padding__hover=&#8220;|||&#8220;][et_pb_row_inner _builder_version=&#8220;4.19.1&#8243; custom_margin=&#8220;||0px||false|false&#8220; custom_padding=&#8220;||0px||false|false&#8220; global_colors_info=&#8220;{}&#8220;][et_pb_column_inner saved_specialty_column_type=&#8220;1_2&#8243; _builder_version=&#8220;4.16&#8243; custom_padding=&#8220;|||&#8220; global_colors_info=&#8220;{}&#8220; custom_padding__hover=&#8220;|||&#8220;][et_pb_image src=&#8220;https:\/\/camping-le-soleil-des-bastides.fr\/wp-content\/uploads\/2023\/01\/mobil-home-pmr-camping-tarn-1.webp&#8220; alt=&#8220;Ger\u00e4umiges Ferienchalet f\u00fcr gro\u00dfe Gruppen im Tarn&#8220; title_text=&#8220;mobil-home-pmr-camping-tarn-1&#8243; _builder_version=&#8220;4.27.4&#8243; _module_preset=&#8220;default&#8220; global_colors_info=&#8220;{}&#8220;][\/et_pb_image][\/et_pb_column_inner][\/et_pb_row_inner][et_pb_row_inner column_structure=&#8220;1_2,1_2&#8243; use_custom_gutter=&#8220;on&#8220; gutter_width=&#8220;2&#8243; make_equal=&#8220;on&#8220; _builder_version=&#8220;4.19.1&#8243; _module_preset=&#8220;default&#8220; custom_padding=&#8220;20px||||false|false&#8220; global_colors_info=&#8220;{}&#8220;][et_pb_column_inner type=&#8220;1_2&#8243; saved_specialty_column_type=&#8220;1_2&#8243; _builder_version=&#8220;4.19.1&#8243; _module_preset=&#8220;default&#8220; global_colors_info=&#8220;{}&#8220;][et_pb_image src=&#8220;https:\/\/camping-le-soleil-des-bastides.fr\/wp-content\/uploads\/2023\/01\/mobil-home-pmr-camping-tarn-5.webp&#8220; alt=&#8220;Rustikales Holzinterieur im Wohnzimmer des Ferienchalets im Tarn&#8220; title_text=&#8220;mobil-home-pmr-camping-tarn-5&#8243; _builder_version=&#8220;4.27.4&#8243; _module_preset=&#8220;default&#8220; global_colors_info=&#8220;{}&#8220;][\/et_pb_image][\/et_pb_column_inner][et_pb_column_inner type=&#8220;1_2&#8243; saved_specialty_column_type=&#8220;1_2&#8243; _builder_version=&#8220;4.19.1&#8243; _module_preset=&#8220;default&#8220; global_colors_info=&#8220;{}&#8220;][et_pb_image src=&#8220;https:\/\/camping-le-soleil-des-bastides.fr\/wp-content\/uploads\/2023\/01\/mobil-home-pmr-camping-tarn-3.webp&#8220; alt=&#8220;H\u00f6lzerne Terrasse des Ferienchalets im Tarn&#8220; title_text=&#8220;mobil-home-pmr-camping-tarn-3&#8243; _builder_version=&#8220;4.27.4&#8243; _module_preset=&#8220;default&#8220; global_colors_info=&#8220;{}&#8220;][\/et_pb_image][\/et_pb_column_inner][\/et_pb_row_inner][\/et_pb_column][et_pb_column type=&#8220;1_2&#8243; _builder_version=&#8220;4.16&#8243; custom_padding=&#8220;|||&#8220; global_colors_info=&#8220;{}&#8220; custom_padding__hover=&#8220;|||&#8220;][et_pb_text _builder_version=&#8220;4.27.4&#8243; text_font=&#8220;||||||||&#8220; ul_font=&#8220;||||||||&#8220; ul_line_height=&#8220;2em&#8220; header_font=&#8220;||||||||&#8220; header_3_font=&#8220;|700|||||||&#8220; header_3_font_size=&#8220;20px&#8220; header_3_line_height=&#8220;1.4em&#8220; header_4_text_color=&#8220;#B22B88&#8243; header_4_font_size=&#8220;16px&#8220; header_6_line_height=&#8220;1.8em&#8220; custom_margin=&#8220;||20px||false|false&#8220; custom_padding=&#8220;||0px||false|false&#8220; header_3_font_size_tablet=&#8220;35px&#8220; header_3_font_size_phone=&#8220;25px&#8220; header_3_font_size_last_edited=&#8220;off|desktop&#8220; locked=&#8220;off&#8220; global_colors_info=&#8220;{}&#8220;]<\/p>\n<h3>Das ger\u00e4umige Mobilheim (PMR-geeignet)<\/h3>\n<p>Wenn Sie diese <strong>Mobilheimvermietung im Tarn<\/strong> buchen, wohnen Sie in einem Mobilheim, das <strong>bis zu 4 Personen<\/strong> Platz bietet. Ideal f\u00fcr Familien, ist es besonders <strong>ger\u00e4umig<\/strong> (35 m\u00b2). Innen finden Sie eine K\u00fcche, <strong>2 Schlafzimmer<\/strong> und ein gro\u00dfes Badezimmer, in dem eine Babybadewanne aufgestellt werden kann. Das Herzst\u00fcck Ihres Aufenthalts in dieser <strong>Mobilheimvermietung im Tarn<\/strong> ist die Terrasse. Auf Ihrer sch\u00f6nen 15 m\u00b2 gro\u00dfen Terrasse mit Blick auf die Natur k\u00f6nnen Sie fr\u00fchst\u00fccken oder Ihre Mahlzeiten in einer <strong>sehr angenehmen Atmosph\u00e4re<\/strong> genie\u00dfen.<\/p>\n<p>Was es besonders macht? Es entspricht den <strong>PMR-Normen<\/strong> dank der angepassten Wohnr\u00e4ume und verf\u00fcgt \u00fcber eine PMR-Zugangsrampen. Es ist nicht immer leicht, eine <strong>barrierefreie Ferienwohnung (PMR)<\/strong> auf Campingpl\u00e4tzen zu finden. Unser Platz bietet eine!<\/p>\n<p>[\/et_pb_text][et_pb_blurb title=&#8220;4 PERSONEN  &#8220; use_icon=&#8220;on&#8220; font_icon=&#8220;&#xf007;||fa||900&#8243; icon_color=&#8220;#B22B88&#8243; image_icon_background_color=&#8220;RGBA(255,255,255,0)&#8220; icon_placement=&#8220;left&#8220; image_icon_width=&#8220;25px&#8220; content_max_width=&#8220;100%&#8220; _builder_version=&#8220;4.27.4&#8243; _module_preset=&#8220;default&#8220; header_font=&#8220;Quicksand|||on|||||&#8220; header_font_size=&#8220;15px&#8220; header_letter_spacing=&#8220;1px&#8220; image_icon_custom_padding=&#8220;||||true|true&#8220; custom_margin=&#8220;||0px||false|false&#8220; custom_padding=&#8220;15px||15px||true|false&#8220; custom_css_blurb_title=&#8220;margin-top : 5px;&#8220; border_width_bottom=&#8220;1px&#8220; border_color_bottom=&#8220;rgba(0,0,0,0.1)&#8220; global_colors_info=&#8220;{}&#8220;][\/et_pb_blurb][et_pb_blurb title=&#8220;35 M\u00b2 UND 15 M\u00b2 \u00dcBERDACHTE TERRASSE PMR-Zugangsrampen  &#8220; use_icon=&#8220;on&#8220; font_icon=&#8220;&#xf015;||fa||900&#8243; icon_color=&#8220;#B22B88&#8243; image_icon_background_color=&#8220;RGBA(255,255,255,0)&#8220; icon_placement=&#8220;left&#8220; image_icon_width=&#8220;25px&#8220; content_max_width=&#8220;100%&#8220; _builder_version=&#8220;4.27.4&#8243; _module_preset=&#8220;default&#8220; header_font=&#8220;Quicksand|||on|||||&#8220; header_font_size=&#8220;15px&#8220; header_letter_spacing=&#8220;1px&#8220; image_icon_custom_padding=&#8220;|0px||0px|true|true&#8220; custom_margin=&#8220;||0px||false|false&#8220; custom_padding=&#8220;15px||15px||true|false&#8220; custom_css_blurb_title=&#8220;margin-top : 5px;&#8220; border_width_bottom=&#8220;1px&#8220; border_color_bottom=&#8220;rgba(0,0,0,0.1)&#8220; global_colors_info=&#8220;{}&#8220;][\/et_pb_blurb][et_pb_blurb use_icon=&#8220;on&#8220; font_icon=&#8220;&#xf3d1;||fa||900&#8243; icon_color=&#8220;#B22B88&#8243; image_icon_background_color=&#8220;RGBA(255,255,255,0)&#8220; icon_placement=&#8220;left&#8220; image_icon_width=&#8220;25px&#8220; content_max_width=&#8220;100%&#8220; _builder_version=&#8220;4.27.4&#8243; _module_preset=&#8220;default&#8220; header_font=&#8220;Quicksand|||on|||||&#8220; header_font_size=&#8220;15px&#8220; header_letter_spacing=&#8220;1px&#8220; image_icon_custom_padding=&#8220;|0px||0px|true|true&#8220; custom_margin=&#8220;||0px||false|false&#8220; custom_padding=&#8220;15px||15px||true|false&#8220; custom_css_blurb_title=&#8220;margin-top : 5px;&#8220; border_width_bottom=&#8220;1px&#8220; border_color_bottom=&#8220;rgba(0,0,0,0.1)&#8220; global_colors_info=&#8220;{}&#8220;]<\/p>\n<p>40 BIS 161\u20ac<\/p>\n<p>  [\/et_pb_blurb][et_pb_button button_url=&#8220;\/les-hebergements\/location-mobil-home-dans-le-tarn\/mobil-home-grand-espace-adapte-pmr-et-famille\/&#8220; button_text=&#8220;Unterkunft ansehen&#8220; _builder_version=&#8220;4.27.4&#8243; custom_button=&#8220;on&#8220; button_text_size=&#8220;15px&#8220; button_text_color=&#8220;#83BE40&#8243; button_bg_color=&#8220;RGBA(255,255,255,0)&#8220; button_border_width=&#8220;2px&#8220; button_border_color=&#8220;#83BE40&#8243; button_border_radius=&#8220;0px&#8220; button_letter_spacing=&#8220;1px&#8220; button_font=&#8220;Quicksand|700||on|||||&#8220; button_icon=&#8220;&#x24;||divi||400&#8243; custom_margin=&#8220;30px||||false|false&#8220; custom_padding=&#8220;|25px||25px|true|true&#8220; button_border_radius_hover=&#8220;0px&#8220; locked=&#8220;off&#8220; global_colors_info=&#8220;{}&#8220; button_text_size__hover_enabled=&#8220;off&#8220; button_one_text_size__hover_enabled=&#8220;off&#8220; button_two_text_size__hover_enabled=&#8220;off&#8220; button_text_color__hover_enabled=&#8220;off&#8220; button_one_text_color__hover_enabled=&#8220;off&#8220; button_two_text_color__hover_enabled=&#8220;off&#8220; button_border_width__hover_enabled=&#8220;off&#8220; button_one_border_width__hover_enabled=&#8220;off&#8220; button_two_border_width__hover_enabled=&#8220;off&#8220; button_border_color__hover_enabled=&#8220;off&#8220; button_one_border_color__hover_enabled=&#8220;off&#8220; button_two_border_color__hover_enabled=&#8220;off&#8220; button_border_radius__hover_enabled=&#8220;off|desktop&#8220; button_border_radius__hover=&#8220;0px&#8220; button_one_border_radius__hover_enabled=&#8220;off&#8220; button_two_border_radius__hover_enabled=&#8220;off&#8220; button_letter_spacing__hover_enabled=&#8220;off&#8220; button_one_letter_spacing__hover_enabled=&#8220;off&#8220; button_two_letter_spacing__hover_enabled=&#8220;off&#8220; button_bg_color__hover_enabled=&#8220;on|desktop&#8220; button_one_bg_color__hover_enabled=&#8220;off&#8220; button_two_bg_color__hover_enabled=&#8220;off&#8220; button_bg_color__hover=&#8220;RGBA(255,255,255,0)&#8220; button_bg_enable_color__hover=&#8220;on&#8220;][\/et_pb_button][\/et_pb_column][\/et_pb_section][et_pb_section fb_built=&#8220;1&#8243; admin_label=&#8220;Avis&#8220; _builder_version=&#8220;4.24.2&#8243; background_color=&#8220;rgba(232,226,216,0.3)&#8220; custom_padding=&#8220;50px||50px||false|false&#8220; locked=&#8220;off&#8220; global_colors_info=&#8220;{}&#8220;][et_pb_row _builder_version=&#8220;4.19.1&#8243; _module_preset=&#8220;default&#8220; custom_margin=&#8220;0px||0px||false|false&#8220; custom_padding=&#8220;0px||0px||false|false&#8220; global_colors_info=&#8220;{}&#8220;][et_pb_column type=&#8220;4_4&#8243; _builder_version=&#8220;4.19.1&#8243; _module_preset=&#8220;default&#8220; global_colors_info=&#8220;{}&#8220;][et_pb_text _builder_version=&#8220;4.27.4&#8243; text_font=&#8220;Quicksand||||||||&#8220; text_font_size=&#8220;16px&#8220; text_line_height=&#8220;2em&#8220; header_font=&#8220;||||||||&#8220; header_text_color=&#8220;#83BE40&#8243; header_2_font=&#8220;|700|||||||&#8220; header_2_text_color=&#8220;#000000&#8243; header_2_font_size=&#8220;30px&#8220; header_2_line_height=&#8220;1.2em&#8220; header_6_font=&#8220;Raleway|700||on|||||&#8220; header_6_font_size=&#8220;16px&#8220; header_6_letter_spacing=&#8220;5px&#8220; header_6_line_height=&#8220;1.8em&#8220; text_orientation=&#8220;center&#8220; max_width_last_edited=&#8220;off|desktop&#8220; module_alignment=&#8220;center&#8220; custom_margin=&#8220;||0px||false|false&#8220; custom_padding=&#8220;||0px||false|false&#8220; header_2_font_size_tablet=&#8220;25px&#8220; header_2_font_size_phone=&#8220;18px&#8220; header_2_font_size_last_edited=&#8220;on|phone&#8220; global_colors_info=&#8220;{}&#8220;]<\/p>\n<h2>G\u00c4STEBEWERTUNGEN<br \/>\n<span style=\"font-weight: 400; text-transform: lowercase;\">\u00fcber die Mobilheime<\/span><\/h2>\n<p>[\/et_pb_text][et_pb_divider color=&#8220;#B22B88&#8243; divider_position=&#8220;center&#8220; divider_weight=&#8220;3px&#8220; _builder_version=&#8220;4.19.1&#8243; _module_preset=&#8220;default&#8220; width=&#8220;150px&#8220; width_tablet=&#8220;100px&#8220; width_phone=&#8220;50px&#8220; width_last_edited=&#8220;on|phone&#8220; module_alignment=&#8220;center&#8220; custom_margin=&#8220;||20px||false|false&#8220; custom_padding=&#8220;||0px||false|false&#8220; global_colors_info=&#8220;{}&#8220;][\/et_pb_divider][\/et_pb_column][\/et_pb_row][et_pb_row column_structure=&#8220;1_2,1_2&#8243; use_custom_gutter=&#8220;on&#8220; gutter_width=&#8220;2&#8243; make_equal=&#8220;on&#8220; _builder_version=&#8220;4.19.1&#8243; _module_preset=&#8220;default&#8220; width=&#8220;70%&#8220; custom_padding=&#8220;20px||0px||false|false&#8220; global_colors_info=&#8220;{}&#8220;][et_pb_column type=&#8220;1_2&#8243; _builder_version=&#8220;4.19.1&#8243; _module_preset=&#8220;default&#8220; background_color=&#8220;#83BE40&#8243; custom_padding=&#8220;30px|30px|30px|30px|true|true&#8220; border_color_all=&#8220;rgba(0,0,0,0.1)&#8220; global_colors_info=&#8220;{}&#8220;][et_pb_blurb title=&#8220;BEWERTUNG VON CELINE  &#8220; use_icon=&#8220;on&#8220; font_icon=&#8220;&#xe033;||divi||400&#8243; icon_color=&#8220;#FFFFFF&#8220; image_icon_width=&#8220;40px&#8220; content_max_width=&#8220;100%&#8220; _builder_version=&#8220;4.27.4&#8243; _module_preset=&#8220;default&#8220; header_level=&#8220;h3&#8243; header_font=&#8220;Open Sans|700||on|||||&#8220; header_text_align=&#8220;center&#8220; header_text_color=&#8220;#FFFFFF&#8220; header_font_size=&#8220;16px&#8220; header_letter_spacing=&#8220;1px&#8220; body_text_align=&#8220;center&#8220; body_text_color=&#8220;#FFFFFF&#8220; body_font_size=&#8220;16px&#8220; background_enable_color=&#8220;off&#8220; custom_margin=&#8220;||||false|false&#8220; custom_padding=&#8220;||||true|true&#8220; hover_enabled=&#8220;0&#8243; custom_css_blurb_image=&#8220;margin-bottom : 20px&#8220; global_colors_info=&#8220;{}&#8220; sticky_enabled=&#8220;0&#8243;]<strong>5\/5<\/strong><\/p>\n<p>Immer noch genauso toll! Hervorragender Empfang und ebenso erstklassige Leistungen. Unser <strong>Mobilheim wie neu, funktional, praktisch und sehr angenehm<\/strong>. Der Pool ist genial, das Wasser super warm, mein 1-j\u00e4hriges Kind hatte viel Spa\u00df und schlief wie ein Murmeltier. Kurz gesagt, einen Besuch wert. Danke an AnneSophie und Sylvain.<\/p>\n<p><em>Vor 1 Jahr<\/em>[\/et_pb_blurb][\/et_pb_column][et_pb_column type=&#8220;1_2&#8243; _builder_version=&#8220;4.19.1&#8243; _module_preset=&#8220;default&#8220; background_color=&#8220;#83BE40&#8243; custom_padding=&#8220;30px|30px|30px|30px|true|true&#8220; border_color_all=&#8220;rgba(0,0,0,0.1)&#8220; global_colors_info=&#8220;{}&#8220;][et_pb_blurb title=&#8220;BEWERTUNG VON LAURE  &#8220; use_icon=&#8220;on&#8220; font_icon=&#8220;&#xe033;||divi||400&#8243; icon_color=&#8220;#FFFFFF&#8220; image_icon_width=&#8220;40px&#8220; content_max_width=&#8220;100%&#8220; _builder_version=&#8220;4.27.4&#8243; _module_preset=&#8220;default&#8220; header_level=&#8220;h3&#8243; header_font=&#8220;Open Sans|700||on|||||&#8220; header_text_align=&#8220;center&#8220; header_text_color=&#8220;#FFFFFF&#8220; header_font_size=&#8220;16px&#8220; header_letter_spacing=&#8220;1px&#8220; body_text_align=&#8220;center&#8220; body_text_color=&#8220;#FFFFFF&#8220; body_font_size=&#8220;16px&#8220; background_enable_color=&#8220;off&#8220; custom_margin=&#8220;||||false|false&#8220; custom_padding=&#8220;||||true|true&#8220; hover_enabled=&#8220;0&#8243; custom_css_blurb_image=&#8220;margin-bottom : 20px&#8220; global_colors_info=&#8220;{}&#8220; sticky_enabled=&#8220;0&#8243;]<strong>5\/5<\/strong>  <\/p>\n<p>Ruhiger und familienfreundlicher Campingplatz. Das <strong>Mobilheim war blitzsauber<\/strong>. Wir hatten einen angenehmen Urlaub. Sehr sch\u00f6ne Region zum Entdecken. Die Campingplatzleiter sind au\u00dferordentlich freundlich. Immer ein L\u00e4cheln \ud83d\ude0a.<\/p>\n<p><em>Vor 2 Jahren<\/em>[\/et_pb_blurb][\/et_pb_column][\/et_pb_row][\/et_pb_section][et_pb_section fb_built=&#8220;1&#8243; _builder_version=&#8220;4.19.1&#8243; background_color=&#8220;rgba(232,226,216,0.3)&#8220; custom_padding=&#8220;50px||50px||false|false&#8220; animation_direction=&#8220;right&#8220; locked=&#8220;off&#8220; global_colors_info=&#8220;{}&#8220;][et_pb_row column_structure=&#8220;1_2,1_2&#8243; use_custom_gutter=&#8220;on&#8220; make_equal=&#8220;on&#8220; _builder_version=&#8220;4.24.2&#8243; custom_margin=&#8220;||||false|false&#8220; custom_padding=&#8220;0px||0px||false|false&#8220; animation_style=&#8220;slide&#8220; animation_direction=&#8220;left&#8220; animation_intensity_slide=&#8220;10%&#8220; global_colors_info=&#8220;{}&#8220;][et_pb_column type=&#8220;1_2&#8243; _builder_version=&#8220;4.24.2&#8243; background_image=&#8220;https:\/\/camping-le-soleil-des-bastides.fr\/wp-content\/uploads\/2022\/11\/camping-albi-tarn-occitanie-proprietaires.webp&#8220; custom_padding=&#8220;|||&#8220; global_colors_info=&#8220;{}&#8220; custom_padding__hover=&#8220;|||&#8220;][et_pb_text _builder_version=&#8220;4.24.2&#8243; _module_preset=&#8220;default&#8220; hover_enabled=&#8220;0&#8243; global_colors_info=&#8220;{}&#8220; sticky_enabled=&#8220;0&#8243;][\/et_pb_text][\/et_pb_column][et_pb_column type=&#8220;1_2&#8243; _builder_version=&#8220;4.24.2&#8243; background_enable_image=&#8220;off&#8220; custom_padding=&#8220;3%||3%||true|false&#8220; global_colors_info=&#8220;{}&#8220; custom_padding__hover=&#8220;|||&#8220;][et_pb_text _builder_version=&#8220;4.24.2&#8243; text_font=&#8220;Quicksand|||on|||||&#8220; text_font_size=&#8220;16px&#8220; text_line_height=&#8220;2em&#8220; header_font=&#8220;||||||||&#8220; header_text_color=&#8220;#83BE40&#8243; header_2_font=&#8220;|700||on|||||&#8220; header_2_text_color=&#8220;#000000&#8243; header_2_font_size=&#8220;30px&#8220; header_2_line_height=&#8220;1.2em&#8220; header_6_font=&#8220;Raleway|700||on|||||&#8220; header_6_font_size=&#8220;16px&#8220; header_6_letter_spacing=&#8220;5px&#8220; header_6_line_height=&#8220;1.8em&#8220; text_orientation=&#8220;center&#8220; max_width_last_edited=&#8220;off|desktop&#8220; module_alignment=&#8220;center&#8220; custom_margin=&#8220;||0px||false|false&#8220; custom_padding=&#8220;||0px||false|false&#8220; header_2_font_size_tablet=&#8220;25px&#8220; header_2_font_size_phone=&#8220;18px&#8220; header_2_font_size_last_edited=&#8220;on|phone&#8220; global_colors_info=&#8220;{}&#8220;]<\/p>\n<h2 style=\"text-align: left;\">Participez aux activit\u00e9s du camping avant de rejoindre votre mobil home<\/h2>\n<p>[\/et_pb_text][et_pb_divider color=&#8220;#B22B88&#8243; divider_position=&#8220;center&#8220; divider_weight=&#8220;3px&#8220; _builder_version=&#8220;4.19.1&#8243; _module_preset=&#8220;default&#8220; width=&#8220;150px&#8220; width_tablet=&#8220;100px&#8220; width_phone=&#8220;50px&#8220; width_last_edited=&#8220;on|phone&#8220; module_alignment=&#8220;left&#8220; custom_margin=&#8220;||20px||false|false&#8220; custom_padding=&#8220;||0px||false|false&#8220; global_colors_info=&#8220;{}&#8220;][\/et_pb_divider][et_pb_text admin_label=&#8220;Discover Beatuty Text&#8220; _builder_version=&#8220;4.27.4&#8243; text_font=&#8220;||||||||&#8220; text_font_size=&#8220;16px&#8220; text_line_height=&#8220;1.9em&#8220; header_3_text_color=&#8220;#B22B88&#8243; header_4_font=&#8220;|||on|||||&#8220; header_4_text_color=&#8220;#B22B88&#8243; custom_margin=&#8220;||20px||false|false&#8220; custom_padding=&#8220;||0px||false|false&#8220; animation_direction=&#8220;top&#8220; hover_enabled=&#8220;0&#8243; global_colors_info=&#8220;{}&#8220; link_text_color__hover_enabled=&#8220;on|hover&#8220; link_text_color__hover=&#8220;#83BE40&#8243; sticky_enabled=&#8220;0&#8243;]<\/p>\n<p>Ob Sie mit der Familie, als Paar oder mit Freunden reisen, Sie werden bestimmt <strong>Aktivit\u00e4ten und Einrichtungen<\/strong> finden, die Ihnen auf unserem Campingplatz in der N\u00e4he von Albi gefallen!<\/p>\n<p>Hier einige Beispiele, die Ihnen einen Vorgeschmack darauf geben, was Sie w\u00e4hrend Ihres Aufenthalts in der <strong>Mobilheimvermietung im Tarn<\/strong> erwartet:<\/p>\n<ul>\n<li>Ein Multisportfeld;<\/li>\n<li>Tischtennistisch;<\/li>\n<li>Ein Tennisplatz;<\/li>\n<li>Ein Bouleplatz;<\/li>\n<li>Eine Bibliothek;<\/li>\n<li>Ein Kinderspielplatz;<\/li>\n<li>Ein beheizter Swimmingpool;<\/li>\n<li>Ein Restaurant f\u00fcr gesellige und k\u00f6stliche Fr\u00fchst\u00fccke und Abendessen.<\/li>\n<\/ul>\n<p>In der N\u00e4he unseres Campingplatzes finden Sie auch eine Kanustation, ein Freizeitzentrum, ein Reitzentrum und einen botanischen Garten \u2013 alles, um Ihren Urlaub voll und ganz zu genie\u00dfen. Freuen Sie sich auf unvergessliche Ferien mit Familie oder Freunden in Ihrer <strong>Mobilheimvermietung im Tarn<\/strong>!<\/p>\n<p>[\/et_pb_text][\/et_pb_column][\/et_pb_row][\/et_pb_section][et_pb_section fb_built=&#8220;1&#8243; _builder_version=&#8220;4.19.1&#8243; _module_preset=&#8220;default&#8220; background_color=&#8220;#e8e2d8&#8243; custom_padding=&#8220;50px||50px||true|false&#8220; locked=&#8220;off&#8220; global_colors_info=&#8220;{}&#8220;][et_pb_row _builder_version=&#8220;4.16&#8243; _module_preset=&#8220;default&#8220; locked=&#8220;off&#8220; global_colors_info=&#8220;{}&#8220;][et_pb_column type=&#8220;4_4&#8243; _builder_version=&#8220;4.16&#8243; _module_preset=&#8220;default&#8220; custom_padding=&#8220;|||&#8220; global_colors_info=&#8220;{}&#8220; custom_padding__hover=&#8220;|||&#8220;][et_pb_text admin_label=&#8220;Look Inside Title&#8220; _builder_version=&#8220;4.27.4&#8243; _module_preset=&#8220;default&#8220; text_font=&#8220;||||&#8220; text_text_color=&#8220;#1a1a1a&#8220; header_font=&#8220;Oswald|on||on|&#8220; header_text_align=&#8220;left&#8220; header_font_size=&#8220;60px&#8220; header_line_height=&#8220;1.3em&#8220; header_2_font=&#8220;|||on|||||&#8220; header_2_font_size=&#8220;30px&#8220; header_2_line_height=&#8220;1.2em&#8220; custom_margin=&#8220;||0px||false|false&#8220; custom_padding=&#8220;||0px||false|false&#8220; animation_style=&#8220;slide&#8220; animation_direction=&#8220;top&#8220; animation_intensity_slide=&#8220;10%&#8220; header_2_font_size_tablet=&#8220;25px&#8220; header_2_font_size_phone=&#8220;18px&#8220; header_2_font_size_last_edited=&#8220;on|desktop&#8220; locked=&#8220;off&#8220; global_colors_info=&#8220;{}&#8220;]<\/p>\n<p style=\"font-size: 20px; font-family: Syncopate; text-align: center;\"><strong>Entdecken Sie die weiteren Unterk\u00fcnfte des Campingplatzes<\/strong><\/p>\n<p>[\/et_pb_text][et_pb_divider color=&#8220;#83BE40&#8243; divider_position=&#8220;center&#8220; divider_weight=&#8220;3px&#8220; disabled_on=&#8220;off|off|off&#8220; _builder_version=&#8220;4.19.1&#8243; _module_preset=&#8220;default&#8220; max_width=&#8220;150px&#8220; module_alignment=&#8220;center&#8220; height=&#8220;false&#8220; custom_margin=&#8220;||||false|false&#8220; animation_style=&#8220;slide&#8220; animation_direction=&#8220;top&#8220; animation_delay=&#8220;100ms&#8220; animation_intensity_slide=&#8220;10%&#8220; locked=&#8220;off&#8220; global_colors_info=&#8220;{}&#8220;][\/et_pb_divider][\/et_pb_column][\/et_pb_row][et_pb_row _builder_version=&#8220;4.16&#8243; _module_preset=&#8220;default&#8220; custom_padding=&#8220;||0px|||&#8220; global_colors_info=&#8220;{}&#8220;][et_pb_column type=&#8220;4_4&#8243; _builder_version=&#8220;4.16&#8243; _module_preset=&#8220;default&#8220; custom_padding=&#8220;|||&#8220; global_colors_info=&#8220;{}&#8220; custom_padding__hover=&#8220;|||&#8220;][dica_divi_carousel show_items_tablet=&#8220;2&#8243; transition_duration=&#8220;1000&#8243; autoplay=&#8220;on&#8220; hoverpause=&#8220;on&#8220; arrow_nav=&#8220;on&#8220; advanced_effect=&#8220;1&#8243; arrow_nav_color=&#8220;#83BE40&#8243; arrow_bg_color=&#8220;RGBA(255,255,255,0)&#8220; dots_color=&#8220;#83BE40&#8243; dots_active_color=&#8220;#83BE40&#8243; overlay_color_field_bgcolor=&#8220;rgba(255,255,255,0.85)&#8220; arrow_position=&#8220;middle-outside&#8220; arrow_alignment=&#8220;flex-end&#8220; innercontent_padding=&#8220;||30px||false|false&#8220; content_container_margin=&#8220;|33px||33px|false|true&#8220; arrow_position_tablet=&#8220;bottom&#8220; arrow_position_phone=&#8220;bottom&#8220; arrow_position_last_edited=&#8220;on|tablet&#8220; arrow_font_size_phone=&#8220;36px&#8220; arrow_font_size_last_edited=&#8220;off|desktop&#8220; _builder_version=&#8220;4.27.4&#8243; _module_preset=&#8220;default&#8220; title_font=&#8220;Roboto|700|||||||&#8220; title_font_size=&#8220;27px&#8220; custom_padding=&#8220;||0px|||&#8220; hover_transition_duration=&#8220;600ms&#8220; global_colors_info=&#8220;{}&#8220;][dica_divi_carouselitem button_text=&#8220;Das Gruppenhaus ansehen  &#8220; button_url=&#8220;\/les-hebergements\/gite-tout-confort-9-11-personnes\/&#8220; button_url_new_window=&#8220;1&#8243; image=&#8220;https:\/\/camping-le-soleil-des-bastides.fr\/wp-content\/uploads\/2023\/01\/gite-confort-11-personnes-camping-tarn-1.webp&#8220; image_alt=&#8220;autre h\u00e9bergement vacances gite &#8220; image_padding=&#8220;0|0|26px|0|false|false&#8220; button_margin=&#8220;||35px||false|false&#8220; _builder_version=&#8220;4.27.4&#8243; _module_preset=&#8220;default&#8220; header_font=&#8220;Syncopate|||on|||||&#8220; header_font_size=&#8220;16px&#8220; subtitle_font=&#8220;Quicksand|300|||||||&#8220; subtitle_font_size=&#8220;15px&#8220; background_color=&#8220;#f9f6f3&#8243; background_enable_color=&#8220;on&#8220; custom_button=&#8220;on&#8220; button_text_size=&#8220;15px&#8220; button_text_color=&#8220;#83BE40&#8243; button_border_width=&#8220;2px&#8220; button_border_color=&#8220;#83BE40&#8243; button_border_radius=&#8220;0px&#8220; button_letter_spacing=&#8220;1px&#8220; button_font=&#8220;|700||on|||||&#8220; button_use_icon=&#8220;on&#8220; button_icon=&#8220;&#x24;||divi||400&#8243; button_icon_color=&#8220;#83BE40&#8243; button_alignment=&#8220;left&#8220; border_color_bottom_item=&#8220;#F07300&#8243; global_colors_info=&#8220;{}&#8220; custom_css_inner_wrapper__hover_enabled=&#8220;off|desktop&#8220;]<\/p>\n<p style=\"font-size: 16px; font-family: Syncopate; font-weight: 800;\">Gruppenhaus<\/p>\n<p>[\/dica_divi_carouselitem][dica_divi_carouselitem button_text=&#8220;Die Chalets ansehen &#8220; button_url=&#8220;\/les-hebergements\/location-chalet-tarn\/&#8220; button_url_new_window=&#8220;1&#8243; image=&#8220;https:\/\/camping-le-soleil-des-bastides.fr\/wp-content\/uploads\/2022\/12\/chalet-2-4-personnes-camping-tarn.webp&#8220; image_alt=&#8220;autre h\u00e9bergement vacances mobil home&#8220; image_padding=&#8220;0|0|26px|0|false|false&#8220; button_margin=&#8220;||35px||false|false&#8220; _builder_version=&#8220;4.27.4&#8243; _module_preset=&#8220;default&#8220; header_font=&#8220;Syncopate|||on|||||&#8220; header_font_size=&#8220;16px&#8220; subtitle_font=&#8220;Quicksand|300|||||||&#8220; subtitle_font_size=&#8220;15px&#8220; background_color=&#8220;#f9f6f3&#8243; background_enable_color=&#8220;on&#8220; custom_button=&#8220;on&#8220; button_text_size=&#8220;15px&#8220; button_text_color=&#8220;#83BE40&#8243; button_border_width=&#8220;2px&#8220; button_border_color=&#8220;#83BE40&#8243; button_border_radius=&#8220;0px&#8220; button_letter_spacing=&#8220;1px&#8220; button_font=&#8220;|700||on|||||&#8220; button_use_icon=&#8220;on&#8220; button_icon=&#8220;&#x24;||divi||400&#8243; button_icon_color=&#8220;#83BE40&#8243; button_alignment=&#8220;left&#8220; border_color_bottom_item=&#8220;#F07300&#8243; global_colors_info=&#8220;{}&#8220; custom_css_inner_wrapper__hover_enabled=&#8220;off|desktop&#8220;]<\/p>\n<p style=\"font-size: 16px; font-family: Syncopate; font-weight: 800;\">Chalets<\/p>\n<p> [\/dica_divi_carouselitem][dica_divi_carouselitem button_text=&#8220;Die Lodges ansehen  &#8220; button_url=&#8220;\/les-hebergements\/logement-insolite-tarn\/&#8220; button_url_new_window=&#8220;1&#8243; image=&#8220;https:\/\/camping-le-soleil-des-bastides.fr\/wp-content\/uploads\/2022\/12\/woodlodge-sur-pilotis-camping-tarn.webp&#8220; image_alt=&#8220;autre h\u00e9bergement vacances insolite&#8220; image_padding=&#8220;0|0|26px|0|false|false&#8220; button_margin=&#8220;||35px||false|false&#8220; _builder_version=&#8220;4.27.4&#8243; _module_preset=&#8220;default&#8220; header_font=&#8220;Syncopate|||on|||||&#8220; header_font_size=&#8220;16px&#8220; subtitle_font=&#8220;Quicksand|300|||||||&#8220; subtitle_font_size=&#8220;15px&#8220; background_color=&#8220;#f9f6f3&#8243; background_enable_color=&#8220;on&#8220; custom_button=&#8220;on&#8220; button_text_size=&#8220;15px&#8220; button_text_color=&#8220;#83BE40&#8243; button_border_width=&#8220;2px&#8220; button_border_color=&#8220;#83BE40&#8243; button_border_radius=&#8220;0px&#8220; button_letter_spacing=&#8220;1px&#8220; button_font=&#8220;|700||on|||||&#8220; button_use_icon=&#8220;on&#8220; button_icon=&#8220;&#x24;||divi||400&#8243; button_icon_color=&#8220;#83BE40&#8243; button_alignment=&#8220;left&#8220; border_color_bottom_item=&#8220;#F07300&#8243; global_colors_info=&#8220;{}&#8220; custom_css_inner_wrapper__hover_enabled=&#8220;off|desktop&#8220;]<\/p>\n<p style=\"font-size: 16px; font-family: Syncopate; font-weight: 800;\">Lodges und au\u00dfergew\u00f6hnliche Unterk\u00fcnfte<\/p>\n<p>[\/dica_divi_carouselitem][dica_divi_carouselitem button_text=&#8220;Die Stellpl\u00e4tze ansehen  &#8220; button_url=&#8220;\/emplacement-camping-tarn\/&#8220; button_url_new_window=&#8220;1&#8243; image=&#8220;https:\/\/camping-le-soleil-des-bastides.fr\/wp-content\/uploads\/2023\/01\/emplacement-nu-camping-tarn-2.webp&#8220; image_alt=&#8220;autre h\u00e9bergement vacances emplacement&#8220; image_padding=&#8220;0|0|26px|0|false|false&#8220; button_margin=&#8220;||35px||false|false&#8220; _builder_version=&#8220;4.27.4&#8243; _module_preset=&#8220;default&#8220; header_font=&#8220;Syncopate|||on|||||&#8220; header_font_size=&#8220;16px&#8220; subtitle_font=&#8220;Quicksand|300|||||||&#8220; subtitle_font_size=&#8220;15px&#8220; background_color=&#8220;#f9f6f3&#8243; background_enable_color=&#8220;on&#8220; custom_button=&#8220;on&#8220; button_text_size=&#8220;15px&#8220; button_text_color=&#8220;#83BE40&#8243; button_border_width=&#8220;2px&#8220; button_border_color=&#8220;#83BE40&#8243; button_border_radius=&#8220;0px&#8220; button_letter_spacing=&#8220;1px&#8220; button_font=&#8220;|700||on|||||&#8220; button_use_icon=&#8220;on&#8220; button_icon=&#8220;&#x24;||divi||400&#8243; button_icon_color=&#8220;#83BE40&#8243; button_alignment=&#8220;left&#8220; border_color_bottom_item=&#8220;#F07300&#8243; global_colors_info=&#8220;{}&#8220; custom_css_inner_wrapper__hover_enabled=&#8220;off|desktop&#8220;]<\/p>\n<p style=\"font-size: 16px; font-family: Syncopate; font-weight: 800;\">Stellpl\u00e4tze<\/p>\n<p>[\/dica_divi_carouselitem][\/dica_divi_carousel][\/et_pb_column][\/et_pb_row][et_pb_row _builder_version=&#8220;4.19.1&#8243; _module_preset=&#8220;default&#8220; background_enable_color=&#8220;off&#8220; width=&#8220;50%&#8220; custom_padding=&#8220;0px||||false|true&#8220; global_colors_info=&#8220;{}&#8220;][et_pb_column type=&#8220;4_4&#8243; _builder_version=&#8220;4.19.1&#8243; _module_preset=&#8220;default&#8220; global_colors_info=&#8220;{}&#8220;][et_pb_button button_url=&#8220;\/les-hebergements\/&#8220; button_text=&#8220;Alle Unterk\u00fcnfte ansehen&#8220; button_alignment=&#8220;center&#8220; button_alignment_tablet=&#8220;center&#8220; button_alignment_phone=&#8220;center&#8220; button_alignment_last_edited=&#8220;off|tablet&#8220; _builder_version=&#8220;4.27.4&#8243; _module_preset=&#8220;default&#8220; custom_button=&#8220;on&#8220; button_text_size=&#8220;15px&#8220; button_text_color=&#8220;#B22B88&#8243; button_border_color=&#8220;#B22B88&#8243; button_border_radius=&#8220;0px&#8220; button_letter_spacing=&#8220;2px&#8220; button_font=&#8220;|700||on|||||&#8220; button_icon=&#8220;&#x24;||divi||400&#8243; hover_enabled=&#8220;0&#8243; global_colors_info=&#8220;{}&#8220; button_bg_color__hover_enabled=&#8220;on|hover&#8220; button_bg_color__hover=&#8220;RGBA(255,255,255,0)&#8220; button_bg_enable_color__hover=&#8220;on&#8220; button_border_width__hover_enabled=&#8220;on|hover&#8220; button_border_width__hover=&#8220;2px&#8220; sticky_enabled=&#8220;0&#8243;][\/et_pb_button][\/et_pb_column][\/et_pb_row][\/et_pb_section]<\/p>\n","protected":false},"excerpt":{"rendered":"<p>Vermietung von Mobilheimen im TarnEntdecken Sie unsere Mobilheime f\u00fcr Ihren Aufenthalt im TarnF\u00fcr Ihren n\u00e4chsten Urlaub im Tarn w\u00e4hlen Sie den Komfort unserer hochwertigen Mobilheime auf unserem familienfreundlichen Campingplatz im Tarn, dem Camping Le Soleil des Bastides, um Ihren Aufenthalt in vollen Z\u00fcgen zu genie\u00dfen. Voll ausgestattet in Ihrem Mobilheim im Tarn k\u00f6nnen Sie die [&hellip;]<\/p>\n","protected":false},"author":3,"featured_media":0,"parent":5314,"menu_order":0,"comment_status":"closed","ping_status":"closed","template":"","meta":{"_et_pb_use_builder":"on","_et_pb_old_content":"","_et_gb_content_width":"","footnotes":""},"class_list":["post-5498","page","type-page","status-publish","hentry"],"yoast_head":"<!-- This site is optimized with the Yoast SEO plugin v27.3 - https:\/\/yoast.com\/product\/yoast-seo-wordpress\/ -->\n<title>Mobilheim im Tarn ab 37\u202f\u20ac mieten \u2013 in der N\u00e4he von Albi<\/title>\n<meta name=\"description\" content=\"Suchen Sie eine komfortable und charmante Unterkunft f\u00fcr Ihren Urlaub im Tarn? Entdecken Sie unsere Mobilheime f\u00fcr 4 oder 6 Personen, auch geeignet f\u00fcr Menschen mit eingeschr\u00e4nkter Mobilit\u00e4t.\" \/>\n<meta name=\"robots\" content=\"index, follow, max-snippet:-1, max-image-preview:large, max-video-preview:-1\" \/>\n<link rel=\"canonical\" href=\"https:\/\/camping-le-soleil-des-bastides.fr\/de\/les-hebergements\/location-mobil-home-dans-le-tarn\/\" \/>\n<meta property=\"og:locale\" content=\"de_DE\" \/>\n<meta property=\"og:type\" content=\"article\" \/>\n<meta property=\"og:title\" content=\"Mobilheim im Tarn ab 37\u202f\u20ac mieten \u2013 in der N\u00e4he von Albi\" \/>\n<meta property=\"og:description\" content=\"Suchen Sie eine komfortable und charmante Unterkunft f\u00fcr Ihren Urlaub im Tarn? Entdecken Sie unsere Mobilheime f\u00fcr 4 oder 6 Personen, auch geeignet f\u00fcr Menschen mit eingeschr\u00e4nkter Mobilit\u00e4t.\" \/>\n<meta property=\"og:url\" content=\"https:\/\/camping-le-soleil-des-bastides.fr\/de\/les-hebergements\/location-mobil-home-dans-le-tarn\/\" \/>\n<meta property=\"og:site_name\" content=\"Camping Le Soleil Des Bastides\" \/>\n<meta property=\"article:publisher\" content=\"https:\/\/www.facebook.com\/LeSoleilDesBastides\/\" \/>\n<meta property=\"article:modified_time\" content=\"2025-06-10T12:32:41+00:00\" \/>\n<meta name=\"twitter:card\" content=\"summary_large_image\" \/>\n<meta name=\"twitter:label1\" content=\"Gesch\u00e4tzte Lesezeit\" \/>\n\t<meta name=\"twitter:data1\" content=\"8\u00a0Minuten\" \/>\n<script type=\"application\/ld+json\" class=\"yoast-schema-graph\">{\"@context\":\"https:\\\/\\\/schema.org\",\"@graph\":[{\"@type\":\"WebPage\",\"@id\":\"https:\\\/\\\/camping-le-soleil-des-bastides.fr\\\/de\\\/les-hebergements\\\/location-mobil-home-dans-le-tarn\\\/\",\"url\":\"https:\\\/\\\/camping-le-soleil-des-bastides.fr\\\/de\\\/les-hebergements\\\/location-mobil-home-dans-le-tarn\\\/\",\"name\":\"Mobilheim im Tarn ab 37\u202f\u20ac mieten \u2013 in der N\u00e4he von Albi\",\"isPartOf\":{\"@id\":\"https:\\\/\\\/camping-le-soleil-des-bastides.fr\\\/de\\\/#website\"},\"datePublished\":\"2024-04-17T13:38:02+00:00\",\"dateModified\":\"2025-06-10T12:32:41+00:00\",\"description\":\"Suchen Sie eine komfortable und charmante Unterkunft f\u00fcr Ihren Urlaub im Tarn? Entdecken Sie unsere Mobilheime f\u00fcr 4 oder 6 Personen, auch geeignet f\u00fcr Menschen mit eingeschr\u00e4nkter Mobilit\u00e4t.\",\"breadcrumb\":{\"@id\":\"https:\\\/\\\/camping-le-soleil-des-bastides.fr\\\/de\\\/les-hebergements\\\/location-mobil-home-dans-le-tarn\\\/#breadcrumb\"},\"inLanguage\":\"de\",\"potentialAction\":[{\"@type\":\"ReadAction\",\"target\":[\"https:\\\/\\\/camping-le-soleil-des-bastides.fr\\\/de\\\/les-hebergements\\\/location-mobil-home-dans-le-tarn\\\/\"]}]},{\"@type\":\"BreadcrumbList\",\"@id\":\"https:\\\/\\\/camping-le-soleil-des-bastides.fr\\\/de\\\/les-hebergements\\\/location-mobil-home-dans-le-tarn\\\/#breadcrumb\",\"itemListElement\":[{\"@type\":\"ListItem\",\"position\":1,\"name\":\"Camping Tarn\",\"item\":\"https:\\\/\\\/camping-le-soleil-des-bastides.fr\\\/de\\\/\"},{\"@type\":\"ListItem\",\"position\":2,\"name\":\"Ferienvermietung Tarn\",\"item\":\"https:\\\/\\\/camping-le-soleil-des-bastides.fr\\\/de\\\/les-hebergements\\\/\"},{\"@type\":\"ListItem\",\"position\":3,\"name\":\"Mobil home en location Tarn\"}]},{\"@type\":\"WebSite\",\"@id\":\"https:\\\/\\\/camping-le-soleil-des-bastides.fr\\\/de\\\/#website\",\"url\":\"https:\\\/\\\/camping-le-soleil-des-bastides.fr\\\/de\\\/\",\"name\":\"Camping Le Soleil Des Bastides\",\"description\":\"Un camping calme, ombrag\u00e9 au coeur des bastides tarnaises\",\"potentialAction\":[{\"@type\":\"SearchAction\",\"target\":{\"@type\":\"EntryPoint\",\"urlTemplate\":\"https:\\\/\\\/camping-le-soleil-des-bastides.fr\\\/de\\\/?s={search_term_string}\"},\"query-input\":{\"@type\":\"PropertyValueSpecification\",\"valueRequired\":true,\"valueName\":\"search_term_string\"}}],\"inLanguage\":\"de\"}]}<\/script>\n<!-- \/ Yoast SEO plugin. -->","yoast_head_json":{"title":"Mobilheim im Tarn ab 37\u202f\u20ac mieten \u2013 in der N\u00e4he von Albi","description":"Suchen Sie eine komfortable und charmante Unterkunft f\u00fcr Ihren Urlaub im Tarn? Entdecken Sie unsere Mobilheime f\u00fcr 4 oder 6 Personen, auch geeignet f\u00fcr Menschen mit eingeschr\u00e4nkter Mobilit\u00e4t.","robots":{"index":"index","follow":"follow","max-snippet":"max-snippet:-1","max-image-preview":"max-image-preview:large","max-video-preview":"max-video-preview:-1"},"canonical":"https:\/\/camping-le-soleil-des-bastides.fr\/de\/les-hebergements\/location-mobil-home-dans-le-tarn\/","og_locale":"de_DE","og_type":"article","og_title":"Mobilheim im Tarn ab 37\u202f\u20ac mieten \u2013 in der N\u00e4he von Albi","og_description":"Suchen Sie eine komfortable und charmante Unterkunft f\u00fcr Ihren Urlaub im Tarn? Entdecken Sie unsere Mobilheime f\u00fcr 4 oder 6 Personen, auch geeignet f\u00fcr Menschen mit eingeschr\u00e4nkter Mobilit\u00e4t.","og_url":"https:\/\/camping-le-soleil-des-bastides.fr\/de\/les-hebergements\/location-mobil-home-dans-le-tarn\/","og_site_name":"Camping Le Soleil Des Bastides","article_publisher":"https:\/\/www.facebook.com\/LeSoleilDesBastides\/","article_modified_time":"2025-06-10T12:32:41+00:00","twitter_card":"summary_large_image","twitter_misc":{"Gesch\u00e4tzte Lesezeit":"8\u00a0Minuten"},"schema":{"@context":"https:\/\/schema.org","@graph":[{"@type":"WebPage","@id":"https:\/\/camping-le-soleil-des-bastides.fr\/de\/les-hebergements\/location-mobil-home-dans-le-tarn\/","url":"https:\/\/camping-le-soleil-des-bastides.fr\/de\/les-hebergements\/location-mobil-home-dans-le-tarn\/","name":"Mobilheim im Tarn ab 37\u202f\u20ac mieten \u2013 in der N\u00e4he von Albi","isPartOf":{"@id":"https:\/\/camping-le-soleil-des-bastides.fr\/de\/#website"},"datePublished":"2024-04-17T13:38:02+00:00","dateModified":"2025-06-10T12:32:41+00:00","description":"Suchen Sie eine komfortable und charmante Unterkunft f\u00fcr Ihren Urlaub im Tarn? Entdecken Sie unsere Mobilheime f\u00fcr 4 oder 6 Personen, auch geeignet f\u00fcr Menschen mit eingeschr\u00e4nkter Mobilit\u00e4t.","breadcrumb":{"@id":"https:\/\/camping-le-soleil-des-bastides.fr\/de\/les-hebergements\/location-mobil-home-dans-le-tarn\/#breadcrumb"},"inLanguage":"de","potentialAction":[{"@type":"ReadAction","target":["https:\/\/camping-le-soleil-des-bastides.fr\/de\/les-hebergements\/location-mobil-home-dans-le-tarn\/"]}]},{"@type":"BreadcrumbList","@id":"https:\/\/camping-le-soleil-des-bastides.fr\/de\/les-hebergements\/location-mobil-home-dans-le-tarn\/#breadcrumb","itemListElement":[{"@type":"ListItem","position":1,"name":"Camping Tarn","item":"https:\/\/camping-le-soleil-des-bastides.fr\/de\/"},{"@type":"ListItem","position":2,"name":"Ferienvermietung Tarn","item":"https:\/\/camping-le-soleil-des-bastides.fr\/de\/les-hebergements\/"},{"@type":"ListItem","position":3,"name":"Mobil home en location Tarn"}]},{"@type":"WebSite","@id":"https:\/\/camping-le-soleil-des-bastides.fr\/de\/#website","url":"https:\/\/camping-le-soleil-des-bastides.fr\/de\/","name":"Camping Le Soleil Des Bastides","description":"Un camping calme, ombrag\u00e9 au coeur des bastides tarnaises","potentialAction":[{"@type":"SearchAction","target":{"@type":"EntryPoint","urlTemplate":"https:\/\/camping-le-soleil-des-bastides.fr\/de\/?s={search_term_string}"},"query-input":{"@type":"PropertyValueSpecification","valueRequired":true,"valueName":"search_term_string"}}],"inLanguage":"de"}]}},"_links":{"self":[{"href":"https:\/\/camping-le-soleil-des-bastides.fr\/de\/wp-json\/wp\/v2\/pages\/5498","targetHints":{"allow":["GET"]}}],"collection":[{"href":"https:\/\/camping-le-soleil-des-bastides.fr\/de\/wp-json\/wp\/v2\/pages"}],"about":[{"href":"https:\/\/camping-le-soleil-des-bastides.fr\/de\/wp-json\/wp\/v2\/types\/page"}],"author":[{"embeddable":true,"href":"https:\/\/camping-le-soleil-des-bastides.fr\/de\/wp-json\/wp\/v2\/users\/3"}],"replies":[{"embeddable":true,"href":"https:\/\/camping-le-soleil-des-bastides.fr\/de\/wp-json\/wp\/v2\/comments?post=5498"}],"version-history":[{"count":0,"href":"https:\/\/camping-le-soleil-des-bastides.fr\/de\/wp-json\/wp\/v2\/pages\/5498\/revisions"}],"up":[{"embeddable":true,"href":"https:\/\/camping-le-soleil-des-bastides.fr\/de\/wp-json\/wp\/v2\/pages\/5314"}],"wp:attachment":[{"href":"https:\/\/camping-le-soleil-des-bastides.fr\/de\/wp-json\/wp\/v2\/media?parent=5498"}],"curies":[{"name":"wp","href":"https:\/\/api.w.org\/{rel}","templated":true}]}}