{"id":5214,"date":"2022-12-27T12:43:24","date_gmt":"2022-12-27T11:43:24","guid":{"rendered":"https:\/\/camping-le-soleil-des-bastides.fr\/la-piscine\/"},"modified":"2025-06-05T10:24:34","modified_gmt":"2025-06-05T08:24:34","slug":"la-piscine","status":"publish","type":"page","link":"https:\/\/camping-le-soleil-des-bastides.fr\/de\/la-piscine\/","title":{"rendered":"Das Schwimmbad"},"content":{"rendered":"<p>[et_pb_section fb_built=&#8220;1&#8243; admin_label=&#8220;Header&#8220; _builder_version=&#8220;4.19.1&#8243; use_background_color_gradient=&#8220;on&#8220; background_color_gradient_type=&#8220;circular&#8220; background_color_gradient_direction_radial=&#8220;top left&#8220; background_color_gradient_stops=&#8220;rgba(51,51,51,0.8) 0%|rgba(51,51,51,0.1) 100%&#8220; background_color_gradient_overlays_image=&#8220;on&#8220; background_color_gradient_start=&#8220;rgba(255,255,255,0.89)&#8220; background_color_gradient_start_position=&#8220;30%&#8220; background_color_gradient_end=&#8220;rgba(255,255,255,0)&#8220; background_color_gradient_end_position=&#8220;80%&#8220; background_image=&#8220;https:\/\/camping-le-soleil-des-bastides.fr\/wp-content\/uploads\/2022\/12\/services-camping-albi-tarn-occitanie.webp&#8220; background_position=&#8220;top_center&#8220; custom_margin=&#8220;|||&#8220; custom_padding=&#8220;2vw||2vw||true|false&#8220; global_colors_info=&#8220;{}&#8220;][et_pb_row _builder_version=&#8220;4.16&#8243; global_colors_info=&#8220;{}&#8220;][et_pb_column type=&#8220;4_4&#8243; _builder_version=&#8220;4.16&#8243; custom_padding=&#8220;|||&#8220; global_colors_info=&#8220;{}&#8220; custom_padding__hover=&#8220;|||&#8220;][et_pb_text _builder_version=&#8220;4.27.4&#8243; text_font=&#8220;||||||||&#8220; header_font=&#8220;|700|||||||&#8220; header_text_color=&#8220;#83BE40&#8243; header_font_size=&#8220;50px&#8220; header_line_height=&#8220;1.2em&#8220; header_5_font=&#8220;Quicksand|700||on|||||&#8220; header_5_text_color=&#8220;#FFFFFF&#8220; header_5_font_size=&#8220;20px&#8220; header_5_letter_spacing=&#8220;0.5em&#8220; animation_style=&#8220;zoom&#8220; animation_intensity_zoom=&#8220;5%&#8220; hover_enabled=&#8220;0&#8243; header_font_size_tablet=&#8220;35px&#8220; header_font_size_phone=&#8220;25px&#8220; header_font_size_last_edited=&#8220;on|phone&#8220; header_5_font_size_tablet=&#8220;14px&#8220; header_5_font_size_phone=&#8220;12px&#8220; header_5_font_size_last_edited=&#8220;on|desktop&#8220; header_text_shadow_style=&#8220;preset3&#8243; header_text_shadow_color=&#8220;rgba(51,51,51,0.4)&#8220; header_5_text_shadow_style=&#8220;preset3&#8243; global_colors_info=&#8220;{}&#8220; sticky_enabled=&#8220;0&#8243;]<\/p>\n<h1>CAMPINGPLATZ MIT POOL IM TARN<\/h1>\n<p><span style=\"color:#ffffff; font-family:Quicksand; font-size:20px;\">NAHE ALBI F\u00dcR EINEN TRAUMURLAUB<\/span><br \/>\n[\/et_pb_text][\/et_pb_column][\/et_pb_row][\/et_pb_section][et_pb_section fb_built=&#8220;1&#8243; _builder_version=&#8220;4.19.1&#8243; background_color=&#8220;rgba(232,226,216,0.3)&#8220; custom_padding=&#8220;50px||50px||false|false&#8220; global_colors_info=&#8220;{}&#8220;][et_pb_row column_structure=&#8220;1_3,2_3&#8243; use_custom_gutter=&#8220;on&#8220; make_equal=&#8220;on&#8220; _builder_version=&#8220;4.25.1&#8243; custom_padding=&#8220;0px||0px||false|false&#8220; animation_direction=&#8220;right&#8220; global_colors_info=&#8220;{}&#8220;][et_pb_column type=&#8220;1_3&#8243; _builder_version=&#8220;4.19.1&#8243; background_image=&#8220;https:\/\/camping-le-soleil-des-bastides.fr\/wp-content\/uploads\/2022\/11\/camping-albi-tarn-occitanie-piscine.webp&#8220; custom_padding=&#8220;|||&#8220; global_colors_info=&#8220;{}&#8220; custom_padding__hover=&#8220;|||&#8220;][et_pb_text _builder_version=&#8220;4.19.1&#8243; _module_preset=&#8220;default&#8220; height_tablet=&#8220;400px&#8220; height_phone=&#8220;250px&#8220; height_last_edited=&#8220;on|phone&#8220; global_colors_info=&#8220;{}&#8220;][\/et_pb_text][\/et_pb_column][et_pb_column type=&#8220;2_3&#8243; _builder_version=&#8220;4.16&#8243; custom_padding=&#8220;|||&#8220; global_colors_info=&#8220;{}&#8220; custom_padding__hover=&#8220;|||&#8220;][et_pb_text _builder_version=&#8220;4.27.4&#8243; text_font=&#8220;Quicksand|||on|||||&#8220; text_font_size=&#8220;16px&#8220; text_line_height=&#8220;2em&#8220; header_font=&#8220;||||||||&#8220; header_text_color=&#8220;#83BE40&#8243; header_2_font=&#8220;|700||on|||||&#8220; header_2_text_color=&#8220;#000000&#8243; header_2_font_size=&#8220;30px&#8220; header_2_line_height=&#8220;1.2em&#8220; header_6_font=&#8220;Raleway|700||on|||||&#8220; header_6_font_size=&#8220;16px&#8220; header_6_letter_spacing=&#8220;5px&#8220; header_6_line_height=&#8220;1.8em&#8220; text_orientation=&#8220;center&#8220; max_width_last_edited=&#8220;off|desktop&#8220; module_alignment=&#8220;center&#8220; custom_margin=&#8220;||0px||false|false&#8220; custom_padding=&#8220;||0px||false|false&#8220; hover_enabled=&#8220;0&#8243; header_2_font_size_tablet=&#8220;25px&#8220; header_2_font_size_phone=&#8220;18px&#8220; header_2_font_size_last_edited=&#8220;on|phone&#8220; global_colors_info=&#8220;{}&#8220; sticky_enabled=&#8220;0&#8243;]<\/p>\n<h2><span style=\"font-weight: 400;\">Suchen Sie einen Campingplatz mit<br \/><\/span> beheiztem Pool in der N\u00e4he von Albi?<\/h2>\n<p>[\/et_pb_text][et_pb_divider color=&#8220;#B22B88&#8243; divider_position=&#8220;center&#8220; divider_weight=&#8220;3px&#8220; _builder_version=&#8220;4.19.1&#8243; _module_preset=&#8220;default&#8220; width=&#8220;150px&#8220; width_tablet=&#8220;100px&#8220; width_phone=&#8220;50px&#8220; width_last_edited=&#8220;on|phone&#8220; module_alignment=&#8220;center&#8220; custom_margin=&#8220;||20px||false|false&#8220; custom_padding=&#8220;||0px||false|false&#8220; global_colors_info=&#8220;{}&#8220;][\/et_pb_divider][et_pb_text admin_label=&#8220;Discover Beatuty Text&#8220; _builder_version=&#8220;4.27.4&#8243; text_font=&#8220;||||||||&#8220; text_font_size=&#8220;16px&#8220; text_line_height=&#8220;1.9em&#8220; header_3_text_color=&#8220;#B22B88&#8243; custom_padding=&#8220;||||false|false&#8220; animation_direction=&#8220;top&#8220; hover_enabled=&#8220;0&#8243; global_colors_info=&#8220;{}&#8220; sticky_enabled=&#8220;0&#8243;]<\/p>\n<p>Unser <a href=\"\/en\/\">Campingplatz im Tarn<\/a> ist genau das Richtige f\u00fcr Sie! F\u00fcr einen gelungenen Urlaub ist ein <strong>Schwimmbad<\/strong> unverzichtbar. Unser <strong>Pool ist beheizt<\/strong> vom 15. Mai bis zum 21. September, damit Sie ihn ausgiebig nutzen k\u00f6nnen. Im Rahmen unseres <strong>umweltbewussten Ansatzes<\/strong> verwenden wir eine W\u00e4rmepumpe zur Reduzierung des Energieverbrauchs und eine Solarplane zur W\u00e4rmespeicherung in der Vor- und Nachsaison.<\/p>\n<p>Wenn Sie sich abk\u00fchlen m\u00f6chten, bietet unser <strong>9 x 15 m gro\u00dfer Pool<\/strong> angenehme Badefreuden f\u00fcr die ganze Familie. Wer lieber sonnt oder liest, kann auf der gro\u00dfz\u00fcgigen Sonnenterrasse rund um das <strong>beheizte Schwimmbad<\/strong> entspannen.<\/p>\n<p>Das Schwimmbad ist von Mai bis September ge\u00f6ffnet (im Juli bis 21:30 Uhr, im August bis 21:00 Uhr). Badeshorts sind nicht erlaubt, <strong>ENG ANLIEGENDE BADEHOSE ODER BOXERSHORT VERPFLICHTEND<\/strong>.<\/p>\n<p>[\/et_pb_text][\/et_pb_column][\/et_pb_row][\/et_pb_section][et_pb_section fb_built=&#8220;1&#8243; _builder_version=&#8220;4.19.1&#8243; _module_preset=&#8220;default&#8220; custom_padding=&#8220;0px||0px||false|false&#8220; global_colors_info=&#8220;{}&#8220;][et_pb_row column_structure=&#8220;1_4,1_4,1_4,1_4&#8243; use_custom_gutter=&#8220;on&#8220; gutter_width=&#8220;1&#8243; _builder_version=&#8220;4.19.1&#8243; _module_preset=&#8220;default&#8220; width=&#8220;100%&#8220; max_width=&#8220;100%&#8220; custom_padding=&#8220;0px|0px|0px|0px|false|true&#8220; global_colors_info=&#8220;{}&#8220;][et_pb_column type=&#8220;1_4&#8243; _builder_version=&#8220;4.19.1&#8243; _module_preset=&#8220;default&#8220; global_colors_info=&#8220;{}&#8220;][et_pb_image src=&#8220;https:\/\/camping-le-soleil-des-bastides.fr\/wp-content\/uploads\/2022\/12\/photo-piscine-camping-soleil-des-bastides-tarn3.webp&#8220; alt=&#8220;camping avec piscine tarn&#8220; title_text=&#8220;photo-piscine-camping-soleil-des-bastides-tarn3&#8243; _builder_version=&#8220;4.27.4&#8243; _module_preset=&#8220;default&#8220; global_colors_info=&#8220;{}&#8220;][\/et_pb_image][\/et_pb_column][et_pb_column type=&#8220;1_4&#8243; _builder_version=&#8220;4.19.1&#8243; _module_preset=&#8220;default&#8220; global_colors_info=&#8220;{}&#8220;][et_pb_image src=&#8220;https:\/\/camping-le-soleil-des-bastides.fr\/wp-content\/uploads\/2022\/12\/photo-camping-soleil-des-bastides-tarn3.webp&#8220; alt=&#8220;camping avec piscine chauff\u00e9e tarn&#8220; title_text=&#8220;photo-camping-soleil-des-bastides-tarn3&#8243; _builder_version=&#8220;4.27.4&#8243; _module_preset=&#8220;default&#8220; global_colors_info=&#8220;{}&#8220;][\/et_pb_image][\/et_pb_column][et_pb_column type=&#8220;1_4&#8243; _builder_version=&#8220;4.19.1&#8243; _module_preset=&#8220;default&#8220; global_colors_info=&#8220;{}&#8220;][et_pb_image src=&#8220;https:\/\/camping-le-soleil-des-bastides.fr\/wp-content\/uploads\/2022\/12\/photo-piscine-camping-soleil-des-bastides-tarn1.webp&#8220; alt=&#8220;plage camping piscine tarn&#8220; title_text=&#8220;photo-piscine-camping-soleil-des-bastides-tarn1&#8243; _builder_version=&#8220;4.27.4&#8243; _module_preset=&#8220;default&#8220; global_colors_info=&#8220;{}&#8220;][\/et_pb_image][\/et_pb_column][et_pb_column type=&#8220;1_4&#8243; _builder_version=&#8220;4.19.1&#8243; _module_preset=&#8220;default&#8220; global_colors_info=&#8220;{}&#8220;][et_pb_image src=&#8220;https:\/\/camping-le-soleil-des-bastides.fr\/wp-content\/uploads\/2022\/12\/photo-piscine-camping-soleil-des-bastides-tarn2.webp&#8220; alt=&#8220;enfants camping piscine tarn&#8220; title_text=&#8220;photo-piscine-camping-soleil-des-bastides-tarn2&#8243; _builder_version=&#8220;4.27.4&#8243; _module_preset=&#8220;default&#8220; global_colors_info=&#8220;{}&#8220;][\/et_pb_image][\/et_pb_column][\/et_pb_row][et_pb_row column_structure=&#8220;1_3,2_3&#8243; use_custom_gutter=&#8220;on&#8220; make_equal=&#8220;on&#8220; _builder_version=&#8220;4.24.2&#8243; custom_padding=&#8220;30px||30px||false|false&#8220; animation_style=&#8220;slide&#8220; animation_direction=&#8220;right&#8220; animation_intensity_slide=&#8220;10%&#8220; locked=&#8220;off&#8220; global_colors_info=&#8220;{}&#8220;][et_pb_column type=&#8220;1_3&#8243; _builder_version=&#8220;4.24.2&#8243; background_image=&#8220;https:\/\/camping-le-soleil-des-bastides.fr\/wp-content\/uploads\/2023\/03\/page-accueil-groupe-piscine.webp&#8220; custom_padding=&#8220;|||&#8220; global_colors_info=&#8220;{}&#8220; custom_padding__hover=&#8220;|||&#8220;][et_pb_text _builder_version=&#8220;4.25.1&#8243; _module_preset=&#8220;default&#8220; height_tablet=&#8220;400px&#8220; height_phone=&#8220;250px&#8220; height_last_edited=&#8220;on|phone&#8220; global_colors_info=&#8220;{}&#8220;][\/et_pb_text][\/et_pb_column][et_pb_column type=&#8220;2_3&#8243; _builder_version=&#8220;4.16&#8243; custom_padding=&#8220;|||&#8220; global_colors_info=&#8220;{}&#8220; custom_padding__hover=&#8220;|||&#8220;][et_pb_text _builder_version=&#8220;4.27.4&#8243; text_font=&#8220;Quicksand|||on|||||&#8220; text_font_size=&#8220;16px&#8220; text_line_height=&#8220;2em&#8220; header_font=&#8220;||||||||&#8220; header_text_color=&#8220;#83BE40&#8243; header_2_font=&#8220;|700||on|||||&#8220; header_2_text_color=&#8220;#000000&#8243; header_2_font_size=&#8220;30px&#8220; header_2_line_height=&#8220;1.2em&#8220; header_6_font=&#8220;Raleway|700||on|||||&#8220; header_6_font_size=&#8220;16px&#8220; header_6_letter_spacing=&#8220;5px&#8220; header_6_line_height=&#8220;1.8em&#8220; text_orientation=&#8220;center&#8220; max_width_last_edited=&#8220;off|desktop&#8220; module_alignment=&#8220;center&#8220; custom_margin=&#8220;||0px||false|false&#8220; custom_padding=&#8220;||0px||false|false&#8220; hover_enabled=&#8220;0&#8243; header_2_font_size_tablet=&#8220;25px&#8220; header_2_font_size_phone=&#8220;18px&#8220; header_2_font_size_last_edited=&#8220;on|phone&#8220; global_colors_info=&#8220;{}&#8220; sticky_enabled=&#8220;0&#8243;]<\/p>\n<h2>Ein beheiztes Schwimmbad f\u00fcr Kinder und Eltern<\/h2>\n<p>[\/et_pb_text][et_pb_divider color=&#8220;#B22B88&#8243; divider_position=&#8220;center&#8220; divider_weight=&#8220;3px&#8220; _builder_version=&#8220;4.19.1&#8243; _module_preset=&#8220;default&#8220; width=&#8220;150px&#8220; width_tablet=&#8220;100px&#8220; width_phone=&#8220;50px&#8220; width_last_edited=&#8220;on|phone&#8220; module_alignment=&#8220;center&#8220; custom_margin=&#8220;||20px||false|false&#8220; custom_padding=&#8220;||0px||false|false&#8220; global_colors_info=&#8220;{}&#8220;][\/et_pb_divider][et_pb_text admin_label=&#8220;Discover Beatuty Text&#8220; _builder_version=&#8220;4.27.4&#8243; text_font=&#8220;||||||||&#8220; text_font_size=&#8220;16px&#8220; text_line_height=&#8220;1.9em&#8220; header_3_text_color=&#8220;#B22B88&#8243; custom_padding=&#8220;||||false|false&#8220; animation_direction=&#8220;top&#8220; hover_enabled=&#8220;0&#8243; global_colors_info=&#8220;{}&#8220; sticky_enabled=&#8220;0&#8243;]<\/p>\n<p>Sie werden es genie\u00dfen, w\u00e4hrend Ihres Aufenthalts im Tarn das <strong>Schwimmbad<\/strong> unseres Campingplatzes zu besuchen!<\/p>\n<p>Ihre Kinder werden bei <strong>Wasseraktivit\u00e4ten<\/strong> Spa\u00df haben und mit neuen Urlaubsfreunden im Wasser spielen. Dieser Urlaub auf einem <strong>Campingplatz im Tarn mit Pool<\/strong> ist die ideale Gelegenheit, ihre Schwimmtechnik zu verbessern.<\/p>\n<p>Und Sie als Eltern genie\u00dfen es, gem\u00fctlich Brust oder Kraul zu schwimmen. Nach der Anstrengung haben Sie sich eine Pause auf unserer <strong>Terrasse am Wasser<\/strong> verdient. Machen Sie es sich auf einer Sonnenliege bequem, lesen Sie ein Buch, l\u00f6sen Sie ein Kreuzwortr\u00e4tsel oder g\u00f6nnen Sie sich ein kleines Nickerchen in der Sonne des Tarn.<\/p>\n<p>[\/et_pb_text][\/et_pb_column][\/et_pb_row][\/et_pb_section][et_pb_section fb_built=&#8220;1&#8243; admin_label=&#8220;Avis&#8220; _builder_version=&#8220;4.24.2&#8243; background_color=&#8220;rgba(232,226,216,0.3)&#8220; custom_padding=&#8220;50px||50px||false|false&#8220; locked=&#8220;off&#8220; global_colors_info=&#8220;{}&#8220;][et_pb_row _builder_version=&#8220;4.19.1&#8243; _module_preset=&#8220;default&#8220; custom_margin=&#8220;0px||0px||false|false&#8220; custom_padding=&#8220;0px||0px||false|false&#8220; global_colors_info=&#8220;{}&#8220;][et_pb_column type=&#8220;4_4&#8243; _builder_version=&#8220;4.19.1&#8243; _module_preset=&#8220;default&#8220; global_colors_info=&#8220;{}&#8220;][et_pb_text _builder_version=&#8220;4.27.4&#8243; text_font=&#8220;Quicksand||||||||&#8220; text_font_size=&#8220;16px&#8220; text_line_height=&#8220;2em&#8220; header_font=&#8220;||||||||&#8220; header_text_color=&#8220;#83BE40&#8243; header_2_font=&#8220;|700|||||||&#8220; header_2_text_color=&#8220;#000000&#8243; header_2_font_size=&#8220;30px&#8220; header_2_line_height=&#8220;1.2em&#8220; header_6_font=&#8220;Raleway|700||on|||||&#8220; header_6_font_size=&#8220;16px&#8220; header_6_letter_spacing=&#8220;5px&#8220; header_6_line_height=&#8220;1.8em&#8220; text_orientation=&#8220;center&#8220; max_width_last_edited=&#8220;off|desktop&#8220; module_alignment=&#8220;center&#8220; custom_margin=&#8220;||0px||false|false&#8220; custom_padding=&#8220;||0px||false|false&#8220; hover_enabled=&#8220;0&#8243; header_2_font_size_tablet=&#8220;25px&#8220; header_2_font_size_phone=&#8220;18px&#8220; header_2_font_size_last_edited=&#8220;on|phone&#8220; global_colors_info=&#8220;{}&#8220; sticky_enabled=&#8220;0&#8243;]<\/p>\n<h2>G\u00c4STEBEWERTUNGEN<br \/><span style=\"font-weight: 400; text-transform: lowercase;\">ZUM SCHWIMMBAD<\/span><\/h2>\n<p>[\/et_pb_text][et_pb_divider color=&#8220;#B22B88&#8243; divider_position=&#8220;center&#8220; divider_weight=&#8220;3px&#8220; _builder_version=&#8220;4.19.1&#8243; _module_preset=&#8220;default&#8220; width=&#8220;150px&#8220; width_tablet=&#8220;100px&#8220; width_phone=&#8220;50px&#8220; width_last_edited=&#8220;on|phone&#8220; module_alignment=&#8220;center&#8220; custom_margin=&#8220;||20px||false|false&#8220; custom_padding=&#8220;||0px||false|false&#8220; hover_enabled=&#8220;0&#8243; global_colors_info=&#8220;{}&#8220; sticky_enabled=&#8220;0&#8243;][\/et_pb_divider][\/et_pb_column][\/et_pb_row][et_pb_row column_structure=&#8220;1_2,1_2&#8243; use_custom_gutter=&#8220;on&#8220; gutter_width=&#8220;2&#8243; make_equal=&#8220;on&#8220; _builder_version=&#8220;4.19.1&#8243; _module_preset=&#8220;default&#8220; width=&#8220;70%&#8220; custom_padding=&#8220;20px||0px||false|false&#8220; global_colors_info=&#8220;{}&#8220;][et_pb_column type=&#8220;1_2&#8243; _builder_version=&#8220;4.19.1&#8243; _module_preset=&#8220;default&#8220; background_color=&#8220;#83BE40&#8243; custom_padding=&#8220;30px|30px|30px|30px|true|true&#8220; border_color_all=&#8220;rgba(0,0,0,0.1)&#8220; global_colors_info=&#8220;{}&#8220;][et_pb_blurb title=&#8220;Bewertung von Sonia&#8220; use_icon=&#8220;on&#8220; font_icon=&#8220;&#xe033;||divi||400&#8243; icon_color=&#8220;#FFFFFF&#8220; image_icon_width=&#8220;40px&#8220; content_max_width=&#8220;100%&#8220; _builder_version=&#8220;4.27.4&#8243; _module_preset=&#8220;default&#8220; header_level=&#8220;h3&#8243; header_font=&#8220;Open Sans|700||on|||||&#8220; header_text_align=&#8220;center&#8220; header_text_color=&#8220;#FFFFFF&#8220; header_font_size=&#8220;16px&#8220; header_letter_spacing=&#8220;1px&#8220; body_text_align=&#8220;center&#8220; body_text_color=&#8220;#FFFFFF&#8220; body_font_size=&#8220;16px&#8220; background_enable_color=&#8220;off&#8220; custom_margin=&#8220;||||false|false&#8220; custom_padding=&#8220;||||true|true&#8220; hover_enabled=&#8220;0&#8243; custom_css_blurb_image=&#8220;margin-bottom : 20px&#8220; global_colors_info=&#8220;{}&#8220; sticky_enabled=&#8220;0&#8243;]<\/p>\n<p><strong>5\/5<\/strong><\/p>\n<p>Wir sind gerade aus dem Urlaub zur\u00fcck \u2013 kleiner, ruhiger und schattiger Campingplatz, <strong>sch\u00f6ner Pool<\/strong>, sehr saubere Sanit\u00e4ranlagen, gro\u00dfz\u00fcgige Stellpl\u00e4tze, leckeres hausgemachtes Essen im Restaurant und \u00e4u\u00dferst freundliche und hilfsbereite Betreiber! Ideal gelegen f\u00fcr Ausfl\u00fcge in die Region.<\/p>\n<p>Wir campen seit \u00fcber 15 Jahren \u2013 dieser Platz geh\u00f6rt zu unseren Top drei!<\/p>\n<p><em>Vor 1 Jahr<\/em><\/p>\n<p>[\/et_pb_blurb][\/et_pb_column][et_pb_column type=&#8220;1_2&#8243; _builder_version=&#8220;4.19.1&#8243; _module_preset=&#8220;default&#8220; background_color=&#8220;#83BE40&#8243; custom_padding=&#8220;30px|30px|30px|30px|true|true&#8220; border_color_all=&#8220;rgba(0,0,0,0.1)&#8220; global_colors_info=&#8220;{}&#8220;][et_pb_blurb title=&#8220;Bewertung von Am\u00e9lie&#8220; use_icon=&#8220;on&#8220; font_icon=&#8220;&#xe033;||divi||400&#8243; icon_color=&#8220;#FFFFFF&#8220; image_icon_width=&#8220;40px&#8220; content_max_width=&#8220;100%&#8220; _builder_version=&#8220;4.27.4&#8243; _module_preset=&#8220;default&#8220; header_level=&#8220;h3&#8243; header_font=&#8220;Open Sans|700||on|||||&#8220; header_text_align=&#8220;center&#8220; header_text_color=&#8220;#FFFFFF&#8220; header_font_size=&#8220;16px&#8220; header_letter_spacing=&#8220;1px&#8220; body_text_align=&#8220;center&#8220; body_text_color=&#8220;#FFFFFF&#8220; body_font_size=&#8220;16px&#8220; background_enable_color=&#8220;off&#8220; custom_margin=&#8220;||||false|false&#8220; custom_padding=&#8220;||||true|true&#8220; hover_enabled=&#8220;0&#8243; custom_css_blurb_image=&#8220;margin-bottom : 20px&#8220; global_colors_info=&#8220;{}&#8220; sticky_enabled=&#8220;0&#8243;]<\/p>\n<p><strong>5\/5<\/strong><\/p>\n<p>Ruhiger Familiencampingplatz im Gr\u00fcnen. Sehr funktionale Lodge. Saubere Sanit\u00e4ranlagen, <strong>angenehm beheizter Pool mit Liegen<\/strong>. Bar und Restaurant vor Ort. K\u00f6stliches Geb\u00e4ck am Morgen. Sehr freundlicher und hilfsbereiter Betreiber.<br \/>Wir hatten eine tolle Woche.<\/p>\n<p><em>Vor 1 Jahr<\/em><\/p>\n<p>[\/et_pb_blurb][\/et_pb_column][\/et_pb_row][\/et_pb_section][et_pb_section fb_built=&#8220;1&#8243; _builder_version=&#8220;4.27.4&#8243; _module_preset=&#8220;default&#8220; global_colors_info=&#8220;{}&#8220;][et_pb_row column_structure=&#8220;2_3,1_3&#8243; use_custom_gutter=&#8220;on&#8220; make_equal=&#8220;on&#8220; _builder_version=&#8220;4.24.2&#8243; custom_padding=&#8220;30px||30px||false|false&#8220; animation_style=&#8220;slide&#8220; animation_direction=&#8220;right&#8220; animation_intensity_slide=&#8220;10%&#8220; locked=&#8220;off&#8220; global_colors_info=&#8220;{}&#8220;][et_pb_column type=&#8220;2_3&#8243; _builder_version=&#8220;4.16&#8243; custom_padding=&#8220;|||&#8220; global_colors_info=&#8220;{}&#8220; custom_padding__hover=&#8220;|||&#8220;][et_pb_text _builder_version=&#8220;4.27.4&#8243; text_font=&#8220;Quicksand|||on|||||&#8220; text_font_size=&#8220;16px&#8220; text_line_height=&#8220;2em&#8220; header_font=&#8220;||||||||&#8220; header_text_color=&#8220;#83BE40&#8243; header_2_font=&#8220;|700||on|||||&#8220; header_2_text_color=&#8220;#000000&#8243; header_2_font_size=&#8220;30px&#8220; header_2_line_height=&#8220;1.2em&#8220; header_6_font=&#8220;Raleway|700||on|||||&#8220; header_6_font_size=&#8220;16px&#8220; header_6_letter_spacing=&#8220;5px&#8220; header_6_line_height=&#8220;1.8em&#8220; text_orientation=&#8220;center&#8220; max_width_last_edited=&#8220;off|desktop&#8220; module_alignment=&#8220;center&#8220; custom_margin=&#8220;||0px||false|false&#8220; custom_padding=&#8220;||0px||false|false&#8220; hover_enabled=&#8220;0&#8243; header_2_font_size_tablet=&#8220;25px&#8220; header_2_font_size_phone=&#8220;18px&#8220; header_2_font_size_last_edited=&#8220;on|phone&#8220; global_colors_info=&#8220;{}&#8220; sticky_enabled=&#8220;0&#8243;]<\/p>\n<h2 style=\"text-align: left;\">Warum unseren Campingplatz mit Pool im Tarn w\u00e4hlen?<\/h2>\n<p>[\/et_pb_text][et_pb_divider color=&#8220;#B22B88&#8243; divider_position=&#8220;center&#8220; divider_weight=&#8220;3px&#8220; _builder_version=&#8220;4.19.1&#8243; _module_preset=&#8220;default&#8220; width=&#8220;150px&#8220; width_tablet=&#8220;100px&#8220; width_phone=&#8220;50px&#8220; width_last_edited=&#8220;on|phone&#8220; module_alignment=&#8220;center&#8220; custom_margin=&#8220;||20px||false|false&#8220; custom_padding=&#8220;||0px||false|false&#8220; global_colors_info=&#8220;{}&#8220;][\/et_pb_divider][et_pb_text admin_label=&#8220;Discover Beatuty Text&#8220; _builder_version=&#8220;4.27.4&#8243; text_font=&#8220;||||||||&#8220; text_font_size=&#8220;16px&#8220; text_line_height=&#8220;1.9em&#8220; header_3_text_color=&#8220;#B22B88&#8243; custom_padding=&#8220;||||false|false&#8220; animation_direction=&#8220;top&#8220; hover_enabled=&#8220;0&#8243; global_colors_info=&#8220;{}&#8220; sticky_enabled=&#8220;0&#8243;]<\/p>\n<p>Der Tarn ist ein franz\u00f6sisches D\u00e9partement im Landesinneren. Im Sommer steigen die Temperaturen dort oft stark an. Ein <strong>Campingplatz mit Pool im Tarn<\/strong> ist daher kein Luxus, sondern ein echtes Muss! W\u00e4hrend Ihres gesamten Familienurlaubs werden Sie sich danach sehnen, <strong>sich im sch\u00f6nen Badebereich<\/strong> unseres Gel\u00e4ndes zu erfrischen.<\/p>\n<p>Doch unser Pool ist nicht der einzige Pluspunkt. Wir bieten eine gro\u00dfe Auswahl an Aktivit\u00e4ten, Einrichtungen und Services, die Ihren Aufenthalt im Tarn bereichern: Bouleplatz, Tennisplatz, Multisportfeld, Kinderspielplatz, Tischtennisplatten sowie eine Bibliothek, Waschsalon, Ausr\u00fcstungsverleih und WLAN-Zugang.<\/p>\n<p>[\/et_pb_text][\/et_pb_column][et_pb_column type=&#8220;1_3&#8243; _builder_version=&#8220;4.24.2&#8243; background_image=&#8220;https:\/\/camping-le-soleil-des-bastides.fr\/wp-content\/uploads\/2022\/12\/photo-camping-soleil-des-bastides-tarn1.webp&#8220; custom_padding=&#8220;|||&#8220; global_colors_info=&#8220;{}&#8220; custom_padding__hover=&#8220;|||&#8220;][et_pb_text _builder_version=&#8220;4.25.1&#8243; _module_preset=&#8220;default&#8220; height_tablet=&#8220;400px&#8220; height_phone=&#8220;250px&#8220; height_last_edited=&#8220;on|phone&#8220; global_colors_info=&#8220;{}&#8220;][\/et_pb_text][\/et_pb_column][\/et_pb_row][\/et_pb_section][et_pb_section fb_built=&#8220;1&#8243; _builder_version=&#8220;4.27.4&#8243; _module_preset=&#8220;default&#8220; locked=&#8220;off&#8220; global_colors_info=&#8220;{}&#8220;][et_pb_row _builder_version=&#8220;4.27.4&#8243; _module_preset=&#8220;default&#8220; global_colors_info=&#8220;{}&#8220;][et_pb_column type=&#8220;4_4&#8243; _builder_version=&#8220;4.27.4&#8243; _module_preset=&#8220;default&#8220; global_colors_info=&#8220;{}&#8220;][et_pb_text admin_label=&#8220;Look Inside Title&#8220; _builder_version=&#8220;4.27.4&#8243; _module_preset=&#8220;default&#8220; text_font=&#8220;||||&#8220; text_text_color=&#8220;#1a1a1a&#8220; header_font=&#8220;Oswald|on||on|&#8220; header_text_align=&#8220;left&#8220; header_font_size=&#8220;60px&#8220; header_line_height=&#8220;1.3em&#8220; header_2_font=&#8220;|||on|||||&#8220; header_2_font_size=&#8220;30px&#8220; header_2_line_height=&#8220;1.2em&#8220; custom_margin=&#8220;||0px||false|false&#8220; custom_padding=&#8220;||0px||false|false&#8220; animation_style=&#8220;slide&#8220; animation_direction=&#8220;top&#8220; animation_intensity_slide=&#8220;10%&#8220; hover_enabled=&#8220;0&#8243; header_2_font_size_tablet=&#8220;25px&#8220; header_2_font_size_phone=&#8220;18px&#8220; header_2_font_size_last_edited=&#8220;on|phone&#8220; locked=&#8220;off&#8220; global_colors_info=&#8220;{}&#8220; sticky_enabled=&#8220;0&#8243;]<\/p>\n<h2 style=\"text-align: center;\">Ihre h\u00e4ufigsten<br \/><span style=\"font-weight: 400; text-transform: lowercase;\"> Fragen<\/span><\/h2>\n<p>[\/et_pb_text][et_pb_divider color=&#8220;#83BE40&#8243; divider_position=&#8220;center&#8220; divider_weight=&#8220;3px&#8220; disabled_on=&#8220;off|off|off&#8220; _builder_version=&#8220;4.27.4&#8243; _module_preset=&#8220;default&#8220; max_width=&#8220;150px&#8220; module_alignment=&#8220;center&#8220; height=&#8220;false&#8220; custom_margin=&#8220;||||false|false&#8220; animation_style=&#8220;slide&#8220; animation_direction=&#8220;top&#8220; animation_delay=&#8220;100ms&#8220; animation_intensity_slide=&#8220;10%&#8220; locked=&#8220;off&#8220; global_colors_info=&#8220;{}&#8220;][\/et_pb_divider][et_pb_accordion _builder_version=&#8220;4.27.4&#8243; _module_preset=&#8220;default&#8220; hover_enabled=&#8220;0&#8243; global_colors_info=&#8220;{}&#8220; sticky_enabled=&#8220;0&#8243;][et_pb_accordion_item title=&#8220;Ist der Pool beheizt?&#8220; open=&#8220;on&#8220; _builder_version=&#8220;4.27.4&#8243; _module_preset=&#8220;default&#8220; hover_enabled=&#8220;0&#8243; global_colors_info=&#8220;{}&#8220; toggle_level=&#8220;h3&#8243; sticky_enabled=&#8220;0&#8243;]<\/p>\n<p>Ja, unser Pool ist vom 15. Mai bis zum 21. September dank einer umweltfreundlichen W\u00e4rmepumpe beheizt.<\/p>\n<p>&nbsp;<\/p>\n<p>[\/et_pb_accordion_item][et_pb_accordion_item title=&#8220;Wie sind die \u00d6ffnungszeiten des Pools?&#8220; _builder_version=&#8220;4.27.4&#8243; _module_preset=&#8220;default&#8220; hover_enabled=&#8220;0&#8243; global_colors_info=&#8220;{}&#8220; toggle_level=&#8220;h3&#8243; open=&#8220;off&#8220; sticky_enabled=&#8220;0&#8243;]<\/p>\n<p>Der Pool ist von Mai bis September ge\u00f6ffnet. Im Juli bis 21:30 Uhr, im August bis 21:00 Uhr.<\/p>\n<p>[\/et_pb_accordion_item][et_pb_accordion_item title=&#8220;D\u00fcrfen Kinder frei schwimmen?&#8220; _builder_version=&#8220;4.27.4&#8243; _module_preset=&#8220;default&#8220; hover_enabled=&#8220;0&#8243; global_colors_info=&#8220;{}&#8220; toggle_level=&#8220;h3&#8243; open=&#8220;off&#8220; sticky_enabled=&#8220;0&#8243;]<\/p>\n<p>Ja, Kinder sind unter Aufsicht der Eltern herzlich willkommen. Sie k\u00f6nnen sich in sicherer und freundlicher Atmosph\u00e4re austoben.<\/p>\n<p>&nbsp;<\/p>\n<p>[\/et_pb_accordion_item][et_pb_accordion_item title=&#8220;Darf man Badehosen tragen?&#8220; _builder_version=&#8220;4.27.4&#8243; _module_preset=&#8220;default&#8220; hover_enabled=&#8220;0&#8243; global_colors_info=&#8220;{}&#8220; toggle_level=&#8220;h3&#8243; open=&#8220;off&#8220; sticky_enabled=&#8220;0&#8243;]<\/p>\n<p>Nein, Badehosen (Shorts) sind verboten. Nur enganliegende Badehosen oder Boxershorts sind erlaubt.<\/p>\n<p>[\/et_pb_accordion_item][et_pb_accordion_item title=&#8220;Gibt es Liegest\u00fchle am Pool?&#8220; _builder_version=&#8220;4.27.4&#8243; _module_preset=&#8220;default&#8220; hover_enabled=&#8220;0&#8243; global_colors_info=&#8220;{}&#8220; toggle_level=&#8220;h3&#8243; open=&#8220;off&#8220; sticky_enabled=&#8220;0&#8243;]<\/p>\n<p>Ja, rund um den Pool gibt es eine gro\u00dfe Terrasse mit Sonnenliegen zum Entspannen.<\/p>\n<p>[\/et_pb_accordion_item][\/et_pb_accordion][\/et_pb_column][\/et_pb_row][\/et_pb_section][et_pb_section fb_built=&#8220;1&#8243; _builder_version=&#8220;4.19.1&#8243; _module_preset=&#8220;default&#8220; background_color=&#8220;#e8e2d8&#8243; custom_padding=&#8220;50px||50px||true|false&#8220; locked=&#8220;off&#8220; global_colors_info=&#8220;{}&#8220;][et_pb_row _builder_version=&#8220;4.16&#8243; _module_preset=&#8220;default&#8220; locked=&#8220;off&#8220; global_colors_info=&#8220;{}&#8220;][et_pb_column type=&#8220;4_4&#8243; _builder_version=&#8220;4.16&#8243; _module_preset=&#8220;default&#8220; custom_padding=&#8220;|||&#8220; global_colors_info=&#8220;{}&#8220; custom_padding__hover=&#8220;|||&#8220;][et_pb_text admin_label=&#8220;Look Inside Title&#8220; _builder_version=&#8220;4.27.4&#8243; _module_preset=&#8220;default&#8220; text_font=&#8220;||||&#8220; text_text_color=&#8220;#1a1a1a&#8220; header_font=&#8220;Oswald|on||on|&#8220; header_text_align=&#8220;left&#8220; header_font_size=&#8220;60px&#8220; header_line_height=&#8220;1.3em&#8220; header_2_font=&#8220;|||on|||||&#8220; header_2_font_size=&#8220;30px&#8220; header_2_line_height=&#8220;1.2em&#8220; custom_margin=&#8220;||0px||false|false&#8220; custom_padding=&#8220;||0px||false|false&#8220; animation_style=&#8220;slide&#8220; animation_direction=&#8220;top&#8220; animation_intensity_slide=&#8220;10%&#8220; hover_enabled=&#8220;0&#8243; header_2_font_size_tablet=&#8220;25px&#8220; header_2_font_size_phone=&#8220;18px&#8220; header_2_font_size_last_edited=&#8220;on|desktop&#8220; locked=&#8220;off&#8220; global_colors_info=&#8220;{}&#8220; sticky_enabled=&#8220;0&#8243;]<\/p>\n<h2 style=\"text-align: center;\">Buchen Sie Ihren Aufenthalt\u00a0<br \/><span style=\"font-weight: 400; text-transform: lowercase;\">auf einem Campingplatz mit Pool<\/span><\/h2>\n<p>[\/et_pb_text][et_pb_divider color=&#8220;#83BE40&#8243; divider_position=&#8220;center&#8220; divider_weight=&#8220;3px&#8220; disabled_on=&#8220;off|off|off&#8220; _builder_version=&#8220;4.19.1&#8243; _module_preset=&#8220;default&#8220; max_width=&#8220;150px&#8220; module_alignment=&#8220;center&#8220; height=&#8220;false&#8220; custom_margin=&#8220;||||false|false&#8220; animation_style=&#8220;slide&#8220; animation_direction=&#8220;top&#8220; animation_delay=&#8220;100ms&#8220; animation_intensity_slide=&#8220;10%&#8220; locked=&#8220;off&#8220; global_colors_info=&#8220;{}&#8220;][\/et_pb_divider][\/et_pb_column][\/et_pb_row][et_pb_row _builder_version=&#8220;4.16&#8243; _module_preset=&#8220;default&#8220; custom_padding=&#8220;||0px|||&#8220; locked=&#8220;off&#8220; global_colors_info=&#8220;{}&#8220;][et_pb_column type=&#8220;4_4&#8243; _builder_version=&#8220;4.16&#8243; _module_preset=&#8220;default&#8220; custom_padding=&#8220;|||&#8220; global_colors_info=&#8220;{}&#8220; custom_padding__hover=&#8220;|||&#8220;][dica_divi_carousel show_items_tablet=&#8220;2&#8243; autoplay=&#8220;on&#8220; arrow_nav=&#8220;on&#8220; advanced_effect=&#8220;1&#8243; arrow_nav_color=&#8220;#83BE40&#8243; arrow_bg_color=&#8220;RGBA(255,255,255,0)&#8220; dots_color=&#8220;#83BE40&#8243; dots_active_color=&#8220;#83BE40&#8243; overlay_color_field_bgcolor=&#8220;rgba(255,255,255,0.85)&#8220; arrow_position=&#8220;middle-outside&#8220; arrow_alignment=&#8220;flex-end&#8220; innercontent_padding=&#8220;||30px||false|false&#8220; content_container_margin=&#8220;|33px||33px|false|true&#8220; arrow_position_tablet=&#8220;bottom&#8220; arrow_position_phone=&#8220;bottom&#8220; arrow_position_last_edited=&#8220;on|tablet&#8220; arrow_font_size_phone=&#8220;36px&#8220; arrow_font_size_last_edited=&#8220;off|desktop&#8220; _builder_version=&#8220;4.27.4&#8243; _module_preset=&#8220;default&#8220; title_font=&#8220;Roboto|700|||||||&#8220; title_font_size=&#8220;27px&#8220; custom_padding=&#8220;||0px|||&#8220; hover_transition_duration=&#8220;600ms&#8220; hover_enabled=&#8220;0&#8243; global_colors_info=&#8220;{}&#8220; sticky_enabled=&#8220;0&#8243;][dica_divi_carouselitem title=&#8220;Die Mobilheime&#8220; button_text=&#8220;Alle Mobilheime&#8220; button_url=&#8220;https:\/\/camping-le-soleil-des-bastides.fr\/de\/les-hebergements\/location-mobil-home-dans-le-tarn\/&#8220; button_url_new_window=&#8220;1&#8243; image=&#8220;https:\/\/camping-le-soleil-des-bastides.fr\/wp-content\/uploads\/2022\/12\/mobil-home-lodgia-camping-tarn-3.webp&#8220; image_padding=&#8220;0|0|26px|0|false|false&#8220; button_margin=&#8220;||35px||false|false&#8220; _builder_version=&#8220;4.27.4&#8243; _module_preset=&#8220;default&#8220; header_level=&#8220;h3&#8243; header_font=&#8220;Syncopate|||on|||||&#8220; header_font_size=&#8220;16px&#8220; subtitle_font=&#8220;Quicksand|300|||||||&#8220; subtitle_font_size=&#8220;15px&#8220; background_color=&#8220;#f9f6f3&#8243; background_enable_color=&#8220;on&#8220; custom_button=&#8220;on&#8220; button_text_size=&#8220;15px&#8220; button_text_color=&#8220;#83BE40&#8243; button_border_width=&#8220;2px&#8220; button_border_color=&#8220;#83BE40&#8243; button_border_radius=&#8220;0px&#8220; button_letter_spacing=&#8220;1px&#8220; button_font=&#8220;|700||on|||||&#8220; button_use_icon=&#8220;on&#8220; button_icon=&#8220;&#x24;||divi||400&#8243; button_icon_color=&#8220;#83BE40&#8243; button_alignment=&#8220;left&#8220; hover_enabled=&#8220;0&#8243; border_color_bottom_item=&#8220;#F07300&#8243; global_colors_info=&#8220;{}&#8220; custom_css_inner_wrapper__hover_enabled=&#8220;off|desktop&#8220; sticky_enabled=&#8220;0&#8243;][\/dica_divi_carouselitem][dica_divi_carouselitem title=&#8220;Die Chalets&#8220; button_text=&#8220;Alle Chalets&#8220; button_url=&#8220;https:\/\/camping-le-soleil-des-bastides.fr\/en\/les-hebergements\/location-chalet-tarn\/&#8220; button_url_new_window=&#8220;1&#8243; image=&#8220;https:\/\/camping-le-soleil-des-bastides.fr\/wp-content\/uploads\/2023\/01\/chalet-tout-confort-camping-tarn-1.webp&#8220; image_padding=&#8220;0|0|26px|0|false|false&#8220; button_margin=&#8220;||35px||false|false&#8220; _builder_version=&#8220;4.27.4&#8243; _module_preset=&#8220;default&#8220; header_level=&#8220;h3&#8243; header_font=&#8220;Syncopate|||on|||||&#8220; header_font_size=&#8220;16px&#8220; subtitle_font=&#8220;Quicksand|300|||||||&#8220; subtitle_font_size=&#8220;15px&#8220; background_color=&#8220;#f9f6f3&#8243; background_enable_color=&#8220;on&#8220; custom_button=&#8220;on&#8220; button_text_size=&#8220;15px&#8220; button_text_color=&#8220;#83BE40&#8243; button_border_width=&#8220;2px&#8220; button_border_color=&#8220;#83BE40&#8243; button_border_radius=&#8220;0px&#8220; button_letter_spacing=&#8220;1px&#8220; button_font=&#8220;|700||on|||||&#8220; button_use_icon=&#8220;on&#8220; button_icon=&#8220;&#x24;||divi||400&#8243; button_icon_color=&#8220;#83BE40&#8243; button_alignment=&#8220;left&#8220; hover_enabled=&#8220;0&#8243; border_color_bottom_item=&#8220;#F07300&#8243; global_colors_info=&#8220;{}&#8220; custom_css_inner_wrapper__hover_enabled=&#8220;off|desktop&#8220; sticky_enabled=&#8220;0&#8243;][\/dica_divi_carouselitem][dica_divi_carouselitem title=&#8220;Die ungew\u00f6hnlichen Unterk\u00fcnfte&#8220; button_text=&#8220; Alle besonderen Unterk\u00fcnfte&#8220; button_url=&#8220;https:\/\/camping-le-soleil-des-bastides.fr\/de\/les-hebergements\/logement-insolite-tarn\/&#8220; button_url_new_window=&#8220;1&#8243; image=&#8220;https:\/\/camping-le-soleil-des-bastides.fr\/wp-content\/uploads\/2022\/12\/lodge-safari-camping-tarn.webp&#8220; image_padding=&#8220;0|0|26px|0|false|false&#8220; button_margin=&#8220;||35px||false|false&#8220; _builder_version=&#8220;4.27.4&#8243; _module_preset=&#8220;default&#8220; header_level=&#8220;h3&#8243; header_font=&#8220;Syncopate|||on|||||&#8220; header_font_size=&#8220;16px&#8220; subtitle_font=&#8220;Quicksand|300|||||||&#8220; subtitle_font_size=&#8220;15px&#8220; background_color=&#8220;#f9f6f3&#8243; background_enable_color=&#8220;on&#8220; custom_button=&#8220;on&#8220; button_text_size=&#8220;15px&#8220; button_text_color=&#8220;#83BE40&#8243; button_border_width=&#8220;2px&#8220; button_border_color=&#8220;#83BE40&#8243; button_border_radius=&#8220;0px&#8220; button_letter_spacing=&#8220;1px&#8220; button_font=&#8220;|700||on|||||&#8220; button_use_icon=&#8220;on&#8220; button_icon=&#8220;&#x24;||divi||400&#8243; button_icon_color=&#8220;#83BE40&#8243; button_alignment=&#8220;left&#8220; hover_enabled=&#8220;0&#8243; border_color_bottom_item=&#8220;#F07300&#8243; global_colors_info=&#8220;{}&#8220; custom_css_inner_wrapper__hover_enabled=&#8220;off|desktop&#8220; sticky_enabled=&#8220;0&#8243;][\/dica_divi_carouselitem][dica_divi_carouselitem title=&#8220;Das Ferienhaus&#8220; button_text=&#8220;Unterkunft ansehen&#8220; button_url=&#8220;https:\/\/camping-le-soleil-des-bastides.fr\/de\/les-hebergements\/gite-tout-confort-9-11-personnes\/&#8220; button_url_new_window=&#8220;1&#8243; image=&#8220;https:\/\/camping-le-soleil-des-bastides.fr\/wp-content\/uploads\/2023\/01\/gite-confort-11-personnes-camping-tarn-1.webp&#8220; image_padding=&#8220;0|0|26px|0|false|false&#8220; button_margin=&#8220;||35px||false|false&#8220; _builder_version=&#8220;4.27.4&#8243; _module_preset=&#8220;default&#8220; header_level=&#8220;h3&#8243; header_font=&#8220;Syncopate|||on|||||&#8220; header_font_size=&#8220;16px&#8220; subtitle_font=&#8220;Quicksand|300|||||||&#8220; subtitle_font_size=&#8220;15px&#8220; background_color=&#8220;#f9f6f3&#8243; background_enable_color=&#8220;on&#8220; custom_button=&#8220;on&#8220; button_text_size=&#8220;15px&#8220; button_text_color=&#8220;#83BE40&#8243; button_border_width=&#8220;2px&#8220; button_border_color=&#8220;#83BE40&#8243; button_border_radius=&#8220;0px&#8220; button_letter_spacing=&#8220;1px&#8220; button_font=&#8220;|700||on|||||&#8220; button_use_icon=&#8220;on&#8220; button_icon=&#8220;&#x24;||divi||400&#8243; button_icon_color=&#8220;#83BE40&#8243; button_alignment=&#8220;left&#8220; hover_enabled=&#8220;0&#8243; border_color_bottom_item=&#8220;#F07300&#8243; global_colors_info=&#8220;{}&#8220; custom_css_inner_wrapper__hover_enabled=&#8220;off|desktop&#8220; sticky_enabled=&#8220;0&#8243;][\/dica_divi_carouselitem][dica_divi_carouselitem title=&#8220;Die Lodges&#8220; button_text=&#8220; Alle Lodges&#8220; button_url=&#8220;https:\/\/camping-le-soleil-des-bastides.fr\/de\/les-hebergements\/logement-insolite-tarn\/#lodges&#8220; button_url_new_window=&#8220;1&#8243; image=&#8220;https:\/\/camping-le-soleil-des-bastides.fr\/wp-content\/uploads\/2024\/07\/lodge-vip-premium-logement-insolite-gaillac.webp&#8220; image_padding=&#8220;0|0|26px|0|false|false&#8220; button_margin=&#8220;||35px||false|false&#8220; _builder_version=&#8220;4.27.4&#8243; _module_preset=&#8220;default&#8220; header_level=&#8220;h3&#8243; header_font=&#8220;Syncopate|||on|||||&#8220; header_font_size=&#8220;16px&#8220; subtitle_font=&#8220;Quicksand|300|||||||&#8220; subtitle_font_size=&#8220;15px&#8220; background_color=&#8220;#f9f6f3&#8243; background_enable_color=&#8220;on&#8220; custom_button=&#8220;on&#8220; button_text_size=&#8220;15px&#8220; button_text_color=&#8220;#83BE40&#8243; button_border_width=&#8220;2px&#8220; button_border_color=&#8220;#83BE40&#8243; button_border_radius=&#8220;0px&#8220; button_letter_spacing=&#8220;1px&#8220; button_font=&#8220;|700||on|||||&#8220; button_use_icon=&#8220;on&#8220; button_icon=&#8220;&#x24;||divi||400&#8243; button_icon_color=&#8220;#83BE40&#8243; button_alignment=&#8220;left&#8220; hover_enabled=&#8220;0&#8243; border_color_bottom_item=&#8220;#F07300&#8243; global_colors_info=&#8220;{}&#8220; custom_css_inner_wrapper__hover_enabled=&#8220;off|desktop&#8220; sticky_enabled=&#8220;0&#8243;][\/dica_divi_carouselitem][dica_divi_carouselitem title=&#8220;Die Stellpl\u00e4tze&#8220; button_text=&#8220;Alle Stellpl\u00e4tze&#8220; button_url=&#8220;https:\/\/camping-le-soleil-des-bastides.fr\/de\/emplacement-camping-tarn\/&#8220; button_url_new_window=&#8220;1&#8243; image=&#8220;https:\/\/camping-le-soleil-des-bastides.fr\/wp-content\/uploads\/2023\/01\/emplacement-electricite-camping-tarn-1.webp&#8220; image_padding=&#8220;0|0|26px|0|false|false&#8220; button_margin=&#8220;||35px||false|false&#8220; _builder_version=&#8220;4.27.4&#8243; _module_preset=&#8220;default&#8220; header_level=&#8220;h3&#8243; header_font=&#8220;Syncopate|||on|||||&#8220; header_font_size=&#8220;16px&#8220; subtitle_font=&#8220;Quicksand|300|||||||&#8220; subtitle_font_size=&#8220;15px&#8220; background_color=&#8220;#f9f6f3&#8243; background_enable_color=&#8220;on&#8220; custom_button=&#8220;on&#8220; button_text_size=&#8220;15px&#8220; button_text_color=&#8220;#83BE40&#8243; button_border_width=&#8220;2px&#8220; button_border_color=&#8220;#83BE40&#8243; button_border_radius=&#8220;0px&#8220; button_letter_spacing=&#8220;1px&#8220; button_font=&#8220;|700||on|||||&#8220; button_use_icon=&#8220;on&#8220; button_icon=&#8220;&#x24;||divi||400&#8243; button_icon_color=&#8220;#83BE40&#8243; button_alignment=&#8220;left&#8220; hover_enabled=&#8220;0&#8243; border_color_bottom_item=&#8220;#F07300&#8243; global_colors_info=&#8220;{}&#8220; custom_css_inner_wrapper__hover_enabled=&#8220;off|desktop&#8220; sticky_enabled=&#8220;0&#8243;][\/dica_divi_carouselitem][\/dica_divi_carousel][\/et_pb_column][\/et_pb_row][et_pb_row _builder_version=&#8220;4.19.1&#8243; _module_preset=&#8220;default&#8220; background_enable_color=&#8220;off&#8220; width=&#8220;50%&#8220; custom_padding=&#8220;0px||||false|true&#8220; global_colors_info=&#8220;{}&#8220;][et_pb_column type=&#8220;4_4&#8243; _builder_version=&#8220;4.19.1&#8243; _module_preset=&#8220;default&#8220; global_colors_info=&#8220;{}&#8220;][et_pb_button button_url=&#8220;https:\/\/camping-le-soleil-des-bastides.fr\/les-hebergements\/&#8220; button_text=&#8220;Alle Unterk\u00fcnfte ansehen&#8220; button_alignment=&#8220;center&#8220; button_alignment_tablet=&#8220;center&#8220; button_alignment_phone=&#8220;center&#8220; button_alignment_last_edited=&#8220;off|tablet&#8220; _builder_version=&#8220;4.27.4&#8243; _module_preset=&#8220;default&#8220; custom_button=&#8220;on&#8220; button_text_size=&#8220;15px&#8220; button_text_color=&#8220;#B22B88&#8243; button_border_color=&#8220;#B22B88&#8243; button_border_radius=&#8220;0px&#8220; button_letter_spacing=&#8220;2px&#8220; button_font=&#8220;|700||on|||||&#8220; button_icon=&#8220;&#x24;||divi||400&#8243; hover_enabled=&#8220;0&#8243; global_colors_info=&#8220;{}&#8220; button_bg_color__hover_enabled=&#8220;on|hover&#8220; button_bg_color__hover=&#8220;RGBA(255,255,255,0)&#8220; button_bg_enable_color__hover=&#8220;on&#8220; button_border_width__hover_enabled=&#8220;on|hover&#8220; button_border_width__hover=&#8220;2px&#8220; sticky_enabled=&#8220;0&#8243;][\/et_pb_button][\/et_pb_column][\/et_pb_row][\/et_pb_section]<\/p>\n","protected":false},"excerpt":{"rendered":"<p>CAMPINGPLATZ MIT POOL IM TARN NAHE ALBI F\u00dcR EINEN TRAUMURLAUB Suchen Sie einen Campingplatz mit beheiztem Pool in der N\u00e4he von Albi? Unser Campingplatz im Tarn ist genau das Richtige f\u00fcr Sie! F\u00fcr einen gelungenen Urlaub ist ein Schwimmbad unverzichtbar. Unser Pool ist beheizt vom 15. Mai bis zum 21. September, damit Sie ihn ausgiebig [&hellip;]<\/p>\n","protected":false},"author":1,"featured_media":0,"parent":0,"menu_order":0,"comment_status":"closed","ping_status":"closed","template":"","meta":{"_et_pb_use_builder":"on","_et_pb_old_content":"","_et_gb_content_width":"","footnotes":""},"class_list":["post-5214","page","type-page","status-publish","hentry"],"yoast_head":"<!-- This site is optimized with the Yoast SEO plugin v27.3 - https:\/\/yoast.com\/product\/yoast-seo-wordpress\/ -->\n<title>Campingplatz mit Pool im Tarn: Beheizter Poolbereich nahe Albi in Okzitanien<\/title>\n<meta name=\"description\" content=\"Campingplatz im Tarn mit beheiztem Pool zwischen Albi, Gaillac und Cordes-sur-Ciel. Genie\u00dfen Sie mit der ganzen Familie den Wasserbereich w\u00e4hrend Ihres Aufenthalts auf dem Campingplatz Le Soleil des Bastides!\" \/>\n<meta name=\"robots\" content=\"index, follow, max-snippet:-1, max-image-preview:large, max-video-preview:-1\" \/>\n<link rel=\"canonical\" href=\"https:\/\/camping-le-soleil-des-bastides.fr\/de\/la-piscine\/\" \/>\n<meta property=\"og:locale\" content=\"de_DE\" \/>\n<meta property=\"og:type\" content=\"article\" \/>\n<meta property=\"og:title\" content=\"Campingplatz mit Pool im Tarn: Beheizter Poolbereich nahe Albi in Okzitanien\" \/>\n<meta property=\"og:description\" content=\"Campingplatz im Tarn mit beheiztem Pool zwischen Albi, Gaillac und Cordes-sur-Ciel. Genie\u00dfen Sie mit der ganzen Familie den Wasserbereich w\u00e4hrend Ihres Aufenthalts auf dem Campingplatz Le Soleil des Bastides!\" \/>\n<meta property=\"og:url\" content=\"https:\/\/camping-le-soleil-des-bastides.fr\/de\/la-piscine\/\" \/>\n<meta property=\"og:site_name\" content=\"Camping Le Soleil Des Bastides\" \/>\n<meta property=\"article:publisher\" content=\"https:\/\/www.facebook.com\/LeSoleilDesBastides\/\" \/>\n<meta property=\"article:modified_time\" content=\"2025-06-05T08:24:34+00:00\" \/>\n<meta name=\"twitter:card\" content=\"summary_large_image\" \/>\n<meta name=\"twitter:label1\" content=\"Gesch\u00e4tzte Lesezeit\" \/>\n\t<meta name=\"twitter:data1\" content=\"6\u00a0Minuten\" \/>\n<script type=\"application\/ld+json\" class=\"yoast-schema-graph\">{\"@context\":\"https:\\\/\\\/schema.org\",\"@graph\":[{\"@type\":\"WebPage\",\"@id\":\"https:\\\/\\\/camping-le-soleil-des-bastides.fr\\\/de\\\/la-piscine\\\/\",\"url\":\"https:\\\/\\\/camping-le-soleil-des-bastides.fr\\\/de\\\/la-piscine\\\/\",\"name\":\"Campingplatz mit Pool im Tarn: Beheizter Poolbereich nahe Albi in Okzitanien\",\"isPartOf\":{\"@id\":\"https:\\\/\\\/camping-le-soleil-des-bastides.fr\\\/de\\\/#website\"},\"datePublished\":\"2022-12-27T11:43:24+00:00\",\"dateModified\":\"2025-06-05T08:24:34+00:00\",\"description\":\"Campingplatz im Tarn mit beheiztem Pool zwischen Albi, Gaillac und Cordes-sur-Ciel. Genie\u00dfen Sie mit der ganzen Familie den Wasserbereich w\u00e4hrend Ihres Aufenthalts auf dem Campingplatz Le Soleil des Bastides!\",\"breadcrumb\":{\"@id\":\"https:\\\/\\\/camping-le-soleil-des-bastides.fr\\\/de\\\/la-piscine\\\/#breadcrumb\"},\"inLanguage\":\"de\",\"potentialAction\":[{\"@type\":\"ReadAction\",\"target\":[\"https:\\\/\\\/camping-le-soleil-des-bastides.fr\\\/de\\\/la-piscine\\\/\"]}]},{\"@type\":\"BreadcrumbList\",\"@id\":\"https:\\\/\\\/camping-le-soleil-des-bastides.fr\\\/de\\\/la-piscine\\\/#breadcrumb\",\"itemListElement\":[{\"@type\":\"ListItem\",\"position\":1,\"name\":\"Camping Tarn\",\"item\":\"https:\\\/\\\/camping-le-soleil-des-bastides.fr\\\/de\\\/\"},{\"@type\":\"ListItem\",\"position\":2,\"name\":\"Campingplatz mit beheiztem Pool Tarn\"}]},{\"@type\":\"WebSite\",\"@id\":\"https:\\\/\\\/camping-le-soleil-des-bastides.fr\\\/de\\\/#website\",\"url\":\"https:\\\/\\\/camping-le-soleil-des-bastides.fr\\\/de\\\/\",\"name\":\"Camping Le Soleil Des Bastides\",\"description\":\"Un camping calme, ombrag\u00e9 au coeur des bastides tarnaises\",\"potentialAction\":[{\"@type\":\"SearchAction\",\"target\":{\"@type\":\"EntryPoint\",\"urlTemplate\":\"https:\\\/\\\/camping-le-soleil-des-bastides.fr\\\/de\\\/?s={search_term_string}\"},\"query-input\":{\"@type\":\"PropertyValueSpecification\",\"valueRequired\":true,\"valueName\":\"search_term_string\"}}],\"inLanguage\":\"de\"}]}<\/script>\n<!-- \/ Yoast SEO plugin. -->","yoast_head_json":{"title":"Campingplatz mit Pool im Tarn: Beheizter Poolbereich nahe Albi in Okzitanien","description":"Campingplatz im Tarn mit beheiztem Pool zwischen Albi, Gaillac und Cordes-sur-Ciel. Genie\u00dfen Sie mit der ganzen Familie den Wasserbereich w\u00e4hrend Ihres Aufenthalts auf dem Campingplatz Le Soleil des Bastides!","robots":{"index":"index","follow":"follow","max-snippet":"max-snippet:-1","max-image-preview":"max-image-preview:large","max-video-preview":"max-video-preview:-1"},"canonical":"https:\/\/camping-le-soleil-des-bastides.fr\/de\/la-piscine\/","og_locale":"de_DE","og_type":"article","og_title":"Campingplatz mit Pool im Tarn: Beheizter Poolbereich nahe Albi in Okzitanien","og_description":"Campingplatz im Tarn mit beheiztem Pool zwischen Albi, Gaillac und Cordes-sur-Ciel. Genie\u00dfen Sie mit der ganzen Familie den Wasserbereich w\u00e4hrend Ihres Aufenthalts auf dem Campingplatz Le Soleil des Bastides!","og_url":"https:\/\/camping-le-soleil-des-bastides.fr\/de\/la-piscine\/","og_site_name":"Camping Le Soleil Des Bastides","article_publisher":"https:\/\/www.facebook.com\/LeSoleilDesBastides\/","article_modified_time":"2025-06-05T08:24:34+00:00","twitter_card":"summary_large_image","twitter_misc":{"Gesch\u00e4tzte Lesezeit":"6\u00a0Minuten"},"schema":{"@context":"https:\/\/schema.org","@graph":[{"@type":"WebPage","@id":"https:\/\/camping-le-soleil-des-bastides.fr\/de\/la-piscine\/","url":"https:\/\/camping-le-soleil-des-bastides.fr\/de\/la-piscine\/","name":"Campingplatz mit Pool im Tarn: Beheizter Poolbereich nahe Albi in Okzitanien","isPartOf":{"@id":"https:\/\/camping-le-soleil-des-bastides.fr\/de\/#website"},"datePublished":"2022-12-27T11:43:24+00:00","dateModified":"2025-06-05T08:24:34+00:00","description":"Campingplatz im Tarn mit beheiztem Pool zwischen Albi, Gaillac und Cordes-sur-Ciel. Genie\u00dfen Sie mit der ganzen Familie den Wasserbereich w\u00e4hrend Ihres Aufenthalts auf dem Campingplatz Le Soleil des Bastides!","breadcrumb":{"@id":"https:\/\/camping-le-soleil-des-bastides.fr\/de\/la-piscine\/#breadcrumb"},"inLanguage":"de","potentialAction":[{"@type":"ReadAction","target":["https:\/\/camping-le-soleil-des-bastides.fr\/de\/la-piscine\/"]}]},{"@type":"BreadcrumbList","@id":"https:\/\/camping-le-soleil-des-bastides.fr\/de\/la-piscine\/#breadcrumb","itemListElement":[{"@type":"ListItem","position":1,"name":"Camping Tarn","item":"https:\/\/camping-le-soleil-des-bastides.fr\/de\/"},{"@type":"ListItem","position":2,"name":"Campingplatz mit beheiztem Pool Tarn"}]},{"@type":"WebSite","@id":"https:\/\/camping-le-soleil-des-bastides.fr\/de\/#website","url":"https:\/\/camping-le-soleil-des-bastides.fr\/de\/","name":"Camping Le Soleil Des Bastides","description":"Un camping calme, ombrag\u00e9 au coeur des bastides tarnaises","potentialAction":[{"@type":"SearchAction","target":{"@type":"EntryPoint","urlTemplate":"https:\/\/camping-le-soleil-des-bastides.fr\/de\/?s={search_term_string}"},"query-input":{"@type":"PropertyValueSpecification","valueRequired":true,"valueName":"search_term_string"}}],"inLanguage":"de"}]}},"_links":{"self":[{"href":"https:\/\/camping-le-soleil-des-bastides.fr\/de\/wp-json\/wp\/v2\/pages\/5214","targetHints":{"allow":["GET"]}}],"collection":[{"href":"https:\/\/camping-le-soleil-des-bastides.fr\/de\/wp-json\/wp\/v2\/pages"}],"about":[{"href":"https:\/\/camping-le-soleil-des-bastides.fr\/de\/wp-json\/wp\/v2\/types\/page"}],"author":[{"embeddable":true,"href":"https:\/\/camping-le-soleil-des-bastides.fr\/de\/wp-json\/wp\/v2\/users\/1"}],"replies":[{"embeddable":true,"href":"https:\/\/camping-le-soleil-des-bastides.fr\/de\/wp-json\/wp\/v2\/comments?post=5214"}],"version-history":[{"count":0,"href":"https:\/\/camping-le-soleil-des-bastides.fr\/de\/wp-json\/wp\/v2\/pages\/5214\/revisions"}],"wp:attachment":[{"href":"https:\/\/camping-le-soleil-des-bastides.fr\/de\/wp-json\/wp\/v2\/media?parent=5214"}],"curies":[{"name":"wp","href":"https:\/\/api.w.org\/{rel}","templated":true}]}}